{"id":2,"date":"2024-04-11T18:45:48","date_gmt":"2024-04-11T18:45:48","guid":{"rendered":"http:\/\/localhost\/stadtwerkezeitung\/forst\/?page_id=2"},"modified":"2025-06-10T14:07:13","modified_gmt":"2025-06-10T14:07:13","slug":"forst-april-2024","status":"publish","type":"page","link":"https:\/\/stadtwerkezeitung.info\/forst\/forst-april-2024\/","title":{"rendered":"STADTWERKE ZEITUNG FORST April 2024"},"content":{"rendered":"<div>\n<p>        <img decoding=\"async\" src=\"\/forst\/wp-content\/uploads\/sites\/2\/2024\/05\/201_Preview_Grundwasserspezial.png\" alt=\"\"><\/p>\n<h2>5 Fakten \u00fcber Forster Trinkwasser<\/h2>\n<p>Im Gespr\u00e4ch mit Thomas Winkler<\/p>\n<div><em><small>Foto: SPREE-PR\/Krone<\/small><\/em><\/p>\n<p>Knapp 20.000\u2009Kundinnen und Kunden der Stadt Forst vertrauen darauf, dass immer sauberes Trinkwasser aus ihren H\u00e4hnen flie\u00dft. Wie gut das wichtigste Lebensmittel in Forst wirklich ist, erkl\u00e4rt Thomas Winkler.  .<\/p>\n<\/div>\n<p><a href=\"\/forst\/5-fakten-ueber-forster-trinkwasser\/\">Mehr &#8230;<\/a><\/p>\n<\/div>\n<hr>\n<div>\n<p>        <img decoding=\"async\" src=\"\/forst\/wp-content\/uploads\/sites\/2\/2024\/05\/202_Preview_SWZ-Forst-1_2024_S_4_5_Grundwasser-3.png\" alt=\"\"><\/p>\n<h2>Wie steht es um unser Grundwasser?<\/h2>\n<p>Gutachten vorgestellt<\/p>\n<div>\n<p><em><small>Grafik: SPREE-PR\/Archiv<\/p>\n<p><\/small><\/em>Hat das Klima Auswirkungen auf unseren Grundwasservorrat? Welche Gefahren gibt es f\u00fcr das Forster Trinkwasser von morgen? Um das herauszufinden, haben die Stadtwerke Forst ein Gutachten erstellen lassen. <\/p>\n<\/div>\n<p><a href=\"\/forst\/wie-steht-es-um-unser-grundwasser\/\">Mehr &#8230;<\/a><\/p>\n<\/div>\n<hr>\n<div>\n<p>        <img decoding=\"async\" src=\"\/forst\/wp-content\/uploads\/sites\/2\/2024\/05\/203_Preview_SWZ-Forst-1_2024_S_4_5_Grundwasser-2.png\" alt=\"\"><\/p>\n<h2>Sorgsamer Wasserumgang<\/h2>\n<p>Das k\u00f6nnen Sie tun!<\/p>\n<div>\n<p><small><em>Grafik: SPREE-PR\/Schulze<\/em><\/small><\/p>\n<p>Jeder kann einen Beitrag dazu leisten, damit auch k\u00fcnftige Generationen ganz selbstverst\u00e4ndlich den Hahn aufdrehen k\u00f6nnen und frisches, sauberes Trinkwasser sprudelt.<\/p>\n<\/div>\n<p><a href=\"\/forst\/das-koennen-sie-tun\/\">Mehr &#8230;<\/a><\/p>\n<\/div>\n<hr>\n<div>\n<p>        <img decoding=\"async\" src=\"\/forst\/wp-content\/uploads\/sites\/2\/2024\/05\/204_Preview_Symbolfoto.jpg\" alt=\"PV-Anlage\"><\/p>\n<h2>Stadtwerke beraten und begleiten<\/h2>\n<p>Energie vom Dach \u2013 richtig sparen mit PV <\/p>\n<div>\n<p><small><em>Foto: SPREE-PR\/Friedel<\/em><\/small><\/p>\n<p>Es lohnt sich auch 2024, eine Photovoltaik-Anlage zu installieren. Die Stadtwerke Forst stehen von der Beratung bis zur Montage zur Seite. <\/p>\n<\/div>\n<p><a href=\"\/forst\/energie-vom-dach-richtig-sparen-mit-pv\/\">Mehr &#8230;<\/a><\/p>\n<\/div>\n<hr>\n<div>Superwahljahr in Brandenburg<\/div>\n<div>\n<p>        <img decoding=\"async\" src=\"\/forst\/wp-content\/uploads\/sites\/2\/2024\/05\/forst-102_Teaser_Kommunalwahl.png\" alt=\"\"><\/p>\n<h2>Das erwarten die Stadtwerke von der neuen Landesregierung<\/h2>\n<p><small><em>Grafik: SPREE-PR\/Friedel<\/small><\/em><\/p>\n<div>Nach den Kommunalwahlen und der Europawahl am 9. Juni, folgt am 22.September die Landtagswahl. Was muss die kommende Landesregierung anpacken \u2013 damit die Energiewende nicht nur gelingt und finanzierbar ist. <\/div>\n<p><a href=\"\/forst\/superwahljahr-in-brandenburg\/\">Mehr &#8230;<\/a><\/p>\n<\/div>\n<hr>\n<div>Sonntag noch nichts vor?<\/div>\n<div>\n<p>        <img decoding=\"async\" src=\"\/forst\/wp-content\/uploads\/sites\/2\/2024\/05\/Forst-Rosengarten_PatLografie.jpg\" alt=\"\"><\/p>\n<h2>Der Rosengarten l\u00e4dt ins Reich der Sinne<\/h2>\n<p><small><em>Foto: Patrick Lucia<\/small><\/em><\/p>\n<div>Nehmen Sie den Ostdeutschen Rosengarten Forst (Lausitz) mit all Ihren Sinnen wahr. Immer am letzten Sonntag im Monat in der Saison, 14 bis 18\u2009Uhr l\u00e4dt der Park zum Entspannen, Genie\u00dfen und Entdecken ein.<\/div>\n<p><a href=\"\/forst\/der-rosengarten-laedt-ins-reich-der-sinne\/\">Mehr &#8230;<\/a><\/p>\n<\/div>\n<hr>\n<div>Posamenten-Manufaktur Jende<\/div>\n<div>\n<p>        <img decoding=\"async\" src=\"\/forst\/wp-content\/uploads\/sites\/2\/2024\/05\/105_Bild_1Postamenten.png\" alt=\"\"><\/p>\n<h2>Ein k\u00f6nigliches Handwerk<\/h2>\n<p><small><em>Foto: Maren Jende<\/small><\/em><\/p>\n<div>Es gibt nur noch drei Manufakturen in Deutschland, die solche textilen Schmuckst\u00fccke wie Quasten, Borten &#038; Co. anfertigen. Eine davon arbeitet in Forst.<\/div>\n<p><a href=\"\/forst\/ein-koenigliches-handwerk\/\">Mehr &#8230;<\/a><\/p>\n<\/div>\n<div>Open-Air-Saison in Brandenburg<\/div>\n<div>\n<p>        <img decoding=\"async\" src=\"\/forst\/wp-content\/uploads\/sites\/2\/2024\/05\/forst-104_Preview_Foto_Odertalfestspiele_Andre_Nicke-scaled.jpg\" alt=\"\"><\/p>\n<h2>Kino, Musik und Tanz unter freien Himmel<\/h2>\n<p><small><em>Foto:  ubs\/Andr\u00e9 Nicke<\/small><\/em><\/p>\n<div>Endlich Sommer! Endlich wieder Open-Air-Saison f\u00fcr Kunst und Musik. Wir geben hier einen \u00dcberblick zu den besten \u201eAlles drau\u00dfen\u201c-Terminen.<\/div>\n<p><a href=\"\/forst\/open-air-saison-in-brandenburg\/\">Mehr &#8230;<\/a><\/p>\n<\/div>\n<hr>\n<div>Fotostudio Stadt-Natur<\/div>\n<div>\n<p>        <img decoding=\"async\" src=\"\/forst\/wp-content\/uploads\/sites\/2\/2024\/05\/103_Teaser_preview_Aufmacher_Gechwisterliebe-scaled.jpg\" alt=\"\"><\/p>\n<h2>Warten auf Familie Fuchs<\/h2>\n<p><small><em>Foto: Reyk Tews\/<a href=\"https:\/\/instagram.com\/potsdamoutside\" target=\"blank\">@potsdamoutside<\/a><\/small><\/em><\/p>\n<div>Die wunderbare Wildtierwelt vor der Haust\u00fcr. Der Potsdamer Reyk Tews ist davon fasziniert. Sein einzigartiges Tierportr\u00e4t zweier Stadtfuchswelpen wurde zum \u201eTierfoto des Sommers 2023\u201c von der Naturfotografie Deutschland gek\u00fcrt.<\/div>\n<p><a href=\"\/forst\/fotostudio-stadt-natur\/\">Mehr &#8230;<\/a><\/p>\n<\/div>\n<div>Aufgepasst!<\/div>\n<div>\n<p>        <img decoding=\"async\" src=\"\/forst\/wp-content\/uploads\/sites\/2\/2024\/05\/301_Preview_8_AUFM_gute_Gruende_fur_TW_Maedchen_mit_Glas.png\" alt=\"\"><\/p>\n<h2>Abwasser wird separat abgerechnet!<\/h2>\n<p><small><em>Foto: SPREE-PR\/Archiv<\/small><\/em><\/p>\n<div>Seit Jahresanfang werden Wasser und Abwasser \u00fcber separate Konten abgerechnet und nun die weiteren Kunden bis zum Jahreswechsel umgestellt.<\/div>\n<p><a href=\"\/forst\/abwasser-wird-separat-abgerechnet\/\">Mehr &#8230;<\/a><\/p>\n<\/div>\n<hr>\n<div>Stadtwerke sponsern Volleympics<\/div>\n<div>\n<p>        <img decoding=\"async\" src=\"\/forst\/wp-content\/uploads\/sites\/2\/2024\/05\/302_Preview_SWZ-Forst-1_2024_S_4_Volleympics.jpg\" alt=\"Volleyball\"><\/p>\n<h2>Sensationelle Ballwechsel garantiert!<\/h2>\n<p><em><small>Foto: Volleympics<\/small><\/em><\/p>\n<div>Vom 14. bis 16. Juni 2024 schlagen in Forst die Sportherzen wieder h\u00f6her. Dann treffen sich etwa 600 Volleyballbegeisterte aus ganz Deutschland, um gegeneinander zu spielen. <\/div>\n<p><a href=\"\/forst\/sensationelle-ballwechsel-garantiert\/\">Mehr &#8230;<\/a><\/p>\n<\/div>\n<hr>\n<div>Frisch renoviert<\/div>\n<div>\n<p>        <img decoding=\"async\" src=\"\/forst\/wp-content\/uploads\/sites\/2\/2024\/05\/303_Preview_SWZ-Forst-1_2024_S_4_NBB-Umzug-1-scaled.jpg\" alt=\"\"><\/p>\n<h2>B\u00fcros der NBB<\/h2>\n<p><small><em>Foto: SPREE-PR\/K\u00fchn<\/small><\/em><\/p>\n<div>Die Mitarbeiterinnen und Mitarbeiter der NBB Netzgesellschaft Berlin-Brandenburg mbH\u2009&#038;\u2009Co.\u2009KG sind in die frisch renovierten R\u00e4ume im Erdgeschoss in der Euloer Stra\u00dfe eingezogen.<\/div>\n<p><a href=\"\/forst\/bueros-der-nbb\/\">Mehr &#8230;<\/a><\/p>\n<\/div>\n<hr>\n<div>R\u00e4tsel<\/div>\n<div>\n<p>        <img decoding=\"async\" src=\"\/forst\/wp-content\/uploads\/sites\/2\/2024\/05\/304_Preview_Aufmacher_Kleine-Kapelle-am-Weg-Jerchel-scaled.jpg\" alt=\"\"><\/p>\n<h2>Das kannst`e vergessen!?<\/h2>\n<p><small><em>Foto: SPREE-PR\/Leue<\/small><\/em><\/p>\n<div>Vergessen, aber nicht ganz in Vergessenheit geraten! Jedes Geb\u00e4ude oder Bauwerk hat eine Geschichte zu erz\u00e4hlen. Beantworten Sie unsere Frage und gewinnen Sie attraktive Geldpreise.<\/div>\n<p><a href=\"\/forst\/forst-sommer-raetsel\/\">Mehr &#8230;<\/a><\/p>\n<\/div>\n<hr>\n<div>Kinderecke<\/div>\n<div>\n<h2><a href=\"https:\/\/stadtwerkezeitung.info\/forst\/was-passiert-wenn-man-eine-pusteblume-unter-wasser-tauchst\/\">Was passiert, wenn man eine Pusteblume unter Wasser tauchst?<\/a><\/h2>\n<\/div>\n<p><video src=\"\/forst\/wp-content\/uploads\/2024\/05\/204_Preview_Video_Pusteblume-Teil-1.mp4\" poster=\"\"><\/video><\/p>\n<div>\n<p><small><em>Video: SPREE-PR-Friedel<\/small><\/em><\/p>\n<div>Du glaubst, der Bl\u00fctenball wird ruiniert? Dann probiere mal dieses Experiment aus. <\/div>\n<p><a href=\"\/forst\/was-passiert-wenn-man-eine-pusteblume-unter-wasser-tauchst\/\">Mehr &#8230;<\/a><\/p>\n<\/div>\n<hr>\n<div>UEFA EURO 2024<\/div>\n<div>\n<p>        <img decoding=\"async\" src=\"\/forst\/wp-content\/uploads\/2024\/05\/201_Preview_Fussball-Max_2024.png\" alt=\"\"><\/p>\n<h2>TOOOR! Der Spielplan zum Herunterladen<\/h2>\n<p><small><em>Grafik: SPREE-PR<\/small><\/em><\/p>\n<div>Ansto\u00df fu\u0308r die UEFA EURO 2024: Deutschland und Schottland<br \/>\ner\u00f6ffnen am 14. Juni um 21 Uhr in Mu\u0308nchen das Turnier. Hier finden Sie den Spielplan mit<br \/>\nallen Begegnungen, Spielorten und Terminen.<\/div>\n<p><a href=\"\/forst\/uefa-euro-2024\/\">Mehr &#8230;<\/a><\/p>\n<\/div>\n<p><!--more--><br \/>\n<!-- {\"type\":\"layout\",\"children\":[{\"type\":\"section\",\"props\":{\"image_position\":\"center-center\",\"padding_remove_top\":true,\"style\":\"default\",\"title_breakpoint\":\"xl\",\"title_position\":\"top-left\",\"title_rotation\":\"left\",\"vertical_align\":\"\",\"width\":\"small\"},\"children\":[{\"type\":\"row\",\"props\":{\"column_gap\":\"small\",\"divider\":true,\"layout\":\"2-3,1-3\",\"margin_remove_top\":true,\"width\":\"large\"},\"children\":[{\"type\":\"column\",\"props\":{\"html_element\":\"article\",\"image_position\":\"center-center\",\"position_sticky_breakpoint\":\"m\",\"width_medium\":\"2-3\"},\"children\":[{\"type\":\"panel\",\"props\":{\"content\":\"<em><small>Foto: SPREE-PR\\\/Krone<\\\/small><\\\/em><br \/>\\n\\n\n\n<p>Knapp 20.000\\u2009Kundinnen und Kunden der Stadt Forst vertrauen darauf, dass immer sauberes Trinkwasser aus ihren H\\u00e4hnen flie\\u00dft. Wie gut das wichtigste Lebensmittel in Forst wirklich ist, erkl\\u00e4rt Thomas Winkler.  .<\\\/p>\",\"content_column_breakpoint\":\"m\",\"content_margin\":\"remove\",\"icon_width\":80,\"image\":\"wp-content\\\/uploads\\\/sites\\\/2\\\/2024\\\/05\\\/201_Preview_Grundwasserspezial.png\",\"image_align\":\"between\",\"image_grid_breakpoint\":\"m\",\"image_grid_width\":\"1-2\",\"image_link\":true,\"image_svg_color\":\"emphasis\",\"link\":\"5-fakten-ueber-forster-trinkwasser\\\/\",\"link_style\":\"default\",\"link_text\":\"Mehr ...\",\"margin\":\"default\",\"meta\":\"Im Gespr\\u00e4ch mit Thomas Winkler\",\"meta_align\":\"above-title\",\"meta_element\":\"div\",\"meta_style\":\"h6\",\"title\":\"5 Fakten \\u00fcber Forster Trinkwasser\",\"title_align\":\"top\",\"title_element\":\"h2\",\"title_grid_breakpoint\":\"m\",\"title_grid_width\":\"1-2\",\"title_hover_style\":\"heading\",\"title_link\":true,\"title_margin\":\"small\",\"title_style\":\"h3\"}},{\"type\":\"divider\",\"props\":{\"divider_element\":\"hr\",\"margin\":\"small\"}},{\"type\":\"panel\",\"props\":{\"content\":\"\n\n<p><em><small>Grafik: SPREE-PR\\\/Archiv\\n<br \\\/><br \\\/><\\\/small><\\\/em>Hat das Klima Auswirkungen auf unseren Grundwasservorrat? Welche Gefahren gibt es f\\u00fcr das Forster Trinkwasser von morgen? Um das herauszufinden, haben die Stadtwerke Forst ein Gutachten erstellen lassen. <\\\/p>\",\"content_column_breakpoint\":\"m\",\"content_margin\":\"remove\",\"icon_width\":80,\"image\":\"wp-content\\\/uploads\\\/sites\\\/2\\\/2024\\\/05\\\/202_Preview_SWZ-Forst-1_2024_S_4_5_Grundwasser-3.png\",\"image_align\":\"between\",\"image_grid_breakpoint\":\"m\",\"image_grid_width\":\"1-2\",\"image_link\":true,\"image_svg_color\":\"emphasis\",\"link\":\"wie-steht-es-um-unser-grundwasser\\\/\",\"link_style\":\"default\",\"link_text\":\"Mehr ...\",\"margin\":\"default\",\"meta\":\"Gutachten vorgestellt\",\"meta_align\":\"above-title\",\"meta_element\":\"div\",\"meta_style\":\"h6\",\"title\":\"Wie steht es um unser Grundwasser?\",\"title_align\":\"top\",\"title_element\":\"h2\",\"title_grid_breakpoint\":\"m\",\"title_grid_width\":\"1-2\",\"title_hover_style\":\"heading\",\"title_link\":true,\"title_margin\":\"small\",\"title_style\":\"h3\"}},{\"type\":\"divider\",\"props\":{\"divider_element\":\"hr\",\"margin\":\"small\"}},{\"type\":\"panel\",\"props\":{\"content\":\"\n\n<p><small><em>Grafik: SPREE-PR\\\/Schulze<\\\/em><\\\/small><\\\/p>\\n\n\n<p>Jeder kann einen Beitrag dazu leisten, damit auch k\\u00fcnftige Generationen ganz selbstverst\\u00e4ndlich den Hahn aufdrehen k\\u00f6nnen und frisches, sauberes Trinkwasser sprudelt.<\\\/p>\",\"content_column_breakpoint\":\"m\",\"content_margin\":\"remove\",\"icon_width\":80,\"image\":\"wp-content\\\/uploads\\\/sites\\\/2\\\/2024\\\/05\\\/203_Preview_SWZ-Forst-1_2024_S_4_5_Grundwasser-2.png\",\"image_align\":\"between\",\"image_grid_breakpoint\":\"m\",\"image_grid_width\":\"1-2\",\"image_link\":true,\"image_svg_color\":\"emphasis\",\"link\":\"das-koennen-sie-tun\\\/\",\"link_style\":\"default\",\"link_text\":\"Mehr ...\",\"margin\":\"default\",\"meta\":\"Das k\\u00f6nnen Sie tun!\",\"meta_align\":\"above-title\",\"meta_element\":\"div\",\"meta_style\":\"h6\",\"title\":\"Sorgsamer Wasserumgang\",\"title_align\":\"top\",\"title_element\":\"h2\",\"title_grid_breakpoint\":\"m\",\"title_grid_width\":\"1-2\",\"title_hover_style\":\"heading\",\"title_link\":true,\"title_margin\":\"small\",\"title_style\":\"h3\"}},{\"type\":\"divider\",\"props\":{\"divider_element\":\"hr\",\"margin\":\"small\"}},{\"type\":\"panel\",\"props\":{\"content\":\"\n\n<p><small><em>Foto: SPREE-PR\\\/Friedel<\\\/em><\\\/small><\\\/p>\\n\n\n<p>Es lohnt sich auch 2024, eine Photovoltaik-Anlage zu installieren. Die Stadtwerke Forst stehen von der Beratung bis zur Montage zur Seite. <\\\/p>\",\"content_column_breakpoint\":\"m\",\"content_margin\":\"remove\",\"icon_width\":80,\"image\":\"wp-content\\\/uploads\\\/sites\\\/2\\\/2024\\\/05\\\/204_Preview_Symbolfoto.jpg\",\"image_align\":\"between\",\"image_alt\":\"PV-Anlage\",\"image_grid_breakpoint\":\"m\",\"image_grid_width\":\"1-2\",\"image_link\":true,\"image_svg_color\":\"emphasis\",\"link\":\"energie-vom-dach-richtig-sparen-mit-pv\\\/\",\"link_style\":\"default\",\"link_text\":\"Mehr ...\",\"margin\":\"default\",\"meta\":\"Energie vom Dach \\u2013 richtig sparen mit PV \",\"meta_align\":\"above-title\",\"meta_element\":\"div\",\"meta_style\":\"h6\",\"title\":\"Stadtwerke beraten und begleiten\",\"title_align\":\"top\",\"title_element\":\"h2\",\"title_grid_breakpoint\":\"m\",\"title_grid_width\":\"1-2\",\"title_hover_style\":\"heading\",\"title_link\":true,\"title_margin\":\"small\",\"title_style\":\"h3\"}},{\"type\":\"divider\",\"props\":{\"divider_element\":\"hr\",\"margin\":\"small\"}},{\"type\":\"headline\",\"props\":{\"content\":\"Superwahljahr in Brandenburg\",\"title_color\":\"primary\",\"title_element\":\"div\",\"title_style\":\"h6\"}},{\"type\":\"panel\",\"props\":{\"content\":\"Nach den Kommunalwahlen und der Europawahl am 9. Juni, folgt am 22.September die Landtagswahl. Was muss die kommende Landesregierung anpacken \\u2013 damit die Energiewende nicht nur gelingt und finanzierbar ist. \",\"content_column_breakpoint\":\"m\",\"content_margin\":\"small\",\"icon_width\":80,\"image\":\"wp-content\\\/uploads\\\/sites\\\/2\\\/2024\\\/05\\\/forst-102_Teaser_Kommunalwahl.png\",\"image_align\":\"between\",\"image_grid_breakpoint\":\"m\",\"image_grid_width\":\"1-2\",\"image_link\":true,\"image_loading\":true,\"image_svg_color\":\"emphasis\",\"image_width\":\"610\",\"link\":\"superwahljahr-in-brandenburg\\\/\",\"link_style\":\"default\",\"link_text\":\"Mehr ...\",\"margin\":\"small\",\"meta\":\"<small><em>Grafik: SPREE-PR\\\/Friedel<\\\/small><\\\/em>\",\"meta_align\":\"above-content\",\"meta_color\":\"muted\",\"meta_element\":\"div\",\"meta_margin\":\"remove\",\"meta_style\":\"text-small\",\"title\":\"Das erwarten die Stadtwerke von der neuen Landesregierung\",\"title_align\":\"top\",\"title_element\":\"h2\",\"title_grid_breakpoint\":\"m\",\"title_grid_width\":\"1-2\",\"title_hover_style\":\"heading\",\"title_link\":true,\"title_margin\":\"small\",\"title_style\":\"h3\"}},{\"type\":\"divider\",\"props\":{\"divider_element\":\"hr\",\"margin\":\"small\"}},{\"type\":\"headline\",\"props\":{\"content\":\"Sonntag noch nichts vor?\",\"title_color\":\"primary\",\"title_element\":\"div\",\"title_style\":\"h6\"}},{\"type\":\"panel\",\"props\":{\"content\":\"Nehmen Sie den Ostdeutschen Rosengarten Forst (Lausitz) mit all Ihren Sinnen wahr. Immer am letzten Sonntag im Monat in der Saison, 14 bis 18\\u2009Uhr l\\u00e4dt der Park zum Entspannen, Genie\\u00dfen und Entdecken ein.\",\"content_column_breakpoint\":\"m\",\"content_margin\":\"small\",\"icon_width\":80,\"image\":\"wp-content\\\/uploads\\\/sites\\\/2\\\/2024\\\/05\\\/Forst-Rosengarten_PatLografie.jpg\",\"image_align\":\"between\",\"image_grid_breakpoint\":\"m\",\"image_grid_width\":\"1-2\",\"image_link\":true,\"image_loading\":true,\"image_svg_color\":\"emphasis\",\"image_width\":\"610\",\"link\":\"der-rosengarten-laedt-ins-reich-der-sinne\\\/\",\"link_style\":\"default\",\"link_text\":\"Mehr ...\",\"margin\":\"small\",\"meta\":\"<small><em>Foto: Patrick Lucia<\\\/small><\\\/em>\",\"meta_align\":\"above-content\",\"meta_color\":\"muted\",\"meta_element\":\"div\",\"meta_margin\":\"remove\",\"meta_style\":\"text-small\",\"title\":\"Der Rosengarten l\\u00e4dt ins Reich der Sinne\",\"title_align\":\"top\",\"title_element\":\"h2\",\"title_grid_breakpoint\":\"m\",\"title_grid_width\":\"1-2\",\"title_hover_style\":\"heading\",\"title_link\":true,\"title_margin\":\"small\",\"title_style\":\"h3\"}},{\"type\":\"divider\",\"props\":{\"divider_element\":\"hr\",\"margin\":\"small\"}},{\"type\":\"headline\",\"props\":{\"content\":\"Posamenten-Manufaktur Jende\",\"title_color\":\"primary\",\"title_element\":\"div\",\"title_style\":\"h6\"}},{\"type\":\"panel\",\"props\":{\"content\":\"Es gibt nur noch drei Manufakturen in Deutschland, die solche textilen Schmuckst\\u00fccke wie Quasten, Borten & Co. anfertigen. Eine davon arbeitet in Forst.\",\"content_column_breakpoint\":\"m\",\"content_margin\":\"small\",\"icon_width\":80,\"image\":\"wp-content\\\/uploads\\\/sites\\\/2\\\/2024\\\/05\\\/105_Bild_1Postamenten.png\",\"image_align\":\"between\",\"image_grid_breakpoint\":\"m\",\"image_grid_width\":\"1-2\",\"image_link\":true,\"image_loading\":true,\"image_svg_color\":\"emphasis\",\"image_width\":\"610\",\"link\":\"ein-koenigliches-handwerk\\\/\",\"link_style\":\"default\",\"link_text\":\"Mehr ...\",\"margin\":\"small\",\"meta\":\"<small><em>Foto: Maren Jende<\\\/small><\\\/em>\",\"meta_align\":\"above-content\",\"meta_color\":\"muted\",\"meta_element\":\"div\",\"meta_margin\":\"remove\",\"meta_style\":\"text-small\",\"title\":\"Ein k\\u00f6nigliches Handwerk\",\"title_align\":\"top\",\"title_element\":\"h2\",\"title_grid_breakpoint\":\"m\",\"title_grid_width\":\"1-2\",\"title_hover_style\":\"heading\",\"title_link\":true,\"title_margin\":\"small\",\"title_style\":\"h3\"}}]},{\"type\":\"column\",\"props\":{\"html_element\":\"article\",\"image_position\":\"center-center\",\"position_sticky_breakpoint\":\"m\",\"width_medium\":\"1-3\"},\"children\":[{\"type\":\"headline\",\"props\":{\"content\":\"Open-Air-Saison in Brandenburg\",\"title_color\":\"primary\",\"title_element\":\"div\",\"title_style\":\"h6\"}},{\"type\":\"panel\",\"props\":{\"content\":\"Endlich Sommer! Endlich wieder Open-Air-Saison f\\u00fcr Kunst und Musik. Wir geben hier einen \\u00dcberblick zu den besten \\u201eAlles drau\\u00dfen\\u201c-Terminen.\",\"content_column_breakpoint\":\"m\",\"content_margin\":\"small\",\"icon_width\":80,\"image\":\"wp-content\\\/uploads\\\/sites\\\/2\\\/2024\\\/05\\\/forst-104_Preview_Foto_Odertalfestspiele_Andre_Nicke-scaled.jpg\",\"image_align\":\"between\",\"image_grid_breakpoint\":\"m\",\"image_grid_width\":\"1-2\",\"image_link\":true,\"image_loading\":true,\"image_svg_color\":\"emphasis\",\"image_width\":\"610\",\"link\":\"open-air-saison-in-brandenburg\\\/\",\"link_style\":\"default\",\"link_text\":\"Mehr ...\",\"margin\":\"small\",\"meta\":\"<small><em>Foto:  ubs\\\/Andr\\u00e9 Nicke<\\\/small><\\\/em>\",\"meta_align\":\"above-content\",\"meta_color\":\"muted\",\"meta_element\":\"div\",\"meta_margin\":\"remove\",\"meta_style\":\"text-small\",\"title\":\"Kino, Musik und Tanz unter freien Himmel\",\"title_align\":\"top\",\"title_element\":\"h2\",\"title_grid_breakpoint\":\"m\",\"title_grid_width\":\"1-2\",\"title_hover_style\":\"heading\",\"title_link\":true,\"title_margin\":\"small\",\"title_style\":\"h4\"}},{\"type\":\"divider\",\"props\":{\"divider_element\":\"hr\",\"margin\":\"small\"}},{\"type\":\"headline\",\"props\":{\"content\":\"Fotostudio Stadt-Natur\",\"title_color\":\"primary\",\"title_element\":\"div\",\"title_style\":\"h6\"}},{\"type\":\"panel\",\"props\":{\"content\":\"Die wunderbare Wildtierwelt vor der Haust\\u00fcr. Der Potsdamer Reyk Tews ist davon fasziniert. Sein einzigartiges Tierportr\\u00e4t zweier Stadtfuchswelpen wurde zum \\u201eTierfoto des Sommers 2023\\u201c von der Naturfotografie Deutschland gek\\u00fcrt.\",\"content_column_breakpoint\":\"m\",\"content_margin\":\"small\",\"icon_width\":80,\"image\":\"wp-content\\\/uploads\\\/sites\\\/2\\\/2024\\\/05\\\/103_Teaser_preview_Aufmacher_Gechwisterliebe-scaled.jpg\",\"image_align\":\"between\",\"image_grid_breakpoint\":\"m\",\"image_grid_width\":\"1-2\",\"image_link\":true,\"image_loading\":true,\"image_svg_color\":\"emphasis\",\"image_width\":\"610\",\"link\":\"fotostudio-stadt-natur\\\/\",\"link_style\":\"default\",\"link_text\":\"Mehr ...\",\"margin\":\"small\",\"meta\":\"<small><em>Foto: Reyk Tews\\\/<a href=\\\"https:\\\/\\\/instagram.com\\\/potsdamoutside\\\" target=\\\"blank\\\">@potsdamoutside<\\\/a><\\\/small><\\\/em>\",\"meta_align\":\"above-content\",\"meta_color\":\"muted\",\"meta_element\":\"div\",\"meta_margin\":\"remove\",\"meta_style\":\"text-small\",\"title\":\"Warten auf Familie Fuchs\",\"title_align\":\"top\",\"title_element\":\"h2\",\"title_grid_breakpoint\":\"m\",\"title_grid_width\":\"1-2\",\"title_hover_style\":\"heading\",\"title_link\":true,\"title_margin\":\"small\",\"title_style\":\"h4\"}},{\"type\":\"headline\",\"props\":{\"content\":\"Aufgepasst!\",\"title_color\":\"primary\",\"title_element\":\"div\",\"title_style\":\"h6\"}},{\"type\":\"panel\",\"props\":{\"content\":\"Seit Jahresanfang werden Wasser und Abwasser \\u00fcber separate Konten abgerechnet und nun die weiteren Kunden bis zum Jahreswechsel umgestellt.\",\"content_column_breakpoint\":\"m\",\"content_margin\":\"small\",\"icon_width\":80,\"image\":\"wp-content\\\/uploads\\\/sites\\\/2\\\/2024\\\/05\\\/301_Preview_8_AUFM_gute_Gruende_fur_TW_Maedchen_mit_Glas.png\",\"image_align\":\"between\",\"image_grid_breakpoint\":\"m\",\"image_grid_width\":\"1-2\",\"image_link\":true,\"image_loading\":true,\"image_svg_color\":\"emphasis\",\"image_width\":\"610\",\"link\":\"abwasser-wird-separat-abgerechnet\\\/\",\"link_style\":\"default\",\"link_text\":\"Mehr ...\",\"margin\":\"small\",\"meta\":\"<small><em>Foto: SPREE-PR\\\/Archiv<\\\/small><\\\/em>\",\"meta_align\":\"above-content\",\"meta_color\":\"muted\",\"meta_element\":\"div\",\"meta_margin\":\"remove\",\"meta_style\":\"text-small\",\"title\":\"Abwasser wird separat abgerechnet!\",\"title_align\":\"top\",\"title_element\":\"h2\",\"title_grid_breakpoint\":\"m\",\"title_grid_width\":\"1-2\",\"title_hover_style\":\"heading\",\"title_link\":true,\"title_margin\":\"small\",\"title_style\":\"h4\"}},{\"type\":\"divider\",\"props\":{\"divider_element\":\"hr\",\"margin\":\"small\"}},{\"type\":\"headline\",\"props\":{\"content\":\"Stadtwerke sponsern Volleympics\",\"margin\":\"default\",\"margin_remove_top\":false,\"title_color\":\"primary\",\"title_element\":\"div\",\"title_style\":\"h6\"}},{\"type\":\"panel\",\"props\":{\"content\":\"Vom 14. bis 16. Juni 2024 schlagen in Forst die Sportherzen wieder h\\u00f6her. Dann treffen sich etwa 600 Volleyballbegeisterte aus ganz Deutschland, um gegeneinander zu spielen. \",\"content_column_breakpoint\":\"m\",\"content_margin\":\"small\",\"icon_width\":80,\"image\":\"wp-content\\\/uploads\\\/sites\\\/2\\\/2024\\\/05\\\/302_Preview_SWZ-Forst-1_2024_S_4_Volleympics.jpg\",\"image_align\":\"between\",\"image_alt\":\"Volleyball\",\"image_grid_breakpoint\":\"m\",\"image_grid_width\":\"1-2\",\"image_link\":true,\"image_loading\":true,\"image_svg_color\":\"emphasis\",\"image_width\":\"610\",\"link\":\"sensationelle-ballwechsel-garantiert\\\/\",\"link_style\":\"default\",\"link_text\":\"Mehr ...\",\"margin\":\"small\",\"meta\":\"<em><small>Foto: Volleympics<\\\/small><\\\/em>\",\"meta_align\":\"above-content\",\"meta_color\":\"muted\",\"meta_element\":\"div\",\"meta_margin\":\"remove\",\"meta_style\":\"text-small\",\"title\":\"Sensationelle Ballwechsel garantiert!\",\"title_align\":\"top\",\"title_element\":\"h2\",\"title_grid_breakpoint\":\"m\",\"title_grid_width\":\"1-2\",\"title_hover_style\":\"heading\",\"title_link\":true,\"title_margin\":\"small\",\"title_style\":\"h4\"}},{\"type\":\"divider\",\"props\":{\"divider_element\":\"hr\",\"margin\":\"small\"}},{\"type\":\"headline\",\"props\":{\"content\":\"Frisch renoviert\",\"margin\":\"default\",\"margin_remove_top\":false,\"title_color\":\"primary\",\"title_element\":\"div\",\"title_style\":\"h6\"}},{\"type\":\"panel\",\"props\":{\"content\":\"Die Mitarbeiterinnen und Mitarbeiter der NBB Netzgesellschaft Berlin-Brandenburg mbH\\u2009&\\u2009Co.\\u2009KG sind in die frisch renovierten R\\u00e4ume im Erdgeschoss in der Euloer Stra\\u00dfe eingezogen.\",\"content_column_breakpoint\":\"m\",\"content_margin\":\"small\",\"icon_width\":80,\"image\":\"wp-content\\\/uploads\\\/sites\\\/2\\\/2024\\\/05\\\/303_Preview_SWZ-Forst-1_2024_S_4_NBB-Umzug-1-scaled.jpg\",\"image_align\":\"between\",\"image_grid_breakpoint\":\"m\",\"image_grid_width\":\"1-2\",\"image_link\":true,\"image_loading\":true,\"image_svg_color\":\"emphasis\",\"link\":\"bueros-der-nbb\\\/\",\"link_style\":\"default\",\"link_text\":\"Mehr ...\",\"margin\":\"small\",\"meta\":\"<small><em>Foto: SPREE-PR\\\/K\\u00fchn<\\\/small><\\\/em>\",\"meta_align\":\"above-content\",\"meta_color\":\"muted\",\"meta_element\":\"div\",\"meta_margin\":\"remove\",\"meta_style\":\"text-small\",\"title\":\"B\\u00fcros der NBB\",\"title_align\":\"top\",\"title_element\":\"h2\",\"title_grid_breakpoint\":\"m\",\"title_grid_width\":\"1-2\",\"title_hover_style\":\"heading\",\"title_link\":true,\"title_margin\":\"small\",\"title_style\":\"h4\"}},{\"type\":\"divider\",\"props\":{\"divider_element\":\"hr\",\"margin\":\"small\"}},{\"type\":\"headline\",\"props\":{\"content\":\"R\\u00e4tsel\",\"margin\":\"default\",\"margin_remove_top\":false,\"title_color\":\"primary\",\"title_element\":\"div\",\"title_style\":\"h6\"}},{\"type\":\"panel\",\"props\":{\"content\":\"Vergessen, aber nicht ganz in Vergessenheit geraten! Jedes Geb\\u00e4ude oder Bauwerk hat eine Geschichte zu erz\\u00e4hlen. Beantworten Sie unsere Frage und gewinnen Sie attraktive Geldpreise.\",\"content_column_breakpoint\":\"m\",\"content_margin\":\"small\",\"icon_width\":80,\"image\":\"wp-content\\\/uploads\\\/sites\\\/2\\\/2024\\\/05\\\/304_Preview_Aufmacher_Kleine-Kapelle-am-Weg-Jerchel-scaled.jpg\",\"image_align\":\"between\",\"image_grid_breakpoint\":\"m\",\"image_grid_width\":\"1-2\",\"image_link\":true,\"image_loading\":true,\"image_svg_color\":\"emphasis\",\"link\":\"forst-sommer-raetsel\\\/\",\"link_style\":\"default\",\"link_text\":\"Mehr ...\",\"margin\":\"small\",\"meta\":\"<small><em>Foto: SPREE-PR\\\/Leue<\\\/small><\\\/em>\",\"meta_align\":\"above-content\",\"meta_color\":\"muted\",\"meta_element\":\"div\",\"meta_margin\":\"remove\",\"meta_style\":\"text-small\",\"title\":\"Das kannst`e vergessen!?\",\"title_align\":\"top\",\"title_element\":\"h2\",\"title_grid_breakpoint\":\"m\",\"title_grid_width\":\"1-2\",\"title_hover_style\":\"heading\",\"title_link\":true,\"title_margin\":\"small\",\"title_style\":\"h4\"}},{\"type\":\"divider\",\"props\":{\"divider_element\":\"hr\",\"margin\":\"small\"}},{\"type\":\"headline\",\"props\":{\"content\":\"Kinderecke\",\"margin\":\"default\",\"margin_remove_top\":false,\"title_color\":\"primary\",\"title_element\":\"div\",\"title_style\":\"h6\"}},{\"type\":\"panel\",\"props\":{\"content\":\"\",\"content_column_breakpoint\":\"m\",\"content_margin\":\"small\",\"icon_width\":80,\"image\":\"\",\"image_align\":\"between\",\"image_grid_breakpoint\":\"m\",\"image_grid_width\":\"1-2\",\"image_link\":true,\"image_loading\":true,\"image_svg_color\":\"emphasis\",\"link_style\":\"default\",\"link_text\":\"Mehr ...\",\"margin\":\"small\",\"meta\":\"\",\"meta_align\":\"above-content\",\"meta_color\":\"muted\",\"meta_element\":\"div\",\"meta_margin\":\"remove\",\"meta_style\":\"text-small\",\"title\":\"<a href=\\\"https:\\\/\\\/stadtwerkezeitung.info\\\/forst\\\/was-passiert-wenn-man-eine-pusteblume-unter-wasser-tauchst\\\/\\\">Was passiert, wenn man eine Pusteblume unter Wasser tauchst?<\\\/a>\",\"title_align\":\"top\",\"title_element\":\"h2\",\"title_grid_breakpoint\":\"m\",\"title_grid_width\":\"1-2\",\"title_hover_style\":\"heading\",\"title_link\":true,\"title_margin\":\"small\",\"title_style\":\"h4\"}},{\"type\":\"video\",\"props\":{\"margin\":\"default\",\"video\":\"wp-content\\\/uploads\\\/2024\\\/05\\\/204_Preview_Video_Pusteblume-Teil-1.mp4\",\"video_autoplay\":\"inview\",\"video_controls\":true,\"video_loop\":false,\"video_muted\":true,\"video_playsinline\":false}},{\"type\":\"panel\",\"props\":{\"content\":\"Du glaubst, der Bl\\u00fctenball wird ruiniert? Dann probiere mal dieses Experiment aus. \",\"content_column_breakpoint\":\"m\",\"content_margin\":\"small\",\"icon_width\":80,\"image\":\"\",\"image_align\":\"between\",\"image_grid_breakpoint\":\"m\",\"image_grid_width\":\"1-2\",\"image_link\":true,\"image_loading\":true,\"image_svg_color\":\"emphasis\",\"link\":\"was-passiert-wenn-man-eine-pusteblume-unter-wasser-tauchst\\\/\",\"link_style\":\"default\",\"link_text\":\"Mehr ...\",\"margin\":\"small\",\"meta\":\"<small><em>Video: SPREE-PR-Friedel<\\\/small><\\\/em>\",\"meta_align\":\"above-content\",\"meta_color\":\"muted\",\"meta_element\":\"div\",\"meta_margin\":\"remove\",\"meta_style\":\"text-small\",\"title\":\"\",\"title_align\":\"top\",\"title_element\":\"h2\",\"title_grid_breakpoint\":\"m\",\"title_grid_width\":\"1-2\",\"title_hover_style\":\"heading\",\"title_link\":true,\"title_margin\":\"small\",\"title_style\":\"h4\"}},{\"type\":\"divider\",\"props\":{\"divider_element\":\"hr\",\"margin\":\"small\"}},{\"type\":\"headline\",\"props\":{\"content\":\"UEFA EURO 2024\",\"margin\":\"default\",\"margin_remove_top\":false,\"title_color\":\"primary\",\"title_element\":\"div\",\"title_style\":\"h6\"}},{\"type\":\"panel\",\"props\":{\"content\":\"Ansto\\u00df fu\\u0308r die UEFA EURO 2024: Deutschland und Schottland\\ner\\u00f6ffnen am 14. Juni um 21 Uhr in Mu\\u0308nchen das Turnier. Hier finden Sie den Spielplan mit\\nallen Begegnungen, Spielorten und Terminen.\",\"content_column_breakpoint\":\"m\",\"content_margin\":\"small\",\"icon_width\":80,\"image\":\"wp-content\\\/uploads\\\/2024\\\/05\\\/201_Preview_Fussball-Max_2024.png\",\"image_align\":\"between\",\"image_grid_breakpoint\":\"m\",\"image_grid_width\":\"1-2\",\"image_link\":true,\"image_loading\":true,\"image_svg_color\":\"emphasis\",\"link\":\"uefa-euro-2024\\\/\",\"link_style\":\"default\",\"link_text\":\"Mehr ...\",\"margin\":\"small\",\"meta\":\"<small><em>Grafik: SPREE-PR<\\\/small><\\\/em>\",\"meta_align\":\"above-content\",\"meta_color\":\"muted\",\"meta_element\":\"div\",\"meta_margin\":\"remove\",\"meta_style\":\"text-small\",\"title\":\"TOOOR! Der Spielplan zum Herunterladen\",\"title_align\":\"top\",\"title_element\":\"h2\",\"title_grid_breakpoint\":\"m\",\"title_grid_width\":\"1-2\",\"title_hover_style\":\"heading\",\"title_link\":true,\"title_margin\":\"small\",\"title_style\":\"h4\"}}]}]}],\"name\":\"Forst Ausgabe 01\"}],\"version\":\"4.4.1\"} --><\/p>\n","protected":false},"excerpt":{"rendered":"<p>5 Fakten \u00fcber Forster Trinkwasser Im Gespr\u00e4ch mit Thomas Winkler Foto: SPREE-PR\/Krone Knapp 20.000\u2009Kundinnen und Kunden der Stadt Forst vertrauen darauf, dass immer sauberes Trinkwasser aus ihren H\u00e4hnen flie\u00dft. Wie gut das wichtigste Lebensmittel in Forst wirklich ist, erkl\u00e4rt Thomas Winkler. . Mehr &#8230; Wie steht es um unser Grundwasser? Gutachten vorgestellt Grafik: SPREE-PR\/Archiv Hat [&hellip;]<\/p>\n","protected":false},"author":1,"featured_media":0,"parent":0,"menu_order":0,"comment_status":"closed","ping_status":"closed","template":"","meta":{"footnotes":""},"class_list":["post-2","page","type-page","status-publish","hentry"],"yoast_head":"<!-- This site is optimized with the Yoast SEO plugin v26.9 - https:\/\/yoast.com\/product\/yoast-seo-wordpress\/ -->\n<title>STADTWERKE ZEITUNG FORST April 2024 - Forst<\/title>\n<meta name=\"description\" content=\"Aktuelles aus Forst (Lausitz): Die Stadtwerke Zeitung Ausgabe April 2024.\" \/>\n<meta name=\"robots\" content=\"index, follow, max-snippet:-1, max-image-preview:large, max-video-preview:-1\" \/>\n<link rel=\"canonical\" href=\"https:\/\/stadtwerkezeitung.info\/forst\/forst-april-2024\/\" \/>\n<meta property=\"og:locale\" content=\"en_US\" \/>\n<meta property=\"og:type\" content=\"article\" \/>\n<meta property=\"og:title\" content=\"STADTWERKE ZEITUNG FORST April 2024 - Forst\" \/>\n<meta property=\"og:description\" content=\"Aktuelles aus Forst (Lausitz): Die Stadtwerke Zeitung Ausgabe April 2024.\" \/>\n<meta property=\"og:url\" content=\"https:\/\/stadtwerkezeitung.info\/forst\/forst-april-2024\/\" \/>\n<meta property=\"og:site_name\" content=\"Forst\" \/>\n<meta property=\"article:modified_time\" content=\"2025-06-10T14:07:13+00:00\" \/>\n<meta name=\"twitter:card\" content=\"summary_large_image\" \/>\n<meta name=\"twitter:label1\" content=\"Est. reading time\" \/>\n\t<meta name=\"twitter:data1\" content=\"6 minutes\" \/>\n<script type=\"application\/ld+json\" class=\"yoast-schema-graph\">{\"@context\":\"https:\/\/schema.org\",\"@graph\":[{\"@type\":\"WebPage\",\"@id\":\"https:\/\/stadtwerkezeitung.info\/forst\/forst-april-2024\/\",\"url\":\"https:\/\/stadtwerkezeitung.info\/forst\/forst-april-2024\/\",\"name\":\"STADTWERKE ZEITUNG FORST April 2024 - Forst\",\"isPartOf\":{\"@id\":\"https:\/\/stadtwerkezeitung.info\/forst\/#website\"},\"datePublished\":\"2024-04-11T18:45:48+00:00\",\"dateModified\":\"2025-06-10T14:07:13+00:00\",\"description\":\"Aktuelles aus Forst (Lausitz): Die Stadtwerke Zeitung Ausgabe April 2024.\",\"breadcrumb\":{\"@id\":\"https:\/\/stadtwerkezeitung.info\/forst\/forst-april-2024\/#breadcrumb\"},\"inLanguage\":\"en-US\",\"potentialAction\":[{\"@type\":\"ReadAction\",\"target\":[\"https:\/\/stadtwerkezeitung.info\/forst\/forst-april-2024\/\"]}]},{\"@type\":\"BreadcrumbList\",\"@id\":\"https:\/\/stadtwerkezeitung.info\/forst\/forst-april-2024\/#breadcrumb\",\"itemListElement\":[{\"@type\":\"ListItem\",\"position\":1,\"name\":\"Home\",\"item\":\"https:\/\/stadtwerkezeitung.info\/forst\/\"},{\"@type\":\"ListItem\",\"position\":2,\"name\":\"STADTWERKE ZEITUNG FORST April 2024\"}]},{\"@type\":\"WebSite\",\"@id\":\"https:\/\/stadtwerkezeitung.info\/forst\/#website\",\"url\":\"https:\/\/stadtwerkezeitung.info\/forst\/\",\"name\":\"Forst\",\"description\":\"\",\"inLanguage\":\"en-US\"}]}<\/script>\n<!-- \/ Yoast SEO plugin. -->","yoast_head_json":{"title":"STADTWERKE ZEITUNG FORST April 2024 - Forst","description":"Aktuelles aus Forst (Lausitz): Die Stadtwerke Zeitung Ausgabe April 2024.","robots":{"index":"index","follow":"follow","max-snippet":"max-snippet:-1","max-image-preview":"max-image-preview:large","max-video-preview":"max-video-preview:-1"},"canonical":"https:\/\/stadtwerkezeitung.info\/forst\/forst-april-2024\/","og_locale":"en_US","og_type":"article","og_title":"STADTWERKE ZEITUNG FORST April 2024 - Forst","og_description":"Aktuelles aus Forst (Lausitz): Die Stadtwerke Zeitung Ausgabe April 2024.","og_url":"https:\/\/stadtwerkezeitung.info\/forst\/forst-april-2024\/","og_site_name":"Forst","article_modified_time":"2025-06-10T14:07:13+00:00","twitter_card":"summary_large_image","twitter_misc":{"Est. reading time":"6 minutes"},"schema":{"@context":"https:\/\/schema.org","@graph":[{"@type":"WebPage","@id":"https:\/\/stadtwerkezeitung.info\/forst\/forst-april-2024\/","url":"https:\/\/stadtwerkezeitung.info\/forst\/forst-april-2024\/","name":"STADTWERKE ZEITUNG FORST April 2024 - Forst","isPartOf":{"@id":"https:\/\/stadtwerkezeitung.info\/forst\/#website"},"datePublished":"2024-04-11T18:45:48+00:00","dateModified":"2025-06-10T14:07:13+00:00","description":"Aktuelles aus Forst (Lausitz): Die Stadtwerke Zeitung Ausgabe April 2024.","breadcrumb":{"@id":"https:\/\/stadtwerkezeitung.info\/forst\/forst-april-2024\/#breadcrumb"},"inLanguage":"en-US","potentialAction":[{"@type":"ReadAction","target":["https:\/\/stadtwerkezeitung.info\/forst\/forst-april-2024\/"]}]},{"@type":"BreadcrumbList","@id":"https:\/\/stadtwerkezeitung.info\/forst\/forst-april-2024\/#breadcrumb","itemListElement":[{"@type":"ListItem","position":1,"name":"Home","item":"https:\/\/stadtwerkezeitung.info\/forst\/"},{"@type":"ListItem","position":2,"name":"STADTWERKE ZEITUNG FORST April 2024"}]},{"@type":"WebSite","@id":"https:\/\/stadtwerkezeitung.info\/forst\/#website","url":"https:\/\/stadtwerkezeitung.info\/forst\/","name":"Forst","description":"","inLanguage":"en-US"}]}},"_links":{"self":[{"href":"https:\/\/stadtwerkezeitung.info\/forst\/wp-json\/wp\/v2\/pages\/2","targetHints":{"allow":["GET"]}}],"collection":[{"href":"https:\/\/stadtwerkezeitung.info\/forst\/wp-json\/wp\/v2\/pages"}],"about":[{"href":"https:\/\/stadtwerkezeitung.info\/forst\/wp-json\/wp\/v2\/types\/page"}],"author":[{"embeddable":true,"href":"https:\/\/stadtwerkezeitung.info\/forst\/wp-json\/wp\/v2\/users\/1"}],"replies":[{"embeddable":true,"href":"https:\/\/stadtwerkezeitung.info\/forst\/wp-json\/wp\/v2\/comments?post=2"}],"version-history":[{"count":42,"href":"https:\/\/stadtwerkezeitung.info\/forst\/wp-json\/wp\/v2\/pages\/2\/revisions"}],"predecessor-version":[{"id":343,"href":"https:\/\/stadtwerkezeitung.info\/forst\/wp-json\/wp\/v2\/pages\/2\/revisions\/343"}],"wp:attachment":[{"href":"https:\/\/stadtwerkezeitung.info\/forst\/wp-json\/wp\/v2\/media?parent=2"}],"curies":[{"name":"wp","href":"https:\/\/api.w.org\/{rel}","templated":true}]}}