{"id":381,"date":"2025-02-24T10:47:59","date_gmt":"2025-02-24T10:47:59","guid":{"rendered":"https:\/\/stadtwerkezeitung.info\/forst\/?page_id=381"},"modified":"2025-06-10T14:07:42","modified_gmt":"2025-06-10T14:07:42","slug":"forst-feb-2025","status":"publish","type":"page","link":"https:\/\/stadtwerkezeitung.info\/forst\/forst-feb-2025\/","title":{"rendered":"STADTWERKE ZEITUNG FORST Februar 2025"},"content":{"rendered":"<div>\n<p>        <img decoding=\"async\" src=\"\/forst\/wp-content\/uploads\/sites\/2\/2025\/02\/201_Teaser_Preview_Forst_-2_2024_S_8_Aufmacher-2-scaled.jpg\" alt=\"\"><\/p>\n<h2>Energie-Spezial<\/h2>\n<p>Neuerungen 2025<\/p>\n<div>\n<p><em><small>Foto: Artur Koz\u0142owski (<a href=\"https:\/\/www.4action.com.pl\">www.4action.com.pl<\/a>)<\/small><\/em><\/p>\n<p>Ab 2025 stehen bei der Energieversorgung einige Neuerungen an. Worum es geht und was das f\u00fcr die Kundinnen und Kunden der Stadtwerke Forst bedeutet, erkl\u00e4ren wir in unserem Energie-Spezial.<\/p>\n<\/div>\n<p><a href=\"\/forst\/energie-spezial-2025\/\">Mehr &#8230;<\/a><\/p>\n<\/div>\n<hr>\n<div>\n<p>        <img decoding=\"async\" src=\"\/forst\/wp-content\/uploads\/sites\/2\/2024\/11\/202_Bild_Teaser_Bildschirmfoto-2024-11-06-um-14.28.40.png\" alt=\"\"><\/p>\n<h2>Staatliche Zusch\u00fcsse f\u00fcrs Eigenheim<\/h2>\n<p>Hier finden Sie das richtige F\u00f6rderprogramm<\/p>\n<div>\n<p><em><small>Grafik: Stadtwerke Forst<\/p>\n<p><\/small><\/em>Die Heizung muss saniert, Fenster sollen einbruchssicher, der Hauseingang barrierefrei oder endlich eine PV-Anlage installiert werden. F\u00fcr viele Ma\u00dfnahmen gibt es staatliche F\u00f6rdert\u00f6pfe. Doch wie findet man den richtigen?<\/p>\n<\/div>\n<p><a href=\"\/forst\/staatliche-zuschusse-fuers-eigenheim\/\">Mehr &#8230;<\/a><\/p>\n<\/div>\n<hr>\n<div>\n<p>        <img decoding=\"async\" src=\"\/forst\/wp-content\/uploads\/sites\/2\/2024\/11\/203_Teaser_Bild_SW-Forst_-2_2024_S_1_PV-auf-der-Schule-1-scaled.jpg\" alt=\"\"><\/p>\n<h2>Wir holen die Sonne vom Dach<\/h2>\n<p>Forster Schule produziert eigenen Strom <\/p>\n<div>\n<p><small><em>Foto: Stadtwerke Forst<\/em><\/small><\/p>\n<p>Die Evangelische Grundschule Forst produziert jetzt ihren eigenen Strom. <\/p>\n<\/div>\n<p><a href=\"\/forst\/wir-holen-die-sonne-vom-dach\/\">Mehr &#8230;<\/a><\/p>\n<\/div>\n<hr>\n<div>Gewerbeverein \u201eForster UNTERNEHMEN\u201c<\/div>\n<div>\n<p>        <img decoding=\"async\" src=\"\/forst\/wp-content\/uploads\/sites\/2\/2024\/11\/102_Teaser_Bild_SW-Forst_-2_2024_S_8_Aufmacher-1-scaled.jpg\" alt=\"\"><\/p>\n<h2>Ein starkes Netzwerk f\u00fcr unsere Stadt<\/h2>\n<p><small><em>Foto: Touristinformation Forst<\/small><\/em><\/p>\n<div>Unsere Stadt hat nicht nur herrliche Rosen, sondern auch viele engagierte kleine, mittlere und gr\u00f6\u00dfere Unternehmen. Im Gewerbeverein haben sich interessierte Forster Unternehmen und B\u00fcrger vernetzt.<\/div>\n<p><a href=\"\/forst\/ein-starkes-netzwerk-fuer-unsere-stadt\/\">Mehr &#8230;<\/a><\/p>\n<\/div>\n<hr>\n<div>\n<p>        <img decoding=\"async\" src=\"\/forst\/wp-content\/uploads\/sites\/2\/2024\/11\/compressed-204_Teaser_Bild_SW-Forst_-2_2024_S_5_Schachspieler.jpg\" alt=\"Schachspieler\"><\/p>\n<h2>Der Schachspieler<\/h2>\n<p>Die Hobbys unserer Mitarbeiter<\/p>\n<div>\n<p><small><em>Foto: Stadtwerke Forst<\/em><\/small><\/p>\n<p>Tags\u00fcber sorgen die Mitarbeiterinnen und Mitarbeiter der Stadtwerke Forst f\u00fcr eine sichere Versorgung der Stadt mit Strom, Gas und Trinkwasser. Doch was treibt sie in ihrer Freizeit an?<\/p>\n<\/div>\n<p><a href=\"\/forst\/der-schachspieler\/\">Mehr &#8230;<\/a><\/p>\n<\/div>\n<div>\n<p>        <img decoding=\"async\" src=\"\/forst\/wp-content\/uploads\/sites\/2\/2025\/02\/201_Teaser_Bild_S_2_Aufmacher_FloatingPV_finale_Kontur__1_-scaled.jpg\" alt=\"\"><\/p>\n<h2>Wenn Solarparks baden gehen<\/h2>\n<p>Trend Floating-PV <\/p>\n<div>\n<p><em><small>Foto: Andreas Franke &#8211; <a href=\"https:\/\/www.lausitzbilder.de\">www.lausitzbilder.de<\/a><\/small><\/em><\/p>\n<p>Nanu, was schwimmt denn da? Noch im 1. Halbjahr 2025 soll auf dem Cottbuser Ostsee Deutschlands gr\u00f6\u00dfte Floating-Photovoltaik-Anlage an den Start gehen. Die schwimmende Photovoltaik, ein Trend mit Zukunft?<\/p>\n<\/div>\n<p><a href=\"\/forst\/wenn-solarparks-baden-gehen\/\">Mehr &#8230;<\/a><\/p>\n<\/div>\n<hr>\n<div>\n<p>        <img decoding=\"async\" src=\"\/forst\/wp-content\/uploads\/sites\/2\/2025\/02\/202_Teaser_Preview_Ersatz_AufmacxherRadweg-in-fruehlingshafter-Kulisse_Steffen-Lehmann_TMB-Tourismus-Marketing-Brandenburg-GmbH-scaled.jpeg\" alt=\"\"><\/p>\n<h2>Hier bl\u00fcht uns was<\/h2>\n<p>Natur erwacht aus Winterschlaf<\/p>\n<div>\n<p><em><small>Foto: TMB-Tourismus-Marketing-Brandenburg-GmbH\/Steffen-Lehmann<\/small><\/em><\/p>\n<p>Winter ade! Die ersten w\u00e4rmenden Sonnenstrahlen und l\u00e4nger werdenden Tage lassen die Natur so langsam aus dem Winterschlaf erwachen. Wir haben uns auf die Suche nach Orten im Land Brandenburg begeben, wo die Natur nun besonders \u00fcberschw\u00e4nglich die Vorboten des Fr\u00fchlings zur Schau stellt.<\/p>\n<\/div>\n<p><a href=\"\/forst\/hier-blueht-uns-was\/\">Mehr &#8230;<\/a><\/p>\n<\/div>\n<hr>\n<div>\n<p>        <img decoding=\"async\" src=\"\/forst\/wp-content\/uploads\/sites\/2\/2025\/02\/203_Teaser_Preview_Aufmacher_1718_Merk_Grenadier_Lange_Kerls_anagoria-scaled.jpg\" alt=\"\"><\/p>\n<h2>Das ist (ja wohl) die H\u00f6he!<\/h2>\n<p>R\u00e4tsel<\/p>\n<div>\n<p><em><small>Quelle: Johann Christof Merck (1718)\/Wikimedia-Commons<\/small><\/em><\/p>\n<p>Die durchschnittliche H\u00f6he im Land Brandenburg betr\u00e4gt 68 Meter. Die M\u00e4rker \u00fcberragen damit die Hauptst\u00e4dter immerhin um ganze 21 Meter. Zu einem \u201eBergvolk\u201c macht sie das nat\u00fcrlich noch lange nicht.  Beantworten Sie unsere Frage und gewinnen Sie attraktive Geldpreise.<\/p>\n<\/div>\n<p><a href=\"\/forst\/das-ist-ja-wohl-die-hoehe\/\">Mehr &#8230;<\/a><\/p>\n<\/div>\n<hr>\n<div>Das F\u00e4rbe-Experiment<\/div>\n<div><a href=\"\/forst\/blumen-beim-trinken-zuschauen-forst\/\">Blumen beim Trinken zuschauen<\/a><\/div>\n<p><video src=\"\/forst\/wp-content\/uploads\/2025\/02\/204_Previe_Teaser_Video-Blumen.mp4\" poster=\"\"><\/video><\/p>\n<div><em><small>Video: SPREE-PR\/Friedel<\/em><\/small><\/div>\n<div><\/a><\/body>Schnittbl\u00fcmen sind ganz sch\u00f6n durstig! Ein einfaches F\u00e4rbe-Experiment macht den Trinkvorgang der Blumen richtig sichtbar.<\/div>\n<p>\n    <a href=\"\/forst\/blumen-beim-trinken-zuschauen-forst\/\">Mehr &#8230;<\/a>\n<\/p>\n<hr>\n<div>L\u00e4uft aus<\/div>\n<div>\n<p>        <img decoding=\"async\" src=\"\/forst\/wp-content\/uploads\/sites\/2\/2024\/11\/303_Teaser_Bild_swf-card-2021_teaser_portrait_small.jpg\" alt=\"\"><\/p>\n<h2>Abschied von der Stadtwerke-Karte<\/h2>\n<p><small><em>Foto: Stadtwerke Forst<\/small><\/em><\/p>\n<div>Die Stadtwerke Forst haben sich nach vielen Jahren dazu entschlossen, die SW FORST CARD auslaufen zu lassen. <\/div>\n<p><a href=\"\/forst\/abschied-von-der-stadtwerke-karte\/\">Mehr &#8230;<\/a><\/p>\n<\/div>\n<hr>\n<p><!--more--><br \/>\n<!-- {\"type\":\"layout\",\"children\":[{\"type\":\"section\",\"props\":{\"image_position\":\"center-center\",\"padding_remove_top\":true,\"style\":\"default\",\"title_breakpoint\":\"xl\",\"title_position\":\"top-left\",\"title_rotation\":\"left\",\"vertical_align\":\"\",\"width\":\"default\"},\"children\":[{\"type\":\"row\",\"props\":{\"column_gap\":\"small\",\"divider\":true,\"layout\":\"2-3,1-3\",\"margin_remove_top\":true,\"width\":\"large\"},\"children\":[{\"type\":\"column\",\"props\":{\"html_element\":\"article\",\"image_position\":\"center-center\",\"position_sticky_breakpoint\":\"m\",\"width_medium\":\"2-3\"},\"children\":[{\"type\":\"panel\",\"props\":{\"content\":\"\n\n<p><em><small>Foto: Artur Koz\\u0142owski (<a href=\\\"https:\\\/\\\/www.4action.com.pl\\\">www.4action.com.pl<\\\/a>)<\\\/small><\\\/em><\\\/p>\\n\n\n<p>Ab 2025 stehen bei der Energieversorgung einige Neuerungen an. Worum es geht und was das f\\u00fcr die Kundinnen und Kunden der Stadtwerke Forst bedeutet, erkl\\u00e4ren wir in unserem Energie-Spezial.<\\\/p>\",\"content_column_breakpoint\":\"m\",\"content_margin\":\"remove\",\"icon_width\":80,\"image\":\"wp-content\\\/uploads\\\/sites\\\/2\\\/2025\\\/02\\\/201_Teaser_Preview_Forst_-2_2024_S_8_Aufmacher-2-scaled.jpg\",\"image_align\":\"between\",\"image_grid_breakpoint\":\"m\",\"image_grid_width\":\"1-2\",\"image_link\":true,\"image_svg_color\":\"emphasis\",\"link\":\"energie-spezial-2025\\\/\",\"link_style\":\"default\",\"link_text\":\"Mehr ...\",\"margin\":\"default\",\"meta\":\"Neuerungen 2025\",\"meta_align\":\"above-title\",\"meta_element\":\"div\",\"meta_style\":\"h6\",\"title\":\"Energie-Spezial\",\"title_align\":\"top\",\"title_element\":\"h2\",\"title_grid_breakpoint\":\"m\",\"title_grid_width\":\"1-2\",\"title_hover_style\":\"heading\",\"title_link\":true,\"title_margin\":\"small\",\"title_style\":\"h3\"}},{\"type\":\"divider\",\"props\":{\"divider_element\":\"hr\",\"margin\":\"small\"}},{\"type\":\"panel\",\"props\":{\"content\":\"\n\n<p><em><small>Grafik: Stadtwerke Forst\\n<br \\\/><br \\\/><\\\/small><\\\/em>Die Heizung muss saniert, Fenster sollen einbruchssicher, der Hauseingang barrierefrei oder endlich eine PV-Anlage installiert werden. F\\u00fcr viele Ma\\u00dfnahmen gibt es staatliche F\\u00f6rdert\\u00f6pfe. Doch wie findet man den richtigen?<\\\/p>\",\"content_column_breakpoint\":\"m\",\"content_margin\":\"remove\",\"icon_width\":80,\"image\":\"wp-content\\\/uploads\\\/sites\\\/2\\\/2024\\\/11\\\/202_Bild_Teaser_Bildschirmfoto-2024-11-06-um-14.28.40.png\",\"image_align\":\"between\",\"image_grid_breakpoint\":\"m\",\"image_grid_width\":\"1-2\",\"image_link\":true,\"image_svg_color\":\"emphasis\",\"link\":\"staatliche-zuschusse-fuers-eigenheim\\\/\",\"link_style\":\"default\",\"link_text\":\"Mehr ...\",\"margin\":\"default\",\"meta\":\"Hier finden Sie das richtige F\\u00f6rderprogramm\",\"meta_align\":\"above-title\",\"meta_element\":\"div\",\"meta_style\":\"h6\",\"title\":\"Staatliche Zusch\\u00fcsse f\\u00fcrs Eigenheim\",\"title_align\":\"top\",\"title_element\":\"h2\",\"title_grid_breakpoint\":\"m\",\"title_grid_width\":\"1-2\",\"title_hover_style\":\"heading\",\"title_link\":true,\"title_margin\":\"small\",\"title_style\":\"h3\"}},{\"type\":\"divider\",\"props\":{\"divider_element\":\"hr\",\"margin\":\"small\"}},{\"type\":\"panel\",\"props\":{\"content\":\"\n\n<p><small><em>Foto: Stadtwerke Forst<\\\/em><\\\/small><\\\/p>\\n\n\n<p>Die Evangelische Grundschule Forst produziert jetzt ihren eigenen Strom. <\\\/p>\",\"content_column_breakpoint\":\"m\",\"content_margin\":\"remove\",\"icon_width\":80,\"image\":\"wp-content\\\/uploads\\\/sites\\\/2\\\/2024\\\/11\\\/203_Teaser_Bild_SW-Forst_-2_2024_S_1_PV-auf-der-Schule-1-scaled.jpg\",\"image_align\":\"between\",\"image_grid_breakpoint\":\"m\",\"image_grid_width\":\"1-2\",\"image_link\":true,\"image_svg_color\":\"emphasis\",\"link\":\"wir-holen-die-sonne-vom-dach\\\/\",\"link_style\":\"default\",\"link_text\":\"Mehr ...\",\"margin\":\"default\",\"meta\":\"Forster Schule produziert eigenen Strom \",\"meta_align\":\"above-title\",\"meta_element\":\"div\",\"meta_style\":\"h6\",\"title\":\"Wir holen die Sonne vom Dach\",\"title_align\":\"top\",\"title_element\":\"h2\",\"title_grid_breakpoint\":\"m\",\"title_grid_width\":\"1-2\",\"title_hover_style\":\"heading\",\"title_link\":true,\"title_margin\":\"small\",\"title_style\":\"h3\"}},{\"type\":\"divider\",\"props\":{\"divider_element\":\"hr\",\"margin\":\"small\"}},{\"type\":\"headline\",\"props\":{\"content\":\"Gewerbeverein \\u201eForster UNTERNEHMEN\\u201c\",\"title_color\":\"primary\",\"title_element\":\"div\",\"title_style\":\"h6\"}},{\"type\":\"panel\",\"props\":{\"content\":\"Unsere Stadt hat nicht nur herrliche Rosen, sondern auch viele engagierte kleine, mittlere und gr\\u00f6\\u00dfere Unternehmen. Im Gewerbeverein haben sich interessierte Forster Unternehmen und B\\u00fcrger vernetzt.\",\"content_column_breakpoint\":\"m\",\"content_margin\":\"small\",\"icon_width\":80,\"image\":\"wp-content\\\/uploads\\\/sites\\\/2\\\/2024\\\/11\\\/102_Teaser_Bild_SW-Forst_-2_2024_S_8_Aufmacher-1-scaled.jpg\",\"image_align\":\"between\",\"image_grid_breakpoint\":\"m\",\"image_grid_width\":\"1-2\",\"image_link\":true,\"image_loading\":true,\"image_svg_color\":\"emphasis\",\"image_width\":\"610\",\"link\":\"ein-starkes-netzwerk-fuer-unsere-stadt\\\/\",\"link_style\":\"default\",\"link_text\":\"Mehr ...\",\"margin\":\"small\",\"meta\":\"<small><em>Foto: Touristinformation Forst<\\\/small><\\\/em>\",\"meta_align\":\"above-content\",\"meta_color\":\"muted\",\"meta_element\":\"div\",\"meta_margin\":\"remove\",\"meta_style\":\"\",\"title\":\"Ein starkes Netzwerk f\\u00fcr unsere Stadt\",\"title_align\":\"top\",\"title_element\":\"h2\",\"title_grid_breakpoint\":\"m\",\"title_grid_width\":\"1-2\",\"title_hover_style\":\"heading\",\"title_link\":true,\"title_margin\":\"small\",\"title_style\":\"h3\"}},{\"type\":\"divider\",\"props\":{\"divider_element\":\"hr\",\"margin\":\"small\"}},{\"type\":\"panel\",\"props\":{\"content\":\"\n\n<p><small><em>Foto: Stadtwerke Forst<\\\/em><\\\/small><\\\/p>\\n\n\n<p>Tags\\u00fcber sorgen die Mitarbeiterinnen und Mitarbeiter der Stadtwerke Forst f\\u00fcr eine sichere Versorgung der Stadt mit Strom, Gas und Trinkwasser. Doch was treibt sie in ihrer Freizeit an?<\\\/p>\",\"content_column_breakpoint\":\"m\",\"content_margin\":\"remove\",\"icon_width\":80,\"image\":\"wp-content\\\/uploads\\\/sites\\\/2\\\/2024\\\/11\\\/compressed-204_Teaser_Bild_SW-Forst_-2_2024_S_5_Schachspieler.jpg\",\"image_align\":\"between\",\"image_alt\":\"Schachspieler\",\"image_focal_point\":\"bottom-center\",\"image_grid_breakpoint\":\"m\",\"image_grid_width\":\"1-2\",\"image_height\":800,\"image_link\":true,\"image_svg_color\":\"emphasis\",\"image_width\":900,\"link\":\"der-schachspieler\\\/\",\"link_style\":\"default\",\"link_text\":\"Mehr ...\",\"margin\":\"default\",\"meta\":\"Die Hobbys unserer Mitarbeiter\",\"meta_align\":\"above-title\",\"meta_element\":\"div\",\"meta_style\":\"h6\",\"title\":\"Der Schachspieler\",\"title_align\":\"top\",\"title_element\":\"h2\",\"title_grid_breakpoint\":\"m\",\"title_grid_width\":\"1-2\",\"title_hover_style\":\"heading\",\"title_link\":true,\"title_margin\":\"small\",\"title_style\":\"h3\"}}]},{\"type\":\"column\",\"props\":{\"html_element\":\"article\",\"image_position\":\"center-center\",\"position_sticky_breakpoint\":\"m\",\"width_medium\":\"1-3\"},\"children\":[{\"type\":\"panel\",\"props\":{\"content\":\"\n\n<p><em><small>Foto: Andreas Franke - <a href=\\\"https:\\\/\\\/www.lausitzbilder.de\\\">www.lausitzbilder.de<\\\/a><\\\/small><\\\/em><\\\/p>\\n\n\n<p>Nanu, was schwimmt denn da? Noch im 1. Halbjahr 2025 soll auf dem Cottbuser Ostsee Deutschlands gr\\u00f6\\u00dfte Floating-Photovoltaik-Anlage an den Start gehen. Die schwimmende Photovoltaik, ein Trend mit Zukunft?<\\\/p>\",\"content_column_breakpoint\":\"m\",\"content_margin\":\"remove\",\"icon_width\":80,\"image\":\"wp-content\\\/uploads\\\/sites\\\/2\\\/2025\\\/02\\\/201_Teaser_Bild_S_2_Aufmacher_FloatingPV_finale_Kontur__1_-scaled.jpg\",\"image_align\":\"between\",\"image_grid_breakpoint\":\"m\",\"image_grid_width\":\"1-2\",\"image_link\":true,\"image_svg_color\":\"emphasis\",\"link\":\"wenn-solarparks-baden-gehen\\\/\",\"link_style\":\"default\",\"link_text\":\"Mehr ...\",\"margin\":\"default\",\"meta\":\"Trend Floating-PV \",\"meta_align\":\"above-title\",\"meta_element\":\"div\",\"meta_style\":\"h6\",\"title\":\"Wenn Solarparks baden gehen\",\"title_align\":\"top\",\"title_element\":\"h2\",\"title_grid_breakpoint\":\"m\",\"title_grid_width\":\"1-2\",\"title_hover_style\":\"heading\",\"title_link\":true,\"title_margin\":\"small\",\"title_style\":\"h4\"}},{\"type\":\"divider\",\"props\":{\"divider_element\":\"hr\",\"margin\":\"small\"}},{\"type\":\"panel\",\"props\":{\"content\":\"\n\n<p><em><small>Foto: TMB-Tourismus-Marketing-Brandenburg-GmbH\\\/Steffen-Lehmann<\\\/small><\\\/em><\\\/p>\\n\n\n<p>Winter ade! Die ersten w\\u00e4rmenden Sonnenstrahlen und l\\u00e4nger werdenden Tage lassen die Natur so langsam aus dem Winterschlaf erwachen. Wir haben uns auf die Suche nach Orten im Land Brandenburg begeben, wo die Natur nun besonders \\u00fcberschw\\u00e4nglich die Vorboten des Fr\\u00fchlings zur Schau stellt.<\\\/p>\",\"content_column_breakpoint\":\"m\",\"content_margin\":\"remove\",\"icon_width\":80,\"image\":\"wp-content\\\/uploads\\\/sites\\\/2\\\/2025\\\/02\\\/202_Teaser_Preview_Ersatz_AufmacxherRadweg-in-fruehlingshafter-Kulisse_Steffen-Lehmann_TMB-Tourismus-Marketing-Brandenburg-GmbH-scaled.jpeg\",\"image_align\":\"between\",\"image_grid_breakpoint\":\"m\",\"image_grid_width\":\"1-2\",\"image_link\":true,\"image_svg_color\":\"emphasis\",\"link\":\"hier-blueht-uns-was\\\/\",\"link_style\":\"default\",\"link_text\":\"Mehr ...\",\"margin\":\"default\",\"meta\":\"Natur erwacht aus Winterschlaf\",\"meta_align\":\"above-title\",\"meta_element\":\"div\",\"meta_style\":\"h6\",\"title\":\"Hier bl\\u00fcht uns was\",\"title_align\":\"top\",\"title_element\":\"h2\",\"title_grid_breakpoint\":\"m\",\"title_grid_width\":\"1-2\",\"title_hover_style\":\"heading\",\"title_link\":true,\"title_margin\":\"small\",\"title_style\":\"h4\"}},{\"type\":\"divider\",\"props\":{\"divider_element\":\"hr\",\"margin\":\"small\"}},{\"type\":\"panel\",\"props\":{\"content\":\"\n\n<p><em><small>Quelle: Johann Christof Merck (1718)\\\/Wikimedia-Commons<\\\/small><\\\/em><\\\/p>\\n\n\n<p>Die durchschnittliche H\\u00f6he im Land Brandenburg betr\\u00e4gt 68 Meter. Die M\\u00e4rker \\u00fcberragen damit die Hauptst\\u00e4dter immerhin um ganze 21 Meter. Zu einem \\u201eBergvolk\\u201c macht sie das nat\\u00fcrlich noch lange nicht.  Beantworten Sie unsere Frage und gewinnen Sie attraktive Geldpreise.<\\\/p>\",\"content_column_breakpoint\":\"m\",\"content_margin\":\"remove\",\"icon_width\":80,\"image\":\"wp-content\\\/uploads\\\/sites\\\/2\\\/2025\\\/02\\\/203_Teaser_Preview_Aufmacher_1718_Merk_Grenadier_Lange_Kerls_anagoria-scaled.jpg\",\"image_align\":\"between\",\"image_focal_point\":\"top-center\",\"image_grid_breakpoint\":\"m\",\"image_grid_width\":\"1-2\",\"image_height\":600,\"image_link\":true,\"image_svg_color\":\"emphasis\",\"image_width\":600,\"link\":\"das-ist-ja-wohl-die-hoehe\\\/\",\"link_style\":\"default\",\"link_text\":\"Mehr ...\",\"margin\":\"default\",\"meta\":\"R\\u00e4tsel\",\"meta_align\":\"above-title\",\"meta_element\":\"div\",\"meta_style\":\"h6\",\"title\":\"Das ist (ja wohl) die H\\u00f6he!\",\"title_align\":\"top\",\"title_element\":\"h2\",\"title_grid_breakpoint\":\"m\",\"title_grid_width\":\"1-2\",\"title_hover_style\":\"heading\",\"title_link\":true,\"title_margin\":\"small\",\"title_style\":\"h4\"}},{\"type\":\"divider\",\"props\":{\"divider_element\":\"hr\",\"margin\":\"small\"}},{\"type\":\"headline\",\"props\":{\"content\":\"Das F\\u00e4rbe-Experiment\",\"margin\":\"default\",\"margin_remove_top\":false,\"title_color\":\"primary\",\"title_element\":\"div\",\"title_style\":\"h6\"}},{\"type\":\"headline\",\"props\":{\"content\":\"Blumen beim Trinken zuschauen\",\"link\":\"blumen-beim-trinken-zuschauen-forst\\\/\",\"margin\":\"default\",\"margin_remove_top\":false,\"title_color\":\"primary\",\"title_element\":\"div\",\"title_style\":\"h4\"}},{\"type\":\"video\",\"props\":{\"attributes\":\"<body><a href=\\\"blumen-beim-trinken-zuschauen\\\"\",\"margin\":\"default\",\"margin_remove_bottom\":true,\"video\":\"wp-content\\\/uploads\\\/2025\\\/02\\\/204_Previe_Teaser_Video-Blumen.mp4\",\"video_autoplay\":\"inview\",\"video_controls\":false,\"video_muted\":true,\"video_playsinline\":true},\"name\":\"video -y\"},{\"type\":\"text\",\"props\":{\"column_breakpoint\":\"m\",\"content\":\"<em><small>Video: SPREE-PR\\\/Friedel<\\\/em><\\\/small>\",\"margin\":\"default\",\"margin_remove_bottom\":true,\"margin_remove_top\":true}},{\"type\":\"text\",\"props\":{\"column_breakpoint\":\"m\",\"content\":\"<\\\/a><\\\/body>Schnittbl\\u00fcmen sind ganz sch\\u00f6n durstig! Ein einfaches F\\u00e4rbe-Experiment macht den Trinkvorgang der Blumen richtig sichtbar.\",\"margin\":\"small\",\"margin_remove_top\":false}},{\"type\":\"button\",\"props\":{\"grid_column_gap\":\"small\",\"grid_row_gap\":\"small\",\"margin\":\"default\"},\"children\":[{\"type\":\"button_item\",\"props\":{\"button_style\":\"default\",\"content\":\"Mehr ...\",\"icon_align\":\"left\",\"link\":\"blumen-beim-trinken-zuschauen-forst\\\/\"}}]},{\"type\":\"divider\",\"props\":{\"divider_element\":\"hr\",\"margin\":\"small\"}},{\"type\":\"headline\",\"props\":{\"content\":\"L\\u00e4uft aus\",\"margin\":\"default\",\"margin_remove_top\":false,\"title_color\":\"primary\",\"title_element\":\"div\",\"title_style\":\"h6\"}},{\"type\":\"panel\",\"props\":{\"content\":\"Die Stadtwerke Forst haben sich nach vielen Jahren dazu entschlossen, die SW FORST CARD auslaufen zu lassen. \",\"content_column_breakpoint\":\"m\",\"content_margin\":\"small\",\"icon_width\":80,\"image\":\"wp-content\\\/uploads\\\/sites\\\/2\\\/2024\\\/11\\\/303_Teaser_Bild_swf-card-2021_teaser_portrait_small.jpg\",\"image_align\":\"between\",\"image_grid_breakpoint\":\"m\",\"image_grid_width\":\"1-2\",\"image_link\":true,\"image_loading\":true,\"image_svg_color\":\"emphasis\",\"link\":\"abschied-von-der-stadtwerke-karte\\\/\",\"link_style\":\"default\",\"link_text\":\"Mehr ...\",\"margin\":\"small\",\"meta\":\"<small><em>Foto: Stadtwerke Forst<\\\/small><\\\/em>\",\"meta_align\":\"above-content\",\"meta_color\":\"muted\",\"meta_element\":\"div\",\"meta_margin\":\"remove\",\"meta_style\":\"\",\"title\":\"Abschied von der Stadtwerke-Karte\",\"title_align\":\"top\",\"title_element\":\"h2\",\"title_grid_breakpoint\":\"m\",\"title_grid_width\":\"1-2\",\"title_hover_style\":\"heading\",\"title_link\":true,\"title_margin\":\"small\",\"title_style\":\"h4\"}},{\"type\":\"divider\",\"props\":{\"divider_element\":\"hr\",\"margin\":\"small\"}}]}]}],\"name\":\"Forst Ausgabe 01\"}],\"version\":\"4.4.1\"} --><\/p>\n","protected":false},"excerpt":{"rendered":"<p>Energie-Spezial Neuerungen 2025 Foto: Artur Koz\u0142owski (www.4action.com.pl) Ab 2025 stehen bei der Energieversorgung einige Neuerungen an. Worum es geht und was das f\u00fcr die Kundinnen und Kunden der Stadtwerke Forst bedeutet, erkl\u00e4ren wir in unserem Energie-Spezial. Mehr &#8230; Staatliche Zusch\u00fcsse f\u00fcrs Eigenheim Hier finden Sie das richtige F\u00f6rderprogramm Grafik: Stadtwerke Forst Die Heizung muss saniert, [&hellip;]<\/p>\n","protected":false},"author":1,"featured_media":0,"parent":0,"menu_order":0,"comment_status":"closed","ping_status":"closed","template":"","meta":{"footnotes":""},"class_list":["post-381","page","type-page","status-publish","hentry"],"yoast_head":"<!-- This site is optimized with the Yoast SEO plugin v26.9 - https:\/\/yoast.com\/product\/yoast-seo-wordpress\/ -->\n<title>STADTWERKE ZEITUNG FORST Februar 2025 - Forst<\/title>\n<meta name=\"description\" content=\"Aktuelles aus Forst (Lausitz): Die Stadtwerke Zeitung Ausgabe Februar 2025.\" \/>\n<meta name=\"robots\" content=\"index, follow, max-snippet:-1, max-image-preview:large, max-video-preview:-1\" \/>\n<link rel=\"canonical\" href=\"https:\/\/stadtwerkezeitung.info\/forst\/forst-feb-2025\/\" \/>\n<meta property=\"og:locale\" content=\"en_US\" \/>\n<meta property=\"og:type\" content=\"article\" \/>\n<meta property=\"og:title\" content=\"STADTWERKE ZEITUNG FORST Februar 2025 - Forst\" \/>\n<meta property=\"og:description\" content=\"Aktuelles aus Forst (Lausitz): Die Stadtwerke Zeitung Ausgabe Februar 2025.\" \/>\n<meta property=\"og:url\" content=\"https:\/\/stadtwerkezeitung.info\/forst\/forst-feb-2025\/\" \/>\n<meta property=\"og:site_name\" content=\"Forst\" \/>\n<meta property=\"article:modified_time\" content=\"2025-06-10T14:07:42+00:00\" \/>\n<meta name=\"twitter:card\" content=\"summary_large_image\" \/>\n<meta name=\"twitter:label1\" content=\"Est. reading time\" \/>\n\t<meta name=\"twitter:data1\" content=\"4 minutes\" \/>\n<script type=\"application\/ld+json\" class=\"yoast-schema-graph\">{\"@context\":\"https:\/\/schema.org\",\"@graph\":[{\"@type\":\"WebPage\",\"@id\":\"https:\/\/stadtwerkezeitung.info\/forst\/forst-feb-2025\/\",\"url\":\"https:\/\/stadtwerkezeitung.info\/forst\/forst-feb-2025\/\",\"name\":\"STADTWERKE ZEITUNG FORST Februar 2025 - Forst\",\"isPartOf\":{\"@id\":\"https:\/\/stadtwerkezeitung.info\/forst\/#website\"},\"datePublished\":\"2025-02-24T10:47:59+00:00\",\"dateModified\":\"2025-06-10T14:07:42+00:00\",\"description\":\"Aktuelles aus Forst (Lausitz): Die Stadtwerke Zeitung Ausgabe Februar 2025.\",\"breadcrumb\":{\"@id\":\"https:\/\/stadtwerkezeitung.info\/forst\/forst-feb-2025\/#breadcrumb\"},\"inLanguage\":\"en-US\",\"potentialAction\":[{\"@type\":\"ReadAction\",\"target\":[\"https:\/\/stadtwerkezeitung.info\/forst\/forst-feb-2025\/\"]}]},{\"@type\":\"BreadcrumbList\",\"@id\":\"https:\/\/stadtwerkezeitung.info\/forst\/forst-feb-2025\/#breadcrumb\",\"itemListElement\":[{\"@type\":\"ListItem\",\"position\":1,\"name\":\"Home\",\"item\":\"https:\/\/stadtwerkezeitung.info\/forst\/\"},{\"@type\":\"ListItem\",\"position\":2,\"name\":\"STADTWERKE ZEITUNG FORST Februar 2025\"}]},{\"@type\":\"WebSite\",\"@id\":\"https:\/\/stadtwerkezeitung.info\/forst\/#website\",\"url\":\"https:\/\/stadtwerkezeitung.info\/forst\/\",\"name\":\"Forst\",\"description\":\"\",\"inLanguage\":\"en-US\"}]}<\/script>\n<!-- \/ Yoast SEO plugin. -->","yoast_head_json":{"title":"STADTWERKE ZEITUNG FORST Februar 2025 - Forst","description":"Aktuelles aus Forst (Lausitz): Die Stadtwerke Zeitung Ausgabe Februar 2025.","robots":{"index":"index","follow":"follow","max-snippet":"max-snippet:-1","max-image-preview":"max-image-preview:large","max-video-preview":"max-video-preview:-1"},"canonical":"https:\/\/stadtwerkezeitung.info\/forst\/forst-feb-2025\/","og_locale":"en_US","og_type":"article","og_title":"STADTWERKE ZEITUNG FORST Februar 2025 - Forst","og_description":"Aktuelles aus Forst (Lausitz): Die Stadtwerke Zeitung Ausgabe Februar 2025.","og_url":"https:\/\/stadtwerkezeitung.info\/forst\/forst-feb-2025\/","og_site_name":"Forst","article_modified_time":"2025-06-10T14:07:42+00:00","twitter_card":"summary_large_image","twitter_misc":{"Est. reading time":"4 minutes"},"schema":{"@context":"https:\/\/schema.org","@graph":[{"@type":"WebPage","@id":"https:\/\/stadtwerkezeitung.info\/forst\/forst-feb-2025\/","url":"https:\/\/stadtwerkezeitung.info\/forst\/forst-feb-2025\/","name":"STADTWERKE ZEITUNG FORST Februar 2025 - Forst","isPartOf":{"@id":"https:\/\/stadtwerkezeitung.info\/forst\/#website"},"datePublished":"2025-02-24T10:47:59+00:00","dateModified":"2025-06-10T14:07:42+00:00","description":"Aktuelles aus Forst (Lausitz): Die Stadtwerke Zeitung Ausgabe Februar 2025.","breadcrumb":{"@id":"https:\/\/stadtwerkezeitung.info\/forst\/forst-feb-2025\/#breadcrumb"},"inLanguage":"en-US","potentialAction":[{"@type":"ReadAction","target":["https:\/\/stadtwerkezeitung.info\/forst\/forst-feb-2025\/"]}]},{"@type":"BreadcrumbList","@id":"https:\/\/stadtwerkezeitung.info\/forst\/forst-feb-2025\/#breadcrumb","itemListElement":[{"@type":"ListItem","position":1,"name":"Home","item":"https:\/\/stadtwerkezeitung.info\/forst\/"},{"@type":"ListItem","position":2,"name":"STADTWERKE ZEITUNG FORST Februar 2025"}]},{"@type":"WebSite","@id":"https:\/\/stadtwerkezeitung.info\/forst\/#website","url":"https:\/\/stadtwerkezeitung.info\/forst\/","name":"Forst","description":"","inLanguage":"en-US"}]}},"_links":{"self":[{"href":"https:\/\/stadtwerkezeitung.info\/forst\/wp-json\/wp\/v2\/pages\/381","targetHints":{"allow":["GET"]}}],"collection":[{"href":"https:\/\/stadtwerkezeitung.info\/forst\/wp-json\/wp\/v2\/pages"}],"about":[{"href":"https:\/\/stadtwerkezeitung.info\/forst\/wp-json\/wp\/v2\/types\/page"}],"author":[{"embeddable":true,"href":"https:\/\/stadtwerkezeitung.info\/forst\/wp-json\/wp\/v2\/users\/1"}],"replies":[{"embeddable":true,"href":"https:\/\/stadtwerkezeitung.info\/forst\/wp-json\/wp\/v2\/comments?post=381"}],"version-history":[{"count":12,"href":"https:\/\/stadtwerkezeitung.info\/forst\/wp-json\/wp\/v2\/pages\/381\/revisions"}],"predecessor-version":[{"id":416,"href":"https:\/\/stadtwerkezeitung.info\/forst\/wp-json\/wp\/v2\/pages\/381\/revisions\/416"}],"wp:attachment":[{"href":"https:\/\/stadtwerkezeitung.info\/forst\/wp-json\/wp\/v2\/media?parent=381"}],"curies":[{"name":"wp","href":"https:\/\/api.w.org\/{rel}","templated":true}]}}