{"id":425,"date":"2025-05-23T08:19:17","date_gmt":"2025-05-23T08:19:17","guid":{"rendered":"https:\/\/stadtwerkezeitung.info\/forst\/?page_id=425"},"modified":"2025-08-25T07:56:12","modified_gmt":"2025-08-25T07:56:12","slug":"forst-mai-2025","status":"publish","type":"page","link":"https:\/\/stadtwerkezeitung.info\/forst\/forst-mai-2025\/","title":{"rendered":"STADTWERKE ZEITUNG FORST Mai 2025"},"content":{"rendered":"<div>\n<p>        <img decoding=\"async\" src=\"\/forst\/wp-content\/uploads\/sites\/2\/2025\/05\/101_Teaser_Aufmacher_Montage_ohne_Schrift.jpeg\" alt=\"\"><\/p>\n<h2>E-Power-Vielfalt made by Stadtwerke Forst<\/h2>\n<p>Sonnenenergie<\/p>\n<div>\n<p><em><small>Fotos: SPREE-PR\/Petsch (2), SW Forst, iStock\/Serdynska<\/a>)<\/small><\/em><\/p>\n<p>In Forst scheint die Sonne rund 2.000\u2009Stunden im Jahr. Pro Quadratmeter kann sie so bis zu 225\u2009kWh Strom im Jahr produzieren. Es lohnt sich also, eine Solaranlage zu installieren. Die Stadtwerke Forst bieten verschiedene Varianten an.<\/p>\n<\/div>\n<p><a href=\"\/forst\/e-power-vielfalt-made-by-stadtwerke-forst\/\">Mehr &#8230;<\/a><\/p>\n<\/div>\n<hr>\n<div>\n<p>        <img decoding=\"async\" src=\"\/forst\/wp-content\/uploads\/sites\/2\/2025\/05\/102_Teaser_umzug_08.jpg\" alt=\"\"><\/p>\n<h2>Strom im Voraus ummelden<\/h2>\n<p>ACHTUNG bei Umzug!<\/p>\n<div>\n<p><em><small>Foto: SPREE-PR\/Archiv<\/p>\n<p><\/small><\/em>Ab dem 6. Juni 2025 sind keine r\u00fcckwirkenden Strom-Umz\u00fcge mehr m\u00f6glich. Ein Strom-Lieferantenwechsel muss innerhalb von 24\u2009Stunden abgeschlossen sein.<\/p>\n<\/div>\n<p><a href=\"\/forst\/strom-im-voraus-ummelden\/\">Mehr &#8230;<\/a><\/p>\n<\/div>\n<hr>\n<div>\n<p>        <img decoding=\"async\" src=\"\/forst\/wp-content\/uploads\/sites\/2\/2025\/05\/103_Teaser__MG_7038-scaled.jpg\" alt=\"\"><\/p>\n<h2>Wir bleiben am Netz<\/h2>\n<p>Partner der Stadtwerke Forst:<br \/>NBB Netzgesellschaft Berlin Brandenburg <\/p>\n<div>\n<p><small><em>Foto: SPREE-PR\/Petsch<\/em><\/small><\/p>\n<p>Egal ob Strom, Wasser, Erdgas oder Fernw\u00e4rme \u2013 ohne uns flie\u00dft nichts. <\/p>\n<\/div>\n<p><a href=\"\/forst\/wir-bleiben-am-netz\/\">Mehr &#8230;<\/a><\/p>\n<\/div>\n<hr>\n<div>\n<p>        <img decoding=\"async\" src=\"\/forst\/wp-content\/uploads\/sites\/2\/2025\/05\/104_Teaser_Bildschirmfoto-2025-05-21-um-21.11.02.png\" alt=\"\"><\/p>\n<h2>Mit dem Golfstrom Solarmietkauf<\/h2>\n<p>Sonne tanken ohne Eigenkapital<\/p>\n<div>\n<p><small><em>Brosch\u00fcre: Golfstrom<\/em><\/small><\/p>\n<p>Photovoltaikanlagen lohnen sich, doch die hohe Anfangsinvestition stellt f\u00fcr viele Haushalte eine H\u00fcrde dar. Daher bieten die Stadtwerke Forst in Kooperation mit dem Finanzierungspartner Golfstrom Energy nun ein Mietkaufmodell f\u00fcr Solaranlagen an.<\/p>\n<\/div>\n<p><a href=\"\/forst\/mit-dem-golfstrom-solarmietkauf\/\">Mehr &#8230;<\/a><\/p>\n<\/div>\n<hr>\n<div>\n<p>        <img decoding=\"async\" src=\"\/forst\/wp-content\/uploads\/sites\/2\/2025\/05\/105_Teaser_SWZ-Forst_1_2025_S_8_Stilwerk-14.jpeg\" alt=\"Schachspieler\"><\/p>\n<h2>Hommage an unsere Lausitz<\/h2>\n<p>Sie tischlern Heimatst\u00fccke<\/p>\n<div>\n<p><small><em>Foto: Carsten Schmollius <\/em><\/small><\/p>\n<p>Ein Tisch aus Omas altem Kirschbaum, ein Regal aus der knorrigen Kiefer im Vorgarten, Schneidbretter aus Nachbars Pflaumenbaum \u2013 am Ende eines Baumlebens schenken Kalle und Flori in ihrer Forster Tischlerei Holz ein zweites Leben.    <\/p>\n<\/div>\n<p><a href=\"\/forst\/hommage-an-unsere-lausitz\/\">Mehr &#8230;<\/a><\/p>\n<\/div>\n<hr>\n<div>\n<p>        <img decoding=\"async\" src=\"\/forst\/wp-content\/uploads\/sites\/2\/2025\/05\/106_Teaser_Bildschirmfoto-2025-05-21-um-15.10.30.png\" alt=\"\"><\/p>\n<h2>Was genau macht Erdgas billiger oder teuer?<\/h2>\n<p>Die Zusammensetzung des Preises<\/p>\n<div>\n<p><small><em>Grafik: SPREE-PR\/Schulze, pixabay, SPREE-PR\/Archiv <\/em><\/small><\/p>\n<p>Die Gasheizung ist in Deutschland aktuell noch die Nummer eins: Fast jede zweite Wohnung wird mit Erdgas beheizt, und in den Jahren 2023 und 2024 gab es sogar einen regelrechten Run auf neue Gasheizungen. Trotzdem werden wohl Gas- und auch \u00d6lheizung langfristig keine L\u00f6sung und bald nicht mehr so gebr\u00e4uchlich sein.   <\/p>\n<\/div>\n<p><a href=\"\/forst\/was-genau-macht-erdgas-forst\/\">Mehr &#8230;<\/a><\/p>\n<\/div>\n<div>\n<p>        <img decoding=\"async\" src=\"\/forst\/wp-content\/uploads\/sites\/2\/2025\/05\/201_Teaser_1_MG_7084-scaled.jpg\" alt=\"\"><\/p>\n<h2>Meine kleine Farm<\/h2>\n<p>Die Hobbys unserer Mitarbeiter<\/p>\n<div>\n<p><em><small>Foto: SPREE-PR\/Petsch<\/small><\/em><\/p>\n<p>Tags\u00fcber sorgen die Mitarbeiterinnen und Mitarbeiter der Stadtwerke Forst f\u00fcr eine sichere Versorgung der Stadt mit Strom, Gas, Fernw\u00e4rme und Trinkwasser. Doch was treiben sie in ihrer Freizeit? Stadtwerke-Zeitung hat Bianca Nehrmann, Teamleiterin Abrechnung\/Wechselmanagement, gefragt.<\/p>\n<\/div>\n<p><a href=\"\/forst\/meine-kleine-farm\/\">Mehr &#8230;<\/a><\/p>\n<\/div>\n<hr>\n<div>\n<h3>Hinweis<\/h3>\n<div>Der Kassenautomat im Geb\u00e4ude der Stadtwerke wird im November 2025 abgebaut. Danach sind nur noch \u00dcberweisung oder Lastschrift m\u00f6glich.<\/div>\n<\/div>\n<hr>\n<div>\n<p>        <img decoding=\"async\" src=\"\/forst\/wp-content\/uploads\/sites\/2\/2025\/05\/203_Teaser_AufmacherUnknown-rotated.jpeg\" alt=\"\"><\/p>\n<h2>Das ist (ja wohl) die H\u00f6he!<\/h2>\n<p>R\u00e4tsel<\/p>\n<div>\n<p><em><small>Foto: SPREE-PR\/Arbeit<\/small><\/em><\/p>\n<p>Die durchschnittliche H\u00f6he im Land Brandenburg betr\u00e4gt 68 Meter. Die M\u00e4rker \u00fcberragen damit die Hauptst\u00e4dter immerhin um ganze 21 Meter. Zu einem \u201eBergvolk\u201c macht sie das nat\u00fcrlich noch lange nicht.  Beantworten Sie unsere Frage und gewinnen Sie attraktive Geldpreise.<\/p>\n<\/div>\n<p><a href=\"\/forst\/forst-raetsel-mai-2025\/\">Mehr &#8230;<\/a><\/p>\n<\/div>\n<hr>\n<div>\n<p>        <img decoding=\"async\" src=\"\/forst\/wp-content\/uploads\/sites\/2\/2025\/05\/204_Preview_See2_Schwielochsee-Kanu-fahren-Wasser-See-Seenland-Oder-Spree-Foto-Florian-Laufer-15-Kopie-scaled.jpg\" alt=\"\"><\/p>\n<h2>So nah, so sch\u00f6n<\/h2>\n<p>Verf\u00fchrerische Wege um unsere zehn gr\u00f6\u00dften Seen<\/p>\n<div>\n<p><em><small>Foto: Florian La\u0308ufer <\/small><\/em><\/p>\n<p>3.000 Seen \u2013 was will man an einem hei\u00dfen Sommertag mehr, als die wohlverdiente Freizeit an einem der zahlreichen Seen Brandenburgs zu verbringen. Die Top 10 der gr\u00f6\u00dften Seen des Bundeslands \u00fcberraschen durch ihre Vielfalt an Aktivit\u00e4ten und Veranstaltungen.<\/p>\n<\/div>\n<p><a href=\"\/forst\/verfuhrerische-wege-um-unsere-zehn-groessten-seen-forst\/\">Mehr &#8230;<\/a><\/p>\n<\/div>\n<hr>\n<div>\n<p>        <img decoding=\"async\" src=\"\/forst\/wp-content\/uploads\/sites\/2\/2025\/05\/205_Teaser_Bild__Weben_x_MG_6909-scaled.jpg\" alt=\"\"><\/p>\n<h2>Die Rohrweber von Pritzerbe<\/h2>\n<p>Die Letzten ihrer Zunft<\/p>\n<div>\n<p><em><small>Foto: SPREE-PR\/Petsch<\/small><\/em><\/p>\n<p>Vor der industriellen Revolution bestimmten die Z\u00fcnfte das Wirtschaftsleben \u2013 heute sind viele Handwerksberufe so gut wie ausgestorben. Die STADTWERKE ZEITUNG hat \u201eDie Letzten ihrer Zunft\u201d besucht. Diesmal: die Rohrweberei Pritzerbe (Potsdam-Mittelmark).<\/p>\n<\/div>\n<p><a href=\"\/forst\/die-rohrweber-von-pritzerbe-forst\/\">Mehr &#8230;<\/a><\/p>\n<\/div>\n<hr>\n<div>Kinderecke<\/div>\n<div>\n<p>        <img decoding=\"async\" src=\"\/forst\/wp-content\/uploads\/2025\/05\/204-Teaser-Gluhwurm.png\" alt=\"\"><\/p>\n<h2>Gl\u00fchw\u00fcrmchen im Glas<\/h2>\n<p><small><em>Illustration: SPREE-PR<\/small><\/em><\/p>\n<div>Meist ab Mitte oder Ende Juni schw\u00e4rmen die Gl\u00fchw\u00fcrmchen aus und leuchten in lauen Sommern\u00e4chten ab 22 Uhr, um Partner zu finden. Wenn du nachts vergeblich auf das Naturschauspiel wartest, kannst du dir einfach ein Glas voller Gl\u00fchw\u00fcrmchen basteln!<\/div>\n<p><a href=\"\/forst\/gluehwuermchen-im-glas-forst\/\">Mehr &#8230;<\/a><\/p>\n<\/div>\n<hr>\n<p><!--more--><br \/>\n<!-- {\"type\":\"layout\",\"children\":[{\"type\":\"section\",\"props\":{\"image_position\":\"center-center\",\"padding_remove_top\":true,\"style\":\"default\",\"title_breakpoint\":\"xl\",\"title_position\":\"top-left\",\"title_rotation\":\"left\",\"vertical_align\":\"\",\"width\":\"default\"},\"children\":[{\"type\":\"row\",\"props\":{\"column_gap\":\"small\",\"divider\":true,\"layout\":\"2-3,1-3\",\"margin_remove_top\":true,\"width\":\"large\"},\"children\":[{\"type\":\"column\",\"props\":{\"html_element\":\"article\",\"image_position\":\"center-center\",\"position_sticky_breakpoint\":\"m\",\"width_medium\":\"2-3\"},\"children\":[{\"type\":\"panel\",\"props\":{\"content\":\"\n\n<p><em><small>Fotos: SPREE-PR\\\/Petsch (2), SW Forst, iStock\\\/Serdynska<\\\/a>)<\\\/small><\\\/em><\\\/p>\\n\n\n<p>In Forst scheint die Sonne rund 2.000\\u2009Stunden im Jahr. Pro Quadratmeter kann sie so bis zu 225\\u2009kWh Strom im Jahr produzieren. Es lohnt sich also, eine Solaranlage zu installieren. Die Stadtwerke Forst bieten verschiedene Varianten an.<\\\/p>\",\"content_column_breakpoint\":\"m\",\"content_margin\":\"remove\",\"icon_width\":80,\"image\":\"wp-content\\\/uploads\\\/sites\\\/2\\\/2025\\\/05\\\/101_Teaser_Aufmacher_Montage_ohne_Schrift.jpeg\",\"image_align\":\"between\",\"image_grid_breakpoint\":\"m\",\"image_grid_width\":\"1-2\",\"image_link\":true,\"image_svg_color\":\"emphasis\",\"link\":\"e-power-vielfalt-made-by-stadtwerke-forst\\\/\",\"link_style\":\"default\",\"link_text\":\"Mehr ...\",\"margin\":\"default\",\"meta\":\"Sonnenenergie\",\"meta_align\":\"above-title\",\"meta_element\":\"div\",\"meta_style\":\"h6\",\"title\":\"E-Power-Vielfalt made by Stadtwerke Forst\",\"title_align\":\"top\",\"title_element\":\"h2\",\"title_grid_breakpoint\":\"m\",\"title_grid_width\":\"1-2\",\"title_hover_style\":\"heading\",\"title_link\":true,\"title_margin\":\"small\",\"title_style\":\"h3\"}},{\"type\":\"divider\",\"props\":{\"divider_element\":\"hr\",\"margin\":\"small\"}},{\"type\":\"panel\",\"props\":{\"content\":\"\n\n<p><em><small>Foto: SPREE-PR\\\/Archiv\\n<br \\\/><br \\\/><\\\/small><\\\/em>Ab dem 6. Juni 2025 sind keine r\\u00fcckwirkenden Strom-Umz\\u00fcge mehr m\\u00f6glich. Ein Strom-Lieferantenwechsel muss innerhalb von 24\\u2009Stunden abgeschlossen sein.<\\\/p>\",\"content_column_breakpoint\":\"m\",\"content_margin\":\"remove\",\"icon_width\":80,\"image\":\"wp-content\\\/uploads\\\/sites\\\/2\\\/2025\\\/05\\\/102_Teaser_umzug_08.jpg\",\"image_align\":\"between\",\"image_grid_breakpoint\":\"m\",\"image_grid_width\":\"1-2\",\"image_link\":true,\"image_svg_color\":\"emphasis\",\"link\":\"strom-im-voraus-ummelden\\\/\",\"link_style\":\"default\",\"link_text\":\"Mehr ...\",\"margin\":\"default\",\"meta\":\"ACHTUNG bei Umzug!\",\"meta_align\":\"above-title\",\"meta_element\":\"div\",\"meta_style\":\"h6\",\"title\":\"Strom im Voraus ummelden\",\"title_align\":\"top\",\"title_element\":\"h2\",\"title_grid_breakpoint\":\"m\",\"title_grid_width\":\"1-2\",\"title_hover_style\":\"heading\",\"title_link\":true,\"title_margin\":\"small\",\"title_style\":\"h3\"}},{\"type\":\"divider\",\"props\":{\"divider_element\":\"hr\",\"margin\":\"small\"}},{\"type\":\"panel\",\"props\":{\"content\":\"\n\n<p><small><em>Foto: SPREE-PR\\\/Petsch<\\\/em><\\\/small><\\\/p>\\n\n\n<p>Egal ob Strom, Wasser, Erdgas oder Fernw\\u00e4rme \\u2013 ohne uns flie\\u00dft nichts. <\\\/p>\",\"content_column_breakpoint\":\"m\",\"content_margin\":\"remove\",\"icon_width\":80,\"image\":\"wp-content\\\/uploads\\\/sites\\\/2\\\/2025\\\/05\\\/103_Teaser__MG_7038-scaled.jpg\",\"image_align\":\"between\",\"image_grid_breakpoint\":\"m\",\"image_grid_width\":\"1-2\",\"image_link\":true,\"image_svg_color\":\"emphasis\",\"link\":\"wir-bleiben-am-netz\\\/\",\"link_style\":\"default\",\"link_text\":\"Mehr ...\",\"margin\":\"default\",\"meta\":\"Partner der Stadtwerke Forst:<br \/>NBB Netzgesellschaft Berlin Brandenburg \",\"meta_align\":\"above-title\",\"meta_element\":\"div\",\"meta_style\":\"h6\",\"title\":\"Wir bleiben am Netz\",\"title_align\":\"top\",\"title_element\":\"h2\",\"title_grid_breakpoint\":\"m\",\"title_grid_width\":\"1-2\",\"title_hover_style\":\"heading\",\"title_link\":true,\"title_margin\":\"small\",\"title_style\":\"h3\"}},{\"type\":\"divider\",\"props\":{\"divider_element\":\"hr\",\"margin\":\"small\"}},{\"type\":\"panel\",\"props\":{\"content\":\"\n\n<p><small><em>Brosch\\u00fcre: Golfstrom<\\\/em><\\\/small><\\\/p>\\n\n\n<p>Photovoltaikanlagen lohnen sich, doch die hohe Anfangsinvestition stellt f\\u00fcr viele Haushalte eine H\\u00fcrde dar. Daher bieten die Stadtwerke Forst in Kooperation mit dem Finanzierungspartner Golfstrom Energy nun ein Mietkaufmodell f\\u00fcr Solaranlagen an.<\\\/p>\",\"content_column_breakpoint\":\"m\",\"content_margin\":\"remove\",\"icon_width\":80,\"image\":\"wp-content\\\/uploads\\\/sites\\\/2\\\/2025\\\/05\\\/104_Teaser_Bildschirmfoto-2025-05-21-um-21.11.02.png\",\"image_align\":\"between\",\"image_grid_breakpoint\":\"m\",\"image_grid_width\":\"1-2\",\"image_height\":500,\"image_link\":true,\"image_svg_color\":\"emphasis\",\"image_width\":600,\"link\":\"mit-dem-golfstrom-solarmietkauf\\\/\",\"link_style\":\"default\",\"link_text\":\"Mehr ...\",\"margin\":\"default\",\"meta\":\"Sonne tanken ohne Eigenkapital\",\"meta_align\":\"above-title\",\"meta_element\":\"div\",\"meta_style\":\"h6\",\"title\":\"Mit dem Golfstrom Solarmietkauf\",\"title_align\":\"top\",\"title_element\":\"h2\",\"title_grid_breakpoint\":\"m\",\"title_grid_width\":\"1-2\",\"title_hover_style\":\"heading\",\"title_link\":true,\"title_margin\":\"small\",\"title_style\":\"h3\"}},{\"type\":\"divider\",\"props\":{\"divider_element\":\"hr\",\"margin\":\"small\"}},{\"type\":\"panel\",\"props\":{\"content\":\"\n\n<p><small><em>Foto: Carsten Schmollius <\\\/em><\\\/small><\\\/p>\\n\n\n<p>Ein Tisch aus Omas altem Kirschbaum, ein Regal aus der knorrigen Kiefer im Vorgarten, Schneidbretter aus Nachbars Pflaumenbaum \\u2013 am Ende eines Baumlebens schenken Kalle und Flori in ihrer Forster Tischlerei Holz ein zweites Leben.    <\\\/p>\",\"content_column_breakpoint\":\"m\",\"content_margin\":\"remove\",\"icon_width\":80,\"image\":\"wp-content\\\/uploads\\\/sites\\\/2\\\/2025\\\/05\\\/105_Teaser_SWZ-Forst_1_2025_S_8_Stilwerk-14.jpeg\",\"image_align\":\"between\",\"image_alt\":\"Schachspieler\",\"image_focal_point\":\"bottom-center\",\"image_grid_breakpoint\":\"m\",\"image_grid_width\":\"1-2\",\"image_height\":800,\"image_link\":true,\"image_svg_color\":\"emphasis\",\"image_width\":900,\"link\":\"hommage-an-unsere-lausitz\\\/\",\"link_style\":\"default\",\"link_text\":\"Mehr ...\",\"margin\":\"default\",\"meta\":\"Sie tischlern Heimatst\\u00fccke\",\"meta_align\":\"above-title\",\"meta_element\":\"div\",\"meta_style\":\"h6\",\"title\":\"Hommage an unsere Lausitz\",\"title_align\":\"top\",\"title_element\":\"h2\",\"title_grid_breakpoint\":\"m\",\"title_grid_width\":\"1-2\",\"title_hover_style\":\"heading\",\"title_link\":true,\"title_margin\":\"small\",\"title_style\":\"h3\"}},{\"type\":\"divider\",\"props\":{\"divider_element\":\"hr\",\"margin\":\"small\"}},{\"type\":\"panel\",\"props\":{\"content\":\"\n\n<p><small><em>Grafik: SPREE-PR\\\/Schulze, pixabay, SPREE-PR\\\/Archiv <\\\/em><\\\/small><\\\/p>\\n\n\n<p>Die Gasheizung ist in Deutschland aktuell noch die Nummer eins: Fast jede zweite Wohnung wird mit Erdgas beheizt, und in den Jahren 2023 und 2024 gab es sogar einen regelrechten Run auf neue Gasheizungen. Trotzdem werden wohl Gas- und auch \\u00d6lheizung langfristig keine L\\u00f6sung und bald nicht mehr so gebr\\u00e4uchlich sein.   <\\\/p>\",\"content_column_breakpoint\":\"m\",\"content_margin\":\"remove\",\"icon_width\":80,\"image\":\"wp-content\\\/uploads\\\/sites\\\/2\\\/2025\\\/05\\\/106_Teaser_Bildschirmfoto-2025-05-21-um-15.10.30.png\",\"image_align\":\"between\",\"image_focal_point\":\"bottom-center\",\"image_grid_breakpoint\":\"m\",\"image_grid_width\":\"1-2\",\"image_link\":true,\"image_svg_color\":\"emphasis\",\"link\":\"was-genau-macht-erdgas-forst\\\/\",\"link_style\":\"default\",\"link_text\":\"Mehr ...\",\"margin\":\"default\",\"meta\":\"Die Zusammensetzung des Preises\",\"meta_align\":\"above-title\",\"meta_element\":\"div\",\"meta_style\":\"h6\",\"title\":\"Was genau macht Erdgas billiger oder teuer?\",\"title_align\":\"top\",\"title_element\":\"h2\",\"title_grid_breakpoint\":\"m\",\"title_grid_width\":\"1-2\",\"title_hover_style\":\"heading\",\"title_link\":true,\"title_margin\":\"small\",\"title_style\":\"h3\"}}]},{\"type\":\"column\",\"props\":{\"html_element\":\"article\",\"image_position\":\"center-center\",\"position_sticky_breakpoint\":\"m\",\"width_medium\":\"1-3\"},\"children\":[{\"type\":\"panel\",\"props\":{\"content\":\"\n\n<p><em><small>Foto: SPREE-PR\\\/Petsch<\\\/small><\\\/em><\\\/p>\\n\n\n<p>Tags\\u00fcber sorgen die Mitarbeiterinnen und Mitarbeiter der Stadtwerke Forst f\\u00fcr eine sichere Versorgung der Stadt mit Strom, Gas, Fernw\\u00e4rme und Trinkwasser. Doch was treiben sie in ihrer Freizeit? Stadtwerke-Zeitung hat Bianca Nehrmann, Teamleiterin Abrechnung\\\/Wechselmanagement, gefragt.<\\\/p>\",\"content_column_breakpoint\":\"m\",\"content_margin\":\"remove\",\"icon_width\":80,\"image\":\"wp-content\\\/uploads\\\/sites\\\/2\\\/2025\\\/05\\\/201_Teaser_1_MG_7084-scaled.jpg\",\"image_align\":\"between\",\"image_grid_breakpoint\":\"m\",\"image_grid_width\":\"1-2\",\"image_link\":true,\"image_svg_color\":\"emphasis\",\"link\":\"meine-kleine-farm\\\/\",\"link_style\":\"default\",\"link_text\":\"Mehr ...\",\"margin\":\"default\",\"meta\":\"Die Hobbys unserer Mitarbeiter\",\"meta_align\":\"above-title\",\"meta_element\":\"div\",\"meta_style\":\"h6\",\"title\":\"Meine kleine Farm\",\"title_align\":\"top\",\"title_element\":\"h2\",\"title_grid_breakpoint\":\"m\",\"title_grid_width\":\"1-2\",\"title_hover_style\":\"heading\",\"title_link\":true,\"title_margin\":\"small\",\"title_style\":\"h4\"}},{\"type\":\"divider\",\"props\":{\"divider_element\":\"hr\",\"margin\":\"small\"}},{\"type\":\"panel\",\"props\":{\"content\":\"Der Kassenautomat im Geb\\u00e4ude der Stadtwerke wird im November 2025 abgebaut. Danach sind nur noch \\u00dcberweisung oder Lastschrift m\\u00f6glich.\",\"content_column_breakpoint\":\"m\",\"icon\":\"warning\",\"icon_width\":80,\"image_align\":\"top\",\"image_grid_breakpoint\":\"m\",\"image_grid_width\":\"1-2\",\"image_svg_color\":\"emphasis\",\"link_style\":\"default\",\"link_text\":\"Read more\",\"margin\":\"default\",\"meta_align\":\"below-title\",\"meta_element\":\"div\",\"meta_style\":\"text-meta\",\"panel_padding\":\"default\",\"panel_style\":\"card-secondary\",\"text_align\":\"center\",\"title\":\"Hinweis\",\"title_align\":\"top\",\"title_element\":\"h3\",\"title_grid_breakpoint\":\"m\",\"title_grid_width\":\"1-2\",\"title_hover_style\":\"reset\"}},{\"type\":\"divider\",\"props\":{\"divider_element\":\"hr\",\"margin\":\"small\"}},{\"type\":\"panel\",\"props\":{\"content\":\"\n\n<p><em><small>Foto: SPREE-PR\\\/Arbeit<\\\/small><\\\/em><\\\/p>\\n\n\n<p>Die durchschnittliche H\\u00f6he im Land Brandenburg betr\\u00e4gt 68 Meter. Die M\\u00e4rker \\u00fcberragen damit die Hauptst\\u00e4dter immerhin um ganze 21 Meter. Zu einem \\u201eBergvolk\\u201c macht sie das nat\\u00fcrlich noch lange nicht.  Beantworten Sie unsere Frage und gewinnen Sie attraktive Geldpreise.<\\\/p>\",\"content_column_breakpoint\":\"m\",\"content_margin\":\"remove\",\"icon_width\":80,\"image\":\"wp-content\\\/uploads\\\/sites\\\/2\\\/2025\\\/05\\\/203_Teaser_AufmacherUnknown-rotated.jpeg\",\"image_align\":\"between\",\"image_focal_point\":\"top-center\",\"image_grid_breakpoint\":\"m\",\"image_grid_width\":\"1-2\",\"image_height\":600,\"image_link\":true,\"image_svg_color\":\"emphasis\",\"image_width\":600,\"link\":\"forst-raetsel-mai-2025\\\/\",\"link_style\":\"default\",\"link_text\":\"Mehr ...\",\"margin\":\"default\",\"meta\":\"R\\u00e4tsel\",\"meta_align\":\"above-title\",\"meta_element\":\"div\",\"meta_style\":\"h6\",\"title\":\"Das ist (ja wohl) die H\\u00f6he!\",\"title_align\":\"top\",\"title_element\":\"h2\",\"title_grid_breakpoint\":\"m\",\"title_grid_width\":\"1-2\",\"title_hover_style\":\"heading\",\"title_link\":true,\"title_margin\":\"small\",\"title_style\":\"h4\"}},{\"type\":\"divider\",\"props\":{\"divider_element\":\"hr\",\"margin\":\"small\"}},{\"type\":\"panel\",\"props\":{\"content\":\"\n\n<p><em><small>Foto: Florian La\\u0308ufer <\\\/small><\\\/em><\\\/p>\\n\n\n<p>3.000 Seen \\u2013 was will man an einem hei\\u00dfen Sommertag mehr, als die wohlverdiente Freizeit an einem der zahlreichen Seen Brandenburgs zu verbringen. Die Top 10 der gr\\u00f6\\u00dften Seen des Bundeslands \\u00fcberraschen durch ihre Vielfalt an Aktivit\\u00e4ten und Veranstaltungen.<\\\/p>\",\"content_column_breakpoint\":\"m\",\"content_margin\":\"remove\",\"icon_width\":80,\"image\":\"wp-content\\\/uploads\\\/sites\\\/2\\\/2025\\\/05\\\/204_Preview_See2_Schwielochsee-Kanu-fahren-Wasser-See-Seenland-Oder-Spree-Foto-Florian-Laufer-15-Kopie-scaled.jpg\",\"image_align\":\"between\",\"image_grid_breakpoint\":\"m\",\"image_grid_width\":\"1-2\",\"image_link\":true,\"image_svg_color\":\"emphasis\",\"link\":\"verfuhrerische-wege-um-unsere-zehn-groessten-seen-forst\\\/\",\"link_style\":\"default\",\"link_text\":\"Mehr ...\",\"margin\":\"default\",\"meta\":\"Verf\\u00fchrerische Wege um unsere zehn gr\\u00f6\\u00dften Seen\",\"meta_align\":\"above-title\",\"meta_element\":\"div\",\"meta_style\":\"h6\",\"title\":\"So nah, so sch\\u00f6n\",\"title_align\":\"top\",\"title_element\":\"h2\",\"title_grid_breakpoint\":\"m\",\"title_grid_width\":\"1-2\",\"title_hover_style\":\"heading\",\"title_link\":true,\"title_margin\":\"small\",\"title_style\":\"h4\"}},{\"type\":\"divider\",\"props\":{\"divider_element\":\"hr\",\"margin\":\"small\"}},{\"type\":\"panel\",\"props\":{\"content\":\"\n\n<p><em><small>Foto: SPREE-PR\\\/Petsch<\\\/small><\\\/em><\\\/p>\\n\n\n<p>Vor der industriellen Revolution bestimmten die Z\\u00fcnfte das Wirtschaftsleben \\u2013 heute sind viele Handwerksberufe so gut wie ausgestorben. Die STADTWERKE ZEITUNG hat \\u201eDie Letzten ihrer Zunft\\u201d besucht. Diesmal: die Rohrweberei Pritzerbe (Potsdam-Mittelmark).<\\\/p>\",\"content_column_breakpoint\":\"m\",\"content_margin\":\"remove\",\"icon_width\":80,\"image\":\"wp-content\\\/uploads\\\/sites\\\/2\\\/2025\\\/05\\\/205_Teaser_Bild__Weben_x_MG_6909-scaled.jpg\",\"image_align\":\"between\",\"image_grid_breakpoint\":\"m\",\"image_grid_width\":\"1-2\",\"image_link\":true,\"image_svg_color\":\"emphasis\",\"link\":\"die-rohrweber-von-pritzerbe-forst\\\/\",\"link_style\":\"default\",\"link_text\":\"Mehr ...\",\"margin\":\"default\",\"meta\":\"Die Letzten ihrer Zunft\",\"meta_align\":\"above-title\",\"meta_element\":\"div\",\"meta_style\":\"h6\",\"title\":\"Die Rohrweber von Pritzerbe\",\"title_align\":\"top\",\"title_element\":\"h2\",\"title_grid_breakpoint\":\"m\",\"title_grid_width\":\"1-2\",\"title_hover_style\":\"heading\",\"title_link\":true,\"title_margin\":\"small\",\"title_style\":\"h4\"}},{\"type\":\"divider\",\"props\":{\"divider_element\":\"hr\",\"margin\":\"small\"}},{\"type\":\"headline\",\"props\":{\"content\":\"Kinderecke\",\"margin\":\"default\",\"margin_remove_top\":false,\"title_color\":\"primary\",\"title_element\":\"div\",\"title_style\":\"h6\"}},{\"type\":\"panel\",\"props\":{\"content\":\"Meist ab Mitte oder Ende Juni schw\\u00e4rmen die Gl\\u00fchw\\u00fcrmchen aus und leuchten in lauen Sommern\\u00e4chten ab 22 Uhr, um Partner zu finden. Wenn du nachts vergeblich auf das Naturschauspiel wartest, kannst du dir einfach ein Glas voller Gl\\u00fchw\\u00fcrmchen basteln!\",\"content_column_breakpoint\":\"m\",\"content_margin\":\"small\",\"icon_width\":80,\"image\":\"wp-content\\\/uploads\\\/2025\\\/05\\\/204-Teaser-Gluhwurm.png\",\"image_align\":\"between\",\"image_grid_breakpoint\":\"m\",\"image_grid_width\":\"1-2\",\"image_link\":true,\"image_loading\":true,\"image_svg_color\":\"emphasis\",\"link\":\"gluehwuermchen-im-glas-forst\\\/\",\"link_style\":\"default\",\"link_text\":\"Mehr ...\",\"margin\":\"small\",\"meta\":\"<small><em>Illustration: SPREE-PR<\\\/small><\\\/em>\",\"meta_align\":\"above-content\",\"meta_color\":\"muted\",\"meta_element\":\"div\",\"meta_margin\":\"remove\",\"meta_style\":\"\",\"title\":\"Gl\\u00fchw\\u00fcrmchen im Glas\",\"title_align\":\"top\",\"title_element\":\"h2\",\"title_grid_breakpoint\":\"m\",\"title_grid_width\":\"1-2\",\"title_hover_style\":\"heading\",\"title_link\":true,\"title_margin\":\"small\",\"title_style\":\"h4\"}},{\"type\":\"divider\",\"props\":{\"divider_element\":\"hr\",\"margin\":\"small\"}}]}]}],\"name\":\"Forst Ausgabe 01\"}],\"version\":\"4.4.1\"} --><\/p>\n","protected":false},"excerpt":{"rendered":"<p>E-Power-Vielfalt made by Stadtwerke Forst Sonnenenergie Fotos: SPREE-PR\/Petsch (2), SW Forst, iStock\/Serdynska) In Forst scheint die Sonne rund 2.000\u2009Stunden im Jahr. Pro Quadratmeter kann sie so bis zu 225\u2009kWh Strom im Jahr produzieren. Es lohnt sich also, eine Solaranlage zu installieren. Die Stadtwerke Forst bieten verschiedene Varianten an. Mehr &#8230; Strom im Voraus ummelden ACHTUNG [&hellip;]<\/p>\n","protected":false},"author":1,"featured_media":0,"parent":0,"menu_order":0,"comment_status":"closed","ping_status":"closed","template":"","meta":{"footnotes":""},"class_list":["post-425","page","type-page","status-publish","hentry"],"yoast_head":"<!-- This site is optimized with the Yoast SEO plugin v26.9 - https:\/\/yoast.com\/product\/yoast-seo-wordpress\/ -->\n<title>STADTWERKE ZEITUNG FORST Mai 2025 - Forst<\/title>\n<meta name=\"description\" content=\"Aktuelles aus Forst (Lausitz): Die Stadtwerke Zeitung ist die Kundenzeitung der Stadtwerke Forst GmbH und informiert \u00fcber lokale Energieprojekte, Klimaschutz, Nahw\u00e4rme, Wasserversorgung, Services sowie die Energiewende vor Ort. Jetzt entdecken!\" \/>\n<meta name=\"robots\" content=\"index, follow, max-snippet:-1, max-image-preview:large, max-video-preview:-1\" \/>\n<link rel=\"canonical\" href=\"https:\/\/stadtwerkezeitung.info\/forst\/forst-mai-2025\/\" \/>\n<meta property=\"og:locale\" content=\"en_US\" \/>\n<meta property=\"og:type\" content=\"article\" \/>\n<meta property=\"og:title\" content=\"STADTWERKE ZEITUNG FORST Mai 2025 - Forst\" \/>\n<meta property=\"og:description\" content=\"Aktuelles aus Forst (Lausitz): Die Stadtwerke Zeitung ist die Kundenzeitung der Stadtwerke Forst GmbH und informiert \u00fcber lokale Energieprojekte, Klimaschutz, Nahw\u00e4rme, Wasserversorgung, Services sowie die Energiewende vor Ort. Jetzt entdecken!\" \/>\n<meta property=\"og:url\" content=\"https:\/\/stadtwerkezeitung.info\/forst\/forst-mai-2025\/\" \/>\n<meta property=\"og:site_name\" content=\"Forst\" \/>\n<meta property=\"article:modified_time\" content=\"2025-08-25T07:56:12+00:00\" \/>\n<meta name=\"twitter:card\" content=\"summary_large_image\" \/>\n<meta name=\"twitter:label1\" content=\"Est. reading time\" \/>\n\t<meta name=\"twitter:data1\" content=\"5 minutes\" \/>\n<script type=\"application\/ld+json\" class=\"yoast-schema-graph\">{\"@context\":\"https:\/\/schema.org\",\"@graph\":[{\"@type\":\"WebPage\",\"@id\":\"https:\/\/stadtwerkezeitung.info\/forst\/forst-mai-2025\/\",\"url\":\"https:\/\/stadtwerkezeitung.info\/forst\/forst-mai-2025\/\",\"name\":\"STADTWERKE ZEITUNG FORST Mai 2025 - Forst\",\"isPartOf\":{\"@id\":\"https:\/\/stadtwerkezeitung.info\/forst\/#website\"},\"datePublished\":\"2025-05-23T08:19:17+00:00\",\"dateModified\":\"2025-08-25T07:56:12+00:00\",\"description\":\"Aktuelles aus Forst (Lausitz): Die Stadtwerke Zeitung ist die Kundenzeitung der Stadtwerke Forst GmbH und informiert \u00fcber lokale Energieprojekte, Klimaschutz, Nahw\u00e4rme, Wasserversorgung, Services sowie die Energiewende vor Ort. Jetzt entdecken!\",\"breadcrumb\":{\"@id\":\"https:\/\/stadtwerkezeitung.info\/forst\/forst-mai-2025\/#breadcrumb\"},\"inLanguage\":\"en-US\",\"potentialAction\":[{\"@type\":\"ReadAction\",\"target\":[\"https:\/\/stadtwerkezeitung.info\/forst\/forst-mai-2025\/\"]}]},{\"@type\":\"BreadcrumbList\",\"@id\":\"https:\/\/stadtwerkezeitung.info\/forst\/forst-mai-2025\/#breadcrumb\",\"itemListElement\":[{\"@type\":\"ListItem\",\"position\":1,\"name\":\"Home\",\"item\":\"https:\/\/stadtwerkezeitung.info\/forst\/\"},{\"@type\":\"ListItem\",\"position\":2,\"name\":\"STADTWERKE ZEITUNG FORST Mai 2025\"}]},{\"@type\":\"WebSite\",\"@id\":\"https:\/\/stadtwerkezeitung.info\/forst\/#website\",\"url\":\"https:\/\/stadtwerkezeitung.info\/forst\/\",\"name\":\"Forst\",\"description\":\"\",\"inLanguage\":\"en-US\"}]}<\/script>\n<!-- \/ Yoast SEO plugin. -->","yoast_head_json":{"title":"STADTWERKE ZEITUNG FORST Mai 2025 - Forst","description":"Aktuelles aus Forst (Lausitz): Die Stadtwerke Zeitung ist die Kundenzeitung der Stadtwerke Forst GmbH und informiert \u00fcber lokale Energieprojekte, Klimaschutz, Nahw\u00e4rme, Wasserversorgung, Services sowie die Energiewende vor Ort. Jetzt entdecken!","robots":{"index":"index","follow":"follow","max-snippet":"max-snippet:-1","max-image-preview":"max-image-preview:large","max-video-preview":"max-video-preview:-1"},"canonical":"https:\/\/stadtwerkezeitung.info\/forst\/forst-mai-2025\/","og_locale":"en_US","og_type":"article","og_title":"STADTWERKE ZEITUNG FORST Mai 2025 - Forst","og_description":"Aktuelles aus Forst (Lausitz): Die Stadtwerke Zeitung ist die Kundenzeitung der Stadtwerke Forst GmbH und informiert \u00fcber lokale Energieprojekte, Klimaschutz, Nahw\u00e4rme, Wasserversorgung, Services sowie die Energiewende vor Ort. Jetzt entdecken!","og_url":"https:\/\/stadtwerkezeitung.info\/forst\/forst-mai-2025\/","og_site_name":"Forst","article_modified_time":"2025-08-25T07:56:12+00:00","twitter_card":"summary_large_image","twitter_misc":{"Est. reading time":"5 minutes"},"schema":{"@context":"https:\/\/schema.org","@graph":[{"@type":"WebPage","@id":"https:\/\/stadtwerkezeitung.info\/forst\/forst-mai-2025\/","url":"https:\/\/stadtwerkezeitung.info\/forst\/forst-mai-2025\/","name":"STADTWERKE ZEITUNG FORST Mai 2025 - Forst","isPartOf":{"@id":"https:\/\/stadtwerkezeitung.info\/forst\/#website"},"datePublished":"2025-05-23T08:19:17+00:00","dateModified":"2025-08-25T07:56:12+00:00","description":"Aktuelles aus Forst (Lausitz): Die Stadtwerke Zeitung ist die Kundenzeitung der Stadtwerke Forst GmbH und informiert \u00fcber lokale Energieprojekte, Klimaschutz, Nahw\u00e4rme, Wasserversorgung, Services sowie die Energiewende vor Ort. Jetzt entdecken!","breadcrumb":{"@id":"https:\/\/stadtwerkezeitung.info\/forst\/forst-mai-2025\/#breadcrumb"},"inLanguage":"en-US","potentialAction":[{"@type":"ReadAction","target":["https:\/\/stadtwerkezeitung.info\/forst\/forst-mai-2025\/"]}]},{"@type":"BreadcrumbList","@id":"https:\/\/stadtwerkezeitung.info\/forst\/forst-mai-2025\/#breadcrumb","itemListElement":[{"@type":"ListItem","position":1,"name":"Home","item":"https:\/\/stadtwerkezeitung.info\/forst\/"},{"@type":"ListItem","position":2,"name":"STADTWERKE ZEITUNG FORST Mai 2025"}]},{"@type":"WebSite","@id":"https:\/\/stadtwerkezeitung.info\/forst\/#website","url":"https:\/\/stadtwerkezeitung.info\/forst\/","name":"Forst","description":"","inLanguage":"en-US"}]}},"_links":{"self":[{"href":"https:\/\/stadtwerkezeitung.info\/forst\/wp-json\/wp\/v2\/pages\/425","targetHints":{"allow":["GET"]}}],"collection":[{"href":"https:\/\/stadtwerkezeitung.info\/forst\/wp-json\/wp\/v2\/pages"}],"about":[{"href":"https:\/\/stadtwerkezeitung.info\/forst\/wp-json\/wp\/v2\/types\/page"}],"author":[{"embeddable":true,"href":"https:\/\/stadtwerkezeitung.info\/forst\/wp-json\/wp\/v2\/users\/1"}],"replies":[{"embeddable":true,"href":"https:\/\/stadtwerkezeitung.info\/forst\/wp-json\/wp\/v2\/comments?post=425"}],"version-history":[{"count":16,"href":"https:\/\/stadtwerkezeitung.info\/forst\/wp-json\/wp\/v2\/pages\/425\/revisions"}],"predecessor-version":[{"id":527,"href":"https:\/\/stadtwerkezeitung.info\/forst\/wp-json\/wp\/v2\/pages\/425\/revisions\/527"}],"wp:attachment":[{"href":"https:\/\/stadtwerkezeitung.info\/forst\/wp-json\/wp\/v2\/media?parent=425"}],"curies":[{"name":"wp","href":"https:\/\/api.w.org\/{rel}","templated":true}]}}