{"id":536,"date":"2025-08-21T14:38:25","date_gmt":"2025-08-21T14:38:25","guid":{"rendered":"https:\/\/stadtwerkezeitung.info\/forst\/?page_id=536"},"modified":"2025-11-18T20:30:44","modified_gmt":"2025-11-18T20:30:44","slug":"august-2025","status":"publish","type":"page","link":"https:\/\/stadtwerkezeitung.info\/forst\/august-2025\/","title":{"rendered":"STADTWERKE ZEITUNG FORST August 2025"},"content":{"rendered":"<div>\n<p>        <img decoding=\"async\" src=\"\/forst\/wp-content\/uploads\/sites\/2\/2025\/05\/101_Teaser_Aufmacher_Montage_ohne_Schrift.jpeg\" alt=\"\"><\/p>\n<h2>E-Power-Vielfalt made by Stadtwerke Forst<\/h2>\n<p>Sonnenenergie<\/p>\n<div>\n<p><em><small>Fotos: SPREE-PR\/Petsch (2), SW Forst, iStock\/Serdynska<\/a>)<\/small><\/em><\/p>\n<p>In Forst scheint die Sonne rund 2.000\u2009Stunden im Jahr. Pro Quadratmeter kann sie so bis zu 225\u2009kWh Strom im Jahr produzieren. Es lohnt sich also, eine Solaranlage zu installieren. Die Stadtwerke Forst bieten verschiedene Varianten an.<\/p>\n<\/div>\n<p><a href=\"\/forst\/e-power-vielfalt-made-by-stadtwerke-forst\/\">Mehr &#8230;<\/a><\/p>\n<\/div>\n<hr>\n<div>\n<p>        <img decoding=\"async\" src=\"\/forst\/wp-content\/uploads\/sites\/2\/2025\/05\/102_Teaser_umzug_08.jpg\" alt=\"\"><\/p>\n<h2>Strom im Voraus ummelden<\/h2>\n<p>ACHTUNG bei Umzug!<\/p>\n<div>\n<p><em><small>Foto: SPREE-PR\/Archiv<\/p>\n<p><\/small><\/em>Ab dem 6. Juni 2025 sind keine r\u00fcckwirkenden Strom-Umz\u00fcge mehr m\u00f6glich. Ein Strom-Lieferantenwechsel muss innerhalb von 24\u2009Stunden abgeschlossen sein.<\/p>\n<\/div>\n<p><a href=\"\/forst\/strom-im-voraus-ummelden\/\">Mehr &#8230;<\/a><\/p>\n<\/div>\n<hr>\n<div>\n<p>        <img decoding=\"async\" src=\"\/forst\/wp-content\/uploads\/sites\/2\/2025\/05\/103_Teaser__MG_7038-scaled.jpg\" alt=\"\"><\/p>\n<h2>Wir bleiben am Netz<\/h2>\n<p>Partner der Stadtwerke Forst:<br \/>NBB Netzgesellschaft Berlin Brandenburg <\/p>\n<div>\n<p><small><em>Foto: SPREE-PR\/Petsch<\/em><\/small><\/p>\n<p>Egal ob Strom, Wasser, Erdgas oder Fernw\u00e4rme \u2013 ohne uns flie\u00dft nichts. <\/p>\n<\/div>\n<p><a href=\"\/forst\/wir-bleiben-am-netz\/\">Mehr &#8230;<\/a><\/p>\n<\/div>\n<hr>\n<div>\n<p>        <img decoding=\"async\" src=\"\/forst\/wp-content\/uploads\/sites\/2\/2025\/05\/104_Teaser_Bildschirmfoto-2025-05-21-um-21.11.02.png\" alt=\"\"><\/p>\n<h2>Mit dem Golfstrom Solarmietkauf<\/h2>\n<p>Sonne tanken ohne Eigenkapital<\/p>\n<div>\n<p><small><em>Brosch\u00fcre: Golfstrom<\/em><\/small><\/p>\n<p>Photovoltaikanlagen lohnen sich, doch die hohe Anfangsinvestition stellt f\u00fcr viele Haushalte eine H\u00fcrde dar. Daher bieten die Stadtwerke Forst in Kooperation mit dem Finanzierungspartner Golfstrom Energy nun ein Mietkaufmodell f\u00fcr Solaranlagen an.<\/p>\n<\/div>\n<p><a href=\"\/forst\/mit-dem-golfstrom-solarmietkauf\/\">Mehr &#8230;<\/a><\/p>\n<\/div>\n<hr>\n<div>\n<p>        <img decoding=\"async\" src=\"\/forst\/wp-content\/uploads\/sites\/2\/2025\/05\/105_Teaser_SWZ-Forst_1_2025_S_8_Stilwerk-14.jpeg\" alt=\"Schachspieler\"><\/p>\n<h2>Hommage an unsere Lausitz<\/h2>\n<p>Sie tischlern Heimatst\u00fccke<\/p>\n<div>\n<p><small><em>Foto: Carsten Schmollius <\/em><\/small><\/p>\n<p>Ein Tisch aus Omas altem Kirschbaum, ein Regal aus der knorrigen Kiefer im Vorgarten, Schneidbretter aus Nachbars Pflaumenbaum \u2013 am Ende eines Baumlebens schenken Kalle und Flori in ihrer Forster Tischlerei Holz ein zweites Leben.    <\/p>\n<\/div>\n<p><a href=\"\/forst\/hommage-an-unsere-lausitz\/\">Mehr &#8230;<\/a><\/p>\n<\/div>\n<hr>\n<div>\n<p>        <img decoding=\"async\" src=\"\/forst\/wp-content\/uploads\/sites\/2\/2025\/08\/101_Teaser_Bildhirmfoto-2025-08-21-um-08.40.42.png\" alt=\"\"><\/p>\n<h2>Was hat sich schon bewegt?<\/h2>\n<p>Energiepolitik im Wandel<\/p>\n<div>\n<p><small><em>Grafik: SPREE-PR\/Uftring<\/em><\/small><\/p>\n<p>Die neue Bundesregierung ist nun \u00fcber 100\u202fTage im Amt. Union und SPD hatten im Koalitionsvertrag \u00fcber zwei Dutzend Energievorhaben vereinbart \u2013 aber was davon wurde schon umgesetzt? Und was ist in der Pipeline? <\/p>\n<\/div>\n<p><a href=\"\/forst\/was-hat-sich-schon-bewegt\/\">Mehr &#8230;<\/a><\/p>\n<\/div>\n<div>\n<p>        <img decoding=\"async\" src=\"\/forst\/wp-content\/uploads\/sites\/2\/2025\/05\/201_Teaser_1_MG_7084-scaled.jpg\" alt=\"\"><\/p>\n<h2>Meine kleine Farm<\/h2>\n<p>Die Hobbys unserer Mitarbeiter<\/p>\n<div>\n<p><em><small>Foto: SPREE-PR\/Petsch<\/small><\/em><\/p>\n<p>Tags\u00fcber sorgen die Mitarbeiterinnen und Mitarbeiter der Stadtwerke Forst f\u00fcr eine sichere Versorgung der Stadt mit Strom, Gas, Fernw\u00e4rme und Trinkwasser. Doch was treiben sie in ihrer Freizeit? Stadtwerke-Zeitung hat Bianca Nehrmann, Teamleiterin Abrechnung\/Wechselmanagement, gefragt.<\/p>\n<\/div>\n<p><a href=\"\/forst\/meine-kleine-farm\/\">Mehr &#8230;<\/a><\/p>\n<\/div>\n<hr>\n<div>\n<h3>Hinweis<\/h3>\n<div>Der Kassenautomat im Geb\u00e4ude der Stadtwerke wird im November 2025 abgebaut. Danach sind nur noch \u00dcberweisung oder Lastschrift m\u00f6glich.<\/div>\n<\/div>\n<hr>\n<div>\n<p>        <img decoding=\"async\" src=\"\/forst\/wp-content\/uploads\/sites\/2\/2025\/08\/203_Teaser_Bild_Kutschenberg_03.jpeg\" alt=\"\"><\/p>\n<h2>Das ist (ja wohl) die H\u00f6he!<\/h2>\n<p>R\u00e4tsel<\/p>\n<div>\n<p><em><small>Foto: Wikimedia Commons\/Stefan K\u00fchn (CC BY-SA 4.0)<\/small><\/em><\/p>\n<p>Die durchschnittliche H\u00f6he im Land Brandenburg betr\u00e4gt 68 Meter. Die M\u00e4rker \u00fcberragen damit die Hauptst\u00e4dter immerhin um ganze 21 Meter. Zu einem \u201eBergvolk\u201c macht sie das nat\u00fcrlich noch lange nicht.  Beantworten Sie unsere Frage und gewinnen Sie attraktive Geldpreise.<\/p>\n<\/div>\n<p><a href=\"\/forst\/raetsel-august-2025\/\">Mehr &#8230;<\/a><\/p>\n<\/div>\n<hr>\n<div>\n<p>        <img decoding=\"async\" src=\"\/forst\/wp-content\/uploads\/sites\/2\/2025\/08\/201_Teaser_Bild_Solar-Explorer.png\" alt=\"\"><\/p>\n<h2>Expedition zu Armleuchtern und H\u00fcpferlingen<\/h2>\n<p>Unterwegs mit dem Forschungsschiff Solar-Explorer<\/p>\n<div>\n<p><em><small>Fotos (2): SPREE-PR\/Krone<\/small><\/em><\/p>\n<p>Lautlos gleitet der schnittige Katamaran \u00fcber das Wasser des Werbellinsees. Es ist ein schwimmendes Labor, auf dem jedermann in die Tiefen des Eiszeitgew\u00e4ssers eintauchen kann.<\/p>\n<\/div>\n<p><a href=\"\/forst\/expedition-zu-armleuchtern-und-huepferlingen\/\">Mehr &#8230;<\/a><\/p>\n<\/div>\n<hr>\n<div>\n<p>        <img decoding=\"async\" src=\"\/forst\/wp-content\/uploads\/sites\/2\/2025\/08\/202_Teaser_Bild_DSC_9669.jpg\" alt=\"\"><\/p>\n<h2>Der Sch\u00e4fer und seine wolligen Weltverbesserer<\/h2>\n<p>Die Letzten ihrer Zunft: Wandersch\u00e4fer<\/p>\n<div>\n<p><em><small>Foto: SPREE-PR\/Krone<\/small><\/em><\/p>\n<p>Er wei\u00df, was die Welt im Innersten zusammenh\u00e4lt, denn Jonas Scholz hat Chemie studiert. Doch als er vor sechs Jahren lernen wollte, wie er seine drei Schafe scheren kann, hat er seine wirkliche Berufung im Leben gefunden.<\/p>\n<\/div>\n<p><a href=\"\/forst\/die-letzten-ihrer-zunft-wanderschaefer\/\">Mehr &#8230;<\/a><\/p>\n<\/div>\n<hr>\n<div>\n<p>        <img decoding=\"async\" src=\"\/forst\/wp-content\/uploads\/sites\/2\/2025\/08\/6_Experiment_Wasser_Folie_3-scaled.jpg\" alt=\"\"><\/p>\n<h2>Auslaufsicher! Luftdruck h\u00e4lt Wasser kopf\u00fcber im Glas<\/h2>\n<p>Kinderecke: Experiment<\/p>\n<div>\n<p><em><small>Foto: SPREE-PR\/Hultzsch<\/small><\/em><\/p>\n<p>Oh Mann, schon wieder aus Versehen ein Glas auf dem Tisch umgesto\u00dfen! Schnell aufwischen, damit es nicht noch auf den Boden kleckert! Aber es gibt auch Gl\u00e4ser, die dreht man auf den Kopf und das Wasser bleibt drin.<\/p>\n<\/div>\n<p><a href=\"\/forst\/kinderecke-august-2025\/\">Mehr &#8230;<\/a><\/p>\n<\/div>\n<p><!--more--><br \/>\n<!-- {\"type\":\"layout\",\"children\":[{\"type\":\"section\",\"props\":{\"image_position\":\"center-center\",\"padding_remove_top\":true,\"style\":\"default\",\"title_breakpoint\":\"xl\",\"title_position\":\"top-left\",\"title_rotation\":\"left\",\"vertical_align\":\"\",\"width\":\"default\"},\"children\":[{\"type\":\"row\",\"props\":{\"column_gap\":\"small\",\"divider\":true,\"layout\":\"2-3,1-3\",\"margin_remove_top\":true,\"width\":\"large\"},\"children\":[{\"type\":\"column\",\"props\":{\"html_element\":\"article\",\"image_position\":\"center-center\",\"position_sticky_breakpoint\":\"m\",\"width_medium\":\"2-3\"},\"children\":[{\"type\":\"panel\",\"props\":{\"content\":\"\n\n<p><em><small>Fotos: SPREE-PR\\\/Petsch (2), SW Forst, iStock\\\/Serdynska<\\\/a>)<\\\/small><\\\/em><\\\/p>\\n\n\n<p>In Forst scheint die Sonne rund 2.000\\u2009Stunden im Jahr. Pro Quadratmeter kann sie so bis zu 225\\u2009kWh Strom im Jahr produzieren. Es lohnt sich also, eine Solaranlage zu installieren. Die Stadtwerke Forst bieten verschiedene Varianten an.<\\\/p>\",\"content_column_breakpoint\":\"m\",\"content_margin\":\"remove\",\"icon_width\":80,\"image\":\"wp-content\\\/uploads\\\/sites\\\/2\\\/2025\\\/05\\\/101_Teaser_Aufmacher_Montage_ohne_Schrift.jpeg\",\"image_align\":\"between\",\"image_grid_breakpoint\":\"m\",\"image_grid_width\":\"1-2\",\"image_link\":true,\"image_svg_color\":\"emphasis\",\"link\":\"e-power-vielfalt-made-by-stadtwerke-forst\\\/\",\"link_style\":\"default\",\"link_text\":\"Mehr ...\",\"margin\":\"default\",\"meta\":\"Sonnenenergie\",\"meta_align\":\"above-title\",\"meta_element\":\"div\",\"meta_style\":\"h6\",\"title\":\"E-Power-Vielfalt made by Stadtwerke Forst\",\"title_align\":\"top\",\"title_element\":\"h2\",\"title_grid_breakpoint\":\"m\",\"title_grid_width\":\"1-2\",\"title_hover_style\":\"heading\",\"title_link\":true,\"title_margin\":\"small\",\"title_style\":\"h3\"}},{\"type\":\"divider\",\"props\":{\"divider_element\":\"hr\",\"margin\":\"small\"}},{\"type\":\"panel\",\"props\":{\"content\":\"\n\n<p><em><small>Foto: SPREE-PR\\\/Archiv\\n<br \\\/><br \\\/><\\\/small><\\\/em>Ab dem 6. Juni 2025 sind keine r\\u00fcckwirkenden Strom-Umz\\u00fcge mehr m\\u00f6glich. Ein Strom-Lieferantenwechsel muss innerhalb von 24\\u2009Stunden abgeschlossen sein.<\\\/p>\",\"content_column_breakpoint\":\"m\",\"content_margin\":\"remove\",\"icon_width\":80,\"image\":\"wp-content\\\/uploads\\\/sites\\\/2\\\/2025\\\/05\\\/102_Teaser_umzug_08.jpg\",\"image_align\":\"between\",\"image_grid_breakpoint\":\"m\",\"image_grid_width\":\"1-2\",\"image_link\":true,\"image_svg_color\":\"emphasis\",\"link\":\"strom-im-voraus-ummelden\\\/\",\"link_style\":\"default\",\"link_text\":\"Mehr ...\",\"margin\":\"default\",\"meta\":\"ACHTUNG bei Umzug!\",\"meta_align\":\"above-title\",\"meta_element\":\"div\",\"meta_style\":\"h6\",\"title\":\"Strom im Voraus ummelden\",\"title_align\":\"top\",\"title_element\":\"h2\",\"title_grid_breakpoint\":\"m\",\"title_grid_width\":\"1-2\",\"title_hover_style\":\"heading\",\"title_link\":true,\"title_margin\":\"small\",\"title_style\":\"h3\"}},{\"type\":\"divider\",\"props\":{\"divider_element\":\"hr\",\"margin\":\"small\"}},{\"type\":\"panel\",\"props\":{\"content\":\"\n\n<p><small><em>Foto: SPREE-PR\\\/Petsch<\\\/em><\\\/small><\\\/p>\\n\n\n<p>Egal ob Strom, Wasser, Erdgas oder Fernw\\u00e4rme \\u2013 ohne uns flie\\u00dft nichts. <\\\/p>\",\"content_column_breakpoint\":\"m\",\"content_margin\":\"remove\",\"icon_width\":80,\"image\":\"wp-content\\\/uploads\\\/sites\\\/2\\\/2025\\\/05\\\/103_Teaser__MG_7038-scaled.jpg\",\"image_align\":\"between\",\"image_grid_breakpoint\":\"m\",\"image_grid_width\":\"1-2\",\"image_link\":true,\"image_svg_color\":\"emphasis\",\"link\":\"wir-bleiben-am-netz\\\/\",\"link_style\":\"default\",\"link_text\":\"Mehr ...\",\"margin\":\"default\",\"meta\":\"Partner der Stadtwerke Forst:<br \/>NBB Netzgesellschaft Berlin Brandenburg \",\"meta_align\":\"above-title\",\"meta_element\":\"div\",\"meta_style\":\"h6\",\"title\":\"Wir bleiben am Netz\",\"title_align\":\"top\",\"title_element\":\"h2\",\"title_grid_breakpoint\":\"m\",\"title_grid_width\":\"1-2\",\"title_hover_style\":\"heading\",\"title_link\":true,\"title_margin\":\"small\",\"title_style\":\"h3\"}},{\"type\":\"divider\",\"props\":{\"divider_element\":\"hr\",\"margin\":\"small\"}},{\"type\":\"panel\",\"props\":{\"content\":\"\n\n<p><small><em>Brosch\\u00fcre: Golfstrom<\\\/em><\\\/small><\\\/p>\\n\n\n<p>Photovoltaikanlagen lohnen sich, doch die hohe Anfangsinvestition stellt f\\u00fcr viele Haushalte eine H\\u00fcrde dar. Daher bieten die Stadtwerke Forst in Kooperation mit dem Finanzierungspartner Golfstrom Energy nun ein Mietkaufmodell f\\u00fcr Solaranlagen an.<\\\/p>\",\"content_column_breakpoint\":\"m\",\"content_margin\":\"remove\",\"icon_width\":80,\"image\":\"wp-content\\\/uploads\\\/sites\\\/2\\\/2025\\\/05\\\/104_Teaser_Bildschirmfoto-2025-05-21-um-21.11.02.png\",\"image_align\":\"between\",\"image_grid_breakpoint\":\"m\",\"image_grid_width\":\"1-2\",\"image_height\":500,\"image_link\":true,\"image_svg_color\":\"emphasis\",\"image_width\":600,\"link\":\"mit-dem-golfstrom-solarmietkauf\\\/\",\"link_style\":\"default\",\"link_text\":\"Mehr ...\",\"margin\":\"default\",\"meta\":\"Sonne tanken ohne Eigenkapital\",\"meta_align\":\"above-title\",\"meta_element\":\"div\",\"meta_style\":\"h6\",\"title\":\"Mit dem Golfstrom Solarmietkauf\",\"title_align\":\"top\",\"title_element\":\"h2\",\"title_grid_breakpoint\":\"m\",\"title_grid_width\":\"1-2\",\"title_hover_style\":\"heading\",\"title_link\":true,\"title_margin\":\"small\",\"title_style\":\"h3\"}},{\"type\":\"divider\",\"props\":{\"divider_element\":\"hr\",\"margin\":\"small\"}},{\"type\":\"panel\",\"props\":{\"content\":\"\n\n<p><small><em>Foto: Carsten Schmollius <\\\/em><\\\/small><\\\/p>\\n\n\n<p>Ein Tisch aus Omas altem Kirschbaum, ein Regal aus der knorrigen Kiefer im Vorgarten, Schneidbretter aus Nachbars Pflaumenbaum \\u2013 am Ende eines Baumlebens schenken Kalle und Flori in ihrer Forster Tischlerei Holz ein zweites Leben.    <\\\/p>\",\"content_column_breakpoint\":\"m\",\"content_margin\":\"remove\",\"icon_width\":80,\"image\":\"wp-content\\\/uploads\\\/sites\\\/2\\\/2025\\\/05\\\/105_Teaser_SWZ-Forst_1_2025_S_8_Stilwerk-14.jpeg\",\"image_align\":\"between\",\"image_alt\":\"Schachspieler\",\"image_focal_point\":\"bottom-center\",\"image_grid_breakpoint\":\"m\",\"image_grid_width\":\"1-2\",\"image_height\":800,\"image_link\":true,\"image_svg_color\":\"emphasis\",\"image_width\":900,\"link\":\"hommage-an-unsere-lausitz\\\/\",\"link_style\":\"default\",\"link_text\":\"Mehr ...\",\"margin\":\"default\",\"meta\":\"Sie tischlern Heimatst\\u00fccke\",\"meta_align\":\"above-title\",\"meta_element\":\"div\",\"meta_style\":\"h6\",\"title\":\"Hommage an unsere Lausitz\",\"title_align\":\"top\",\"title_element\":\"h2\",\"title_grid_breakpoint\":\"m\",\"title_grid_width\":\"1-2\",\"title_hover_style\":\"heading\",\"title_link\":true,\"title_margin\":\"small\",\"title_style\":\"h3\"}},{\"type\":\"divider\",\"props\":{\"divider_element\":\"hr\",\"margin\":\"small\"}},{\"type\":\"panel\",\"props\":{\"content\":\"\n\n<p><small><em>Grafik: SPREE-PR\\\/Uftring<\\\/em><\\\/small><\\\/p>\\n\n\n<p>Die neue Bundesregierung ist nun \\u00fcber 100\\u202fTage im Amt. Union und SPD hatten im Koalitionsvertrag \\u00fcber zwei Dutzend Energievorhaben vereinbart \\u2013 aber was davon wurde schon umgesetzt? Und was ist in der Pipeline? <\\\/p>\",\"content_column_breakpoint\":\"m\",\"content_margin\":\"remove\",\"icon_width\":80,\"image\":\"wp-content\\\/uploads\\\/sites\\\/2\\\/2025\\\/08\\\/101_Teaser_Bildhirmfoto-2025-08-21-um-08.40.42.png\",\"image_align\":\"between\",\"image_focal_point\":\"bottom-center\",\"image_grid_breakpoint\":\"m\",\"image_grid_width\":\"1-2\",\"image_link\":true,\"image_svg_color\":\"emphasis\",\"link\":\"was-hat-sich-schon-bewegt\\\/\",\"link_style\":\"default\",\"link_text\":\"Mehr ...\",\"margin\":\"default\",\"meta\":\"Energiepolitik im Wandel\",\"meta_align\":\"above-title\",\"meta_element\":\"div\",\"meta_style\":\"h6\",\"title\":\"Was hat sich schon bewegt?\",\"title_align\":\"top\",\"title_element\":\"h2\",\"title_grid_breakpoint\":\"m\",\"title_grid_width\":\"1-2\",\"title_hover_style\":\"heading\",\"title_link\":true,\"title_margin\":\"small\",\"title_style\":\"h3\"}}]},{\"type\":\"column\",\"props\":{\"html_element\":\"article\",\"image_position\":\"center-center\",\"position_sticky_breakpoint\":\"m\",\"width_medium\":\"1-3\"},\"children\":[{\"type\":\"panel\",\"props\":{\"content\":\"\n\n<p><em><small>Foto: SPREE-PR\\\/Petsch<\\\/small><\\\/em><\\\/p>\\n\n\n<p>Tags\\u00fcber sorgen die Mitarbeiterinnen und Mitarbeiter der Stadtwerke Forst f\\u00fcr eine sichere Versorgung der Stadt mit Strom, Gas, Fernw\\u00e4rme und Trinkwasser. Doch was treiben sie in ihrer Freizeit? Stadtwerke-Zeitung hat Bianca Nehrmann, Teamleiterin Abrechnung\\\/Wechselmanagement, gefragt.<\\\/p>\",\"content_column_breakpoint\":\"m\",\"content_margin\":\"remove\",\"icon_width\":80,\"image\":\"wp-content\\\/uploads\\\/sites\\\/2\\\/2025\\\/05\\\/201_Teaser_1_MG_7084-scaled.jpg\",\"image_align\":\"between\",\"image_grid_breakpoint\":\"m\",\"image_grid_width\":\"1-2\",\"image_link\":true,\"image_svg_color\":\"emphasis\",\"link\":\"meine-kleine-farm\\\/\",\"link_style\":\"default\",\"link_text\":\"Mehr ...\",\"margin\":\"default\",\"meta\":\"Die Hobbys unserer Mitarbeiter\",\"meta_align\":\"above-title\",\"meta_element\":\"div\",\"meta_style\":\"h6\",\"title\":\"Meine kleine Farm\",\"title_align\":\"top\",\"title_element\":\"h2\",\"title_grid_breakpoint\":\"m\",\"title_grid_width\":\"1-2\",\"title_hover_style\":\"heading\",\"title_link\":true,\"title_margin\":\"small\",\"title_style\":\"h4\"}},{\"type\":\"divider\",\"props\":{\"divider_element\":\"hr\",\"margin\":\"small\"}},{\"type\":\"panel\",\"props\":{\"content\":\"Der Kassenautomat im Geb\\u00e4ude der Stadtwerke wird im November 2025 abgebaut. Danach sind nur noch \\u00dcberweisung oder Lastschrift m\\u00f6glich.\",\"content_column_breakpoint\":\"m\",\"icon\":\"warning\",\"icon_width\":80,\"image_align\":\"top\",\"image_grid_breakpoint\":\"m\",\"image_grid_width\":\"1-2\",\"image_svg_color\":\"emphasis\",\"link_style\":\"default\",\"link_text\":\"Read more\",\"margin\":\"default\",\"meta_align\":\"below-title\",\"meta_element\":\"div\",\"meta_style\":\"text-meta\",\"panel_padding\":\"default\",\"panel_style\":\"card-secondary\",\"text_align\":\"center\",\"title\":\"Hinweis\",\"title_align\":\"top\",\"title_element\":\"h3\",\"title_grid_breakpoint\":\"m\",\"title_grid_width\":\"1-2\",\"title_hover_style\":\"reset\"}},{\"type\":\"divider\",\"props\":{\"divider_element\":\"hr\",\"margin\":\"small\"}},{\"type\":\"panel\",\"props\":{\"content\":\"\n\n<p><em><small>Foto: Wikimedia Commons\\\/Stefan K\\u00fchn (CC BY-SA 4.0)<\\\/small><\\\/em><\\\/p>\\n\n\n<p>Die durchschnittliche H\\u00f6he im Land Brandenburg betr\\u00e4gt 68 Meter. Die M\\u00e4rker \\u00fcberragen damit die Hauptst\\u00e4dter immerhin um ganze 21 Meter. Zu einem \\u201eBergvolk\\u201c macht sie das nat\\u00fcrlich noch lange nicht.  Beantworten Sie unsere Frage und gewinnen Sie attraktive Geldpreise.<\\\/p>\",\"content_column_breakpoint\":\"m\",\"content_margin\":\"remove\",\"icon_width\":80,\"image\":\"wp-content\\\/uploads\\\/sites\\\/2\\\/2025\\\/08\\\/203_Teaser_Bild_Kutschenberg_03.jpeg\",\"image_align\":\"between\",\"image_focal_point\":\"top-center\",\"image_grid_breakpoint\":\"m\",\"image_grid_width\":\"1-2\",\"image_link\":true,\"image_svg_color\":\"emphasis\",\"link\":\"raetsel-august-2025\\\/\",\"link_style\":\"default\",\"link_text\":\"Mehr ...\",\"margin\":\"default\",\"meta\":\"R\\u00e4tsel\",\"meta_align\":\"above-title\",\"meta_element\":\"div\",\"meta_style\":\"h6\",\"title\":\"Das ist (ja wohl) die H\\u00f6he!\",\"title_align\":\"top\",\"title_element\":\"h2\",\"title_grid_breakpoint\":\"m\",\"title_grid_width\":\"1-2\",\"title_hover_style\":\"heading\",\"title_link\":true,\"title_margin\":\"small\",\"title_style\":\"h4\"}},{\"type\":\"divider\",\"props\":{\"divider_element\":\"hr\",\"margin\":\"small\"}},{\"type\":\"panel\",\"props\":{\"content\":\"\n\n<p><em><small>Fotos (2): SPREE-PR\\\/Krone<\\\/small><\\\/em><\\\/p>\\n\n\n<p>Lautlos gleitet der schnittige Katamaran \\u00fcber das Wasser des Werbellinsees. Es ist ein schwimmendes Labor, auf dem jedermann in die Tiefen des Eiszeitgew\\u00e4ssers eintauchen kann.<\\\/p>\",\"content_column_breakpoint\":\"m\",\"content_margin\":\"remove\",\"icon_width\":80,\"image\":\"wp-content\\\/uploads\\\/sites\\\/2\\\/2025\\\/08\\\/201_Teaser_Bild_Solar-Explorer.png\",\"image_align\":\"between\",\"image_grid_breakpoint\":\"m\",\"image_grid_width\":\"1-2\",\"image_link\":true,\"image_svg_color\":\"emphasis\",\"link\":\"expedition-zu-armleuchtern-und-huepferlingen\\\/\",\"link_style\":\"default\",\"link_text\":\"Mehr ...\",\"margin\":\"default\",\"meta\":\"Unterwegs mit dem Forschungsschiff Solar-Explorer\",\"meta_align\":\"above-title\",\"meta_element\":\"div\",\"meta_style\":\"h6\",\"title\":\"Expedition zu Armleuchtern und H\\u00fcpferlingen\",\"title_align\":\"top\",\"title_element\":\"h2\",\"title_grid_breakpoint\":\"m\",\"title_grid_width\":\"1-2\",\"title_hover_style\":\"heading\",\"title_link\":true,\"title_margin\":\"small\",\"title_style\":\"h4\"}},{\"type\":\"divider\",\"props\":{\"divider_element\":\"hr\",\"margin\":\"small\"}},{\"type\":\"panel\",\"props\":{\"content\":\"\n\n<p><em><small>Foto: SPREE-PR\\\/Krone<\\\/small><\\\/em><\\\/p>\\n\n\n<p>Er wei\\u00df, was die Welt im Innersten zusammenh\\u00e4lt, denn Jonas Scholz hat Chemie studiert. Doch als er vor sechs Jahren lernen wollte, wie er seine drei Schafe scheren kann, hat er seine wirkliche Berufung im Leben gefunden.<\\\/p>\",\"content_column_breakpoint\":\"m\",\"content_margin\":\"remove\",\"icon_width\":80,\"image\":\"wp-content\\\/uploads\\\/sites\\\/2\\\/2025\\\/08\\\/202_Teaser_Bild_DSC_9669.jpg\",\"image_align\":\"between\",\"image_grid_breakpoint\":\"m\",\"image_grid_width\":\"1-2\",\"image_link\":true,\"image_svg_color\":\"emphasis\",\"link\":\"die-letzten-ihrer-zunft-wanderschaefer\\\/\",\"link_style\":\"default\",\"link_text\":\"Mehr ...\",\"margin\":\"default\",\"meta\":\"Die Letzten ihrer Zunft: Wandersch\\u00e4fer\",\"meta_align\":\"above-title\",\"meta_element\":\"div\",\"meta_style\":\"h6\",\"title\":\"Der Sch\\u00e4fer und seine wolligen Weltverbesserer\",\"title_align\":\"top\",\"title_element\":\"h2\",\"title_grid_breakpoint\":\"m\",\"title_grid_width\":\"1-2\",\"title_hover_style\":\"heading\",\"title_link\":true,\"title_margin\":\"small\",\"title_style\":\"h4\"}},{\"type\":\"divider\",\"props\":{\"divider_element\":\"hr\",\"margin\":\"small\"}},{\"type\":\"panel\",\"props\":{\"content\":\"\n\n<p><em><small>Foto: SPREE-PR\\\/Hultzsch<\\\/small><\\\/em><\\\/p>\\n\n\n<p>Oh Mann, schon wieder aus Versehen ein Glas auf dem Tisch umgesto\\u00dfen! Schnell aufwischen, damit es nicht noch auf den Boden kleckert! Aber es gibt auch Gl\\u00e4ser, die dreht man auf den Kopf und das Wasser bleibt drin.<\\\/p>\",\"content_column_breakpoint\":\"m\",\"content_margin\":\"remove\",\"icon_width\":80,\"image\":\"wp-content\\\/uploads\\\/sites\\\/2\\\/2025\\\/08\\\/6_Experiment_Wasser_Folie_3-scaled.jpg\",\"image_align\":\"between\",\"image_grid_breakpoint\":\"m\",\"image_grid_width\":\"1-2\",\"image_link\":true,\"image_svg_color\":\"emphasis\",\"link\":\"kinderecke-august-2025\\\/\",\"link_style\":\"default\",\"link_text\":\"Mehr ...\",\"margin\":\"default\",\"meta\":\"Kinderecke: Experiment\",\"meta_align\":\"above-title\",\"meta_element\":\"div\",\"meta_style\":\"h6\",\"title\":\"Auslaufsicher! Luftdruck h\\u00e4lt Wasser kopf\\u00fcber im Glas\",\"title_align\":\"top\",\"title_element\":\"h2\",\"title_grid_breakpoint\":\"m\",\"title_grid_width\":\"1-2\",\"title_hover_style\":\"heading\",\"title_link\":true,\"title_margin\":\"small\",\"title_style\":\"h4\"}}]}]}],\"name\":\"Forst Ausgabe 01\"}],\"version\":\"4.4.1\"} --><\/p>\n","protected":false},"excerpt":{"rendered":"<p>E-Power-Vielfalt made by Stadtwerke Forst Sonnenenergie Fotos: SPREE-PR\/Petsch (2), SW Forst, iStock\/Serdynska) In Forst scheint die Sonne rund 2.000\u2009Stunden im Jahr. Pro Quadratmeter kann sie so bis zu 225\u2009kWh Strom im Jahr produzieren. Es lohnt sich also, eine Solaranlage zu installieren. Die Stadtwerke Forst bieten verschiedene Varianten an. Mehr &#8230; Strom im Voraus ummelden ACHTUNG [&hellip;]<\/p>\n","protected":false},"author":1,"featured_media":0,"parent":0,"menu_order":0,"comment_status":"closed","ping_status":"closed","template":"","meta":{"footnotes":""},"class_list":["post-536","page","type-page","status-publish","hentry"],"yoast_head":"<!-- This site is optimized with the Yoast SEO plugin v26.9 - https:\/\/yoast.com\/product\/yoast-seo-wordpress\/ -->\n<title>STADTWERKE ZEITUNG FORST August 2025 - Forst<\/title>\n<meta name=\"robots\" content=\"index, follow, max-snippet:-1, max-image-preview:large, max-video-preview:-1\" \/>\n<link rel=\"canonical\" href=\"https:\/\/stadtwerkezeitung.info\/forst\/august-2025\/\" \/>\n<meta property=\"og:locale\" content=\"en_US\" \/>\n<meta property=\"og:type\" content=\"article\" \/>\n<meta property=\"og:title\" content=\"STADTWERKE ZEITUNG FORST August 2025 - Forst\" \/>\n<meta property=\"og:description\" content=\"E-Power-Vielfalt made by Stadtwerke Forst Sonnenenergie Fotos: SPREE-PR\/Petsch (2), SW Forst, iStock\/Serdynska) In Forst scheint die Sonne rund 2.000\u2009Stunden im Jahr. Pro Quadratmeter kann sie so bis zu 225\u2009kWh Strom im Jahr produzieren. Es lohnt sich also, eine Solaranlage zu installieren. Die Stadtwerke Forst bieten verschiedene Varianten an. Mehr &#8230; Strom im Voraus ummelden ACHTUNG [&hellip;]\" \/>\n<meta property=\"og:url\" content=\"https:\/\/stadtwerkezeitung.info\/forst\/august-2025\/\" \/>\n<meta property=\"og:site_name\" content=\"Forst\" \/>\n<meta property=\"article:modified_time\" content=\"2025-11-18T20:30:44+00:00\" \/>\n<meta name=\"twitter:card\" content=\"summary_large_image\" \/>\n<meta name=\"twitter:label1\" content=\"Est. reading time\" \/>\n\t<meta name=\"twitter:data1\" content=\"5 minutes\" \/>\n<script type=\"application\/ld+json\" class=\"yoast-schema-graph\">{\"@context\":\"https:\/\/schema.org\",\"@graph\":[{\"@type\":\"WebPage\",\"@id\":\"https:\/\/stadtwerkezeitung.info\/forst\/august-2025\/\",\"url\":\"https:\/\/stadtwerkezeitung.info\/forst\/august-2025\/\",\"name\":\"STADTWERKE ZEITUNG FORST August 2025 - Forst\",\"isPartOf\":{\"@id\":\"https:\/\/stadtwerkezeitung.info\/forst\/#website\"},\"datePublished\":\"2025-08-21T14:38:25+00:00\",\"dateModified\":\"2025-11-18T20:30:44+00:00\",\"breadcrumb\":{\"@id\":\"https:\/\/stadtwerkezeitung.info\/forst\/august-2025\/#breadcrumb\"},\"inLanguage\":\"en-US\",\"potentialAction\":[{\"@type\":\"ReadAction\",\"target\":[\"https:\/\/stadtwerkezeitung.info\/forst\/august-2025\/\"]}]},{\"@type\":\"BreadcrumbList\",\"@id\":\"https:\/\/stadtwerkezeitung.info\/forst\/august-2025\/#breadcrumb\",\"itemListElement\":[{\"@type\":\"ListItem\",\"position\":1,\"name\":\"Home\",\"item\":\"https:\/\/stadtwerkezeitung.info\/forst\/\"},{\"@type\":\"ListItem\",\"position\":2,\"name\":\"STADTWERKE ZEITUNG FORST August 2025\"}]},{\"@type\":\"WebSite\",\"@id\":\"https:\/\/stadtwerkezeitung.info\/forst\/#website\",\"url\":\"https:\/\/stadtwerkezeitung.info\/forst\/\",\"name\":\"Forst\",\"description\":\"\",\"inLanguage\":\"en-US\"}]}<\/script>\n<!-- \/ Yoast SEO plugin. -->","yoast_head_json":{"title":"STADTWERKE ZEITUNG FORST August 2025 - Forst","robots":{"index":"index","follow":"follow","max-snippet":"max-snippet:-1","max-image-preview":"max-image-preview:large","max-video-preview":"max-video-preview:-1"},"canonical":"https:\/\/stadtwerkezeitung.info\/forst\/august-2025\/","og_locale":"en_US","og_type":"article","og_title":"STADTWERKE ZEITUNG FORST August 2025 - Forst","og_description":"E-Power-Vielfalt made by Stadtwerke Forst Sonnenenergie Fotos: SPREE-PR\/Petsch (2), SW Forst, iStock\/Serdynska) In Forst scheint die Sonne rund 2.000\u2009Stunden im Jahr. Pro Quadratmeter kann sie so bis zu 225\u2009kWh Strom im Jahr produzieren. Es lohnt sich also, eine Solaranlage zu installieren. Die Stadtwerke Forst bieten verschiedene Varianten an. Mehr &#8230; Strom im Voraus ummelden ACHTUNG [&hellip;]","og_url":"https:\/\/stadtwerkezeitung.info\/forst\/august-2025\/","og_site_name":"Forst","article_modified_time":"2025-11-18T20:30:44+00:00","twitter_card":"summary_large_image","twitter_misc":{"Est. reading time":"5 minutes"},"schema":{"@context":"https:\/\/schema.org","@graph":[{"@type":"WebPage","@id":"https:\/\/stadtwerkezeitung.info\/forst\/august-2025\/","url":"https:\/\/stadtwerkezeitung.info\/forst\/august-2025\/","name":"STADTWERKE ZEITUNG FORST August 2025 - Forst","isPartOf":{"@id":"https:\/\/stadtwerkezeitung.info\/forst\/#website"},"datePublished":"2025-08-21T14:38:25+00:00","dateModified":"2025-11-18T20:30:44+00:00","breadcrumb":{"@id":"https:\/\/stadtwerkezeitung.info\/forst\/august-2025\/#breadcrumb"},"inLanguage":"en-US","potentialAction":[{"@type":"ReadAction","target":["https:\/\/stadtwerkezeitung.info\/forst\/august-2025\/"]}]},{"@type":"BreadcrumbList","@id":"https:\/\/stadtwerkezeitung.info\/forst\/august-2025\/#breadcrumb","itemListElement":[{"@type":"ListItem","position":1,"name":"Home","item":"https:\/\/stadtwerkezeitung.info\/forst\/"},{"@type":"ListItem","position":2,"name":"STADTWERKE ZEITUNG FORST August 2025"}]},{"@type":"WebSite","@id":"https:\/\/stadtwerkezeitung.info\/forst\/#website","url":"https:\/\/stadtwerkezeitung.info\/forst\/","name":"Forst","description":"","inLanguage":"en-US"}]}},"_links":{"self":[{"href":"https:\/\/stadtwerkezeitung.info\/forst\/wp-json\/wp\/v2\/pages\/536","targetHints":{"allow":["GET"]}}],"collection":[{"href":"https:\/\/stadtwerkezeitung.info\/forst\/wp-json\/wp\/v2\/pages"}],"about":[{"href":"https:\/\/stadtwerkezeitung.info\/forst\/wp-json\/wp\/v2\/types\/page"}],"author":[{"embeddable":true,"href":"https:\/\/stadtwerkezeitung.info\/forst\/wp-json\/wp\/v2\/users\/1"}],"replies":[{"embeddable":true,"href":"https:\/\/stadtwerkezeitung.info\/forst\/wp-json\/wp\/v2\/comments?post=536"}],"version-history":[{"count":9,"href":"https:\/\/stadtwerkezeitung.info\/forst\/wp-json\/wp\/v2\/pages\/536\/revisions"}],"predecessor-version":[{"id":570,"href":"https:\/\/stadtwerkezeitung.info\/forst\/wp-json\/wp\/v2\/pages\/536\/revisions\/570"}],"wp:attachment":[{"href":"https:\/\/stadtwerkezeitung.info\/forst\/wp-json\/wp\/v2\/media?parent=536"}],"curies":[{"name":"wp","href":"https:\/\/api.w.org\/{rel}","templated":true}]}}