{"id":163,"date":"2025-11-14T12:39:16","date_gmt":"2025-11-14T12:39:16","guid":{"rendered":"https:\/\/stadtwerkezeitung.info\/pvu\/?page_id=163"},"modified":"2025-11-18T20:33:44","modified_gmt":"2025-11-18T20:33:44","slug":"november-2025","status":"publish","type":"page","link":"https:\/\/stadtwerkezeitung.info\/pvu\/","title":{"rendered":"PVU aktuell November 2025"},"content":{"rendered":"<div>\n<p>        <img decoding=\"async\" src=\"\/pvu\/wp-content\/uploads\/sites\/3\/2025\/11\/101bild1-scaled.jpg\" alt=\"\"><\/p>\n<h2>Seit 1990 sorgt die PVU f\u00fcr Strom, W\u00e4rme, Gas und Wasser<\/h2>\n<p>35 Jahre Energie f\u00fcr die Prignitz<\/p>\n<div>\n<p><em><small>Foto: PVU<\/small><\/em><\/p>\n<p>Die Prignitz blickt auf 35 Jahre verl\u00e4ssliche Versorgung zur\u00fcck: Am 21. September 1990 wurde die PVU Prignitzer Energie- und Wasserversorgungsunternehmen GmbH gegr\u00fcndet.<\/p>\n<\/div>\n<p><a href=\"\/pvu\/2025\/11\/14\/35-jahre-energie-fuer-die-prignitz\/\">Mehr &#8230;<\/a><\/p>\n<\/div>\n<hr>\n<div>\n<p>        <img decoding=\"async\" src=\"\/pvu\/wp-content\/uploads\/sites\/3\/2025\/11\/102bild1.png\" alt=\"\"><\/p>\n<h2>Kommunale W\u00e4rmeplanung steht kurz vor dem Abschluss<\/h2>\n<p>Perleberg stellt die Weichen<\/p>\n<div>\n<p><em><small>Grafik: SPREE-PR, mit Adobe Illustrator KI<br \/><\/small><\/em><\/p>\n<p>Vom 19. September bis 18. Oktober 2025 lag der Entwurf \u00f6ffentlich aus: Im Bauamt und auf der Website der Stadt konnten sich B\u00fcrgerinnen und B\u00fcrger informieren, einbringen und Fragen stellen.<\/p>\n<\/p>\n<\/div>\n<p><a href=\"\/pvu\/2025\/11\/14\/kommunale-waermeplanung-steht-kurz-vor-dem-abschluss\/\">Mehr &#8230;<\/a><\/p>\n<\/div>\n<hr>\n<div>\n<p>        <img decoding=\"async\" src=\"\/pvu\/wp-content\/uploads\/sites\/3\/2025\/11\/103bild1.png\" alt=\"\"><\/p>\n<h2>Hier baut die PVU Energienetze GmbH 2026<\/h2>\n<p>Investitionen<\/p>\n<div>\n<p><small><em>Grafik: SPREE-PR<\/em><\/small><\/p>\n<p>Damit Strom, Wasser und Gas auch in Zukunft flie\u00dfen, baut die PVU Energienetze GmbH stetig an den Leitungsnetzen.<\/p>\n<\/div>\n<p><a href=\"\/pvu\/2025\/11\/14\/hier-baut-die-pvu-energienetze-gmbh-2026\/\">Mehr &#8230;<\/a><\/p>\n<\/div>\n<hr>\n<div>\n<p>        <img decoding=\"async\" src=\"\/pvu\/wp-content\/uploads\/sites\/3\/2025\/11\/104bild1-scaled.jpg\" alt=\"\"><\/p>\n<h2>PVU investiert in moderne Wasserversorgung in W\u00fcsten-Buchholz<\/h2>\n<p>Neuer Brunnen f\u00fcr sicheres Trinkwasser<\/p>\n<div>\n<p><small><em>Foto: PVU<\/em><\/small><\/p>\n<p>Wasser ist Leben \u2013 und eine verl\u00e4ssliche Trinkwasserversorgung z\u00e4hlt zu den wichtigsten Aufgaben der PVU. <\/p>\n<\/div>\n<p><a href=\"\/pvu\/2025\/11\/14\/pvu-investiert-in-moderne-wasserversorgung-in-wuesten-buchholz\/\">Mehr &#8230;<\/a><\/p>\n<\/div>\n<hr>\n<div>\n<h2>Unsere neuen Auszubildenden starten durch!<\/h2>\n<p>Herzlich willkommen bei der PVU<\/p>\n<p><a href=\"\/pvu\/2025\/11\/14\/unsere-neuen-auszubildenden-starten-durch\/\"><\/a><\/p>\n<\/div>\n<ul>\n<li>\n<p>        <img decoding=\"async\" src=\"\/pvu\/wp-content\/uploads\/sites\/3\/2025\/11\/105bild1.jpg\" alt=\"\"><\/p>\n<p><a href=\"\/pvu\/2025\/11\/14\/unsere-neuen-auszubildenden-starten-durch\/\">Mehr &#8230;<\/a><\/p>\n<\/li>\n<li>\n<p>        <img decoding=\"async\" src=\"\/pvu\/wp-content\/uploads\/sites\/3\/2025\/11\/105bild2-scaled.jpg\" alt=\"\"><\/p>\n<p><a href=\"\/pvu\/2025\/11\/14\/unsere-neuen-auszubildenden-starten-durch\/\">Mehr &#8230;<\/a><\/p>\n<\/li>\n<\/ul>\n<div>\n<div>\n<p><small><em>Fotos (2): PVU<\/em><\/small><\/p>\n<p>Zum Ausbildungsstart 2025 begr\u00fc\u00dfen wir drei engagierte Nachwuchskr\u00e4fte, die nun Teil des PVU-Teams sind.<\/p>\n<\/div>\n<p><a href=\"\/pvu\/2025\/11\/14\/unsere-neuen-auszubildenden-starten-durch\/\">Mehr &#8230;<\/a><\/p>\n<\/div>\n<hr>\n<div>\n<p>        <img decoding=\"async\" src=\"\/pvu\/wp-content\/uploads\/sites\/3\/2025\/11\/106bild1.jpg\" alt=\"\"><\/p>\n<h2>Trinkflaschen und Getr\u00e4nkehalter f\u00fcr die Bambini des SV Prignitz Bad Wilsnack\/Legde e.V.<\/h2>\n<p>PVU unterst\u00fctzt den Fu\u00dfballnachwuchs<\/p>\n<div>\n<p><small><em>Foto: PVU<\/em><\/small><\/p>\n<p>Die PVU unterst\u00fctzt regelm\u00e4\u00dfig Vereine wie den SV Prignitz Bad Wilsnack\/Legde e.V., den SSV Einheit Perleberg oder den Reitverein Bl\u00fcthen.<\/p>\n<\/div>\n<p><a href=\"\/pvu\/2025\/11\/14\/trinkflaschen-und-getrankehalter-fuer-die-bambini-des-sv-prignitz-bad-wilsnack-legde-e-v\/\">Mehr &#8230;<\/a><\/p>\n<\/div>\n<hr>\n<div>\n<p>        <img decoding=\"async\" src=\"\/pvu\/wp-content\/uploads\/sites\/3\/2025\/11\/107bild1-scaled.jpg\" alt=\"\"><\/p>\n<h2>Neue Lades\u00e4ule in der Grabenstra\u00dfe: Sechs Standorte f\u00fcr saubere Mobilit\u00e4t in Perleberg<\/h2>\n<p>PVU erweitert das Ladenetz f\u00fcr E-Autos<\/p>\n<div>\n<p><small><em>Foto: PVU<\/em><\/small><\/p>\n<p>Nicht an Bundesstra\u00dfen, sondern in Wohngebieten \u2013 bewusst hat die PVU die Ladeinfrastruktur dort platziert, wo viele Mieterinnen und Mieter wohnen.<\/p>\n<\/div>\n<p><a href=\"\/pvu\/2025\/11\/14\/neue-ladesaeule-in-der-grabenstrasse\/\">Mehr &#8230;<\/a><\/p>\n<\/div>\n<div>Editorial<\/div>\n<div>\n<p>        <img decoding=\"async\" src=\"\/pvu\/wp-content\/uploads\/sites\/3\/2025\/11\/201bild1-scaled.jpg\" alt=\"\"><\/p>\n<h4>Ein Herbst voller Energie \u2013 und Dankbarkeit<\/h4>\n<p><small><em>Foto: PVU<\/small><\/em><\/p>\n<div>\n<p>Liebe Leserinnen und Leser,<\/p>\n<p>der Brandenburgtag in Perleberg war ein echtes Highlight \u2013 f\u00fcr die Stadt, die Region und f\u00fcr alle, die dabei waren.<\/p>\n<\/div>\n<p><a href=\"\/pvu\/2025\/11\/14\/ein-herbst-voller-energie-und-dankbarkeit\/\">Mehr &#8230;<\/a><\/p>\n<\/div>\n<hr>\n<div>Willkommen im Team, Christoph M\u00fcller!<\/div>\n<div>\n<p>        <img decoding=\"async\" src=\"\/pvu\/wp-content\/uploads\/sites\/3\/2025\/11\/202bild1-scaled.jpg\" alt=\"\"><\/p>\n<h2>Ein waschechter Reetzer verst\u00e4rkt die PVU als Netzmonteur Gas\/Wasser<\/h2>\n<p><em><small>Foto: PVU <\/small><\/em><\/p>\n<div>Seit dem 1.\u2009August ist Christoph M\u00fcller Teil der PVU-Familie und arbeitet bei uns als Netzmonteur Gas\/Wasser.<\/div>\n<p><a href=\"\/pvu\/2025\/11\/14\/ein-waschechter-reetzer-verstaerkt-die-pvu-als-netzmonteur-gas-wasser\/\">Mehr &#8230;<\/a><\/p>\n<\/div>\n<hr>\n<div>Kurz erkl\u00e4rt<\/div>\n<div>\n<p>        <img decoding=\"async\" src=\"\/pvu\/wp-content\/uploads\/sites\/3\/2025\/11\/203bild1.jpg\" alt=\"\"><\/p>\n<h2>Woher kommt das Bild auf dem PVU-Flyer?<\/h2>\n<p><small><em>Foto: Dieter Zaplow <\/small><\/em><\/p>\n<div>Wer den neuen PVU-Flyer zur Hand genommen hat, dem ist sicher das eindrucksvolle Titelbild aufgefallen.<\/div>\n<p><a href=\"\/pvu\/2025\/11\/14\/woher-kommt-das-bild-auf-dem-pvu-flyer\/\">Mehr &#8230;<\/a><\/p>\n<\/div>\n<hr>\n<div>Energieversorger im Fokus<\/div>\n<div>Energieversorger im Fokus<\/div>\n<div>\n<p>        <img decoding=\"async\" src=\"\/pvu\/wp-content\/uploads\/sites\/3\/2025\/11\/208bild1.png\" alt=\"\"><\/p>\n<h2>Die vielen Vorteile der Stadtwerke<\/h2>\n<p><small><em>Grafik: SPREE-PR\/Uftring <\/small><\/em><\/p>\n<div>Stadtwerke sind weit mehr als Versorger \u2013 sie sind starke Partner f\u00fcr ihre Region.<\/div>\n<p><a href=\"\/pvu\/2025\/11\/14\/die-vielen-vorteile-der-stadtwerke\/\">Mehr &#8230;<\/a><\/p>\n<\/div>\n<hr>\n<div>\n<p>        <img decoding=\"async\" src=\"\/pvu\/wp-content\/uploads\/sites\/3\/2025\/11\/207bild1.png\" alt=\"\"><\/p>\n<h2>Himmlische Adventszeit<\/h2>\n<p><small><em>Foto: KI generiert\/Canva AI <\/small><\/em><\/p>\n<div>\n<p>Bei unserem diesj\u00e4hrigen gro\u00dfen Adventsr\u00e4tsel gibt es wieder einiges zu gewinnen.<\/p>\n<\/div>\n<p><a href=\"\/pvu\/2025\/11\/14\/adventsraetsel\/\">Mehr &#8230;<\/a><\/p>\n<\/div>\n<hr>\n<div>Land und Leute<\/div>\n<div>\n<p>        <img decoding=\"async\" src=\"\/pvu\/wp-content\/uploads\/sites\/3\/2025\/11\/210bild1-scaled.jpg\" alt=\"\"><\/p>\n<h2>Schreiben mit Stil<\/h2>\n<p><small><em>Foto: Cleo Skribent<\/small><\/em><\/p>\n<div>Die Schreibger\u00e4te-Manufaktur Cleo Skribent in Bad Wilsnack (Prignitz) feiert ihr 80-j\u00e4hriges Bestehen.<\/div>\n<p><a href=\"\/pvu\/2025\/11\/14\/schreiben-mit-stil\/\">Mehr &#8230;<\/a><\/p>\n<\/div>\n<hr>\n<div>Unterwegs in Brandenburg<\/div>\n<div>\n<p>        <img decoding=\"async\" src=\"\/pvu\/wp-content\/uploads\/sites\/3\/2025\/11\/206bild1.png\" alt=\"\"><\/p>\n<h2>Die Lausitz im Rampenlicht \u2013 Europas erstes Net Zero Valley<\/h2>\n<p><small><em>Foto: Net Zero Valley Lausitz<\/small><\/em><\/p>\n<div>Die Lausitz will den Wandel von der Braunkohleregion zum Hotspot \u201egr\u00fcner Industrie\u201c erfolgreich vollenden.<\/div>\n<p><a href=\"\/pvu\/2025\/11\/14\/die-lausitz-im-rampenlicht-europas-erstes-net-zero-valley\/\">Mehr &#8230;<\/a><\/p>\n<\/div>\n<p><!--more--><br \/>\n<!-- {\"type\":\"layout\",\"children\":[{\"type\":\"section\",\"props\":{\"image_position\":\"center-center\",\"padding_remove_top\":true,\"style\":\"default\",\"title_breakpoint\":\"xl\",\"title_position\":\"top-left\",\"title_rotation\":\"left\",\"vertical_align\":\"\",\"width\":\"xlarge\"},\"children\":[{\"type\":\"row\",\"props\":{\"column_gap\":\"small\",\"divider\":true,\"layout\":\"3-5,2-5\",\"margin_remove_top\":true,\"width\":\"small\"},\"children\":[{\"type\":\"column\",\"props\":{\"html_element\":\"article\",\"image_position\":\"center-center\",\"position_sticky_breakpoint\":\"m\",\"width_medium\":\"3-5\"},\"children\":[{\"type\":\"panel\",\"props\":{\"content\":\"\n\n<p><em><small>Foto: PVU<\\\/small><\\\/em><\\\/p>\\n\n\n<p>Die Prignitz blickt auf 35 Jahre verl\\u00e4ssliche Versorgung zur\\u00fcck: Am 21. September 1990 wurde die PVU Prignitzer Energie- und Wasserversorgungsunternehmen GmbH gegr\\u00fcndet.<\\\/p>\",\"content_column_breakpoint\":\"m\",\"content_margin\":\"remove\",\"icon_width\":80,\"image\":\"wp-content\\\/uploads\\\/sites\\\/3\\\/2025\\\/11\\\/101bild1-scaled.jpg\",\"image_align\":\"between\",\"image_grid_breakpoint\":\"m\",\"image_grid_width\":\"1-2\",\"image_link\":true,\"image_svg_color\":\"emphasis\",\"link\":\"2025\\\/11\\\/14\\\/35-jahre-energie-fuer-die-prignitz\\\/\",\"link_style\":\"default\",\"link_text\":\"Mehr ...\",\"margin\":\"default\",\"meta\":\"35 Jahre Energie f\\u00fcr die Prignitz\",\"meta_align\":\"above-title\",\"meta_element\":\"div\",\"meta_style\":\"h6\",\"title\":\"Seit 1990 sorgt die PVU f\\u00fcr Strom, W\\u00e4rme, Gas und Wasser\",\"title_align\":\"top\",\"title_element\":\"h2\",\"title_grid_breakpoint\":\"m\",\"title_grid_width\":\"1-2\",\"title_hover_style\":\"heading\",\"title_link\":true,\"title_margin\":\"small\",\"title_style\":\"h3\"}},{\"type\":\"divider\",\"props\":{\"divider_element\":\"hr\",\"margin\":\"small\"}},{\"type\":\"panel\",\"props\":{\"content\":\"\n\n<p><em><small>Grafik: SPREE-PR, mit Adobe Illustrator KI<br \\\/><\\\/small><\\\/em><\\\/p>\\n\n\n<p>Vom 19. September bis 18. Oktober 2025 lag der Entwurf \\u00f6ffentlich aus: Im Bauamt und auf der Website der Stadt konnten sich B\\u00fcrgerinnen und B\\u00fcrger informieren, einbringen und Fragen stellen.<\\\/p>\\n\n\n<p><\\\/p>\",\"content_column_breakpoint\":\"m\",\"content_margin\":\"remove\",\"icon_width\":80,\"image\":\"wp-content\\\/uploads\\\/sites\\\/3\\\/2025\\\/11\\\/102bild1.png\",\"image_align\":\"between\",\"image_grid_breakpoint\":\"m\",\"image_grid_width\":\"1-2\",\"image_link\":true,\"image_svg_color\":\"emphasis\",\"link\":\"2025\\\/11\\\/14\\\/kommunale-waermeplanung-steht-kurz-vor-dem-abschluss\\\/\",\"link_style\":\"default\",\"link_text\":\"Mehr ...\",\"margin\":\"default\",\"meta\":\"Perleberg stellt die Weichen\",\"meta_align\":\"above-title\",\"meta_element\":\"div\",\"meta_style\":\"h6\",\"title\":\"Kommunale W\\u00e4rmeplanung steht kurz vor dem Abschluss\",\"title_align\":\"top\",\"title_element\":\"h2\",\"title_grid_breakpoint\":\"m\",\"title_grid_width\":\"1-2\",\"title_hover_style\":\"heading\",\"title_link\":true,\"title_margin\":\"small\",\"title_style\":\"h3\"}},{\"type\":\"divider\",\"props\":{\"divider_element\":\"hr\",\"margin\":\"small\"}},{\"type\":\"panel\",\"props\":{\"content\":\"\n\n<p><small><em>Grafik: SPREE-PR<\\\/em><\\\/small><\\\/p>\\n\n\n<p>Damit Strom, Wasser und Gas auch in Zukunft flie\\u00dfen, baut die PVU Energienetze GmbH stetig an den Leitungsnetzen.<\\\/p>\",\"content_column_breakpoint\":\"m\",\"content_margin\":\"remove\",\"icon_width\":80,\"image\":\"wp-content\\\/uploads\\\/sites\\\/3\\\/2025\\\/11\\\/103bild1.png\",\"image_align\":\"between\",\"image_grid_breakpoint\":\"m\",\"image_grid_width\":\"1-2\",\"image_link\":true,\"image_svg_color\":\"emphasis\",\"link\":\"2025\\\/11\\\/14\\\/hier-baut-die-pvu-energienetze-gmbh-2026\\\/\",\"link_style\":\"default\",\"link_text\":\"Mehr ...\",\"margin\":\"default\",\"meta\":\"Investitionen\",\"meta_align\":\"above-title\",\"meta_element\":\"div\",\"meta_style\":\"h6\",\"title\":\"Hier baut die PVU Energienetze GmbH 2026\",\"title_align\":\"top\",\"title_element\":\"h2\",\"title_grid_breakpoint\":\"m\",\"title_grid_width\":\"1-2\",\"title_hover_style\":\"heading\",\"title_link\":true,\"title_margin\":\"small\",\"title_style\":\"h3\"}},{\"type\":\"divider\",\"props\":{\"divider_element\":\"hr\",\"margin\":\"small\"}},{\"type\":\"panel\",\"props\":{\"content\":\"\n\n<p><small><em>Foto: PVU<\\\/em><\\\/small><\\\/p>\\n\n\n<p>Wasser ist Leben \\u2013 und eine verl\\u00e4ssliche Trinkwasserversorgung z\\u00e4hlt zu den wichtigsten Aufgaben der PVU. <\\\/p>\",\"content_column_breakpoint\":\"m\",\"content_margin\":\"remove\",\"icon_width\":80,\"image\":\"wp-content\\\/uploads\\\/sites\\\/3\\\/2025\\\/11\\\/104bild1-scaled.jpg\",\"image_align\":\"between\",\"image_grid_breakpoint\":\"m\",\"image_grid_width\":\"1-2\",\"image_link\":true,\"image_svg_color\":\"emphasis\",\"link\":\"2025\\\/11\\\/14\\\/pvu-investiert-in-moderne-wasserversorgung-in-wuesten-buchholz\\\/\",\"link_style\":\"default\",\"link_text\":\"Mehr ...\",\"margin\":\"default\",\"meta\":\"Neuer Brunnen f\\u00fcr sicheres Trinkwasser\",\"meta_align\":\"above-title\",\"meta_element\":\"div\",\"meta_style\":\"h6\",\"title\":\"PVU investiert in moderne Wasserversorgung in W\\u00fcsten-Buchholz\",\"title_align\":\"top\",\"title_element\":\"h2\",\"title_grid_breakpoint\":\"m\",\"title_grid_width\":\"1-2\",\"title_hover_style\":\"heading\",\"title_link\":true,\"title_margin\":\"small\",\"title_style\":\"h3\"}},{\"type\":\"divider\",\"props\":{\"divider_element\":\"hr\",\"margin\":\"small\"}},{\"type\":\"panel\",\"props\":{\"content\":\"\",\"content_column_breakpoint\":\"m\",\"content_margin\":\"remove\",\"icon_width\":80,\"image\":\"\",\"image_align\":\"between\",\"image_grid_breakpoint\":\"m\",\"image_grid_width\":\"1-2\",\"image_link\":true,\"image_svg_color\":\"emphasis\",\"link\":\"2025\\\/11\\\/14\\\/unsere-neuen-auszubildenden-starten-durch\\\/\",\"link_style\":\"default\",\"link_text\":\"\",\"margin\":\"default\",\"meta\":\"Herzlich willkommen bei der PVU\",\"meta_align\":\"above-title\",\"meta_element\":\"div\",\"meta_style\":\"h6\",\"title\":\"Unsere neuen Auszubildenden starten durch!\",\"title_align\":\"top\",\"title_element\":\"h2\",\"title_grid_breakpoint\":\"m\",\"title_grid_width\":\"1-2\",\"title_hover_style\":\"heading\",\"title_link\":true,\"title_margin\":\"small\",\"title_style\":\"h3\"}},{\"type\":\"gallery\",\"props\":{\"filter_align\":\"left\",\"filter_all\":true,\"filter_grid_breakpoint\":\"m\",\"filter_grid_width\":\"auto\",\"filter_position\":\"top\",\"filter_style\":\"tab\",\"grid_default\":\"1\",\"grid_medium\":\"2\",\"item_animation\":true,\"link_style\":\"default\",\"link_text\":\"Mehr ...\",\"margin\":\"default\",\"margin_remove_bottom\":true,\"meta_align\":\"below-title\",\"meta_element\":\"div\",\"meta_style\":\"text-meta\",\"overlay_hover\":true,\"overlay_mode\":\"cover\",\"overlay_position\":\"center\",\"overlay_style\":\"overlay-primary\",\"overlay_transition\":\"fade\",\"show_content\":true,\"show_hover_image\":true,\"show_hover_video\":true,\"show_link\":true,\"show_meta\":true,\"show_title\":true,\"text_align\":\"center\",\"text_color\":\"light\",\"title_element\":\"h3\",\"title_hover_style\":\"reset\"},\"children\":[{\"type\":\"gallery_item\",\"props\":{\"image\":\"wp-content\\\/uploads\\\/sites\\\/3\\\/2025\\\/11\\\/105bild1.jpg\",\"link\":\"2025\\\/11\\\/14\\\/unsere-neuen-auszubildenden-starten-durch\\\/\",\"title\":\"\"}},{\"type\":\"gallery_item\",\"props\":{\"image\":\"wp-content\\\/uploads\\\/sites\\\/3\\\/2025\\\/11\\\/105bild2-scaled.jpg\",\"link\":\"2025\\\/11\\\/14\\\/unsere-neuen-auszubildenden-starten-durch\\\/\",\"title\":\"\"}}]},{\"type\":\"panel\",\"props\":{\"content\":\"\n\n<p><small><em>Fotos (2): PVU<\\\/em><\\\/small><\\\/p>\\n\n\n<p>Zum Ausbildungsstart 2025 begr\\u00fc\\u00dfen wir drei engagierte Nachwuchskr\\u00e4fte, die nun Teil des PVU-Teams sind.<\\\/p>\",\"content_column_breakpoint\":\"m\",\"content_margin\":\"remove\",\"icon_width\":80,\"image\":\"\",\"image_align\":\"between\",\"image_grid_breakpoint\":\"m\",\"image_grid_width\":\"1-2\",\"image_link\":true,\"image_svg_color\":\"emphasis\",\"link\":\"2025\\\/11\\\/14\\\/unsere-neuen-auszubildenden-starten-durch\\\/\",\"link_style\":\"default\",\"link_text\":\"Mehr ...\",\"margin\":\"default\",\"margin_remove_top\":true,\"meta\":\"\",\"meta_align\":\"above-title\",\"meta_element\":\"div\",\"meta_style\":\"h6\",\"title\":\"\",\"title_align\":\"top\",\"title_element\":\"h2\",\"title_grid_breakpoint\":\"m\",\"title_grid_width\":\"1-2\",\"title_hover_style\":\"heading\",\"title_link\":true,\"title_margin\":\"small\",\"title_style\":\"h3\"}},{\"type\":\"divider\",\"props\":{\"divider_element\":\"hr\",\"margin\":\"small\"}},{\"type\":\"panel\",\"props\":{\"content\":\"\n\n<p><small><em>Foto: PVU<\\\/em><\\\/small><\\\/p>\\n\n\n<p>Die PVU unterst\\u00fctzt regelm\\u00e4\\u00dfig Vereine wie den SV Prignitz Bad Wilsnack\\\/Legde e.V., den SSV Einheit Perleberg oder den Reitverein Bl\\u00fcthen.<\\\/p>\",\"content_column_breakpoint\":\"m\",\"content_margin\":\"remove\",\"icon_width\":80,\"image\":\"wp-content\\\/uploads\\\/sites\\\/3\\\/2025\\\/11\\\/106bild1.jpg\",\"image_align\":\"between\",\"image_grid_breakpoint\":\"m\",\"image_grid_width\":\"1-2\",\"image_link\":true,\"image_svg_color\":\"emphasis\",\"link\":\"2025\\\/11\\\/14\\\/trinkflaschen-und-getrankehalter-fuer-die-bambini-des-sv-prignitz-bad-wilsnack-legde-e-v\\\/\",\"link_style\":\"default\",\"link_text\":\"Mehr ...\",\"margin\":\"default\",\"meta\":\"PVU unterst\\u00fctzt den Fu\\u00dfballnachwuchs\",\"meta_align\":\"above-title\",\"meta_element\":\"div\",\"meta_style\":\"h6\",\"title\":\"Trinkflaschen und Getr\\u00e4nkehalter f\\u00fcr die Bambini des SV Prignitz Bad Wilsnack\\\/Legde e.V.\",\"title_align\":\"top\",\"title_element\":\"h2\",\"title_grid_breakpoint\":\"m\",\"title_grid_width\":\"1-2\",\"title_hover_style\":\"heading\",\"title_link\":true,\"title_margin\":\"small\",\"title_style\":\"h3\"}},{\"type\":\"divider\",\"props\":{\"divider_element\":\"hr\",\"margin\":\"small\"}},{\"type\":\"panel\",\"props\":{\"content\":\"\n\n<p><small><em>Foto: PVU<\\\/em><\\\/small><\\\/p>\\n\n\n<p>Nicht an Bundesstra\\u00dfen, sondern in Wohngebieten \\u2013 bewusst hat die PVU die Ladeinfrastruktur dort platziert, wo viele Mieterinnen und Mieter wohnen.<\\\/p>\",\"content_column_breakpoint\":\"m\",\"content_margin\":\"remove\",\"icon_width\":80,\"image\":\"wp-content\\\/uploads\\\/sites\\\/3\\\/2025\\\/11\\\/107bild1-scaled.jpg\",\"image_align\":\"between\",\"image_grid_breakpoint\":\"m\",\"image_grid_width\":\"1-2\",\"image_height\":600,\"image_link\":true,\"image_svg_color\":\"emphasis\",\"image_width\":600,\"link\":\"2025\\\/11\\\/14\\\/neue-ladesaeule-in-der-grabenstrasse\\\/\",\"link_style\":\"default\",\"link_text\":\"Mehr ...\",\"margin\":\"default\",\"meta\":\"PVU erweitert das Ladenetz f\\u00fcr E-Autos\",\"meta_align\":\"above-title\",\"meta_element\":\"div\",\"meta_style\":\"h6\",\"title\":\"Neue Lades\\u00e4ule in der Grabenstra\\u00dfe: Sechs Standorte f\\u00fcr saubere Mobilit\\u00e4t in Perleberg\",\"title_align\":\"top\",\"title_element\":\"h2\",\"title_grid_breakpoint\":\"m\",\"title_grid_width\":\"1-2\",\"title_hover_style\":\"heading\",\"title_link\":true,\"title_margin\":\"small\",\"title_style\":\"h3\"}}]},{\"type\":\"column\",\"props\":{\"html_element\":\"article\",\"image_position\":\"center-center\",\"position_sticky_breakpoint\":\"m\",\"width_medium\":\"2-5\"},\"children\":[{\"type\":\"headline\",\"props\":{\"content\":\"Editorial\",\"margin_remove_bottom\":true,\"title_color\":\"primary\",\"title_element\":\"div\",\"title_style\":\"h6\"}},{\"type\":\"panel\",\"props\":{\"content\":\"\n\n<p>Liebe Leserinnen und Leser,<\\\/p>\\n\n\n<p>der Brandenburgtag in Perleberg war ein echtes Highlight \\u2013 f\\u00fcr die Stadt, die Region und f\\u00fcr alle, die dabei waren.<\\\/p>\",\"content_column_breakpoint\":\"m\",\"content_margin\":\"small\",\"icon_width\":80,\"image\":\"wp-content\\\/uploads\\\/sites\\\/3\\\/2025\\\/11\\\/201bild1-scaled.jpg\",\"image_align\":\"between\",\"image_focal_point\":\"top-center\",\"image_grid_breakpoint\":\"m\",\"image_grid_width\":\"1-2\",\"image_height\":550,\"image_link\":true,\"image_loading\":true,\"image_svg_color\":\"emphasis\",\"image_width\":400,\"link\":\"2025\\\/11\\\/14\\\/ein-herbst-voller-energie-und-dankbarkeit\\\/\",\"link_style\":\"default\",\"link_text\":\"Mehr ...\",\"margin\":\"small\",\"meta\":\"<small><em>Foto: PVU<\\\/small><\\\/em>\",\"meta_align\":\"above-content\",\"meta_color\":\"muted\",\"meta_element\":\"div\",\"meta_margin\":\"remove\",\"meta_style\":\"\",\"title\":\"Ein Herbst voller Energie \\u2013 und Dankbarkeit\",\"title_align\":\"top\",\"title_element\":\"h4\",\"title_grid_breakpoint\":\"m\",\"title_grid_width\":\"1-2\",\"title_hover_style\":\"heading\",\"title_link\":true,\"title_margin\":\"remove\",\"title_style\":\"h3\"}},{\"type\":\"divider\",\"props\":{\"divider_element\":\"hr\",\"margin\":\"small\"}},{\"type\":\"headline\",\"props\":{\"content\":\"Willkommen im Team, Christoph M\\u00fcller!\",\"margin\":\"default\",\"margin_remove_bottom\":true,\"margin_remove_top\":false,\"title_color\":\"primary\",\"title_element\":\"div\",\"title_style\":\"h6\"}},{\"type\":\"panel\",\"props\":{\"content\":\"Seit dem 1.\\u2009August ist Christoph M\\u00fcller Teil der PVU-Familie und arbeitet bei uns als Netzmonteur Gas\\\/Wasser.\",\"content_column_breakpoint\":\"m\",\"content_margin\":\"small\",\"icon_width\":80,\"image\":\"wp-content\\\/uploads\\\/sites\\\/3\\\/2025\\\/11\\\/202bild1-scaled.jpg\",\"image_align\":\"between\",\"image_grid_breakpoint\":\"m\",\"image_grid_width\":\"1-2\",\"image_height\":600,\"image_link\":true,\"image_loading\":true,\"image_svg_color\":\"emphasis\",\"image_width\":400,\"link\":\"2025\\\/11\\\/14\\\/ein-waschechter-reetzer-verstaerkt-die-pvu-als-netzmonteur-gas-wasser\\\/\",\"link_style\":\"default\",\"link_text\":\"Mehr ...\",\"margin\":\"small\",\"meta\":\"<em><small>Foto: PVU <\\\/small><\\\/em>\",\"meta_align\":\"above-content\",\"meta_color\":\"muted\",\"meta_element\":\"div\",\"meta_margin\":\"remove\",\"meta_style\":\"\",\"title\":\"Ein waschechter Reetzer verst\\u00e4rkt die PVU als Netzmonteur Gas\\\/Wasser\",\"title_align\":\"top\",\"title_element\":\"h2\",\"title_grid_breakpoint\":\"m\",\"title_grid_width\":\"1-2\",\"title_hover_style\":\"heading\",\"title_link\":true,\"title_margin\":\"small\",\"title_style\":\"h3\"}},{\"type\":\"divider\",\"props\":{\"divider_element\":\"hr\",\"margin\":\"small\"}},{\"type\":\"headline\",\"props\":{\"content\":\"Kurz erkl\\u00e4rt\",\"margin\":\"default\",\"margin_remove_bottom\":true,\"margin_remove_top\":false,\"title_color\":\"primary\",\"title_element\":\"div\",\"title_style\":\"h6\"}},{\"type\":\"panel\",\"props\":{\"content\":\"Wer den neuen PVU-Flyer zur Hand genommen hat, dem ist sicher das eindrucksvolle Titelbild aufgefallen.\",\"content_column_breakpoint\":\"m\",\"content_margin\":\"small\",\"icon_width\":80,\"image\":\"wp-content\\\/uploads\\\/sites\\\/3\\\/2025\\\/11\\\/203bild1.jpg\",\"image_align\":\"between\",\"image_focal_point\":\"top-center\",\"image_grid_breakpoint\":\"m\",\"image_grid_width\":\"1-2\",\"image_link\":true,\"image_loading\":true,\"image_svg_color\":\"emphasis\",\"link\":\"2025\\\/11\\\/14\\\/woher-kommt-das-bild-auf-dem-pvu-flyer\\\/\",\"link_style\":\"default\",\"link_text\":\"Mehr ...\",\"margin\":\"small\",\"meta\":\"<small><em>Foto: Dieter Zaplow <\\\/small><\\\/em>\",\"meta_align\":\"above-content\",\"meta_color\":\"muted\",\"meta_element\":\"div\",\"meta_margin\":\"remove\",\"meta_style\":\"\",\"title\":\"Woher kommt das Bild auf dem PVU-Flyer?\",\"title_align\":\"top\",\"title_element\":\"h2\",\"title_grid_breakpoint\":\"m\",\"title_grid_width\":\"1-2\",\"title_hover_style\":\"heading\",\"title_link\":true,\"title_margin\":\"small\",\"title_style\":\"h3\"}},{\"type\":\"divider\",\"props\":{\"divider_element\":\"hr\",\"margin\":\"small\"}},{\"type\":\"headline\",\"props\":{\"content\":\"Energieversorger im Fokus\",\"margin\":\"default\",\"margin_remove_bottom\":true,\"margin_remove_top\":false,\"title_color\":\"primary\",\"title_element\":\"div\",\"title_style\":\"h6\"}},{\"type\":\"headline\",\"props\":{\"content\":\"Energieversorger im Fokus\",\"margin\":\"default\",\"margin_remove_bottom\":true,\"margin_remove_top\":false,\"title_color\":\"primary\",\"title_element\":\"div\",\"title_style\":\"h6\"}},{\"type\":\"panel\",\"props\":{\"content\":\"Stadtwerke sind weit mehr als Versorger \\u2013 sie sind starke Partner f\\u00fcr ihre Region.\",\"content_column_breakpoint\":\"m\",\"content_margin\":\"small\",\"icon_width\":80,\"image\":\"wp-content\\\/uploads\\\/sites\\\/3\\\/2025\\\/11\\\/208bild1.png\",\"image_align\":\"between\",\"image_focal_point\":\"top-center\",\"image_grid_breakpoint\":\"m\",\"image_grid_width\":\"1-2\",\"image_link\":true,\"image_loading\":true,\"image_svg_color\":\"emphasis\",\"link\":\"2025\\\/11\\\/14\\\/die-vielen-vorteile-der-stadtwerke\\\/\",\"link_style\":\"default\",\"link_text\":\"Mehr ...\",\"margin\":\"small\",\"meta\":\"<small><em>Grafik: SPREE-PR\\\/Uftring <\\\/small><\\\/em>\",\"meta_align\":\"above-content\",\"meta_color\":\"muted\",\"meta_element\":\"div\",\"meta_margin\":\"remove\",\"meta_style\":\"\",\"title\":\"Die vielen Vorteile der Stadtwerke\",\"title_align\":\"top\",\"title_element\":\"h2\",\"title_grid_breakpoint\":\"m\",\"title_grid_width\":\"1-2\",\"title_hover_style\":\"heading\",\"title_link\":true,\"title_margin\":\"small\",\"title_style\":\"h3\"}},{\"type\":\"divider\",\"props\":{\"divider_element\":\"hr\",\"margin\":\"small\"}},{\"type\":\"panel\",\"props\":{\"content\":\"\n\n<p>Bei unserem diesj\\u00e4hrigen gro\\u00dfen Adventsr\\u00e4tsel gibt es wieder einiges zu gewinnen.<\\\/p>\",\"content_column_breakpoint\":\"m\",\"content_margin\":\"small\",\"icon_width\":80,\"image\":\"wp-content\\\/uploads\\\/sites\\\/3\\\/2025\\\/11\\\/207bild1.png\",\"image_align\":\"between\",\"image_focal_point\":\"top-center\",\"image_grid_breakpoint\":\"m\",\"image_grid_width\":\"1-2\",\"image_link\":true,\"image_loading\":true,\"image_svg_color\":\"emphasis\",\"link\":\"2025\\\/11\\\/14\\\/adventsraetsel\\\/\",\"link_style\":\"default\",\"link_text\":\"Mehr ...\",\"margin\":\"small\",\"meta\":\"<small><em>Foto: KI generiert\\\/Canva AI <\\\/small><\\\/em>\",\"meta_align\":\"above-content\",\"meta_color\":\"muted\",\"meta_element\":\"div\",\"meta_margin\":\"remove\",\"meta_style\":\"\",\"title\":\"Himmlische Adventszeit\",\"title_align\":\"top\",\"title_element\":\"h2\",\"title_grid_breakpoint\":\"m\",\"title_grid_width\":\"1-2\",\"title_hover_style\":\"heading\",\"title_link\":true,\"title_margin\":\"small\",\"title_style\":\"h3\"}},{\"type\":\"divider\",\"props\":{\"divider_element\":\"hr\",\"margin\":\"small\"}},{\"type\":\"headline\",\"props\":{\"content\":\"Land und Leute\",\"margin\":\"default\",\"margin_remove_bottom\":true,\"margin_remove_top\":false,\"title_color\":\"primary\",\"title_element\":\"div\",\"title_style\":\"h6\"}},{\"type\":\"panel\",\"props\":{\"content\":\"Die Schreibger\\u00e4te-Manufaktur Cleo Skribent in Bad Wilsnack (Prignitz) feiert ihr 80-j\\u00e4hriges Bestehen.\",\"content_column_breakpoint\":\"m\",\"content_margin\":\"small\",\"icon_width\":80,\"image\":\"wp-content\\\/uploads\\\/sites\\\/3\\\/2025\\\/11\\\/210bild1-scaled.jpg\",\"image_align\":\"between\",\"image_focal_point\":\"top-center\",\"image_grid_breakpoint\":\"m\",\"image_grid_width\":\"1-2\",\"image_link\":true,\"image_loading\":true,\"image_svg_color\":\"emphasis\",\"link\":\"2025\\\/11\\\/14\\\/schreiben-mit-stil\\\/\",\"link_style\":\"default\",\"link_text\":\"Mehr ...\",\"margin\":\"small\",\"meta\":\"<small><em>Foto: Cleo Skribent<\\\/small><\\\/em>\",\"meta_align\":\"above-content\",\"meta_color\":\"muted\",\"meta_element\":\"div\",\"meta_margin\":\"remove\",\"meta_style\":\"\",\"title\":\"Schreiben mit Stil\",\"title_align\":\"top\",\"title_element\":\"h2\",\"title_grid_breakpoint\":\"m\",\"title_grid_width\":\"1-2\",\"title_hover_style\":\"heading\",\"title_link\":true,\"title_margin\":\"small\",\"title_style\":\"h3\"}},{\"type\":\"divider\",\"props\":{\"divider_element\":\"hr\",\"margin\":\"small\"}},{\"type\":\"headline\",\"props\":{\"content\":\"Unterwegs in Brandenburg\",\"margin\":\"default\",\"margin_remove_bottom\":true,\"margin_remove_top\":false,\"title_color\":\"primary\",\"title_element\":\"div\",\"title_style\":\"h6\"}},{\"type\":\"panel\",\"props\":{\"content\":\"Die Lausitz will den Wandel von der Braunkohleregion zum Hotspot \\u201egr\\u00fcner Industrie\\u201c erfolgreich vollenden.\",\"content_column_breakpoint\":\"m\",\"content_margin\":\"small\",\"icon_width\":80,\"image\":\"wp-content\\\/uploads\\\/sites\\\/3\\\/2025\\\/11\\\/206bild1.png\",\"image_align\":\"between\",\"image_focal_point\":\"top-center\",\"image_grid_breakpoint\":\"m\",\"image_grid_width\":\"1-2\",\"image_link\":true,\"image_loading\":true,\"image_svg_color\":\"emphasis\",\"link\":\"2025\\\/11\\\/14\\\/die-lausitz-im-rampenlicht-europas-erstes-net-zero-valley\\\/\",\"link_style\":\"default\",\"link_text\":\"Mehr ...\",\"margin\":\"small\",\"meta\":\"<small><em>Foto: Net Zero Valley Lausitz<\\\/small><\\\/em>\",\"meta_align\":\"above-content\",\"meta_color\":\"muted\",\"meta_element\":\"div\",\"meta_margin\":\"remove\",\"meta_style\":\"\",\"title\":\"Die Lausitz im Rampenlicht \\u2013 Europas erstes Net Zero Valley\",\"title_align\":\"top\",\"title_element\":\"h2\",\"title_grid_breakpoint\":\"m\",\"title_grid_width\":\"1-2\",\"title_hover_style\":\"heading\",\"title_link\":true,\"title_margin\":\"small\",\"title_style\":\"h3\"}}]}]}],\"name\":\"Featured Posts\"}],\"version\":\"4.4.1\"} --><\/p>\n","protected":false},"excerpt":{"rendered":"<p>Seit 1990 sorgt die PVU f\u00fcr Strom, W\u00e4rme, Gas und Wasser 35 Jahre Energie f\u00fcr die Prignitz Foto: PVU Die Prignitz blickt auf 35 Jahre verl\u00e4ssliche Versorgung zur\u00fcck: Am 21. September 1990 wurde die PVU Prignitzer Energie- und Wasserversorgungsunternehmen GmbH gegr\u00fcndet. Mehr &#8230; Kommunale W\u00e4rmeplanung steht kurz vor dem Abschluss Perleberg stellt die Weichen Grafik: [&hellip;]<\/p>\n","protected":false},"author":1,"featured_media":0,"parent":0,"menu_order":0,"comment_status":"closed","ping_status":"closed","template":"","meta":{"footnotes":""},"class_list":["post-163","page","type-page","status-publish","hentry"],"yoast_head":"<!-- This site is optimized with the Yoast SEO plugin v26.9 - https:\/\/yoast.com\/product\/yoast-seo-wordpress\/ -->\n<title>PVU aktuell November 2025 - PVU aktuell<\/title>\n<meta name=\"robots\" content=\"index, follow, max-snippet:-1, max-image-preview:large, max-video-preview:-1\" \/>\n<link rel=\"canonical\" href=\"https:\/\/stadtwerkezeitung.info\/pvu\/\" \/>\n<meta property=\"og:locale\" content=\"en_US\" \/>\n<meta property=\"og:type\" content=\"article\" \/>\n<meta property=\"og:title\" content=\"PVU aktuell November 2025 - PVU aktuell\" \/>\n<meta property=\"og:description\" content=\"Seit 1990 sorgt die PVU f\u00fcr Strom, W\u00e4rme, Gas und Wasser 35 Jahre Energie f\u00fcr die Prignitz Foto: PVU Die Prignitz blickt auf 35 Jahre verl\u00e4ssliche Versorgung zur\u00fcck: Am 21. September 1990 wurde die PVU Prignitzer Energie- und Wasserversorgungsunternehmen GmbH gegr\u00fcndet. Mehr &#8230; Kommunale W\u00e4rmeplanung steht kurz vor dem Abschluss Perleberg stellt die Weichen Grafik: [&hellip;]\" \/>\n<meta property=\"og:url\" content=\"https:\/\/stadtwerkezeitung.info\/pvu\/\" \/>\n<meta property=\"og:site_name\" content=\"PVU aktuell\" \/>\n<meta property=\"article:modified_time\" content=\"2025-11-18T20:33:44+00:00\" \/>\n<meta name=\"twitter:card\" content=\"summary_large_image\" \/>\n<meta name=\"twitter:label1\" content=\"Est. reading time\" \/>\n\t<meta name=\"twitter:data1\" content=\"6 minutes\" \/>\n<script type=\"application\/ld+json\" class=\"yoast-schema-graph\">{\"@context\":\"https:\/\/schema.org\",\"@graph\":[{\"@type\":\"WebPage\",\"@id\":\"https:\/\/stadtwerkezeitung.info\/pvu\/\",\"url\":\"https:\/\/stadtwerkezeitung.info\/pvu\/\",\"name\":\"PVU aktuell November 2025 - PVU aktuell\",\"isPartOf\":{\"@id\":\"https:\/\/stadtwerkezeitung.info\/pvu\/#website\"},\"datePublished\":\"2025-11-14T12:39:16+00:00\",\"dateModified\":\"2025-11-18T20:33:44+00:00\",\"breadcrumb\":{\"@id\":\"https:\/\/stadtwerkezeitung.info\/pvu\/#breadcrumb\"},\"inLanguage\":\"en-US\",\"potentialAction\":[{\"@type\":\"ReadAction\",\"target\":[\"https:\/\/stadtwerkezeitung.info\/pvu\/\"]}]},{\"@type\":\"BreadcrumbList\",\"@id\":\"https:\/\/stadtwerkezeitung.info\/pvu\/#breadcrumb\",\"itemListElement\":[{\"@type\":\"ListItem\",\"position\":1,\"name\":\"Home\",\"item\":\"https:\/\/stadtwerkezeitung.info\/pvu\/\"},{\"@type\":\"ListItem\",\"position\":2,\"name\":\"PVU aktuell November 2025\"}]},{\"@type\":\"WebSite\",\"@id\":\"https:\/\/stadtwerkezeitung.info\/pvu\/#website\",\"url\":\"https:\/\/stadtwerkezeitung.info\/pvu\/\",\"name\":\"PVU aktuell\",\"description\":\"Ihre STADTWERKE ZEITUNG digital\",\"publisher\":{\"@id\":\"https:\/\/stadtwerkezeitung.info\/pvu\/#organization\"},\"inLanguage\":\"en-US\"},{\"@type\":\"Organization\",\"@id\":\"https:\/\/stadtwerkezeitung.info\/pvu\/#organization\",\"name\":\"PVU aktuell\",\"url\":\"https:\/\/stadtwerkezeitung.info\/pvu\/\",\"logo\":{\"@type\":\"ImageObject\",\"inLanguage\":\"en-US\",\"@id\":\"https:\/\/stadtwerkezeitung.info\/pvu\/#\/schema\/logo\/image\/\",\"url\":\"https:\/\/stadtwerkezeitung.info\/pvu\/wp-content\/uploads\/sites\/3\/2025\/01\/PVU_logo.png\",\"contentUrl\":\"https:\/\/stadtwerkezeitung.info\/pvu\/wp-content\/uploads\/sites\/3\/2025\/01\/PVU_logo.png\",\"width\":1045,\"height\":472,\"caption\":\"PVU aktuell\"},\"image\":{\"@id\":\"https:\/\/stadtwerkezeitung.info\/pvu\/#\/schema\/logo\/image\/\"}}]}<\/script>\n<!-- \/ Yoast SEO plugin. -->","yoast_head_json":{"title":"PVU aktuell November 2025 - PVU aktuell","robots":{"index":"index","follow":"follow","max-snippet":"max-snippet:-1","max-image-preview":"max-image-preview:large","max-video-preview":"max-video-preview:-1"},"canonical":"https:\/\/stadtwerkezeitung.info\/pvu\/","og_locale":"en_US","og_type":"article","og_title":"PVU aktuell November 2025 - PVU aktuell","og_description":"Seit 1990 sorgt die PVU f\u00fcr Strom, W\u00e4rme, Gas und Wasser 35 Jahre Energie f\u00fcr die Prignitz Foto: PVU Die Prignitz blickt auf 35 Jahre verl\u00e4ssliche Versorgung zur\u00fcck: Am 21. September 1990 wurde die PVU Prignitzer Energie- und Wasserversorgungsunternehmen GmbH gegr\u00fcndet. Mehr &#8230; Kommunale W\u00e4rmeplanung steht kurz vor dem Abschluss Perleberg stellt die Weichen Grafik: [&hellip;]","og_url":"https:\/\/stadtwerkezeitung.info\/pvu\/","og_site_name":"PVU aktuell","article_modified_time":"2025-11-18T20:33:44+00:00","twitter_card":"summary_large_image","twitter_misc":{"Est. reading time":"6 minutes"},"schema":{"@context":"https:\/\/schema.org","@graph":[{"@type":"WebPage","@id":"https:\/\/stadtwerkezeitung.info\/pvu\/","url":"https:\/\/stadtwerkezeitung.info\/pvu\/","name":"PVU aktuell November 2025 - PVU aktuell","isPartOf":{"@id":"https:\/\/stadtwerkezeitung.info\/pvu\/#website"},"datePublished":"2025-11-14T12:39:16+00:00","dateModified":"2025-11-18T20:33:44+00:00","breadcrumb":{"@id":"https:\/\/stadtwerkezeitung.info\/pvu\/#breadcrumb"},"inLanguage":"en-US","potentialAction":[{"@type":"ReadAction","target":["https:\/\/stadtwerkezeitung.info\/pvu\/"]}]},{"@type":"BreadcrumbList","@id":"https:\/\/stadtwerkezeitung.info\/pvu\/#breadcrumb","itemListElement":[{"@type":"ListItem","position":1,"name":"Home","item":"https:\/\/stadtwerkezeitung.info\/pvu\/"},{"@type":"ListItem","position":2,"name":"PVU aktuell November 2025"}]},{"@type":"WebSite","@id":"https:\/\/stadtwerkezeitung.info\/pvu\/#website","url":"https:\/\/stadtwerkezeitung.info\/pvu\/","name":"PVU aktuell","description":"Ihre STADTWERKE ZEITUNG digital","publisher":{"@id":"https:\/\/stadtwerkezeitung.info\/pvu\/#organization"},"inLanguage":"en-US"},{"@type":"Organization","@id":"https:\/\/stadtwerkezeitung.info\/pvu\/#organization","name":"PVU aktuell","url":"https:\/\/stadtwerkezeitung.info\/pvu\/","logo":{"@type":"ImageObject","inLanguage":"en-US","@id":"https:\/\/stadtwerkezeitung.info\/pvu\/#\/schema\/logo\/image\/","url":"https:\/\/stadtwerkezeitung.info\/pvu\/wp-content\/uploads\/sites\/3\/2025\/01\/PVU_logo.png","contentUrl":"https:\/\/stadtwerkezeitung.info\/pvu\/wp-content\/uploads\/sites\/3\/2025\/01\/PVU_logo.png","width":1045,"height":472,"caption":"PVU aktuell"},"image":{"@id":"https:\/\/stadtwerkezeitung.info\/pvu\/#\/schema\/logo\/image\/"}}]}},"_links":{"self":[{"href":"https:\/\/stadtwerkezeitung.info\/pvu\/wp-json\/wp\/v2\/pages\/163","targetHints":{"allow":["GET"]}}],"collection":[{"href":"https:\/\/stadtwerkezeitung.info\/pvu\/wp-json\/wp\/v2\/pages"}],"about":[{"href":"https:\/\/stadtwerkezeitung.info\/pvu\/wp-json\/wp\/v2\/types\/page"}],"author":[{"embeddable":true,"href":"https:\/\/stadtwerkezeitung.info\/pvu\/wp-json\/wp\/v2\/users\/1"}],"replies":[{"embeddable":true,"href":"https:\/\/stadtwerkezeitung.info\/pvu\/wp-json\/wp\/v2\/comments?post=163"}],"version-history":[{"count":16,"href":"https:\/\/stadtwerkezeitung.info\/pvu\/wp-json\/wp\/v2\/pages\/163\/revisions"}],"predecessor-version":[{"id":256,"href":"https:\/\/stadtwerkezeitung.info\/pvu\/wp-json\/wp\/v2\/pages\/163\/revisions\/256"}],"wp:attachment":[{"href":"https:\/\/stadtwerkezeitung.info\/pvu\/wp-json\/wp\/v2\/media?parent=163"}],"curies":[{"name":"wp","href":"https:\/\/api.w.org\/{rel}","templated":true}]}}