{"id":43,"date":"2025-05-23T10:31:24","date_gmt":"2025-05-23T10:31:24","guid":{"rendered":"https:\/\/stadtwerkezeitung.info\/pvu\/?page_id=43"},"modified":"2025-11-18T20:33:38","modified_gmt":"2025-11-18T20:33:38","slug":"mai-2025","status":"publish","type":"page","link":"https:\/\/stadtwerkezeitung.info\/pvu\/mai-2025\/","title":{"rendered":"PVU aktuell Mai 2025"},"content":{"rendered":"<div>\n<p>        <img decoding=\"async\" src=\"\/pvu\/wp-content\/uploads\/sites\/3\/2025\/05\/101_Teaser_-Der-Perleberger-Roland-und-unsere-neue-Perlenprinzessin-Eva-Wickel-Foto-24MORE.jpg\" alt=\"\"><\/p>\n<h2>Ein Fest f\u00fcr die ganze Region <\/h2>\n<p>Perlenpracht in Perleberg: Brandenburg-Tag 2025<\/p>\n<div>\n<p><em><small>Foto: 24MORE<\/small><\/em><\/p>\n<p>Perleberg verwandelt sich vom 12. bis 14.\u2009September 2025 in eine gro\u00dfe B\u00fchne: Der Brandenburg-Tag bringt Kultur, Musik und Engagement in die Rolandstadt. Was Besucherinnen und Besucher erwartet.<\/p>\n<\/div>\n<p><a href=\"\/pvu\/2025\/05\/23\/ein-fest-fuer-die-ganze-region\/\">Mehr &#8230;<\/a><\/p>\n<\/div>\n<hr>\n<div>\n<p>        <img decoding=\"async\" src=\"\/pvu\/wp-content\/uploads\/sites\/3\/2025\/05\/102_Teaser_Holger-Lossin.jpg\" alt=\"\"><\/p>\n<h2>Digitale Wege in der Versorgung<\/h2>\n<p>Editorial<\/p>\n<div><em><small>Foto: PVU<br \/><\/small><\/em><\/p>\n<p>Liebe Leserinnen und Leser,<\/p>\n<p>unsere Welt wird digitaler \u2013 auch bei der PVU gehen wir diesen Weg weiter f\u00fcr eine moderne und unkomplizierte Versorgung. Mit unserer Homepage und dem integrierten Onlineservice-Center sowie dem neuen E-Paper machen wir unsere Energiezukunft digitaler und einfacher.<\/p>\n<\/div>\n<p><a href=\"\/pvu\/2025\/05\/23\/digitale-wege-in-der-versorgung\/\">Mehr &#8230;<\/a><\/p>\n<\/div>\n<hr>\n<div>\n<p>        <img decoding=\"async\" src=\"\/pvu\/wp-content\/uploads\/sites\/3\/2025\/05\/103-Teaser-scaled.jpg\" alt=\"\"><\/p>\n<h2>Energie, die Wurzeln schl\u00e4gt<\/h2>\n<p>B\u00e4ume pflanzen, Klima sch\u00fctzen, Bonus sichern<\/p>\n<div>\n<p><small><em>Foto: Viva La Wald<\/em><\/small><\/p>\n<p>Mit jedem Klick wird die Prignitz ein St\u00fcck gr\u00fcner: Wer sich auf der Homepage der PVU im Onlineservice-Center anmeldet, erh\u00e4lt nicht nur einen 10-Euro-Bonus \u2013 es l\u00e4sst auch einen Baum in der Region wachsen.<\/p>\n<\/div>\n<p><a href=\"\/pvu\/2025\/05\/26\/energie-die-wurzeln-schlaegt\/\">Mehr &#8230;<\/a><\/p>\n<\/div>\n<hr>\n<div>\n<p>        <img decoding=\"async\" src=\"\/pvu\/wp-content\/uploads\/sites\/3\/2025\/05\/104_Teaser_Bildschirmfoto-2025-05-21-um-17.48.29.png\" alt=\"\"><\/p>\n<h2>Neue Regelungen f\u00fcr private Balkonkraftwerke und PV-Anlagen <\/h2>\n<p>Photovoltaik auf dem eigenen Dach oder Balkon<\/p>\n<div>\n<p><small><em>Grafik: SPREE-PR, Foto: SPREE-PR\/K\u00f6hler<\/em><\/small><\/p>\n<p>Seit Mai 2024 d\u00fcrfen Balkonkraftwerke mehr leisten: Solarmodule mit bis zu 2.000 Watt Spitzenleistung sind nun erlaubt. Wichtig bleibt die Begrenzung der Wechselrichterleistung auf 800 Watt. <\/p>\n<\/div>\n<p><a href=\"\/pvu\/2025\/05\/26\/neue-regelungen-fuer-private-balkonkraftwerke-und-pv-anlagen\/\">Mehr &#8230;<\/a><\/p>\n<\/div>\n<hr>\n<div>\n<p>        <img decoding=\"async\" src=\"\/pvu\/wp-content\/uploads\/sites\/3\/2025\/05\/105-Teaser-Bild-Neue-Fristen-bei-Umzugen.png\" alt=\"\"><\/p>\n<h2>Was sich ab Juni \u00e4ndert <\/h2>\n<p>Achtung beim Umzug: Stromanbieterwechsel <\/p>\n<div>\n<p><small><em>Illustration: SPREE-PR<\/em><\/small><\/p>\n<p>Ab dem 6.\u2009Juni 2025 gilt eine neue gesetzliche Regel: Netzbetreiber und Energieversorger m\u00fcssen einen Stromanbieterwechsel k\u00fcnftig innerhalb von 24 Stunden garantieren.<\/p>\n<\/div>\n<p><a href=\"\/pvu\/2025\/05\/26\/stromanbieterwechsel-ab-juni-2025-in-24-stunden-moeglich\/\">Mehr &#8230;<\/a><\/p>\n<\/div>\n<hr>\n<div>\n<p>        <img decoding=\"async\" src=\"\/pvu\/wp-content\/uploads\/sites\/3\/2025\/05\/106_Teaser_Bildschirmfoto-2025-05-21-um-15.10.30.png\" alt=\"\"><\/p>\n<h2>Was genau macht Erdgas billiger oder teuer?<\/h2>\n<p>Die Zusammensetzung des Preises<\/p>\n<div>\n<p><small><em>Grafik: SPREE-PR\/Schulze, pixabay, SPREE-PR\/Archiv<\/em><\/small><\/p>\n<p>Die Gasheizung ist in Deutschland aktuell noch die Nummer eins: Fast jede zweite Wohnung wird mit Erdgas beheizt, und in den Jahren 2023 und 2024 gab es sogar einen regelrechten Run auf neue Gasheizungen. Trotzdem werden wohl Gas- und auch \u00d6lheizung langfristig keine L\u00f6sung und bald nicht mehr so gebr\u00e4uchlich sein.<\/p>\n<\/div>\n<p><a href=\"\/pvu\/2025\/05\/26\/was-genau-macht-erdgas-billiger-oder-teuer\/\">Mehr &#8230;<\/a><\/p>\n<\/div>\n<div>Soziale Netzwerke<\/div>\n<div>\n<p>        <img decoding=\"async\" src=\"\/pvu\/wp-content\/uploads\/sites\/3\/2025\/05\/201_Teaser_PVU-Insta.png\" alt=\"\"><\/p>\n<h4>PVU auf Instagram und Facebook folgen<\/h4>\n<p><small><em>Illustration: SPREE-PR<\/small><\/em><\/p>\n<div>Die PVU ist seit Kurzem auf Facebook und Instagram vertreten und informiert als Regionalversorger ab sofort in den sozialen Netzwerken.<\/div>\n<p><a href=\"\/pvu\/2025\/05\/26\/pvu-auf-instagram-und-facebook-folgen\/\">Mehr &#8230;<\/a><\/p>\n<\/div>\n<hr>\n<div>Neu im Team: Vorgestellt<\/div>\n<div>\n<p>        <img decoding=\"async\" src=\"\/pvu\/wp-content\/uploads\/sites\/3\/2025\/05\/202_Teaser_Mitarbeiter.png\" alt=\"\"><\/p>\n<h2>Elektroniker, Zahlenprofis und Mechatroniker<\/h2>\n<p><em><small>Fotos (3): PVU <\/small><\/em><\/p>\n<div>Neu im Team! Iven Miksch ist voller Energie als Elektroniker in der Prignitz unterwegs. Mathias Beckmann und Corven Tiedemann sorgen als Zahlenprofis f\u00fcr den \u00dcberblick. Und Sebastian Brumm, der Technikfreak, bringt frischen Wind in die Strom- und Gasabteilung. Willkommen bei PVU!<\/div>\n<p><a href=\"\/pvu\/2025\/05\/26\/elektroniker-zahlenprofis-und-mechatroniker\/\">Mehr &#8230;<\/a><\/p>\n<\/div>\n<hr>\n<p><a href=\"\/pvu\/wp-content\/uploads\/sites\/3\/2025\/05\/203-traueranzeige.png\"><img decoding=\"async\" src=\"\/pvu\/wp-content\/uploads\/sites\/3\/2025\/05\/203-traueranzeige.png\" alt=\"\"><\/a><\/p>\n<hr>\n<div>So nah, so sch\u00f6n<\/div>\n<div>\n<p>        <img decoding=\"async\" src=\"\/pvu\/wp-content\/uploads\/sites\/3\/2025\/05\/204_Preview_See2_Schwielochsee-Kanu-fahren-Wasser-See-Seenland-Oder-Spree-Foto-Florian-Laufer-15-Kopie-scaled.jpg\" alt=\"\"><\/p>\n<h2>Verf\u00fchrerische Wege um unsere zehn gr\u00f6\u00dften Seen<\/h2>\n<p><small><em>Foto: Florian La\u0308ufer <\/small><\/em><\/p>\n<div>3.000 Seen \u2013 was will man an einem hei\u00dfen Sommertag mehr, als die wohlverdiente Freizeit an einem der zahlreichen Seen Brandenburgs zu verbringen. Die Top 10 der gr\u00f6\u00dften Seen des Bundeslands \u00fcberraschen durch ihre Vielfalt an Aktivit\u00e4ten und Veranstaltungen.<\/div>\n<p><a href=\"\/pvu\/2025\/05\/26\/verfuhrerische-wege-um-unsere-zehn-grosten-seen\/\">Mehr &#8230;<\/a><\/p>\n<\/div>\n<hr>\n<div>Die Letzten ihrer Zunft<\/div>\n<div>\n<p>        <img decoding=\"async\" src=\"\/pvu\/wp-content\/uploads\/sites\/3\/2025\/05\/205_Teaser_Bild__Weben_x_MG_6909-scaled.jpg\" alt=\"\"><\/p>\n<h2>Die Rohrweber von Pritzerbe<\/h2>\n<p><small><em>Foto: SPREE-PR\/Petsch <\/small><\/em><\/p>\n<div>Vor der industriellen Revolution bestimmten die Z\u00fcnfte das Wirtschaftsleben \u2013 heute sind viele Handwerksberufe so gut wie ausgestorben. Die STADTWERKE ZEITUNG hat \u201eDie Letzten ihrer Zunft\u201d besucht. Diesmal: die Rohrweberei Pritzerbe (Potsdam-Mittelmark).<\/div>\n<p><a href=\"\/pvu\/2025\/05\/26\/die-rohrweber-von-pritzerbe\/\">Mehr &#8230;<\/a><\/p>\n<\/div>\n<hr>\n<div>BASTELSPA&#7838;<\/div>\n<div>\n<p>        <img decoding=\"async\" src=\"\/pvu\/wp-content\/uploads\/2025\/05\/204-Teaser-Gluhwurm.png\" alt=\"\"><\/p>\n<h2>Gl\u00fchw\u00fcrmchen im Glas<\/h2>\n<p><small><em>Illustration: SPREE-PR<\/small><\/em><\/p>\n<div>Meist ab Mitte oder Ende Juni schw\u00e4rmen die Gl\u00fchw\u00fcrmchen aus und leuchten in lauen Sommern\u00e4chten ab 22 Uhr, um Partner zu finden. Wenn du nachts vergeblich auf das Naturschauspiel wartest, kannst du dir einfach ein Glas voller Gl\u00fchw\u00fcrmchen basteln!<\/div>\n<p><a href=\"\/pvu\/2025\/05\/26\/gluhwurmchen-im-glas\/\">Mehr &#8230;<\/a><\/p>\n<\/div>\n<hr>\n<div>R\u00e4tsel<\/div>\n<div>\n<p>        <img decoding=\"async\" src=\"\/pvu\/wp-content\/uploads\/2025\/05\/203_Teaser_AufmacherUnknown-rotated.jpeg\" alt=\"\"><\/p>\n<h2>Das ist (ja wohl) die H\u00f6he!<\/h2>\n<p><small><em>Foto: SPREE-PR\/Arbeit<\/small><\/em><\/p>\n<div>Die durchschnittliche H\u00f6he im Land Brandenburg betr\u00e4gt 68 Meter. Die M\u00e4rker \u00fcberragen damit die Hauptst\u00e4dter immerhin um ganze 21 Meter. Zu einem \u201eBergvolk\u201c macht sie das nat\u00fcrlich noch lange nicht.  Beantworten Sie unsere Frage und gewinnen Sie attraktive Geldpreise.<\/div>\n<p><a href=\"\/pvu\/2025\/05\/26\/pvu-mai-2025-raetsel\/\">Mehr &#8230;<\/a><\/p>\n<\/div>\n<p><!--more--><br \/>\n<!-- {\"type\":\"layout\",\"children\":[{\"type\":\"section\",\"props\":{\"image_position\":\"center-center\",\"padding_remove_top\":true,\"style\":\"default\",\"title_breakpoint\":\"xl\",\"title_position\":\"top-left\",\"title_rotation\":\"left\",\"vertical_align\":\"\",\"width\":\"xlarge\"},\"children\":[{\"type\":\"row\",\"props\":{\"column_gap\":\"small\",\"divider\":true,\"layout\":\"3-5,2-5\",\"margin_remove_top\":true,\"width\":\"small\"},\"children\":[{\"type\":\"column\",\"props\":{\"html_element\":\"article\",\"image_position\":\"center-center\",\"position_sticky_breakpoint\":\"m\",\"width_medium\":\"3-5\"},\"children\":[{\"type\":\"panel\",\"props\":{\"content\":\"\n\n<p><em><small>Foto: 24MORE<\\\/small><\\\/em><\\\/p>\\n\n\n<p>Perleberg verwandelt sich vom 12. bis 14.\\u2009September 2025 in eine gro\\u00dfe B\\u00fchne: Der Brandenburg-Tag bringt Kultur, Musik und Engagement in die Rolandstadt. Was Besucherinnen und Besucher erwartet.<\\\/p>\",\"content_column_breakpoint\":\"m\",\"content_margin\":\"remove\",\"icon_width\":80,\"image\":\"wp-content\\\/uploads\\\/sites\\\/3\\\/2025\\\/05\\\/101_Teaser_-Der-Perleberger-Roland-und-unsere-neue-Perlenprinzessin-Eva-Wickel-Foto-24MORE.jpg\",\"image_align\":\"between\",\"image_grid_breakpoint\":\"m\",\"image_grid_width\":\"1-2\",\"image_link\":true,\"image_svg_color\":\"emphasis\",\"link\":\"2025\\\/05\\\/23\\\/ein-fest-fuer-die-ganze-region\\\/\",\"link_style\":\"default\",\"link_text\":\"Mehr ...\",\"margin\":\"default\",\"meta\":\"Perlenpracht in Perleberg: Brandenburg-Tag 2025\",\"meta_align\":\"above-title\",\"meta_element\":\"div\",\"meta_style\":\"h6\",\"title\":\"Ein Fest f\\u00fcr die ganze Region \",\"title_align\":\"top\",\"title_element\":\"h2\",\"title_grid_breakpoint\":\"m\",\"title_grid_width\":\"1-2\",\"title_hover_style\":\"heading\",\"title_link\":true,\"title_margin\":\"small\",\"title_style\":\"h3\"}},{\"type\":\"divider\",\"props\":{\"divider_element\":\"hr\",\"margin\":\"small\"}},{\"type\":\"panel\",\"props\":{\"content\":\"<em><small>Foto: PVU<br \\\/><\\\/small><\\\/em>\n\n<p>Liebe Leserinnen und Leser,<\\\/p>\\n\n\n<p>unsere Welt wird digitaler \\u2013 auch bei der PVU gehen wir diesen Weg weiter f\\u00fcr eine moderne und unkomplizierte Versorgung. Mit unserer Homepage und dem integrierten Onlineservice-Center sowie dem neuen E-Paper machen wir unsere Energiezukunft digitaler und einfacher.<\\\/p>\",\"content_column_breakpoint\":\"m\",\"content_margin\":\"remove\",\"icon_width\":80,\"image\":\"wp-content\\\/uploads\\\/sites\\\/3\\\/2025\\\/05\\\/102_Teaser_Holger-Lossin.jpg\",\"image_align\":\"between\",\"image_grid_breakpoint\":\"m\",\"image_grid_width\":\"1-2\",\"image_link\":true,\"image_svg_color\":\"emphasis\",\"link\":\"2025\\\/05\\\/23\\\/digitale-wege-in-der-versorgung\\\/\",\"link_style\":\"default\",\"link_text\":\"Mehr ...\",\"margin\":\"default\",\"meta\":\"Editorial\",\"meta_align\":\"above-title\",\"meta_element\":\"div\",\"meta_style\":\"h6\",\"title\":\"Digitale Wege in der Versorgung\",\"title_align\":\"top\",\"title_element\":\"h2\",\"title_grid_breakpoint\":\"m\",\"title_grid_width\":\"1-2\",\"title_hover_style\":\"heading\",\"title_link\":true,\"title_margin\":\"small\",\"title_style\":\"h3\"}},{\"type\":\"divider\",\"props\":{\"divider_element\":\"hr\",\"margin\":\"small\"}},{\"type\":\"panel\",\"props\":{\"content\":\"\n\n<p><small><em>Foto: Viva La Wald<\\\/em><\\\/small><\\\/p>\\n\n\n<p>Mit jedem Klick wird die Prignitz ein St\\u00fcck gr\\u00fcner: Wer sich auf der Homepage der PVU im Onlineservice-Center anmeldet, erh\\u00e4lt nicht nur einen 10-Euro-Bonus \\u2013 es l\\u00e4sst auch einen Baum in der Region wachsen.<\\\/p>\",\"content_column_breakpoint\":\"m\",\"content_margin\":\"remove\",\"icon_width\":80,\"image\":\"wp-content\\\/uploads\\\/sites\\\/3\\\/2025\\\/05\\\/103-Teaser-scaled.jpg\",\"image_align\":\"between\",\"image_grid_breakpoint\":\"m\",\"image_grid_width\":\"1-2\",\"image_link\":true,\"image_svg_color\":\"emphasis\",\"link\":\"2025\\\/05\\\/26\\\/energie-die-wurzeln-schlaegt\\\/\",\"link_style\":\"default\",\"link_text\":\"Mehr ...\",\"margin\":\"default\",\"meta\":\"B\\u00e4ume pflanzen, Klima sch\\u00fctzen, Bonus sichern\",\"meta_align\":\"above-title\",\"meta_element\":\"div\",\"meta_style\":\"h6\",\"title\":\"Energie, die Wurzeln schl\\u00e4gt\",\"title_align\":\"top\",\"title_element\":\"h2\",\"title_grid_breakpoint\":\"m\",\"title_grid_width\":\"1-2\",\"title_hover_style\":\"heading\",\"title_link\":true,\"title_margin\":\"small\",\"title_style\":\"h3\"}},{\"type\":\"divider\",\"props\":{\"divider_element\":\"hr\",\"margin\":\"small\"}},{\"type\":\"panel\",\"props\":{\"content\":\"\n\n<p><small><em>Grafik: SPREE-PR, Foto: SPREE-PR\\\/K\\u00f6hler<\\\/em><\\\/small><\\\/p>\\n\n\n<p>Seit Mai 2024 d\\u00fcrfen Balkonkraftwerke mehr leisten: Solarmodule mit bis zu 2.000 Watt Spitzenleistung sind nun erlaubt. Wichtig bleibt die Begrenzung der Wechselrichterleistung auf 800 Watt. <\\\/p>\",\"content_column_breakpoint\":\"m\",\"content_margin\":\"remove\",\"icon_width\":80,\"image\":\"wp-content\\\/uploads\\\/sites\\\/3\\\/2025\\\/05\\\/104_Teaser_Bildschirmfoto-2025-05-21-um-17.48.29.png\",\"image_align\":\"between\",\"image_grid_breakpoint\":\"m\",\"image_grid_width\":\"1-2\",\"image_link\":true,\"image_svg_color\":\"emphasis\",\"link\":\"2025\\\/05\\\/26\\\/neue-regelungen-fuer-private-balkonkraftwerke-und-pv-anlagen\\\/\",\"link_style\":\"default\",\"link_text\":\"Mehr ...\",\"margin\":\"default\",\"meta\":\"Photovoltaik auf dem eigenen Dach oder Balkon\",\"meta_align\":\"above-title\",\"meta_element\":\"div\",\"meta_style\":\"h6\",\"title\":\"Neue Regelungen f\\u00fcr private Balkonkraftwerke und PV-Anlagen \",\"title_align\":\"top\",\"title_element\":\"h2\",\"title_grid_breakpoint\":\"m\",\"title_grid_width\":\"1-2\",\"title_hover_style\":\"heading\",\"title_link\":true,\"title_margin\":\"small\",\"title_style\":\"h3\"}},{\"type\":\"divider\",\"props\":{\"divider_element\":\"hr\",\"margin\":\"small\"}},{\"type\":\"panel\",\"props\":{\"content\":\"\n\n<p><small><em>Illustration: SPREE-PR<\\\/em><\\\/small><\\\/p>\\n\n\n<p>Ab dem 6.\\u2009Juni 2025 gilt eine neue gesetzliche Regel: Netzbetreiber und Energieversorger m\\u00fcssen einen Stromanbieterwechsel k\\u00fcnftig innerhalb von 24 Stunden garantieren.<\\\/p>\",\"content_column_breakpoint\":\"m\",\"content_margin\":\"remove\",\"icon_width\":80,\"image\":\"wp-content\\\/uploads\\\/sites\\\/3\\\/2025\\\/05\\\/105-Teaser-Bild-Neue-Fristen-bei-Umzugen.png\",\"image_align\":\"between\",\"image_grid_breakpoint\":\"m\",\"image_grid_width\":\"1-2\",\"image_link\":true,\"image_svg_color\":\"emphasis\",\"link\":\"2025\\\/05\\\/26\\\/stromanbieterwechsel-ab-juni-2025-in-24-stunden-moeglich\\\/\",\"link_style\":\"default\",\"link_text\":\"Mehr ...\",\"margin\":\"default\",\"meta\":\"Achtung beim Umzug: Stromanbieterwechsel \",\"meta_align\":\"above-title\",\"meta_element\":\"div\",\"meta_style\":\"h6\",\"title\":\"Was sich ab Juni \\u00e4ndert \",\"title_align\":\"top\",\"title_element\":\"h2\",\"title_grid_breakpoint\":\"m\",\"title_grid_width\":\"1-2\",\"title_hover_style\":\"heading\",\"title_link\":true,\"title_margin\":\"small\",\"title_style\":\"h3\"}},{\"type\":\"divider\",\"props\":{\"divider_element\":\"hr\",\"margin\":\"small\"}},{\"type\":\"panel\",\"props\":{\"content\":\"\n\n<p><small><em>Grafik: SPREE-PR\\\/Schulze, pixabay, SPREE-PR\\\/Archiv<\\\/em><\\\/small><\\\/p>\\n\n\n<p>Die Gasheizung ist in Deutschland aktuell noch die Nummer eins: Fast jede zweite Wohnung wird mit Erdgas beheizt, und in den Jahren 2023 und 2024 gab es sogar einen regelrechten Run auf neue Gasheizungen. Trotzdem werden wohl Gas- und auch \\u00d6lheizung langfristig keine L\\u00f6sung und bald nicht mehr so gebr\\u00e4uchlich sein.<\\\/p>\",\"content_column_breakpoint\":\"m\",\"content_margin\":\"remove\",\"icon_width\":80,\"image\":\"wp-content\\\/uploads\\\/sites\\\/3\\\/2025\\\/05\\\/106_Teaser_Bildschirmfoto-2025-05-21-um-15.10.30.png\",\"image_align\":\"between\",\"image_grid_breakpoint\":\"m\",\"image_grid_width\":\"1-2\",\"image_link\":true,\"image_svg_color\":\"emphasis\",\"link\":\"2025\\\/05\\\/26\\\/was-genau-macht-erdgas-billiger-oder-teuer\\\/\",\"link_style\":\"default\",\"link_text\":\"Mehr ...\",\"margin\":\"default\",\"meta\":\"Die Zusammensetzung des Preises\",\"meta_align\":\"above-title\",\"meta_element\":\"div\",\"meta_style\":\"h6\",\"title\":\"Was genau macht Erdgas billiger oder teuer?\",\"title_align\":\"top\",\"title_element\":\"h2\",\"title_grid_breakpoint\":\"m\",\"title_grid_width\":\"1-2\",\"title_hover_style\":\"heading\",\"title_link\":true,\"title_margin\":\"small\",\"title_style\":\"h3\"}}]},{\"type\":\"column\",\"props\":{\"html_element\":\"article\",\"image_position\":\"center-center\",\"position_sticky_breakpoint\":\"m\",\"width_medium\":\"2-5\"},\"children\":[{\"type\":\"headline\",\"props\":{\"content\":\"Soziale Netzwerke\",\"margin_remove_bottom\":true,\"title_color\":\"primary\",\"title_element\":\"div\",\"title_style\":\"h6\"}},{\"type\":\"panel\",\"props\":{\"content\":\"Die PVU ist seit Kurzem auf Facebook und Instagram vertreten und informiert als Regionalversorger ab sofort in den sozialen Netzwerken.\",\"content_column_breakpoint\":\"m\",\"content_margin\":\"small\",\"icon_width\":80,\"image\":\"wp-content\\\/uploads\\\/sites\\\/3\\\/2025\\\/05\\\/201_Teaser_PVU-Insta.png\",\"image_align\":\"between\",\"image_grid_breakpoint\":\"m\",\"image_grid_width\":\"1-2\",\"image_link\":true,\"image_loading\":true,\"image_svg_color\":\"emphasis\",\"image_width\":\"610\",\"link\":\"2025\\\/05\\\/26\\\/pvu-auf-instagram-und-facebook-folgen\\\/\",\"link_style\":\"default\",\"link_text\":\"Mehr ...\",\"margin\":\"small\",\"meta\":\"<small><em>Illustration: SPREE-PR<\\\/small><\\\/em>\",\"meta_align\":\"above-content\",\"meta_color\":\"muted\",\"meta_element\":\"div\",\"meta_margin\":\"remove\",\"meta_style\":\"\",\"title\":\"PVU auf Instagram und Facebook folgen\",\"title_align\":\"top\",\"title_element\":\"h4\",\"title_grid_breakpoint\":\"m\",\"title_grid_width\":\"1-2\",\"title_hover_style\":\"heading\",\"title_link\":true,\"title_margin\":\"remove\",\"title_style\":\"h3\"}},{\"type\":\"divider\",\"props\":{\"divider_element\":\"hr\",\"margin\":\"small\"}},{\"type\":\"headline\",\"props\":{\"content\":\"Neu im Team: Vorgestellt\",\"margin\":\"default\",\"margin_remove_bottom\":true,\"margin_remove_top\":false,\"title_color\":\"primary\",\"title_element\":\"div\",\"title_style\":\"h6\"}},{\"type\":\"panel\",\"props\":{\"content\":\"Neu im Team! Iven Miksch ist voller Energie als Elektroniker in der Prignitz unterwegs. Mathias Beckmann und Corven Tiedemann sorgen als Zahlenprofis f\\u00fcr den \\u00dcberblick. Und Sebastian Brumm, der Technikfreak, bringt frischen Wind in die Strom- und Gasabteilung. Willkommen bei PVU!\",\"content_column_breakpoint\":\"m\",\"content_margin\":\"small\",\"icon_width\":80,\"image\":\"wp-content\\\/uploads\\\/sites\\\/3\\\/2025\\\/05\\\/202_Teaser_Mitarbeiter.png\",\"image_align\":\"between\",\"image_grid_breakpoint\":\"m\",\"image_grid_width\":\"1-2\",\"image_link\":true,\"image_loading\":true,\"image_svg_color\":\"emphasis\",\"image_width\":\"610\",\"link\":\"2025\\\/05\\\/26\\\/elektroniker-zahlenprofis-und-mechatroniker\\\/\",\"link_style\":\"default\",\"link_text\":\"Mehr ...\",\"margin\":\"small\",\"meta\":\"<em><small>Fotos (3): PVU <\\\/small><\\\/em>\",\"meta_align\":\"above-content\",\"meta_color\":\"muted\",\"meta_element\":\"div\",\"meta_margin\":\"remove\",\"meta_style\":\"\",\"title\":\"Elektroniker, Zahlenprofis und Mechatroniker\",\"title_align\":\"top\",\"title_element\":\"h2\",\"title_grid_breakpoint\":\"m\",\"title_grid_width\":\"1-2\",\"title_hover_style\":\"heading\",\"title_link\":true,\"title_margin\":\"small\",\"title_style\":\"h3\"}},{\"type\":\"divider\",\"props\":{\"divider_element\":\"hr\",\"margin\":\"small\"}},{\"type\":\"image\",\"props\":{\"image\":\"wp-content\\\/uploads\\\/sites\\\/3\\\/2025\\\/05\\\/203-traueranzeige.png\",\"image_hover_box_shadow\":\"xlarge\",\"image_svg_color\":\"emphasis\",\"lightbox_height\":\"959\",\"lightbox_width\":\"900\",\"link\":\"wp-content\\\/uploads\\\/sites\\\/3\\\/2025\\\/05\\\/203-traueranzeige.png\",\"link_target\":\"modal\",\"margin\":\"default\"}},{\"type\":\"divider\",\"props\":{\"divider_element\":\"hr\",\"margin\":\"small\"}},{\"type\":\"headline\",\"props\":{\"content\":\"So nah, so sch\\u00f6n\",\"margin\":\"default\",\"margin_remove_bottom\":true,\"margin_remove_top\":false,\"title_color\":\"primary\",\"title_element\":\"div\",\"title_style\":\"h6\"}},{\"type\":\"panel\",\"props\":{\"content\":\"3.000 Seen \\u2013 was will man an einem hei\\u00dfen Sommertag mehr, als die wohlverdiente Freizeit an einem der zahlreichen Seen Brandenburgs zu verbringen. Die Top 10 der gr\\u00f6\\u00dften Seen des Bundeslands \\u00fcberraschen durch ihre Vielfalt an Aktivit\\u00e4ten und Veranstaltungen.\",\"content_column_breakpoint\":\"m\",\"content_margin\":\"small\",\"icon_width\":80,\"image\":\"wp-content\\\/uploads\\\/sites\\\/3\\\/2025\\\/05\\\/204_Preview_See2_Schwielochsee-Kanu-fahren-Wasser-See-Seenland-Oder-Spree-Foto-Florian-Laufer-15-Kopie-scaled.jpg\",\"image_align\":\"between\",\"image_focal_point\":\"top-center\",\"image_grid_breakpoint\":\"m\",\"image_grid_width\":\"1-2\",\"image_height\":600,\"image_link\":true,\"image_loading\":true,\"image_svg_color\":\"emphasis\",\"image_width\":500,\"link\":\"2025\\\/05\\\/26\\\/verfuhrerische-wege-um-unsere-zehn-grosten-seen\\\/\",\"link_style\":\"default\",\"link_text\":\"Mehr ...\",\"margin\":\"small\",\"meta\":\"<small><em>Foto: Florian La\\u0308ufer <\\\/small><\\\/em>\",\"meta_align\":\"above-content\",\"meta_color\":\"muted\",\"meta_element\":\"div\",\"meta_margin\":\"remove\",\"meta_style\":\"\",\"title\":\"Verf\\u00fchrerische Wege um unsere zehn gr\\u00f6\\u00dften Seen\",\"title_align\":\"top\",\"title_element\":\"h2\",\"title_grid_breakpoint\":\"m\",\"title_grid_width\":\"1-2\",\"title_hover_style\":\"heading\",\"title_link\":true,\"title_margin\":\"small\",\"title_style\":\"h3\"}},{\"type\":\"divider\",\"props\":{\"divider_element\":\"hr\",\"margin\":\"small\"}},{\"type\":\"headline\",\"props\":{\"content\":\"Die Letzten ihrer Zunft\",\"margin\":\"default\",\"margin_remove_bottom\":true,\"margin_remove_top\":false,\"title_color\":\"primary\",\"title_element\":\"div\",\"title_style\":\"h6\"}},{\"type\":\"panel\",\"props\":{\"content\":\"Vor der industriellen Revolution bestimmten die Z\\u00fcnfte das Wirtschaftsleben \\u2013 heute sind viele Handwerksberufe so gut wie ausgestorben. Die STADTWERKE ZEITUNG hat \\u201eDie Letzten ihrer Zunft\\u201d besucht. Diesmal: die Rohrweberei Pritzerbe (Potsdam-Mittelmark).\",\"content_column_breakpoint\":\"m\",\"content_margin\":\"small\",\"icon_width\":80,\"image\":\"wp-content\\\/uploads\\\/sites\\\/3\\\/2025\\\/05\\\/205_Teaser_Bild__Weben_x_MG_6909-scaled.jpg\",\"image_align\":\"between\",\"image_focal_point\":\"top-center\",\"image_grid_breakpoint\":\"m\",\"image_grid_width\":\"1-2\",\"image_height\":600,\"image_link\":true,\"image_loading\":true,\"image_svg_color\":\"emphasis\",\"image_width\":500,\"link\":\"2025\\\/05\\\/26\\\/die-rohrweber-von-pritzerbe\\\/\",\"link_style\":\"default\",\"link_text\":\"Mehr ...\",\"margin\":\"small\",\"meta\":\"<small><em>Foto: SPREE-PR\\\/Petsch <\\\/small><\\\/em>\",\"meta_align\":\"above-content\",\"meta_color\":\"muted\",\"meta_element\":\"div\",\"meta_margin\":\"remove\",\"meta_style\":\"\",\"title\":\"Die Rohrweber von Pritzerbe\",\"title_align\":\"top\",\"title_element\":\"h2\",\"title_grid_breakpoint\":\"m\",\"title_grid_width\":\"1-2\",\"title_hover_style\":\"heading\",\"title_link\":true,\"title_margin\":\"small\",\"title_style\":\"h3\"}},{\"type\":\"divider\",\"props\":{\"divider_element\":\"hr\",\"margin\":\"small\"}},{\"type\":\"headline\",\"props\":{\"content\":\"BASTELSPA&#7838;\",\"margin\":\"default\",\"margin_remove_bottom\":true,\"margin_remove_top\":false,\"title_color\":\"primary\",\"title_element\":\"div\",\"title_style\":\"h6\"}},{\"type\":\"panel\",\"props\":{\"content\":\"Meist ab Mitte oder Ende Juni schw\\u00e4rmen die Gl\\u00fchw\\u00fcrmchen aus und leuchten in lauen Sommern\\u00e4chten ab 22 Uhr, um Partner zu finden. Wenn du nachts vergeblich auf das Naturschauspiel wartest, kannst du dir einfach ein Glas voller Gl\\u00fchw\\u00fcrmchen basteln!\",\"content_column_breakpoint\":\"m\",\"content_margin\":\"small\",\"icon_width\":80,\"image\":\"wp-content\\\/uploads\\\/2025\\\/05\\\/204-Teaser-Gluhwurm.png\",\"image_align\":\"between\",\"image_focal_point\":\"top-center\",\"image_grid_breakpoint\":\"m\",\"image_grid_width\":\"1-2\",\"image_height\":600,\"image_link\":true,\"image_loading\":true,\"image_svg_color\":\"emphasis\",\"image_width\":500,\"link\":\"2025\\\/05\\\/26\\\/gluhwurmchen-im-glas\\\/\",\"link_style\":\"default\",\"link_text\":\"Mehr ...\",\"margin\":\"small\",\"meta\":\"<small><em>Illustration: SPREE-PR<\\\/small><\\\/em>\",\"meta_align\":\"above-content\",\"meta_color\":\"muted\",\"meta_element\":\"div\",\"meta_margin\":\"remove\",\"meta_style\":\"\",\"title\":\"Gl\\u00fchw\\u00fcrmchen im Glas\",\"title_align\":\"top\",\"title_element\":\"h2\",\"title_grid_breakpoint\":\"m\",\"title_grid_width\":\"1-2\",\"title_hover_style\":\"heading\",\"title_link\":true,\"title_margin\":\"small\",\"title_style\":\"h3\"}},{\"type\":\"divider\",\"props\":{\"divider_element\":\"hr\",\"margin\":\"small\"}},{\"type\":\"headline\",\"props\":{\"content\":\"R\\u00e4tsel\",\"margin\":\"default\",\"margin_remove_bottom\":true,\"margin_remove_top\":false,\"title_color\":\"primary\",\"title_element\":\"div\",\"title_style\":\"h6\"}},{\"type\":\"panel\",\"props\":{\"content\":\"Die durchschnittliche H\\u00f6he im Land Brandenburg betr\\u00e4gt 68 Meter. Die M\\u00e4rker \\u00fcberragen damit die Hauptst\\u00e4dter immerhin um ganze 21 Meter. Zu einem \\u201eBergvolk\\u201c macht sie das nat\\u00fcrlich noch lange nicht.  Beantworten Sie unsere Frage und gewinnen Sie attraktive Geldpreise.\",\"content_column_breakpoint\":\"m\",\"content_margin\":\"small\",\"icon_width\":80,\"image\":\"wp-content\\\/uploads\\\/2025\\\/05\\\/203_Teaser_AufmacherUnknown-rotated.jpeg\",\"image_align\":\"between\",\"image_focal_point\":\"top-center\",\"image_grid_breakpoint\":\"m\",\"image_grid_width\":\"1-2\",\"image_height\":600,\"image_link\":true,\"image_loading\":true,\"image_svg_color\":\"emphasis\",\"image_width\":500,\"link\":\"2025\\\/05\\\/26\\\/pvu-mai-2025-raetsel\\\/\",\"link_style\":\"default\",\"link_text\":\"Mehr ...\",\"margin\":\"small\",\"meta\":\"<small><em>Foto: SPREE-PR\\\/Arbeit<\\\/small><\\\/em>\",\"meta_align\":\"above-content\",\"meta_color\":\"muted\",\"meta_element\":\"div\",\"meta_margin\":\"remove\",\"meta_style\":\"\",\"title\":\"Das ist (ja wohl) die H\\u00f6he!\",\"title_align\":\"top\",\"title_element\":\"h2\",\"title_grid_breakpoint\":\"m\",\"title_grid_width\":\"1-2\",\"title_hover_style\":\"heading\",\"title_link\":true,\"title_margin\":\"small\",\"title_style\":\"h3\"}}]}]}],\"name\":\"Featured Posts\"}],\"version\":\"4.4.1\"} --><\/p>\n","protected":false},"excerpt":{"rendered":"<p>Ein Fest f\u00fcr die ganze Region Perlenpracht in Perleberg: Brandenburg-Tag 2025 Foto: 24MORE Perleberg verwandelt sich vom 12. bis 14.\u2009September 2025 in eine gro\u00dfe B\u00fchne: Der Brandenburg-Tag bringt Kultur, Musik und Engagement in die Rolandstadt. Was Besucherinnen und Besucher erwartet. Mehr &#8230; Digitale Wege in der Versorgung Editorial Foto: PVU Liebe Leserinnen und Leser, unsere [&hellip;]<\/p>\n","protected":false},"author":1,"featured_media":0,"parent":0,"menu_order":0,"comment_status":"closed","ping_status":"closed","template":"","meta":{"footnotes":""},"class_list":["post-43","page","type-page","status-publish","hentry"],"yoast_head":"<!-- This site is optimized with the Yoast SEO plugin v26.9 - https:\/\/yoast.com\/product\/yoast-seo-wordpress\/ -->\n<title>PVU aktuell Mai 2025 - PVU aktuell<\/title>\n<meta name=\"description\" content=\"\u201ePVU aktuell\u201c \u2013 das E-Paper der Kundenzeitung der Prignitzer Energie- und Wasserversorgung GmbH. Mit Themen zu Energie, Trinkwasser, W\u00e4rmewende und Service in der Region.\" \/>\n<meta name=\"robots\" content=\"index, follow, max-snippet:-1, max-image-preview:large, max-video-preview:-1\" \/>\n<link rel=\"canonical\" href=\"https:\/\/stadtwerkezeitung.info\/pvu\/mai-2025\/\" \/>\n<meta property=\"og:locale\" content=\"en_US\" \/>\n<meta property=\"og:type\" content=\"article\" \/>\n<meta property=\"og:title\" content=\"PVU aktuell Mai 2025 - PVU aktuell\" \/>\n<meta property=\"og:description\" content=\"\u201ePVU aktuell\u201c \u2013 das E-Paper der Kundenzeitung der Prignitzer Energie- und Wasserversorgung GmbH. Mit Themen zu Energie, Trinkwasser, W\u00e4rmewende und Service in der Region.\" \/>\n<meta property=\"og:url\" content=\"https:\/\/stadtwerkezeitung.info\/pvu\/mai-2025\/\" \/>\n<meta property=\"og:site_name\" content=\"PVU aktuell\" \/>\n<meta property=\"article:modified_time\" content=\"2025-11-18T20:33:38+00:00\" \/>\n<meta name=\"twitter:card\" content=\"summary_large_image\" \/>\n<meta name=\"twitter:label1\" content=\"Est. reading time\" \/>\n\t<meta name=\"twitter:data1\" content=\"6 minutes\" \/>\n<script type=\"application\/ld+json\" class=\"yoast-schema-graph\">{\"@context\":\"https:\/\/schema.org\",\"@graph\":[{\"@type\":\"WebPage\",\"@id\":\"https:\/\/stadtwerkezeitung.info\/pvu\/mai-2025\/\",\"url\":\"https:\/\/stadtwerkezeitung.info\/pvu\/mai-2025\/\",\"name\":\"PVU aktuell Mai 2025 - PVU aktuell\",\"isPartOf\":{\"@id\":\"https:\/\/stadtwerkezeitung.info\/pvu\/#website\"},\"datePublished\":\"2025-05-23T10:31:24+00:00\",\"dateModified\":\"2025-11-18T20:33:38+00:00\",\"description\":\"\u201ePVU aktuell\u201c \u2013 das E-Paper der Kundenzeitung der Prignitzer Energie- und Wasserversorgung GmbH. Mit Themen zu Energie, Trinkwasser, W\u00e4rmewende und Service in der Region.\",\"breadcrumb\":{\"@id\":\"https:\/\/stadtwerkezeitung.info\/pvu\/mai-2025\/#breadcrumb\"},\"inLanguage\":\"en-US\",\"potentialAction\":[{\"@type\":\"ReadAction\",\"target\":[\"https:\/\/stadtwerkezeitung.info\/pvu\/mai-2025\/\"]}]},{\"@type\":\"BreadcrumbList\",\"@id\":\"https:\/\/stadtwerkezeitung.info\/pvu\/mai-2025\/#breadcrumb\",\"itemListElement\":[{\"@type\":\"ListItem\",\"position\":1,\"name\":\"Home\",\"item\":\"https:\/\/stadtwerkezeitung.info\/pvu\/\"},{\"@type\":\"ListItem\",\"position\":2,\"name\":\"PVU aktuell Mai 2025\"}]},{\"@type\":\"WebSite\",\"@id\":\"https:\/\/stadtwerkezeitung.info\/pvu\/#website\",\"url\":\"https:\/\/stadtwerkezeitung.info\/pvu\/\",\"name\":\"PVU aktuell\",\"description\":\"Ihre STADTWERKE ZEITUNG digital\",\"publisher\":{\"@id\":\"https:\/\/stadtwerkezeitung.info\/pvu\/#organization\"},\"inLanguage\":\"en-US\"},{\"@type\":\"Organization\",\"@id\":\"https:\/\/stadtwerkezeitung.info\/pvu\/#organization\",\"name\":\"PVU aktuell\",\"url\":\"https:\/\/stadtwerkezeitung.info\/pvu\/\",\"logo\":{\"@type\":\"ImageObject\",\"inLanguage\":\"en-US\",\"@id\":\"https:\/\/stadtwerkezeitung.info\/pvu\/#\/schema\/logo\/image\/\",\"url\":\"https:\/\/stadtwerkezeitung.info\/pvu\/wp-content\/uploads\/sites\/3\/2025\/01\/PVU_logo.png\",\"contentUrl\":\"https:\/\/stadtwerkezeitung.info\/pvu\/wp-content\/uploads\/sites\/3\/2025\/01\/PVU_logo.png\",\"width\":1045,\"height\":472,\"caption\":\"PVU aktuell\"},\"image\":{\"@id\":\"https:\/\/stadtwerkezeitung.info\/pvu\/#\/schema\/logo\/image\/\"}}]}<\/script>\n<!-- \/ Yoast SEO plugin. -->","yoast_head_json":{"title":"PVU aktuell Mai 2025 - PVU aktuell","description":"\u201ePVU aktuell\u201c \u2013 das E-Paper der Kundenzeitung der Prignitzer Energie- und Wasserversorgung GmbH. Mit Themen zu Energie, Trinkwasser, W\u00e4rmewende und Service in der Region.","robots":{"index":"index","follow":"follow","max-snippet":"max-snippet:-1","max-image-preview":"max-image-preview:large","max-video-preview":"max-video-preview:-1"},"canonical":"https:\/\/stadtwerkezeitung.info\/pvu\/mai-2025\/","og_locale":"en_US","og_type":"article","og_title":"PVU aktuell Mai 2025 - PVU aktuell","og_description":"\u201ePVU aktuell\u201c \u2013 das E-Paper der Kundenzeitung der Prignitzer Energie- und Wasserversorgung GmbH. Mit Themen zu Energie, Trinkwasser, W\u00e4rmewende und Service in der Region.","og_url":"https:\/\/stadtwerkezeitung.info\/pvu\/mai-2025\/","og_site_name":"PVU aktuell","article_modified_time":"2025-11-18T20:33:38+00:00","twitter_card":"summary_large_image","twitter_misc":{"Est. reading time":"6 minutes"},"schema":{"@context":"https:\/\/schema.org","@graph":[{"@type":"WebPage","@id":"https:\/\/stadtwerkezeitung.info\/pvu\/mai-2025\/","url":"https:\/\/stadtwerkezeitung.info\/pvu\/mai-2025\/","name":"PVU aktuell Mai 2025 - PVU aktuell","isPartOf":{"@id":"https:\/\/stadtwerkezeitung.info\/pvu\/#website"},"datePublished":"2025-05-23T10:31:24+00:00","dateModified":"2025-11-18T20:33:38+00:00","description":"\u201ePVU aktuell\u201c \u2013 das E-Paper der Kundenzeitung der Prignitzer Energie- und Wasserversorgung GmbH. Mit Themen zu Energie, Trinkwasser, W\u00e4rmewende und Service in der Region.","breadcrumb":{"@id":"https:\/\/stadtwerkezeitung.info\/pvu\/mai-2025\/#breadcrumb"},"inLanguage":"en-US","potentialAction":[{"@type":"ReadAction","target":["https:\/\/stadtwerkezeitung.info\/pvu\/mai-2025\/"]}]},{"@type":"BreadcrumbList","@id":"https:\/\/stadtwerkezeitung.info\/pvu\/mai-2025\/#breadcrumb","itemListElement":[{"@type":"ListItem","position":1,"name":"Home","item":"https:\/\/stadtwerkezeitung.info\/pvu\/"},{"@type":"ListItem","position":2,"name":"PVU aktuell Mai 2025"}]},{"@type":"WebSite","@id":"https:\/\/stadtwerkezeitung.info\/pvu\/#website","url":"https:\/\/stadtwerkezeitung.info\/pvu\/","name":"PVU aktuell","description":"Ihre STADTWERKE ZEITUNG digital","publisher":{"@id":"https:\/\/stadtwerkezeitung.info\/pvu\/#organization"},"inLanguage":"en-US"},{"@type":"Organization","@id":"https:\/\/stadtwerkezeitung.info\/pvu\/#organization","name":"PVU aktuell","url":"https:\/\/stadtwerkezeitung.info\/pvu\/","logo":{"@type":"ImageObject","inLanguage":"en-US","@id":"https:\/\/stadtwerkezeitung.info\/pvu\/#\/schema\/logo\/image\/","url":"https:\/\/stadtwerkezeitung.info\/pvu\/wp-content\/uploads\/sites\/3\/2025\/01\/PVU_logo.png","contentUrl":"https:\/\/stadtwerkezeitung.info\/pvu\/wp-content\/uploads\/sites\/3\/2025\/01\/PVU_logo.png","width":1045,"height":472,"caption":"PVU aktuell"},"image":{"@id":"https:\/\/stadtwerkezeitung.info\/pvu\/#\/schema\/logo\/image\/"}}]}},"_links":{"self":[{"href":"https:\/\/stadtwerkezeitung.info\/pvu\/wp-json\/wp\/v2\/pages\/43","targetHints":{"allow":["GET"]}}],"collection":[{"href":"https:\/\/stadtwerkezeitung.info\/pvu\/wp-json\/wp\/v2\/pages"}],"about":[{"href":"https:\/\/stadtwerkezeitung.info\/pvu\/wp-json\/wp\/v2\/types\/page"}],"author":[{"embeddable":true,"href":"https:\/\/stadtwerkezeitung.info\/pvu\/wp-json\/wp\/v2\/users\/1"}],"replies":[{"embeddable":true,"href":"https:\/\/stadtwerkezeitung.info\/pvu\/wp-json\/wp\/v2\/comments?post=43"}],"version-history":[{"count":21,"href":"https:\/\/stadtwerkezeitung.info\/pvu\/wp-json\/wp\/v2\/pages\/43\/revisions"}],"predecessor-version":[{"id":259,"href":"https:\/\/stadtwerkezeitung.info\/pvu\/wp-json\/wp\/v2\/pages\/43\/revisions\/259"}],"wp:attachment":[{"href":"https:\/\/stadtwerkezeitung.info\/pvu\/wp-json\/wp\/v2\/media?parent=43"}],"curies":[{"name":"wp","href":"https:\/\/api.w.org\/{rel}","templated":true}]}}