{"version":"1.0","provider_name":"UMschau Schwedt","provider_url":"https:\/\/stadtwerkezeitung.info\/schwedt","author_name":"admin","author_url":"https:\/\/stadtwerkezeitung.info\/schwedt\/author\/admin\/","title":"Das ist (ja wohl) die H\u00f6he! - UMschau Schwedt","type":"rich","width":600,"height":338,"html":"<blockquote class=\"wp-embedded-content\" data-secret=\"8MZvRujcwn\"><a href=\"https:\/\/stadtwerkezeitung.info\/schwedt\/2025\/08\/25\/schwedt-august-2025-raetsel\/\">Das ist (ja wohl) die H\u00f6he!<\/a><\/blockquote><iframe sandbox=\"allow-scripts\" security=\"restricted\" src=\"https:\/\/stadtwerkezeitung.info\/schwedt\/2025\/08\/25\/schwedt-august-2025-raetsel\/embed\/#?secret=8MZvRujcwn\" width=\"600\" height=\"338\" title=\"&#8220;Das ist (ja wohl) die H\u00f6he!&#8221; &#8212; UMschau Schwedt\" data-secret=\"8MZvRujcwn\" frameborder=\"0\" marginwidth=\"0\" marginheight=\"0\" scrolling=\"no\" class=\"wp-embedded-content\"><\/iframe><script>\n\/*! This file is auto-generated *\/\n!function(d,l){\"use strict\";l.querySelector&&d.addEventListener&&\"undefined\"!=typeof URL&&(d.wp=d.wp||{},d.wp.receiveEmbedMessage||(d.wp.receiveEmbedMessage=function(e){var t=e.data;if((t||t.secret||t.message||t.value)&&!\/[^a-zA-Z0-9]\/.test(t.secret)){for(var s,r,n,a=l.querySelectorAll('iframe[data-secret=\"'+t.secret+'\"]'),o=l.querySelectorAll('blockquote[data-secret=\"'+t.secret+'\"]'),c=new RegExp(\"^https?:$\",\"i\"),i=0;i<o.length;i++)o[i].style.display=\"none\";for(i=0;i<a.length;i++)s=a[i],e.source===s.contentWindow&&(s.removeAttribute(\"style\"),\"height\"===t.message?(1e3<(r=parseInt(t.value,10))?r=1e3:~~r<200&&(r=200),s.height=r):\"link\"===t.message&&(r=new URL(s.getAttribute(\"src\")),n=new URL(t.value),c.test(n.protocol))&&n.host===r.host&&l.activeElement===s&&(d.top.location.href=t.value))}},d.addEventListener(\"message\",d.wp.receiveEmbedMessage,!1),l.addEventListener(\"DOMContentLoaded\",function(){for(var e,t,s=l.querySelectorAll(\"iframe.wp-embedded-content\"),r=0;r<s.length;r++)(t=(e=s[r]).getAttribute(\"data-secret\"))||(t=Math.random().toString(36).substring(2,12),e.src+=\"#?secret=\"+t,e.setAttribute(\"data-secret\",t)),e.contentWindow.postMessage({message:\"ready\",secret:t},\"*\")},!1)))}(window,document);\n\/\/# sourceURL=https:\/\/stadtwerkezeitung.info\/schwedt\/wp-includes\/js\/wp-embed.min.js\n<\/script>\n","thumbnail_url":"https:\/\/stadtwerkezeitung.info\/schwedt\/wp-content\/uploads\/sites\/5\/2025\/08\/209_Teaser_Bild_Kutschenberg_03.jpeg","thumbnail_width":960,"thumbnail_height":1280,"description":"Die durchschnittliche H\u00f6he im Land Brandenburg betr\u00e4gt 68 Meter. Die M\u00e4rker \u00fcberragen damit die Hauptst\u00e4dter immerhin um ganze 21 Meter. Zu einem \u201eBergvolk\u201c macht sie das nat\u00fcrlich noch lange nicht. Beantworten Sie unsere Frage und gewinnen Sie attraktive Geldpreise."}