{"id":192,"date":"2025-08-25T07:59:50","date_gmt":"2025-08-25T07:59:50","guid":{"rendered":"https:\/\/stadtwerkezeitung.info\/schwedt\/?page_id=192"},"modified":"2025-08-28T10:11:41","modified_gmt":"2025-08-28T10:11:41","slug":"august-2025","status":"publish","type":"page","link":"https:\/\/stadtwerkezeitung.info\/schwedt\/august-2025\/","title":{"rendered":"UMschau Schwedt August 2025"},"content":{"rendered":"<div>\n<p>        <img decoding=\"async\" src=\"\/schwedt\/wp-content\/uploads\/sites\/5\/2025\/08\/102_Teaser__MG_2709_plus_NEU_neu.png\" alt=\"\"><\/p>\n<h2>Highspeed f\u00fcr das Zuhause auf Zeit<\/h2>\n<p>Stadtwerke-Giganetz: Glasfaser-L\u00f6sungen f\u00fcr alle Kunden<\/p>\n<div>\n<p><em><small>Fotos: SPREE-PR\/Petsch<\/small><\/em><\/p>\n<p>Seit 2019 haben die Stadtwerke Schwedt im Rahmen der Bundesf\u00f6rderung Glasfaser ihr Netz f\u00fcr Gigabitgeschwindigkeiten ger\u00fcstet. Seitdem wird das Giganetz mit eigenen Mitteln weiter ausgebaut \u2013 mit passenden L\u00f6sungen f\u00fcr alle Kunden. Das zeigt auch das Beispiel vom Mutter-Vater-Kind-Wohnen in Schwedt.<\/p>\n<\/div>\n<p><a href=\"\/schwedt\/2025\/08\/25\/highspeed-fuer-das-zuhause-auf-zeit\/\">Mehr &#8230;<\/a><\/p>\n<\/div>\n<hr>\n<div>\n<p>        <img decoding=\"async\" src=\"\/schwedt\/wp-content\/uploads\/sites\/5\/2025\/08\/102_Teaser__Aufmacher_y_MG_2728-scaled.jpg\" alt=\"\"><\/p>\n<h2>Auf die Pl\u00e4tze, fertig \u2013 los geht\u2019s zu sam und INKONTAKT<\/h2>\n<p>Studien-, Ausbildungs- und Wirtschaftsmesse<\/p>\n<div>\n<p><em><small>Foto: SPREE-PR\/Petsch<\/small><\/em><\/p>\n<p>Sie vertreiben Energie, vermarkten Telekommunikationsprodukte, betreiben ein Freizeitbad, sorgen f\u00fcr eine flimmernde Kinoleinwand und Wohlf\u00fchlatmosph\u00e4re am Campingplatz\u2026und sie planen den Messeauftritt des Unternehmensverbundes Stadtwerke Schwedt auf der diesj\u00e4hrigen Verbundmesse \u201esam meets INKONTAKT\u201c. <\/p>\n<\/div>\n<p><a href=\"\/schwedt\/2025\/08\/25\/studien-ausbildungs-und-wirtschaftsmesse\/\">Mehr &#8230;<\/a><\/p>\n<\/div>\n<hr>\n<div>\n<p>        <img decoding=\"async\" src=\"\/schwedt\/wp-content\/uploads\/sites\/5\/2025\/08\/103_Teaser_Bild_IMG_3312.jpg\" alt=\"\"><\/p>\n<h2>Neue Wasserkurse und Veranstaltungen im AquariUM<\/h2>\n<p>Mehr Schwimmen, mehr Bewegung<\/p>\n<div>\n<p><em><small>Foto: SWS<\/small><\/em><\/p>\n<p>F\u00fcr die kommende Herbst- und Wintersaison plant das Freizeitbad neue Kurse f\u00fcr Kita-Kinder und mehr Schwimmkurse f\u00fcr Kinder ab 5\u2009Jahren. Der Leiter Freizeiteinrichtungen beim Unternehmensverbund Stadtwerke Schwedt, Martin Grunert, gibt einen \u00dcberblick.<\/p>\n<\/div>\n<p><a href=\"\/schwedt\/2025\/08\/25\/neue-wasserkurse-und-veranstaltungen-im-aquarium\/\">Mehr &#8230;<\/a><\/p>\n<\/div>\n<hr>\n<hr>\n<div>\n<p>        <img decoding=\"async\" src=\"\/schwedt\/wp-content\/uploads\/sites\/5\/2025\/08\/105_Teaser_y_MG_2731.jpg\" alt=\"\"><\/p>\n<h2>Neuer Zweck statt einfach weg<\/h2>\n<p>Stadtwerke reichen mehr als 100 Notebooks weiter<\/p>\n<div>\n<p><em><small>Foto:  SPREE-PR\/Petsch<\/small><\/em><\/p>\n<p>Aktuell werden bei den Stadtwerken mehr als 100 Notebooks ausgetauscht, die nicht mehr alle technischen Anforderungen an Support und Sicherheit erf\u00fcllen. Die Stadtwerke entsorgen sie aber nicht, sondern erm\u00f6glichen eine neue Verwendung. Unter anderem zur Ausbildung von angehenden IT-Spezialisten in der Region.<\/p>\n<\/div>\n<p><a href=\"\/schwedt\/2025\/08\/25\/neuer-zweck-statt-einfach-weg\/\">Mehr &#8230;<\/a><\/p>\n<\/div>\n<hr>\n<div>\n<p>        <img decoding=\"async\" src=\"\/schwedt\/wp-content\/uploads\/sites\/5\/2025\/08\/106_Teaser_Keller_IMG_8046.jpg\" alt=\"\"><\/p>\n<h2>Mit selbstgebautem E-Rennwagen auf Europa-Tour<\/h2>\n<p>Dualstudent bei den Stadtwerken Schwedt<\/p>\n<div>\n<p><em><small>Foto: SWS<\/small><\/em><\/p>\n<p>W\u00e4hrend im franz\u00f6sischen Transpolis die Rennmotoren summen, fiebert Jakob Seib (24) mit: Gemeinsam mit seinem Baltic Racing Team misst er sich dort gerade (bis 31. August) bei der Formula Student France mit 32 Top-Teams aus aller Welt.<\/p>\n<\/div>\n<p><a href=\"\/schwedt\/2025\/08\/25\/mit-selbstgebautem-e-rennwagen-auf-europa-tour\/\">Mehr &#8230;<\/a><\/p>\n<\/div>\n<hr>\n<div>\n<p>        <img decoding=\"async\" src=\"\/schwedt\/wp-content\/uploads\/sites\/5\/2025\/08\/107_Teaser_Bild_y_MG_2742.jpg\" alt=\"\"><\/p>\n<h2>Zwischen Marketing und Matschpfoten<\/h2>\n<p>Die Gesichter des Unternehmensverbundes <\/p>\n<div>\n<p><em><small>Foto: SPREE-PR\/Petsch<\/small><\/em><\/p>\n<p>Die Mitarbeitenden des Unternehmensverbundes Stadtwerke Schwedt geben jeden Tag ihr Bestes \u2013 im Team, im Projekt und mit Blick auf den Kunden. Doch was passiert, wenn der Arbeitstag endet? In loser Folge stellen wir die Hobbys und Leidenschaften der Kollegen vor. Diesmal: Lara Jaksch, Marketingverantwortliche im Energiebereich bei den Stadtwerken.<\/p>\n<\/div>\n<p><a href=\"\/schwedt\/2025\/08\/25\/zwischen-marketing-und-matschpfoten\/\">Mehr &#8230;<\/a><\/p>\n<\/div>\n<hr>\n<div>\n<p>        <img decoding=\"async\" src=\"\/schwedt\/wp-content\/uploads\/sites\/5\/2025\/08\/108_Teaser_hafenSchwedt003-1.png\" alt=\"\"><\/p>\n<h2>Gewichtheber auf Schienen!<\/h2>\n<p>Schwerlast im Schwedter Hafen<\/p>\n<div>\n<p><em><small>Foto: Markus Voelter<\/small><\/em><\/p>\n<p>Gestatten, das ist einer der st\u00e4rksten Kollegen am Schwedter Hafen! Immer wenn hier Schwerlasten umgeschlagen werden wollen, steigen besondere Gewichtheber in den Ring!<\/p>\n<\/div>\n<p><a href=\"\/schwedt\/2025\/08\/25\/gewichtheber-auf-schienen\/\">Mehr &#8230;<\/a><\/p>\n<\/div>\n<hr>\n<div>\n<p>        <img decoding=\"async\" src=\"\/schwedt\/wp-content\/uploads\/sites\/5\/2025\/08\/109_Teaser_y_MG_2738.jpg\" alt=\"\"><\/p>\n<h2>Fernw\u00e4rmetrasse flott f\u00fcr Zukunft<\/h2>\n<p>Sanierung 60 Jahre alter Leitungen<\/p>\n<div>\n<p><em><small>Foto: SPREE-PR\/Petsch<\/small><\/em><\/p>\n<p>Seit Juli wird Am Kanal 1\u201310 eine rund 60 Jahre alte Fernw\u00e4rme-Hauptleitung im offenen Graben auf 210 Metern saniert.<\/p>\n<\/div>\n<p><a href=\"\/schwedt\/2025\/08\/25\/sanierung-60-jahre-alter-leitungen\/\">Mehr &#8230;<\/a><\/p>\n<\/div>\n<hr>\n<div>\n<p>        <img decoding=\"async\" src=\"\/schwedt\/wp-content\/uploads\/sites\/5\/2025\/08\/101_Teaser_Bildhirmfoto-2025-08-21-um-08.40.42.png\" alt=\"\"><\/p>\n<h2>Was hat sich schon bewegt?<\/h2>\n<p>Energiepolitik im Wandel<\/p>\n<div>\n<p><em><small>Grafik: SPREE-PR\/Uftring<\/small><\/em><\/p>\n<p>Die neue Bundesregierung ist nun \u00fcber 100\u202fTage im Amt. Union und SPD hatten im Koalitionsvertrag \u00fcber zwei Dutzend Energievorhaben vereinbart \u2013 aber was davon wurde schon umgesetzt? Und was ist in der Pipeline?<\/p>\n<\/div>\n<p><a href=\"\/schwedt\/2025\/08\/25\/energiepolitik-im-wandel\/\">Mehr &#8230;<\/a><\/p>\n<\/div>\n<div>Editorial<\/div>\n<div>\n<p>        <img decoding=\"async\" src=\"\/schwedt\/wp-content\/uploads\/sites\/5\/2025\/05\/201_Teaser_1GFDirk-Sasson_SWSchwedt.png\" alt=\"\"><\/p>\n<h2>Schwedt mischt mit!<\/h2>\n<p><small><em>Foto: SPREE-PR\/Arbeit<\/small><\/em><\/p>\n<div>\n<p>Liebe Leserinnen und Leser,<\/p>\n<p>die UMschau gibt es nun auch digital und kann bequem auf Smartphone oder Computer gelesen werden.<\/p>\n<\/div>\n<p><a href=\"\/schwedt\/2025\/08\/25\/schwedt-mischt-mit\/\">Mehr &#8230;<\/a><\/p>\n<\/div>\n<hr>\n<div>UMschau-TIPP mit Verlosung<\/div>\n<div>\n<p>        <img decoding=\"async\" src=\"\/schwedt\/wp-content\/uploads\/sites\/5\/2025\/08\/202_Teaser_Umscha_PL_Spur_der_Steine_web.jpg\" alt=\"\"><\/p>\n<h2>Wilder Westen im tiefsten Osten <\/h2>\n<p><small><em>Plakat: ubs<\/small><\/em><\/p>\n<div>\n<p>Die Inszenierung ist die letzte gro\u00dfe musikalische Produktion, die vor Sanierungsbeginn des Gro\u00dfen Hauses zu sehen sein wird. F\u00fcr die Vorstellung am Samstag, dem 11. Oktober 2025 um 19:30 Uhr, verlosen wir 2\u2009x\u20092\u2009Freikarten.<\/p>\n<\/div>\n<p><a href=\"\/schwedt\/2025\/08\/25\/wilder-westen-im-tiefsten-osten\/\">Mehr &#8230;<\/a><\/p>\n<\/div>\n<hr>\n<p><a href=\"\/schwedt\/wp-content\/uploads\/sites\/5\/2025\/08\/Bildschirmfoto-2025-08-21-um-16.24.51.png\"><img decoding=\"async\" src=\"\/schwedt\/wp-content\/uploads\/sites\/5\/2025\/08\/Bildschirmfoto-2025-08-21-um-16.24.51.png\" alt=\"\"><\/a><\/p>\n<hr>\n<div>Deutsche U23-Boxmeisterschaften<\/div>\n<div>\n<p>        <img decoding=\"async\" src=\"\/schwedt\/wp-content\/uploads\/sites\/5\/2025\/08\/204_Teaser_image002.jpg\" alt=\"\"><\/p>\n<h2>Schlagkr\u00e4ftige Unterst\u00fctzung<\/h2>\n<p><small><em>Foto: UBV 1948 Schwedt e.v.<\/small><\/em><\/p>\n<div>Vom 22. bis 25.\u2009Oktober fliegen in Schwedt die F\u00e4uste! Die Deutschen U23-Meisterschaften im Boxen stehen an \u2013 und versprechen Spannung pur!<\/div>\n<p><a href=\"\/schwedt\/2025\/08\/25\/deutsche-u23-boxmeisterschaften\/\">Mehr &#8230;<\/a><\/p>\n<\/div>\n<hr>\n<div>\n<p>    <!-- Modal Trigger --><br \/>\n<a href=\"#events-modal\" uk-toggle class=\"uk-link-reset\"><\/p>\n<div class=\"uk-card uk-card-default uk-box-shadow-large uk-box-shadow-hover-xlarge uk-padding-small\" style=\"margin: 20px;\">\n<div class=\"uk-grid-small uk-flex-middle\" uk-grid>\n<div class=\"uk-width-auto\">\n        <img loading=\"lazy\" decoding=\"async\" \n          src=\"https:\/\/stadtwerkezeitung.info\/schwedt\/wp-content\/uploads\/sites\/5\/2025\/05\/Logo-Infokasten-Events-termine-Kopf-s8-cropped.svg\"\n          alt=\"Events Logo\"\n          width=\"60\"\n          height=\"60\"\n          style=\"display: inline-block;\">\n      <\/div>\n<div class=\"uk-width-expand\">\n<h4 class=\"uk-margin-remove\">Events &#038; Termine<\/h4>\n<p class=\"uk-margin-remove\">Anstehende Veranstaltungen in der Region<\/p>\n<\/p><\/div>\n<\/p><\/div>\n<\/p><\/div>\n<p><\/a><\/p>\n<p><!-- Modal Content --><\/p>\n<div id=\"events-modal\" class=\"uk-modal\" uk-modal>\n<div class=\"uk-modal-dialog uk-modal-body uk-width-2-3@m uk-overflow-auto\">\n    <button class=\"uk-modal-close-default\" type=\"button\" uk-close><\/button><\/p>\n<div class=\"uk-section uk-section-muted uk-padding\">\n<div class=\"uk-container\">\n<p>        <!-- Grid: Logo next to heading --><\/p>\n<div class=\"uk-grid-small uk-flex-middle uk-margin-bottom\" uk-grid>\n<div class=\"uk-width-auto\">\n            <img loading=\"lazy\" decoding=\"async\" \n              src=\"https:\/\/stadtwerkezeitung.info\/schwedt\/wp-content\/uploads\/sites\/5\/2025\/05\/Logo-Infokasten-Events-termine-Kopf-s8-cropped.svg\"\n              alt=\"Events Logo\"\n              width=\"80\"\n              height=\"80\"\n              style=\"display: inline-block;\">\n          <\/div>\n<div class=\"uk-width-expand\">\n<h3 class=\"uk-heading-divider uk-margin-remove-bottom\">Events &#038; Termine<\/h3>\n<\/p><\/div>\n<\/p><\/div>\n<p>        <!-- BEGIN EVENTS LIST --><\/p>\n<dl class=\"uk-description-list uk-description-list-divider\">\n<dt>5. September, 18 Uhr<\/dt>\n<dd>WOBAG Kino-Open-Air in der Robert-Koch-Stra\u00dfe, mit mobiler Leinwand des FilmforUM Schwedt.<\/dd>\n<dt>11. \u2013 13. September<\/dt>\n<dd>Schwedter Ausbildungsmesse am (Do 12\u2009\u2013\u200919 Uhr, Fr 9\u2009\u2013\u200913 Uhr) und Wirtschaftsmesse INKONTAKT + Maker Faire \u00ae (Sa 10\u2009\u2013\u200918 Uhr), Eintritt frei.<\/dd>\n<dt>13. September 2025, 19:30 Uhr<\/dt>\n<dd>Stadtwerke Open-Air im Rahmen der INKONTAKT, \u201eDas Kanu des Manitu\u201c, Vorplatz Odertalb\u00fchne der ubs, Eintritt frei.<\/dd>\n<dt>15. September, 18 Uhr<\/dt>\n<dd>Montagskonzert im Berlischky-Pavillon. Eintritt: 10 \u20ac, erm. 7,50 \u20ac.<\/dd>\n<dt>18. September, 10 Uhr<\/dt>\n<dd>Das Berliner Spatzenkino gastiert im Schwedter FilmforUM. Moderiertes Programm f\u00fcr Kinder ab 4 Jahren (45 Minuten). Eintritt: 2 \u20ac.<\/dd>\n<dt>11. Oktober, 11 \u2013 17 Uhr<\/dt>\n<dd>KulinariUM, die Messe rund um regionale K\u00f6stlichkeiten, ubs, Eintritt: 3 \u20ac.<\/dd>\n<dt>19. Oktober, 6:30 \u2013 9:30 Uhr<\/dt>\n<dd>RangerTour: &#8220;Wer r\u00fclpst hier im Wald?&#8221; \u2013 morgendliche Wanderung zur Damwildbrunft. Anmeldung bis Do., 16.10. (5\u201315 Teilnehmende), Tel. 03332 267711, kostenfrei.<\/dd>\n<\/dl>\n<p>        <!-- END EVENTS LIST --><\/p><\/div>\n<\/p><\/div>\n<\/p><\/div>\n<\/div>\n<\/div>\n<hr>\n<div>Gro\u00dfe Pl\u00e4ne auf zwei R\u00e4der<\/div>\n<div>\n<p>        <img decoding=\"async\" src=\"\/schwedt\/wp-content\/uploads\/sites\/5\/2025\/08\/206_Teaser_y_MG_2817.jpg\" alt=\"\"><\/p>\n<h2>Stadtwerke bringen Motorsport-Nachwuchs auf Touren<\/h2>\n<p><small><em>Foto: SPREE-PR\/Petsch<\/small><\/em><\/p>\n<div>Mit lautem R\u00f6hren erklimmt Lina einen steilen H\u00fcgel, setzt zur Kurve an und die Reifen graben sich kurz in den Sandboden. Die 14-J\u00e4hrige ist ganz in ihrem Element \u2013 nat\u00fcrlich in Helm, Stiefel, Schutzkleidung.<\/div>\n<p><a href=\"\/schwedt\/2025\/08\/25\/stadtwerke-bringen-motorsport-nachwuchs-auf-touren\/\">Mehr  &#8230;<\/a><\/p>\n<\/div>\n<hr>\n<div>Simsonwerkstatt f\u00fcr Jugendliche<\/div>\n<div>\n<p>        <img decoding=\"async\" src=\"\/schwedt\/wp-content\/uploads\/sites\/5\/2025\/08\/104_Teaser_Bild_y_MG_2842.jpg\" alt=\"\"><\/p>\n<h2>Mach die Schwalbe!<\/h2>\n<div>\n<p><em><small>Foto: SPREE-PR\/Petsch<\/small><\/em><\/p>\n<p>Jeden Dienstag ab 14:30 Uhr treffen sich Jette, Joyce, Lucas, Florian, Hannes und Vinzent in einer Werkstatt in Schwedt, um gemeinsam alte Simson-Mopeds wieder flott zu machen. Sie sind der harte Kern einer Moped-AG, die im Januar an den Start ging.<\/p>\n<\/div>\n<p><a href=\"\/schwedt\/2025\/08\/25\/mach-die-schwalbe\/\">Mehr &#8230;<\/a><\/p>\n<\/div>\n<hr>\n<div>\n<p>        <img decoding=\"async\" src=\"\/schwedt\/wp-content\/uploads\/sites\/5\/2025\/05\/National-Park-Ecke-cropped.svg\" alt=\"\"><\/p>\n<p>was gibt\u2019s Sch\u00f6neres als einen Herbstspaziergang im bunten Bl\u00e4tterwald?<\/p>\n<div>\n<p>Liebe Freunde des Nationalparks,<\/p>\n<\/p>\n<\/div>\n<p><a href=\"\/schwedt\/2025\/08\/25\/nationalpark-ecke-august-2025\/\">Mehr &#8230;<\/a><\/p>\n<\/div>\n<hr>\n<div>Die Letzten ihrer Zunft: Wandersch\u00e4fer<\/div>\n<div>\n<p>        <img decoding=\"async\" src=\"\/schwedt\/wp-content\/uploads\/sites\/5\/2025\/08\/208_Teaser_Bild_DSC_9669.jpg\" alt=\"\"><\/p>\n<h2>Der Sch\u00e4fer und seine wolligen Weltverbesserer<\/h2>\n<p><small><em>Foto: SPREE-PR\/Krone<\/small><\/em><\/p>\n<div>Er wei\u00df, was die Welt im Innersten zusammenh\u00e4lt, denn Jonas Scholz hat Chemie studiert. Doch als er vor sechs Jahren lernen wollte, wie er seine drei Schafe scheren kann, hat er seine wirkliche Berufung im Leben gefunden.<\/div>\n<p><a href=\"\/schwedt\/2025\/08\/25\/der-schaefer-und-seine-wolligen-weltverbesserer\/\">Mehr &#8230;<\/a><\/p>\n<\/div>\n<hr>\n<div>R\u00e4tsel<\/div>\n<div>\n<p>        <img decoding=\"async\" src=\"\/schwedt\/wp-content\/uploads\/sites\/5\/2025\/08\/209_Teaser_Bild_Kutschenberg_03.jpeg\" alt=\"\"><\/p>\n<h2>Das ist (ja wohl) die H\u00f6he!<\/h2>\n<p><small><em>Foto: Wikimedia Commons\/Stefan K\u00fchn (CC BY-SA 4.0) <\/small><\/em><\/p>\n<div>Die durchschnittliche H\u00f6he im Land Brandenburg betr\u00e4gt 68 Meter. Die M\u00e4rker \u00fcberragen damit die Hauptst\u00e4dter immerhin um ganze 21 Meter. Zu einem \u201eBergvolk\u201c macht sie das nat\u00fcrlich noch lange nicht.  Beantworten Sie unsere Frage und gewinnen Sie attraktive Geldpreise.<\/div>\n<p><a href=\"\/schwedt\/2025\/08\/25\/schwedt-august-2025-raetsel\/\">Mehr &#8230;<\/a><\/p>\n<\/div>\n<hr>\n<div>Kinderecke: Experiment<\/div>\n<div>\n<p>        <img decoding=\"async\" src=\"\/schwedt\/wp-content\/uploads\/sites\/5\/2025\/08\/6_Experiment_Wasser_Folie_3-scaled.jpg\" alt=\"\"><\/p>\n<h2>Auslaufsicher! Luftdruck h\u00e4lt Wasser kopf\u00fcber im Glas<\/h2>\n<p><small><em>Foto: SPREE-PR\/Hultzsch<\/small><\/em><\/p>\n<div>Oh Mann, schon wieder aus Versehen ein Glas auf dem Tisch umgesto\u00dfen! Schnell aufwischen, damit es nicht noch auf den Boden kleckert! Aber es gibt auch Gl\u00e4ser, die dreht man auf den Kopf und das Wasser bleibt drin.<\/div>\n<p><a href=\"\/schwedt\/2025\/08\/25\/kinderecke-experiment\/\">Mehr &#8230;<\/a><\/p>\n<\/div>\n<p><!--more--><br \/>\n<!-- {\"type\":\"layout\",\"children\":[{\"type\":\"section\",\"props\":{\"image_position\":\"center-center\",\"padding_remove_top\":true,\"style\":\"default\",\"title_breakpoint\":\"xl\",\"title_position\":\"top-left\",\"title_rotation\":\"left\",\"vertical_align\":\"\",\"width\":\"default\"},\"children\":[{\"type\":\"row\",\"props\":{\"column_gap\":\"small\",\"divider\":true,\"layout\":\"2-3,1-3\",\"margin_remove_top\":true,\"width\":\"large\"},\"children\":[{\"type\":\"column\",\"props\":{\"html_element\":\"article\",\"image_position\":\"center-center\",\"position_sticky_breakpoint\":\"m\",\"width_medium\":\"2-3\"},\"children\":[{\"type\":\"panel\",\"props\":{\"content\":\"\n\n<p><em><small>Fotos: SPREE-PR\\\/Petsch<\\\/small><\\\/em><\\\/p>\\n\n\n<p>Seit 2019 haben die Stadtwerke Schwedt im Rahmen der Bundesf\\u00f6rderung Glasfaser ihr Netz f\\u00fcr Gigabitgeschwindigkeiten ger\\u00fcstet. Seitdem wird das Giganetz mit eigenen Mitteln weiter ausgebaut \\u2013 mit passenden L\\u00f6sungen f\\u00fcr alle Kunden. Das zeigt auch das Beispiel vom Mutter-Vater-Kind-Wohnen in Schwedt.<\\\/p>\",\"content_column_breakpoint\":\"m\",\"content_margin\":\"remove\",\"icon_width\":80,\"image\":\"wp-content\\\/uploads\\\/sites\\\/5\\\/2025\\\/08\\\/102_Teaser__MG_2709_plus_NEU_neu.png\",\"image_align\":\"between\",\"image_grid_breakpoint\":\"m\",\"image_grid_width\":\"1-2\",\"image_link\":true,\"image_svg_color\":\"emphasis\",\"link\":\"2025\\\/08\\\/25\\\/highspeed-fuer-das-zuhause-auf-zeit\\\/\",\"link_style\":\"default\",\"link_text\":\"Mehr ...\",\"margin\":\"default\",\"meta\":\"Stadtwerke-Giganetz: Glasfaser-L\\u00f6sungen f\\u00fcr alle Kunden\",\"meta_align\":\"above-title\",\"meta_element\":\"div\",\"meta_style\":\"h6\",\"title\":\"Highspeed f\\u00fcr das Zuhause auf Zeit\",\"title_align\":\"top\",\"title_element\":\"h2\",\"title_grid_breakpoint\":\"m\",\"title_grid_width\":\"1-2\",\"title_hover_style\":\"heading\",\"title_link\":true,\"title_margin\":\"small\",\"title_style\":\"h3\"}},{\"type\":\"divider\",\"props\":{\"divider_element\":\"hr\",\"margin\":\"small\"}},{\"type\":\"panel\",\"props\":{\"content\":\"\n\n<p><em><small>Foto: SPREE-PR\\\/Petsch<\\\/small><\\\/em><\\\/p>\\n\n\n<p>Sie vertreiben Energie, vermarkten Telekommunikationsprodukte, betreiben ein Freizeitbad, sorgen f\\u00fcr eine flimmernde Kinoleinwand und Wohlf\\u00fchlatmosph\\u00e4re am Campingplatz\\u2026und sie planen den Messeauftritt des Unternehmensverbundes Stadtwerke Schwedt auf der diesj\\u00e4hrigen Verbundmesse \\u201esam meets INKONTAKT\\u201c. <\\\/p>\",\"content_column_breakpoint\":\"m\",\"content_margin\":\"remove\",\"icon_width\":80,\"image\":\"wp-content\\\/uploads\\\/sites\\\/5\\\/2025\\\/08\\\/102_Teaser__Aufmacher_y_MG_2728-scaled.jpg\",\"image_align\":\"between\",\"image_grid_breakpoint\":\"m\",\"image_grid_width\":\"1-2\",\"image_link\":true,\"image_svg_color\":\"emphasis\",\"link\":\"2025\\\/08\\\/25\\\/studien-ausbildungs-und-wirtschaftsmesse\\\/\",\"link_style\":\"default\",\"link_text\":\"Mehr ...\",\"margin\":\"default\",\"meta\":\"Studien-, Ausbildungs- und Wirtschaftsmesse\",\"meta_align\":\"above-title\",\"meta_element\":\"div\",\"meta_style\":\"h6\",\"title\":\"Auf die Pl\\u00e4tze, fertig \\u2013 los geht\\u2019s zu sam und INKONTAKT\",\"title_align\":\"top\",\"title_element\":\"h2\",\"title_grid_breakpoint\":\"m\",\"title_grid_width\":\"1-2\",\"title_hover_style\":\"heading\",\"title_link\":true,\"title_margin\":\"small\",\"title_style\":\"h3\"}},{\"type\":\"divider\",\"props\":{\"divider_element\":\"hr\",\"margin\":\"small\"}},{\"type\":\"panel\",\"props\":{\"content\":\"\n\n<p><em><small>Foto: SWS<\\\/small><\\\/em><\\\/p>\\n\n\n<p>F\\u00fcr die kommende Herbst- und Wintersaison plant das Freizeitbad neue Kurse f\\u00fcr Kita-Kinder und mehr Schwimmkurse f\\u00fcr Kinder ab 5\\u2009Jahren. Der Leiter Freizeiteinrichtungen beim Unternehmensverbund Stadtwerke Schwedt, Martin Grunert, gibt einen \\u00dcberblick.<\\\/p>\",\"content_column_breakpoint\":\"m\",\"content_margin\":\"remove\",\"icon_width\":80,\"image\":\"wp-content\\\/uploads\\\/sites\\\/5\\\/2025\\\/08\\\/103_Teaser_Bild_IMG_3312.jpg\",\"image_align\":\"between\",\"image_grid_breakpoint\":\"m\",\"image_grid_width\":\"1-2\",\"image_link\":true,\"image_svg_color\":\"emphasis\",\"link\":\"2025\\\/08\\\/25\\\/neue-wasserkurse-und-veranstaltungen-im-aquarium\\\/\",\"link_style\":\"default\",\"link_text\":\"Mehr ...\",\"margin\":\"default\",\"meta\":\"Mehr Schwimmen, mehr Bewegung\",\"meta_align\":\"above-title\",\"meta_element\":\"div\",\"meta_style\":\"h6\",\"title\":\"Neue Wasserkurse und Veranstaltungen im AquariUM\",\"title_align\":\"top\",\"title_element\":\"h2\",\"title_grid_breakpoint\":\"m\",\"title_grid_width\":\"1-2\",\"title_hover_style\":\"heading\",\"title_link\":true,\"title_margin\":\"small\",\"title_style\":\"h3\"}},{\"type\":\"divider\",\"props\":{\"divider_element\":\"hr\",\"margin\":\"small\"}},{\"type\":\"divider\",\"props\":{\"divider_element\":\"hr\",\"margin\":\"small\"}},{\"type\":\"panel\",\"props\":{\"content\":\"\n\n<p><em><small>Foto:  SPREE-PR\\\/Petsch<\\\/small><\\\/em><\\\/p>\\n\n\n<p>Aktuell werden bei den Stadtwerken mehr als 100 Notebooks ausgetauscht, die nicht mehr alle technischen Anforderungen an Support und Sicherheit erf\\u00fcllen. Die Stadtwerke entsorgen sie aber nicht, sondern erm\\u00f6glichen eine neue Verwendung. Unter anderem zur Ausbildung von angehenden IT-Spezialisten in der Region.<\\\/p>\",\"content_column_breakpoint\":\"m\",\"content_margin\":\"remove\",\"icon_width\":80,\"image\":\"wp-content\\\/uploads\\\/sites\\\/5\\\/2025\\\/08\\\/105_Teaser_y_MG_2731.jpg\",\"image_align\":\"between\",\"image_grid_breakpoint\":\"m\",\"image_grid_width\":\"1-2\",\"image_link\":true,\"image_svg_color\":\"emphasis\",\"link\":\"2025\\\/08\\\/25\\\/neuer-zweck-statt-einfach-weg\\\/\",\"link_style\":\"default\",\"link_text\":\"Mehr ...\",\"margin\":\"default\",\"meta\":\"Stadtwerke reichen mehr als 100 Notebooks weiter\",\"meta_align\":\"above-title\",\"meta_element\":\"div\",\"meta_style\":\"h6\",\"title\":\"Neuer Zweck statt einfach weg\",\"title_align\":\"top\",\"title_element\":\"h2\",\"title_grid_breakpoint\":\"m\",\"title_grid_width\":\"1-2\",\"title_hover_style\":\"heading\",\"title_link\":true,\"title_margin\":\"small\",\"title_style\":\"h3\"}},{\"type\":\"divider\",\"props\":{\"divider_element\":\"hr\",\"margin\":\"small\"}},{\"type\":\"panel\",\"props\":{\"content\":\"\n\n<p><em><small>Foto: SWS<\\\/small><\\\/em><\\\/p>\\n\n\n<p>W\\u00e4hrend im franz\\u00f6sischen Transpolis die Rennmotoren summen, fiebert Jakob Seib (24) mit: Gemeinsam mit seinem Baltic Racing Team misst er sich dort gerade (bis 31. August) bei der Formula Student France mit 32 Top-Teams aus aller Welt.<\\\/p>\",\"content_column_breakpoint\":\"m\",\"content_margin\":\"remove\",\"icon_width\":80,\"image\":\"wp-content\\\/uploads\\\/sites\\\/5\\\/2025\\\/08\\\/106_Teaser_Keller_IMG_8046.jpg\",\"image_align\":\"between\",\"image_grid_breakpoint\":\"m\",\"image_grid_width\":\"1-2\",\"image_link\":true,\"image_svg_color\":\"emphasis\",\"link\":\"2025\\\/08\\\/25\\\/mit-selbstgebautem-e-rennwagen-auf-europa-tour\\\/\",\"link_style\":\"default\",\"link_text\":\"Mehr ...\",\"margin\":\"default\",\"meta\":\"Dualstudent bei den Stadtwerken Schwedt\",\"meta_align\":\"above-title\",\"meta_element\":\"div\",\"meta_style\":\"h6\",\"title\":\"Mit selbstgebautem E-Rennwagen auf Europa-Tour\",\"title_align\":\"top\",\"title_element\":\"h2\",\"title_grid_breakpoint\":\"m\",\"title_grid_width\":\"1-2\",\"title_hover_style\":\"heading\",\"title_link\":true,\"title_margin\":\"small\",\"title_style\":\"h3\"}},{\"type\":\"divider\",\"props\":{\"divider_element\":\"hr\",\"margin\":\"small\"}},{\"type\":\"panel\",\"props\":{\"content\":\"\n\n<p><em><small>Foto: SPREE-PR\\\/Petsch<\\\/small><\\\/em><\\\/p>\\n\n\n<p>Die Mitarbeitenden des Unternehmensverbundes Stadtwerke Schwedt geben jeden Tag ihr Bestes \\u2013 im Team, im Projekt und mit Blick auf den Kunden. Doch was passiert, wenn der Arbeitstag endet? In loser Folge stellen wir die Hobbys und Leidenschaften der Kollegen vor. Diesmal: Lara Jaksch, Marketingverantwortliche im Energiebereich bei den Stadtwerken.<\\\/p>\",\"content_column_breakpoint\":\"m\",\"content_margin\":\"remove\",\"icon_width\":80,\"image\":\"wp-content\\\/uploads\\\/sites\\\/5\\\/2025\\\/08\\\/107_Teaser_Bild_y_MG_2742.jpg\",\"image_align\":\"between\",\"image_grid_breakpoint\":\"m\",\"image_grid_width\":\"1-2\",\"image_link\":true,\"image_svg_color\":\"emphasis\",\"link\":\"2025\\\/08\\\/25\\\/zwischen-marketing-und-matschpfoten\\\/\",\"link_style\":\"default\",\"link_text\":\"Mehr ...\",\"margin\":\"default\",\"meta\":\"Die Gesichter des Unternehmensverbundes \",\"meta_align\":\"above-title\",\"meta_element\":\"div\",\"meta_style\":\"h6\",\"title\":\"Zwischen Marketing und Matschpfoten\",\"title_align\":\"top\",\"title_element\":\"h2\",\"title_grid_breakpoint\":\"m\",\"title_grid_width\":\"1-2\",\"title_hover_style\":\"heading\",\"title_link\":true,\"title_margin\":\"small\",\"title_style\":\"h3\"}},{\"type\":\"divider\",\"props\":{\"divider_element\":\"hr\",\"margin\":\"small\"}},{\"type\":\"panel\",\"props\":{\"content\":\"\n\n<p><em><small>Foto: Markus Voelter<\\\/small><\\\/em><\\\/p>\\n\n\n<p>Gestatten, das ist einer der st\\u00e4rksten Kollegen am Schwedter Hafen! Immer wenn hier Schwerlasten umgeschlagen werden wollen, steigen besondere Gewichtheber in den Ring!<\\\/p>\",\"content_column_breakpoint\":\"m\",\"content_margin\":\"remove\",\"icon_width\":80,\"image\":\"wp-content\\\/uploads\\\/sites\\\/5\\\/2025\\\/08\\\/108_Teaser_hafenSchwedt003-1.png\",\"image_align\":\"between\",\"image_grid_breakpoint\":\"m\",\"image_grid_width\":\"1-2\",\"image_link\":true,\"image_svg_color\":\"emphasis\",\"link\":\"2025\\\/08\\\/25\\\/gewichtheber-auf-schienen\\\/\",\"link_style\":\"default\",\"link_text\":\"Mehr ...\",\"margin\":\"default\",\"meta\":\"Schwerlast im Schwedter Hafen\",\"meta_align\":\"above-title\",\"meta_element\":\"div\",\"meta_style\":\"h6\",\"title\":\"Gewichtheber auf Schienen!\",\"title_align\":\"top\",\"title_element\":\"h2\",\"title_grid_breakpoint\":\"m\",\"title_grid_width\":\"1-2\",\"title_hover_style\":\"heading\",\"title_link\":true,\"title_margin\":\"small\",\"title_style\":\"h3\"}},{\"type\":\"divider\",\"props\":{\"divider_element\":\"hr\",\"margin\":\"small\"}},{\"type\":\"panel\",\"props\":{\"content\":\"\n\n<p><em><small>Foto: SPREE-PR\\\/Petsch<\\\/small><\\\/em><\\\/p>\\n\n\n<p>Seit Juli wird Am Kanal 1\\u201310 eine rund 60 Jahre alte Fernw\\u00e4rme-Hauptleitung im offenen Graben auf 210 Metern saniert.<\\\/p>\",\"content_column_breakpoint\":\"m\",\"content_margin\":\"remove\",\"icon_width\":80,\"image\":\"wp-content\\\/uploads\\\/sites\\\/5\\\/2025\\\/08\\\/109_Teaser_y_MG_2738.jpg\",\"image_align\":\"between\",\"image_grid_breakpoint\":\"m\",\"image_grid_width\":\"1-2\",\"image_link\":true,\"image_svg_color\":\"emphasis\",\"link\":\"2025\\\/08\\\/25\\\/sanierung-60-jahre-alter-leitungen\\\/\",\"link_style\":\"default\",\"link_text\":\"Mehr ...\",\"margin\":\"default\",\"meta\":\"Sanierung 60 Jahre alter Leitungen\",\"meta_align\":\"above-title\",\"meta_element\":\"div\",\"meta_style\":\"h6\",\"title\":\"Fernw\\u00e4rmetrasse flott f\\u00fcr Zukunft\",\"title_align\":\"top\",\"title_element\":\"h2\",\"title_grid_breakpoint\":\"m\",\"title_grid_width\":\"1-2\",\"title_hover_style\":\"heading\",\"title_link\":true,\"title_margin\":\"small\",\"title_style\":\"h3\"}},{\"type\":\"divider\",\"props\":{\"divider_element\":\"hr\",\"margin\":\"small\"}},{\"type\":\"panel\",\"props\":{\"content\":\"\n\n<p><em><small>Grafik: SPREE-PR\\\/Uftring<\\\/small><\\\/em><\\\/p>\\n\n\n<p>Die neue Bundesregierung ist nun \\u00fcber 100\\u202fTage im Amt. Union und SPD hatten im Koalitionsvertrag \\u00fcber zwei Dutzend Energievorhaben vereinbart \\u2013 aber was davon wurde schon umgesetzt? Und was ist in der Pipeline?<\\\/p>\",\"content_column_breakpoint\":\"m\",\"content_margin\":\"remove\",\"icon_width\":80,\"image\":\"wp-content\\\/uploads\\\/sites\\\/5\\\/2025\\\/08\\\/101_Teaser_Bildhirmfoto-2025-08-21-um-08.40.42.png\",\"image_align\":\"between\",\"image_grid_breakpoint\":\"m\",\"image_grid_width\":\"1-2\",\"image_link\":true,\"image_svg_color\":\"emphasis\",\"link\":\"2025\\\/08\\\/25\\\/energiepolitik-im-wandel\\\/\",\"link_style\":\"default\",\"link_text\":\"Mehr ...\",\"margin\":\"default\",\"meta\":\"Energiepolitik im Wandel\",\"meta_align\":\"above-title\",\"meta_element\":\"div\",\"meta_style\":\"h6\",\"title\":\"Was hat sich schon bewegt?\",\"title_align\":\"top\",\"title_element\":\"h2\",\"title_grid_breakpoint\":\"m\",\"title_grid_width\":\"1-2\",\"title_hover_style\":\"heading\",\"title_link\":true,\"title_margin\":\"small\",\"title_style\":\"h3\"}}]},{\"type\":\"column\",\"props\":{\"html_element\":\"article\",\"image_position\":\"center-center\",\"position_sticky_breakpoint\":\"m\",\"width_medium\":\"1-3\"},\"children\":[{\"type\":\"headline\",\"props\":{\"content\":\"Editorial\",\"title_element\":\"div\",\"title_style\":\"h6\"}},{\"type\":\"panel\",\"props\":{\"content\":\"\n\n<p>Liebe Leserinnen und Leser,<br \\\/><br \\\/>die UMschau gibt es nun auch digital und kann bequem auf Smartphone oder Computer gelesen werden.<\\\/p>\",\"content_column_breakpoint\":\"m\",\"content_margin\":\"small\",\"icon_width\":80,\"image\":\"wp-content\\\/uploads\\\/sites\\\/5\\\/2025\\\/05\\\/201_Teaser_1GFDirk-Sasson_SWSchwedt.png\",\"image_align\":\"between\",\"image_grid_breakpoint\":\"m\",\"image_grid_width\":\"1-2\",\"image_link\":true,\"image_loading\":true,\"image_svg_color\":\"emphasis\",\"link\":\"2025\\\/08\\\/25\\\/schwedt-mischt-mit\\\/\",\"link_style\":\"default\",\"link_text\":\"Mehr ...\",\"margin\":\"small\",\"meta\":\"<small><em>Foto: SPREE-PR\\\/Arbeit<\\\/small><\\\/em>\",\"meta_align\":\"above-content\",\"meta_color\":\"muted\",\"meta_element\":\"div\",\"meta_margin\":\"remove\",\"meta_style\":\"text-small\",\"title\":\"Schwedt mischt mit!\",\"title_align\":\"top\",\"title_element\":\"h2\",\"title_grid_breakpoint\":\"m\",\"title_grid_width\":\"1-2\",\"title_hover_style\":\"heading\",\"title_link\":true,\"title_margin\":\"small\",\"title_style\":\"h4\"}},{\"type\":\"divider\",\"props\":{\"divider_element\":\"hr\",\"margin\":\"small\"}},{\"type\":\"headline\",\"props\":{\"content\":\"UMschau-TIPP mit Verlosung\",\"margin\":\"default\",\"margin_remove_top\":false,\"title_element\":\"div\",\"title_style\":\"h6\"}},{\"type\":\"panel\",\"props\":{\"content\":\"\n\n<p>Die Inszenierung ist die letzte gro\\u00dfe musikalische Produktion, die vor Sanierungsbeginn des Gro\\u00dfen Hauses zu sehen sein wird. F\\u00fcr die Vorstellung am Samstag, dem 11. Oktober 2025 um 19:30 Uhr, verlosen wir 2\\u2009x\\u20092\\u2009Freikarten.<\\\/p>\",\"content_column_breakpoint\":\"m\",\"content_margin\":\"small\",\"icon_width\":80,\"image\":\"wp-content\\\/uploads\\\/sites\\\/5\\\/2025\\\/08\\\/202_Teaser_Umscha_PL_Spur_der_Steine_web.jpg\",\"image_align\":\"between\",\"image_grid_breakpoint\":\"m\",\"image_grid_width\":\"1-2\",\"image_link\":true,\"image_loading\":true,\"image_svg_color\":\"emphasis\",\"link\":\"2025\\\/08\\\/25\\\/wilder-westen-im-tiefsten-osten\\\/\",\"link_style\":\"default\",\"link_text\":\"Mehr ...\",\"margin\":\"small\",\"meta\":\"<small><em>Plakat: ubs<\\\/small><\\\/em>\",\"meta_align\":\"above-content\",\"meta_color\":\"muted\",\"meta_element\":\"div\",\"meta_margin\":\"remove\",\"meta_style\":\"text-small\",\"title\":\"Wilder Westen im tiefsten Osten \",\"title_align\":\"top\",\"title_element\":\"h2\",\"title_grid_breakpoint\":\"m\",\"title_grid_width\":\"1-2\",\"title_hover_style\":\"heading\",\"title_link\":true,\"title_margin\":\"small\",\"title_style\":\"h4\"}},{\"type\":\"divider\",\"props\":{\"divider_element\":\"hr\",\"margin\":\"small\"}},{\"type\":\"image\",\"props\":{\"image\":\"wp-content\\\/uploads\\\/sites\\\/5\\\/2025\\\/08\\\/Bildschirmfoto-2025-08-21-um-16.24.51.png\",\"image_box_shadow\":\"large\",\"image_hover_box_shadow\":\"xlarge\",\"image_svg_color\":\"emphasis\",\"link\":\"wp-content\\\/uploads\\\/sites\\\/5\\\/2025\\\/08\\\/Bildschirmfoto-2025-08-21-um-16.24.51.png\",\"link_target\":\"modal\",\"margin\":\"default\"}},{\"type\":\"divider\",\"props\":{\"divider_element\":\"hr\",\"margin\":\"small\"}},{\"type\":\"headline\",\"props\":{\"content\":\"Deutsche U23-Boxmeisterschaften\",\"margin\":\"default\",\"title_element\":\"div\",\"title_style\":\"h6\"}},{\"type\":\"panel\",\"props\":{\"content\":\"Vom 22. bis 25.\\u2009Oktober fliegen in Schwedt die F\\u00e4uste! Die Deutschen U23-Meisterschaften im Boxen stehen an \\u2013 und versprechen Spannung pur!\",\"content_column_breakpoint\":\"m\",\"content_margin\":\"small\",\"icon_width\":80,\"image\":\"wp-content\\\/uploads\\\/sites\\\/5\\\/2025\\\/08\\\/204_Teaser_image002.jpg\",\"image_align\":\"between\",\"image_grid_breakpoint\":\"m\",\"image_grid_width\":\"1-2\",\"image_link\":true,\"image_loading\":true,\"image_svg_color\":\"emphasis\",\"link\":\"2025\\\/08\\\/25\\\/deutsche-u23-boxmeisterschaften\\\/\",\"link_style\":\"default\",\"link_text\":\"Mehr ...\",\"margin\":\"small\",\"meta\":\"<small><em>Foto: UBV 1948 Schwedt e.v.<\\\/small><\\\/em>\",\"meta_align\":\"above-content\",\"meta_color\":\"muted\",\"meta_element\":\"div\",\"meta_margin\":\"remove\",\"meta_style\":\"text-small\",\"title\":\"Schlagkr\\u00e4ftige Unterst\\u00fctzung\",\"title_align\":\"top\",\"title_element\":\"h2\",\"title_grid_breakpoint\":\"m\",\"title_grid_width\":\"1-2\",\"title_hover_style\":\"heading\",\"title_link\":true,\"title_margin\":\"small\",\"title_style\":\"h4\"}},{\"type\":\"divider\",\"props\":{\"divider_element\":\"hr\",\"margin\":\"small\"}},{\"type\":\"html\",\"props\":{\"content\":\"<!-- Modal Trigger -->\\n<a href=\\\"#events-modal\\\" uk-toggle class=\\\"uk-link-reset\\\">\\n  <\/p>\n<div class=\\\"uk-card uk-card-default uk-box-shadow-large uk-box-shadow-hover-xlarge uk-padding-small\\\" style=\\\"margin: 20px;\\\">\\n\\n    <\/p>\n<div class=\\\"uk-grid-small uk-flex-middle\\\" uk-grid>\\n      <\/p>\n<div class=\\\"uk-width-auto\\\">\\n        <img \\n          src=\\\"https:\\\/\\\/stadtwerkezeitung.info\\\/schwedt\\\/wp-content\\\/uploads\\\/sites\\\/5\\\/2025\\\/05\\\/Logo-Infokasten-Events-termine-Kopf-s8-cropped.svg\\\"\\n          alt=\\\"Events Logo\\\"\\n          width=\\\"60\\\"\\n          height=\\\"60\\\"\\n          style=\\\"display: inline-block;\\\">\\n      <\\\/div>\\n      <\/p>\n<div class=\\\"uk-width-expand\\\">\\n        <\/p>\n<h4 class=\\\"uk-margin-remove\\\">Events &#038; Termine<\\\/h4>\\n        <\/p>\n<p class=\\\"uk-margin-remove\\\">Anstehende Veranstaltungen in der Region<\\\/p>\\n      <\\\/div>\\n    <\\\/div>\\n\\n  <\\\/div>\\n<\\\/a>\\n\\n\\n\\n<!-- Modal Content -->\\n<\/p>\n<div id=\\\"events-modal\\\" class=\\\"uk-modal\\\" uk-modal>\\n  <\/p>\n<div class=\\\"uk-modal-dialog uk-modal-body uk-width-2-3@m uk-overflow-auto\\\">\\n    <button class=\\\"uk-modal-close-default\\\" type=\\\"button\\\" uk-close><\\\/button>\\n\\n    <\/p>\n<div class=\\\"uk-section uk-section-muted uk-padding\\\">\\n      <\/p>\n<div class=\\\"uk-container\\\">\\n\\n        <!-- Grid: Logo next to heading -->\\n        <\/p>\n<div class=\\\"uk-grid-small uk-flex-middle uk-margin-bottom\\\" uk-grid>\\n          <\/p>\n<div class=\\\"uk-width-auto\\\">\\n            <img \\n              src=\\\"https:\\\/\\\/stadtwerkezeitung.info\\\/schwedt\\\/wp-content\\\/uploads\\\/sites\\\/5\\\/2025\\\/05\\\/Logo-Infokasten-Events-termine-Kopf-s8-cropped.svg\\\"\\n              alt=\\\"Events Logo\\\"\\n              width=\\\"80\\\"\\n              height=\\\"80\\\"\\n              style=\\\"display: inline-block;\\\">\\n          <\\\/div>\\n          <\/p>\n<div class=\\\"uk-width-expand\\\">\\n            <\/p>\n<h3 class=\\\"uk-heading-divider uk-margin-remove-bottom\\\">Events &#038; Termine<\\\/h3>\\n          <\\\/div>\\n        <\\\/div>\\n\\n        <!-- BEGIN EVENTS LIST -->\\n        <\/p>\n<dl class=\\\"uk-description-list uk-description-list-divider\\\">\\n\\n          <\/p>\n<dt>5. September, 18 Uhr<\\\/dt>\\n          <\/p>\n<dd>WOBAG Kino-Open-Air in der Robert-Koch-Stra\\u00dfe, mit mobiler Leinwand des FilmforUM Schwedt.<\\\/dd>\\n\\n          <\/p>\n<dt>11. \\u2013 13. September<\\\/dt>\\n          <\/p>\n<dd>Schwedter Ausbildungsmesse am (Do 12\\u2009\\u2013\\u200919 Uhr, Fr 9\\u2009\\u2013\\u200913 Uhr) und Wirtschaftsmesse INKONTAKT + Maker Faire \\u00ae (Sa 10\\u2009\\u2013\\u200918 Uhr), Eintritt frei.<\\\/dd>\\n\\n          <\/p>\n<dt>13. September 2025, 19:30 Uhr<\\\/dt>\\n          <\/p>\n<dd>Stadtwerke Open-Air im Rahmen der INKONTAKT, \\u201eDas Kanu des Manitu\\u201c, Vorplatz Odertalb\\u00fchne der ubs, Eintritt frei.<\\\/dd>\\n\\n          <\/p>\n<dt>15. September, 18 Uhr<\\\/dt>\\n          <\/p>\n<dd>Montagskonzert im Berlischky-Pavillon. Eintritt: 10 \\u20ac, erm. 7,50 \\u20ac.<\\\/dd>\\n\\n          <\/p>\n<dt>18. September, 10 Uhr<\\\/dt>\\n          <\/p>\n<dd>Das Berliner Spatzenkino gastiert im Schwedter FilmforUM. Moderiertes Programm f\\u00fcr Kinder ab 4 Jahren (45 Minuten). Eintritt: 2 \\u20ac.<\\\/dd>\\n\\n          <\/p>\n<dt>11. Oktober, 11 \\u2013 17 Uhr<\\\/dt>\\n          <\/p>\n<dd>KulinariUM, die Messe rund um regionale K\\u00f6stlichkeiten, ubs, Eintritt: 3 \\u20ac.<\\\/dd>\\n\\n          <\/p>\n<dt>19. Oktober, 6:30 \\u2013 9:30 Uhr<\\\/dt>\\n          <\/p>\n<dd>RangerTour: \\&#8221;Wer r\\u00fclpst hier im Wald?\\&#8221; \\u2013 morgendliche Wanderung zur Damwildbrunft. Anmeldung bis Do., 16.10. (5\\u201315 Teilnehmende), Tel. 03332 267711, kostenfrei.<\\\/dd>\\n\\n        <\\\/dl>\\n        <!-- END EVENTS LIST -->\\n\\n      <\\\/div>\\n    <\\\/div>\\n  <\\\/div>\\n<\\\/div>\\n&#8221;}},{&#8220;type&#8221;:&#8221;divider&#8221;,&#8221;props&#8221;:{&#8220;divider_element&#8221;:&#8221;hr&#8221;,&#8221;margin&#8221;:&#8221;small&#8221;}},{&#8220;type&#8221;:&#8221;headline&#8221;,&#8221;props&#8221;:{&#8220;content&#8221;:&#8221;Gro\\u00dfe Pl\\u00e4ne auf zwei R\\u00e4der&#8221;,&#8221;margin&#8221;:&#8221;default&#8221;,&#8221;title_element&#8221;:&#8221;div&#8221;,&#8221;title_style&#8221;:&#8221;h6&#8243;}},{&#8220;type&#8221;:&#8221;panel&#8221;,&#8221;props&#8221;:{&#8220;content&#8221;:&#8221;Mit lautem R\\u00f6hren erklimmt Lina einen steilen H\\u00fcgel, setzt zur Kurve an und die Reifen graben sich kurz in den Sandboden. Die 14-J\\u00e4hrige ist ganz in ihrem Element \\u2013 nat\\u00fcrlich in Helm, Stiefel, Schutzkleidung.&#8221;,&#8221;content_column_breakpoint&#8221;:&#8221;m&#8221;,&#8221;content_margin&#8221;:&#8221;small&#8221;,&#8221;icon_width&#8221;:80,&#8221;image&#8221;:&#8221;wp-content\\\/uploads\\\/sites\\\/5\\\/2025\\\/08\\\/206_Teaser_y_MG_2817.jpg&#8221;,&#8221;image_align&#8221;:&#8221;between&#8221;,&#8221;image_grid_breakpoint&#8221;:&#8221;m&#8221;,&#8221;image_grid_width&#8221;:&#8221;1-2&#8243;,&#8221;image_link&#8221;:true,&#8221;image_loading&#8221;:true,&#8221;image_svg_color&#8221;:&#8221;emphasis&#8221;,&#8221;link&#8221;:&#8221;2025\\\/08\\\/25\\\/stadtwerke-bringen-motorsport-nachwuchs-auf-touren\\\/&#8221;,&#8221;link_style&#8221;:&#8221;default&#8221;,&#8221;link_text&#8221;:&#8221;Mehr  &#8230;&#8221;,&#8221;margin&#8221;:&#8221;small&#8221;,&#8221;meta&#8221;:&#8221;<small><em>Foto: SPREE-PR\\\/Petsch<\\\/small><\\\/em>&#8220;,&#8221;meta_align&#8221;:&#8221;above-content&#8221;,&#8221;meta_color&#8221;:&#8221;muted&#8221;,&#8221;meta_element&#8221;:&#8221;div&#8221;,&#8221;meta_margin&#8221;:&#8221;remove&#8221;,&#8221;meta_style&#8221;:&#8221;text-small&#8221;,&#8221;title&#8221;:&#8221;Stadtwerke bringen Motorsport-Nachwuchs auf Touren&#8221;,&#8221;title_align&#8221;:&#8221;top&#8221;,&#8221;title_element&#8221;:&#8221;h2&#8243;,&#8221;title_grid_breakpoint&#8221;:&#8221;m&#8221;,&#8221;title_grid_width&#8221;:&#8221;1-2&#8243;,&#8221;title_hover_style&#8221;:&#8221;heading&#8221;,&#8221;title_link&#8221;:true,&#8221;title_margin&#8221;:&#8221;small&#8221;,&#8221;title_style&#8221;:&#8221;h4&#8243;}},{&#8220;type&#8221;:&#8221;divider&#8221;,&#8221;props&#8221;:{&#8220;divider_element&#8221;:&#8221;hr&#8221;,&#8221;margin&#8221;:&#8221;small&#8221;}},{&#8220;type&#8221;:&#8221;headline&#8221;,&#8221;props&#8221;:{&#8220;content&#8221;:&#8221;Simsonwerkstatt f\\u00fcr Jugendliche&#8221;,&#8221;margin&#8221;:&#8221;default&#8221;,&#8221;title_element&#8221;:&#8221;div&#8221;,&#8221;title_style&#8221;:&#8221;h6&#8243;}},{&#8220;type&#8221;:&#8221;panel&#8221;,&#8221;props&#8221;:{&#8220;content&#8221;:&#8221;<\/p>\n<p><em><small>Foto: SPREE-PR\\\/Petsch<\\\/small><\\\/em><\\\/p>\\n<\/p>\n<p>Jeden Dienstag ab 14:30 Uhr treffen sich Jette, Joyce, Lucas, Florian, Hannes und Vinzent in einer Werkstatt in Schwedt, um gemeinsam alte Simson-Mopeds wieder flott zu machen. Sie sind der harte Kern einer Moped-AG, die im Januar an den Start ging.<\\\/p>&#8220;,&#8221;content_column_breakpoint&#8221;:&#8221;m&#8221;,&#8221;content_margin&#8221;:&#8221;remove&#8221;,&#8221;icon_width&#8221;:80,&#8221;image&#8221;:&#8221;wp-content\\\/uploads\\\/sites\\\/5\\\/2025\\\/08\\\/104_Teaser_Bild_y_MG_2842.jpg&#8221;,&#8221;image_align&#8221;:&#8221;between&#8221;,&#8221;image_grid_breakpoint&#8221;:&#8221;m&#8221;,&#8221;image_grid_width&#8221;:&#8221;1-2&#8243;,&#8221;image_link&#8221;:true,&#8221;image_svg_color&#8221;:&#8221;emphasis&#8221;,&#8221;link&#8221;:&#8221;2025\\\/08\\\/25\\\/mach-die-schwalbe\\\/&#8221;,&#8221;link_style&#8221;:&#8221;default&#8221;,&#8221;link_text&#8221;:&#8221;Mehr &#8230;&#8221;,&#8221;margin&#8221;:&#8221;default&#8221;,&#8221;meta&#8221;:&#8221;&#8221;,&#8221;meta_align&#8221;:&#8221;above-title&#8221;,&#8221;meta_element&#8221;:&#8221;div&#8221;,&#8221;meta_style&#8221;:&#8221;h6&#8243;,&#8221;title&#8221;:&#8221;Mach die Schwalbe!&#8221;,&#8221;title_align&#8221;:&#8221;top&#8221;,&#8221;title_element&#8221;:&#8221;h2&#8243;,&#8221;title_grid_breakpoint&#8221;:&#8221;m&#8221;,&#8221;title_grid_width&#8221;:&#8221;1-2&#8243;,&#8221;title_hover_style&#8221;:&#8221;heading&#8221;,&#8221;title_link&#8221;:true,&#8221;title_margin&#8221;:&#8221;small&#8221;,&#8221;title_style&#8221;:&#8221;h4&#8243;}},{&#8220;type&#8221;:&#8221;divider&#8221;,&#8221;props&#8221;:{&#8220;divider_element&#8221;:&#8221;hr&#8221;}},{&#8220;type&#8221;:&#8221;panel&#8221;,&#8221;props&#8221;:{&#8220;content&#8221;:&#8221;<\/p>\n<p>Liebe Freunde des Nationalparks,<\\\/p>\\n<\/p>\n<p><\\\/p>&#8220;,&#8221;content_column_breakpoint&#8221;:&#8221;m&#8221;,&#8221;content_margin&#8221;:&#8221;small&#8221;,&#8221;icon_width&#8221;:80,&#8221;image&#8221;:&#8221;wp-content\\\/uploads\\\/sites\\\/5\\\/2025\\\/05\\\/National-Park-Ecke-cropped.svg&#8221;,&#8221;image_align&#8221;:&#8221;right&#8221;,&#8221;image_grid_breakpoint&#8221;:&#8221;m&#8221;,&#8221;image_grid_width&#8221;:&#8221;2-5&#8243;,&#8221;image_link&#8221;:true,&#8221;image_loading&#8221;:true,&#8221;image_svg_color&#8221;:&#8221;emphasis&#8221;,&#8221;link&#8221;:&#8221;2025\\\/08\\\/25\\\/nationalpark-ecke-august-2025\\\/&#8221;,&#8221;link_style&#8221;:&#8221;default&#8221;,&#8221;link_text&#8221;:&#8221;Mehr &#8230;&#8221;,&#8221;margin&#8221;:&#8221;small&#8221;,&#8221;meta&#8221;:&#8221;was gibt\\u2019s Sch\\u00f6neres als einen Herbstspaziergang im bunten Bl\\u00e4tterwald?&#8221;,&#8221;meta_align&#8221;:&#8221;below-content&#8221;,&#8221;meta_element&#8221;:&#8221;div&#8221;,&#8221;meta_margin&#8221;:&#8221;remove&#8221;,&#8221;meta_style&#8221;:&#8221;&#8221;,&#8221;title&#8221;:&#8221;&#8221;,&#8221;title_align&#8221;:&#8221;top&#8221;,&#8221;title_element&#8221;:&#8221;h2&#8243;,&#8221;title_grid_breakpoint&#8221;:&#8221;m&#8221;,&#8221;title_grid_width&#8221;:&#8221;1-2&#8243;,&#8221;title_hover_style&#8221;:&#8221;heading&#8221;,&#8221;title_link&#8221;:true,&#8221;title_margin&#8221;:&#8221;small&#8221;,&#8221;title_style&#8221;:&#8221;h4&#8243;}},{&#8220;type&#8221;:&#8221;divider&#8221;,&#8221;props&#8221;:{&#8220;divider_element&#8221;:&#8221;hr&#8221;,&#8221;margin&#8221;:&#8221;small&#8221;}},{&#8220;type&#8221;:&#8221;headline&#8221;,&#8221;props&#8221;:{&#8220;content&#8221;:&#8221;Die Letzten ihrer Zunft: Wandersch\\u00e4fer&#8221;,&#8221;margin&#8221;:&#8221;default&#8221;,&#8221;title_element&#8221;:&#8221;div&#8221;,&#8221;title_style&#8221;:&#8221;h6&#8243;}},{&#8220;type&#8221;:&#8221;panel&#8221;,&#8221;props&#8221;:{&#8220;content&#8221;:&#8221;Er wei\\u00df, was die Welt im Innersten zusammenh\\u00e4lt, denn Jonas Scholz hat Chemie studiert. Doch als er vor sechs Jahren lernen wollte, wie er seine drei Schafe scheren kann, hat er seine wirkliche Berufung im Leben gefunden.&#8221;,&#8221;content_column_breakpoint&#8221;:&#8221;m&#8221;,&#8221;content_margin&#8221;:&#8221;small&#8221;,&#8221;icon_width&#8221;:80,&#8221;image&#8221;:&#8221;wp-content\\\/uploads\\\/sites\\\/5\\\/2025\\\/08\\\/208_Teaser_Bild_DSC_9669.jpg&#8221;,&#8221;image_align&#8221;:&#8221;between&#8221;,&#8221;image_grid_breakpoint&#8221;:&#8221;m&#8221;,&#8221;image_grid_width&#8221;:&#8221;1-2&#8243;,&#8221;image_link&#8221;:true,&#8221;image_loading&#8221;:true,&#8221;image_svg_color&#8221;:&#8221;emphasis&#8221;,&#8221;link&#8221;:&#8221;2025\\\/08\\\/25\\\/der-schaefer-und-seine-wolligen-weltverbesserer\\\/&#8221;,&#8221;link_style&#8221;:&#8221;default&#8221;,&#8221;link_text&#8221;:&#8221;Mehr &#8230;&#8221;,&#8221;margin&#8221;:&#8221;small&#8221;,&#8221;meta&#8221;:&#8221;<small><em>Foto: SPREE-PR\\\/Krone<\\\/small><\\\/em>&#8220;,&#8221;meta_align&#8221;:&#8221;above-content&#8221;,&#8221;meta_color&#8221;:&#8221;muted&#8221;,&#8221;meta_element&#8221;:&#8221;div&#8221;,&#8221;meta_margin&#8221;:&#8221;remove&#8221;,&#8221;meta_style&#8221;:&#8221;text-small&#8221;,&#8221;title&#8221;:&#8221;Der Sch\\u00e4fer und seine wolligen Weltverbesserer&#8221;,&#8221;title_align&#8221;:&#8221;top&#8221;,&#8221;title_element&#8221;:&#8221;h2&#8243;,&#8221;title_grid_breakpoint&#8221;:&#8221;m&#8221;,&#8221;title_grid_width&#8221;:&#8221;1-2&#8243;,&#8221;title_hover_style&#8221;:&#8221;heading&#8221;,&#8221;title_link&#8221;:true,&#8221;title_margin&#8221;:&#8221;small&#8221;,&#8221;title_style&#8221;:&#8221;h4&#8243;}},{&#8220;type&#8221;:&#8221;divider&#8221;,&#8221;props&#8221;:{&#8220;divider_element&#8221;:&#8221;hr&#8221;,&#8221;margin&#8221;:&#8221;small&#8221;}},{&#8220;type&#8221;:&#8221;headline&#8221;,&#8221;props&#8221;:{&#8220;content&#8221;:&#8221;R\\u00e4tsel&#8221;,&#8221;margin&#8221;:&#8221;default&#8221;,&#8221;title_element&#8221;:&#8221;div&#8221;,&#8221;title_style&#8221;:&#8221;h6&#8243;}},{&#8220;type&#8221;:&#8221;panel&#8221;,&#8221;props&#8221;:{&#8220;content&#8221;:&#8221;Die durchschnittliche H\\u00f6he im Land Brandenburg betr\\u00e4gt 68 Meter. Die M\\u00e4rker \\u00fcberragen damit die Hauptst\\u00e4dter immerhin um ganze 21 Meter. Zu einem \\u201eBergvolk\\u201c macht sie das nat\\u00fcrlich noch lange nicht.  Beantworten Sie unsere Frage und gewinnen Sie attraktive Geldpreise.&#8221;,&#8221;content_column_breakpoint&#8221;:&#8221;m&#8221;,&#8221;content_margin&#8221;:&#8221;small&#8221;,&#8221;icon_width&#8221;:80,&#8221;image&#8221;:&#8221;wp-content\\\/uploads\\\/sites\\\/5\\\/2025\\\/08\\\/209_Teaser_Bild_Kutschenberg_03.jpeg&#8221;,&#8221;image_align&#8221;:&#8221;between&#8221;,&#8221;image_grid_breakpoint&#8221;:&#8221;m&#8221;,&#8221;image_grid_width&#8221;:&#8221;1-2&#8243;,&#8221;image_link&#8221;:true,&#8221;image_loading&#8221;:true,&#8221;image_svg_color&#8221;:&#8221;emphasis&#8221;,&#8221;link&#8221;:&#8221;2025\\\/08\\\/25\\\/schwedt-august-2025-raetsel\\\/&#8221;,&#8221;link_style&#8221;:&#8221;default&#8221;,&#8221;link_text&#8221;:&#8221;Mehr &#8230;&#8221;,&#8221;margin&#8221;:&#8221;small&#8221;,&#8221;meta&#8221;:&#8221;<small><em>Foto: Wikimedia Commons\\\/Stefan K\\u00fchn (CC BY-SA 4.0) <\\\/small><\\\/em>&#8220;,&#8221;meta_align&#8221;:&#8221;above-content&#8221;,&#8221;meta_color&#8221;:&#8221;muted&#8221;,&#8221;meta_element&#8221;:&#8221;div&#8221;,&#8221;meta_margin&#8221;:&#8221;remove&#8221;,&#8221;meta_style&#8221;:&#8221;text-small&#8221;,&#8221;title&#8221;:&#8221;Das ist (ja wohl) die H\\u00f6he!&#8221;,&#8221;title_align&#8221;:&#8221;top&#8221;,&#8221;title_element&#8221;:&#8221;h2&#8243;,&#8221;title_grid_breakpoint&#8221;:&#8221;m&#8221;,&#8221;title_grid_width&#8221;:&#8221;1-2&#8243;,&#8221;title_hover_style&#8221;:&#8221;heading&#8221;,&#8221;title_link&#8221;:true,&#8221;title_margin&#8221;:&#8221;small&#8221;,&#8221;title_style&#8221;:&#8221;h4&#8243;}},{&#8220;type&#8221;:&#8221;divider&#8221;,&#8221;props&#8221;:{&#8220;divider_element&#8221;:&#8221;hr&#8221;,&#8221;margin&#8221;:&#8221;small&#8221;}},{&#8220;type&#8221;:&#8221;headline&#8221;,&#8221;props&#8221;:{&#8220;content&#8221;:&#8221;Kinderecke: Experiment&#8221;,&#8221;margin&#8221;:&#8221;default&#8221;,&#8221;title_element&#8221;:&#8221;div&#8221;,&#8221;title_style&#8221;:&#8221;h6&#8243;}},{&#8220;type&#8221;:&#8221;panel&#8221;,&#8221;props&#8221;:{&#8220;content&#8221;:&#8221;Oh Mann, schon wieder aus Versehen ein Glas auf dem Tisch umgesto\\u00dfen! Schnell aufwischen, damit es nicht noch auf den Boden kleckert! Aber es gibt auch Gl\\u00e4ser, die dreht man auf den Kopf und das Wasser bleibt drin.&#8221;,&#8221;content_column_breakpoint&#8221;:&#8221;m&#8221;,&#8221;content_margin&#8221;:&#8221;small&#8221;,&#8221;icon_width&#8221;:80,&#8221;image&#8221;:&#8221;wp-content\\\/uploads\\\/sites\\\/5\\\/2025\\\/08\\\/6_Experiment_Wasser_Folie_3-scaled.jpg&#8221;,&#8221;image_align&#8221;:&#8221;between&#8221;,&#8221;image_grid_breakpoint&#8221;:&#8221;m&#8221;,&#8221;image_grid_width&#8221;:&#8221;1-2&#8243;,&#8221;image_link&#8221;:true,&#8221;image_loading&#8221;:true,&#8221;image_svg_color&#8221;:&#8221;emphasis&#8221;,&#8221;link&#8221;:&#8221;2025\\\/08\\\/25\\\/kinderecke-experiment\\\/&#8221;,&#8221;link_style&#8221;:&#8221;default&#8221;,&#8221;link_text&#8221;:&#8221;Mehr &#8230;&#8221;,&#8221;margin&#8221;:&#8221;small&#8221;,&#8221;meta&#8221;:&#8221;<small><em>Foto: SPREE-PR\\\/Hultzsch<\\\/small><\\\/em>&#8220;,&#8221;meta_align&#8221;:&#8221;above-content&#8221;,&#8221;meta_color&#8221;:&#8221;muted&#8221;,&#8221;meta_element&#8221;:&#8221;div&#8221;,&#8221;meta_margin&#8221;:&#8221;remove&#8221;,&#8221;meta_style&#8221;:&#8221;text-small&#8221;,&#8221;title&#8221;:&#8221;Auslaufsicher! Luftdruck h\\u00e4lt Wasser kopf\\u00fcber im Glas&#8221;,&#8221;title_align&#8221;:&#8221;top&#8221;,&#8221;title_element&#8221;:&#8221;h2&#8243;,&#8221;title_grid_breakpoint&#8221;:&#8221;m&#8221;,&#8221;title_grid_width&#8221;:&#8221;1-2&#8243;,&#8221;title_hover_style&#8221;:&#8221;heading&#8221;,&#8221;title_link&#8221;:true,&#8221;title_margin&#8221;:&#8221;small&#8221;,&#8221;title_style&#8221;:&#8221;h4&#8243;}}]}]}],&#8221;name&#8221;:&#8221;Zeitung Draft&#8221;}],&#8221;version&#8221;:&#8221;4.4.1&#8243;} &#8211;><\/p>\n","protected":false},"excerpt":{"rendered":"<p>Highspeed f\u00fcr das Zuhause auf Zeit Stadtwerke-Giganetz: Glasfaser-L\u00f6sungen f\u00fcr alle Kunden Fotos: SPREE-PR\/Petsch Seit 2019 haben die Stadtwerke Schwedt im Rahmen der Bundesf\u00f6rderung Glasfaser ihr Netz f\u00fcr Gigabitgeschwindigkeiten ger\u00fcstet. Seitdem wird das Giganetz mit eigenen Mitteln weiter ausgebaut \u2013 mit passenden L\u00f6sungen f\u00fcr alle Kunden. Das zeigt auch das Beispiel vom Mutter-Vater-Kind-Wohnen in Schwedt. Mehr [&hellip;]<\/p>\n","protected":false},"author":1,"featured_media":0,"parent":0,"menu_order":0,"comment_status":"closed","ping_status":"closed","template":"","meta":{"footnotes":""},"class_list":["post-192","page","type-page","status-publish","hentry"],"yoast_head":"<!-- This site is optimized with the Yoast SEO plugin v26.9 - https:\/\/yoast.com\/product\/yoast-seo-wordpress\/ -->\n<title>UMschau Schwedt August 2025 - UMschau Schwedt<\/title>\n<meta name=\"robots\" content=\"index, follow, max-snippet:-1, max-image-preview:large, max-video-preview:-1\" \/>\n<link rel=\"canonical\" href=\"https:\/\/stadtwerkezeitung.info\/schwedt\/august-2025\/\" \/>\n<meta property=\"og:locale\" content=\"en_US\" \/>\n<meta property=\"og:type\" content=\"article\" \/>\n<meta property=\"og:title\" content=\"UMschau Schwedt August 2025 - UMschau Schwedt\" \/>\n<meta property=\"og:description\" content=\"Highspeed f\u00fcr das Zuhause auf Zeit Stadtwerke-Giganetz: Glasfaser-L\u00f6sungen f\u00fcr alle Kunden Fotos: SPREE-PR\/Petsch Seit 2019 haben die Stadtwerke Schwedt im Rahmen der Bundesf\u00f6rderung Glasfaser ihr Netz f\u00fcr Gigabitgeschwindigkeiten ger\u00fcstet. Seitdem wird das Giganetz mit eigenen Mitteln weiter ausgebaut \u2013 mit passenden L\u00f6sungen f\u00fcr alle Kunden. Das zeigt auch das Beispiel vom Mutter-Vater-Kind-Wohnen in Schwedt. Mehr [&hellip;]\" \/>\n<meta property=\"og:url\" content=\"https:\/\/stadtwerkezeitung.info\/schwedt\/august-2025\/\" \/>\n<meta property=\"og:site_name\" content=\"UMschau Schwedt\" \/>\n<meta property=\"article:modified_time\" content=\"2025-08-28T10:11:41+00:00\" \/>\n<meta property=\"og:image\" content=\"https:\/\/stadtwerkezeitung.info\/schwedt\/wp-content\/uploads\/sites\/5\/2025\/05\/Logo-Infokasten-Events-termine-Kopf-s8-cropped.svg\" \/>\n<meta name=\"twitter:card\" content=\"summary_large_image\" \/>\n<meta name=\"twitter:label1\" content=\"Est. reading time\" \/>\n\t<meta name=\"twitter:data1\" content=\"11 minutes\" \/>\n<script type=\"application\/ld+json\" class=\"yoast-schema-graph\">{\"@context\":\"https:\/\/schema.org\",\"@graph\":[{\"@type\":\"WebPage\",\"@id\":\"https:\/\/stadtwerkezeitung.info\/schwedt\/august-2025\/\",\"url\":\"https:\/\/stadtwerkezeitung.info\/schwedt\/august-2025\/\",\"name\":\"UMschau Schwedt August 2025 - UMschau Schwedt\",\"isPartOf\":{\"@id\":\"https:\/\/stadtwerkezeitung.info\/schwedt\/#website\"},\"primaryImageOfPage\":{\"@id\":\"https:\/\/stadtwerkezeitung.info\/schwedt\/august-2025\/#primaryimage\"},\"image\":{\"@id\":\"https:\/\/stadtwerkezeitung.info\/schwedt\/august-2025\/#primaryimage\"},\"thumbnailUrl\":\"https:\/\/stadtwerkezeitung.info\/schwedt\/wp-content\/uploads\/sites\/5\/2025\/05\/Logo-Infokasten-Events-termine-Kopf-s8-cropped.svg\",\"datePublished\":\"2025-08-25T07:59:50+00:00\",\"dateModified\":\"2025-08-28T10:11:41+00:00\",\"breadcrumb\":{\"@id\":\"https:\/\/stadtwerkezeitung.info\/schwedt\/august-2025\/#breadcrumb\"},\"inLanguage\":\"en-US\",\"potentialAction\":[{\"@type\":\"ReadAction\",\"target\":[\"https:\/\/stadtwerkezeitung.info\/schwedt\/august-2025\/\"]}]},{\"@type\":\"ImageObject\",\"inLanguage\":\"en-US\",\"@id\":\"https:\/\/stadtwerkezeitung.info\/schwedt\/august-2025\/#primaryimage\",\"url\":\"https:\/\/stadtwerkezeitung.info\/schwedt\/wp-content\/uploads\/sites\/5\/2025\/05\/Logo-Infokasten-Events-termine-Kopf-s8-cropped.svg\",\"contentUrl\":\"https:\/\/stadtwerkezeitung.info\/schwedt\/wp-content\/uploads\/sites\/5\/2025\/05\/Logo-Infokasten-Events-termine-Kopf-s8-cropped.svg\"},{\"@type\":\"BreadcrumbList\",\"@id\":\"https:\/\/stadtwerkezeitung.info\/schwedt\/august-2025\/#breadcrumb\",\"itemListElement\":[{\"@type\":\"ListItem\",\"position\":1,\"name\":\"Home\",\"item\":\"https:\/\/stadtwerkezeitung.info\/schwedt\/\"},{\"@type\":\"ListItem\",\"position\":2,\"name\":\"UMschau Schwedt August 2025\"}]},{\"@type\":\"WebSite\",\"@id\":\"https:\/\/stadtwerkezeitung.info\/schwedt\/#website\",\"url\":\"https:\/\/stadtwerkezeitung.info\/schwedt\/\",\"name\":\"UMschau Schwedt\",\"description\":\"\",\"inLanguage\":\"en-US\"}]}<\/script>\n<!-- \/ Yoast SEO plugin. -->","yoast_head_json":{"title":"UMschau Schwedt August 2025 - UMschau Schwedt","robots":{"index":"index","follow":"follow","max-snippet":"max-snippet:-1","max-image-preview":"max-image-preview:large","max-video-preview":"max-video-preview:-1"},"canonical":"https:\/\/stadtwerkezeitung.info\/schwedt\/august-2025\/","og_locale":"en_US","og_type":"article","og_title":"UMschau Schwedt August 2025 - UMschau Schwedt","og_description":"Highspeed f\u00fcr das Zuhause auf Zeit Stadtwerke-Giganetz: Glasfaser-L\u00f6sungen f\u00fcr alle Kunden Fotos: SPREE-PR\/Petsch Seit 2019 haben die Stadtwerke Schwedt im Rahmen der Bundesf\u00f6rderung Glasfaser ihr Netz f\u00fcr Gigabitgeschwindigkeiten ger\u00fcstet. Seitdem wird das Giganetz mit eigenen Mitteln weiter ausgebaut \u2013 mit passenden L\u00f6sungen f\u00fcr alle Kunden. Das zeigt auch das Beispiel vom Mutter-Vater-Kind-Wohnen in Schwedt. Mehr [&hellip;]","og_url":"https:\/\/stadtwerkezeitung.info\/schwedt\/august-2025\/","og_site_name":"UMschau Schwedt","article_modified_time":"2025-08-28T10:11:41+00:00","og_image":[{"url":"https:\/\/stadtwerkezeitung.info\/schwedt\/wp-content\/uploads\/sites\/5\/2025\/05\/Logo-Infokasten-Events-termine-Kopf-s8-cropped.svg","type":"","width":"","height":""}],"twitter_card":"summary_large_image","twitter_misc":{"Est. reading time":"11 minutes"},"schema":{"@context":"https:\/\/schema.org","@graph":[{"@type":"WebPage","@id":"https:\/\/stadtwerkezeitung.info\/schwedt\/august-2025\/","url":"https:\/\/stadtwerkezeitung.info\/schwedt\/august-2025\/","name":"UMschau Schwedt August 2025 - UMschau Schwedt","isPartOf":{"@id":"https:\/\/stadtwerkezeitung.info\/schwedt\/#website"},"primaryImageOfPage":{"@id":"https:\/\/stadtwerkezeitung.info\/schwedt\/august-2025\/#primaryimage"},"image":{"@id":"https:\/\/stadtwerkezeitung.info\/schwedt\/august-2025\/#primaryimage"},"thumbnailUrl":"https:\/\/stadtwerkezeitung.info\/schwedt\/wp-content\/uploads\/sites\/5\/2025\/05\/Logo-Infokasten-Events-termine-Kopf-s8-cropped.svg","datePublished":"2025-08-25T07:59:50+00:00","dateModified":"2025-08-28T10:11:41+00:00","breadcrumb":{"@id":"https:\/\/stadtwerkezeitung.info\/schwedt\/august-2025\/#breadcrumb"},"inLanguage":"en-US","potentialAction":[{"@type":"ReadAction","target":["https:\/\/stadtwerkezeitung.info\/schwedt\/august-2025\/"]}]},{"@type":"ImageObject","inLanguage":"en-US","@id":"https:\/\/stadtwerkezeitung.info\/schwedt\/august-2025\/#primaryimage","url":"https:\/\/stadtwerkezeitung.info\/schwedt\/wp-content\/uploads\/sites\/5\/2025\/05\/Logo-Infokasten-Events-termine-Kopf-s8-cropped.svg","contentUrl":"https:\/\/stadtwerkezeitung.info\/schwedt\/wp-content\/uploads\/sites\/5\/2025\/05\/Logo-Infokasten-Events-termine-Kopf-s8-cropped.svg"},{"@type":"BreadcrumbList","@id":"https:\/\/stadtwerkezeitung.info\/schwedt\/august-2025\/#breadcrumb","itemListElement":[{"@type":"ListItem","position":1,"name":"Home","item":"https:\/\/stadtwerkezeitung.info\/schwedt\/"},{"@type":"ListItem","position":2,"name":"UMschau Schwedt August 2025"}]},{"@type":"WebSite","@id":"https:\/\/stadtwerkezeitung.info\/schwedt\/#website","url":"https:\/\/stadtwerkezeitung.info\/schwedt\/","name":"UMschau Schwedt","description":"","inLanguage":"en-US"}]}},"_links":{"self":[{"href":"https:\/\/stadtwerkezeitung.info\/schwedt\/wp-json\/wp\/v2\/pages\/192","targetHints":{"allow":["GET"]}}],"collection":[{"href":"https:\/\/stadtwerkezeitung.info\/schwedt\/wp-json\/wp\/v2\/pages"}],"about":[{"href":"https:\/\/stadtwerkezeitung.info\/schwedt\/wp-json\/wp\/v2\/types\/page"}],"author":[{"embeddable":true,"href":"https:\/\/stadtwerkezeitung.info\/schwedt\/wp-json\/wp\/v2\/users\/1"}],"replies":[{"embeddable":true,"href":"https:\/\/stadtwerkezeitung.info\/schwedt\/wp-json\/wp\/v2\/comments?post=192"}],"version-history":[{"count":30,"href":"https:\/\/stadtwerkezeitung.info\/schwedt\/wp-json\/wp\/v2\/pages\/192\/revisions"}],"predecessor-version":[{"id":339,"href":"https:\/\/stadtwerkezeitung.info\/schwedt\/wp-json\/wp\/v2\/pages\/192\/revisions\/339"}],"wp:attachment":[{"href":"https:\/\/stadtwerkezeitung.info\/schwedt\/wp-json\/wp\/v2\/media?parent=192"}],"curies":[{"name":"wp","href":"https:\/\/api.w.org\/{rel}","templated":true}]}}