{"id":341,"date":"2025-11-13T11:57:30","date_gmt":"2025-11-13T11:57:30","guid":{"rendered":"https:\/\/stadtwerkezeitung.info\/schwedt\/?page_id=341"},"modified":"2025-11-18T07:15:25","modified_gmt":"2025-11-18T07:15:25","slug":"november-2025","status":"publish","type":"page","link":"https:\/\/stadtwerkezeitung.info\/schwedt\/november-2025\/","title":{"rendered":"UMschau Schwedt November 2025"},"content":{"rendered":"<div>\n<p>        <img decoding=\"async\" src=\"\/schwedt\/wp-content\/uploads\/sites\/5\/2025\/11\/Filmer_MG_8875kl.jpg\" alt=\"\"><\/p>\n<h2>Neuer Imagefilm zeigt Vielfalt des Unternehmensverbundes<\/h2>\n<p>\u201eNi hao \u2013 hier sagen wa Tach!\u201c<\/p>\n<div>\n<p><em><small>Foto: SPREE-PR\/Petsch<\/small><\/em><\/p>\n<p>Im Mittelpunkt stehen die rund 200 Mitarbeitenden, von denen die H\u00e4lfte vor der Kamera zu sehen ist.<\/p>\n<\/div>\n<p><a href=\"\/schwedt\/2025\/11\/13\/neuer-imagefilm-zeigt-vielfalt-des-unternehmensverbundes\/\">Mehr &#8230;<\/a><\/p>\n<\/div>\n<hr>\n<div>\n<p>        <img decoding=\"async\" src=\"\/schwedt\/wp-content\/uploads\/sites\/5\/2025\/11\/102bild1-scaled.jpg\" alt=\"\"><\/p>\n<h2>Famili\u00e4rer Weihnachtstreff der Stadtwerke<\/h2>\n<p>LichterZeit am StroamCamp<\/p>\n<div>\n<p><em><small>Foto: SPREE-PR\/Petsch<\/small><\/em><\/p>\n<p>Mit der sch\u00f6nen Adventszeit zieht in Schwedt ein neues vorweihnachtliches Vergn\u00fcgen ein: die LichterZeit am StroamCamp.<\/p>\n<\/div>\n<p><a href=\"\/schwedt\/2025\/11\/13\/familiaerer-weihnachtstreff-der-stadtwerke\/\">Mehr &#8230;<\/a><\/p>\n<\/div>\n<hr>\n<div>\n<p>        <img decoding=\"async\" src=\"\/schwedt\/wp-content\/uploads\/sites\/5\/2025\/11\/103bild1-scaled.jpg\" alt=\"\"><\/p>\n<h2>Gemeinsame Aktion: 500 B\u00e4ume f\u00fcr die Uckermark<\/h2>\n<p>Der Stadtwerke-Wald<\/p>\n<div>\n<p><em><small>Foto: SPREE-PR\/Petsch<\/small><\/em><\/p>\n<p>Noch bis ins Fr\u00fchjahr 2026 l\u00e4uft die Aktion der Stadtwerke Schwedt: \u201eF\u00fcr jeden neuen Energie- oder Telekommunikationsvertrag pflanzen wir einen Baum in der Uckermark\u201c.<\/p>\n<\/div>\n<p><a href=\"\/schwedt\/2025\/11\/13\/gemeinsame-aktion-500-baueme-fuer-die-uckermark\/\">Mehr &#8230;<\/a><\/p>\n<\/div>\n<hr>\n<div>\n<p>        <img decoding=\"async\" src=\"\/schwedt\/wp-content\/uploads\/sites\/5\/2025\/11\/104bild1-scaled.jpg\" alt=\"\"><\/p>\n<h2>Aus Erfahrung gewachsen, f\u00fcr die Zukunft ger\u00fcstet<\/h2>\n<p>Im Gespr\u00e4ch mit Marco K\u00fchn<\/p>\n<div>\n<p><em><small>Foto: SPREE-PR\/Petsch<\/small><\/em><\/p>\n<p>Seit 30 Jahren begleitet Marco K\u00fchn, Prokurist und Leiter Controlling des Unternehmensverbunds Stadtwerke Schwedt, den stetigen Wandel bei der Energieversorgung.<\/p>\n<\/div>\n<p><a href=\"\/schwedt\/2025\/11\/13\/aus-erfahrung-gewachsen-fuer-die-zukunft-geruestet\/\">Mehr &#8230;<\/a><\/p>\n<\/div>\n<hr>\n<div>\n<p>        <img decoding=\"async\" src=\"\/schwedt\/wp-content\/uploads\/sites\/5\/2025\/11\/105bild1-scaled.jpg\" alt=\"\"><\/p>\n<h2>Fachangestellter f\u00fcr B\u00e4derbetriebe: Der Allrounder am Beckenrand<\/h2>\n<p>Azubis und Fachkr\u00e4fte gesucht<\/p>\n<div>\n<p><em><small>Foto: SPREE-PR\/Petsch<\/small><\/em><\/p>\n<p>Das AquariUM Schwedt bildet 2026 wieder einen Fachangestellten f\u00fcr B\u00e4derbetriebe (FAB) aus und freut sich auch auf Bewerbungen bereits erfahrener Fachkr\u00e4fte.<\/p>\n<\/div>\n<p><a href=\"\/schwedt\/2025\/11\/13\/fachangestellter-fuer-baederbetriebe-der-allrounder-am-beckenrand\/\">Mehr &#8230;<\/a><\/p>\n<\/div>\n<hr>\n<div>\n<h2>Stadtwerke Schwedt senken Strompreise<\/h2>\n<p>Entlastung ab 2026<\/p>\n<div>Ab 2026 senken die Stadtwerke Schwedt die Strompreise. Insgesamt werden Kunden um \u00fcber 2 Millionen Euro entlastet.<\/div>\n<p><a href=\"\/schwedt\/2025\/11\/13\/stadtwerke-schwedt-senken-strompreise\/\">Mehr &#8230;<\/a><\/p>\n<\/div>\n<hr>\n<div>\n<p>        <img decoding=\"async\" src=\"\/schwedt\/wp-content\/uploads\/sites\/5\/2025\/11\/107bild1-1.jpg\" alt=\"\"><\/p>\n<h2>Intelligenten Messsystemen<\/h2>\n<p>3 Fragen zu &#8230;<\/p>\n<div>\n<p><em><small>Foto: SPREE-PR\/Petsch<\/small><\/em><\/p>\n<p>Stromz\u00e4hler kennt jeder \u2013 aber die neuen, intelligenten Messsysteme sind mehr als nur Zahlenableser.<\/p>\n<\/div>\n<p><a href=\"\/schwedt\/2025\/11\/13\/intelligenten-messsystemen\/\">Mehr &#8230;<\/a><\/p>\n<\/div>\n<hr>\n<div>\n<p>        <img decoding=\"async\" src=\"\/schwedt\/wp-content\/uploads\/sites\/5\/2025\/11\/108bild1-scaled.jpg\" alt=\"\"><\/p>\n<h2>Gigabit-schnelles Internet f\u00fcr kreative K\u00f6pfe<\/h2>\n<p>Glasfaserausbau<\/p>\n<div>\n<p><em><small>Foto: SPREE-PR\/Petsch <\/small><\/em><\/p>\n<p>Die Trickfabrik, Betreiber des Jugendklubs im K\u00fclzviertel, ist neuer Glasfaser-Kunde der Stadtwerke Schwedt.<\/p>\n<\/div>\n<p><a href=\"\/schwedt\/2025\/11\/13\/gigabit-schnelles-internet-fuer-kreative-koepfe\/\">Mehr &#8230;<\/a><\/p>\n<\/div>\n<hr>\n<div>\n<p>        <img decoding=\"async\" src=\"\/schwedt\/wp-content\/uploads\/sites\/5\/2025\/11\/109bild1-scaled.jpg\" alt=\"\"><\/p>\n<h2>\u201eTischtennis macht den Kopf frei.\u201c Engagiert im Beruf, vielseitig im Leben<\/h2>\n<p>Die Gesichter des Unternehmensverbundes<\/p>\n<div>\n<p><em><small>Foto: SPREE-PR\/Petsch<\/small><\/em><\/p>\n<p>In loser Folge stellen wir die Hobbys und Leidenschaften der Kollegen vor. Diesmal: Heino H\u00e4usgen, Abteilungsleiter IT beim Unternehmensverbund Stadtwerke Schwedt.<\/p>\n<\/div>\n<p><a href=\"\/schwedt\/2025\/11\/13\/tischtennis-macht-den-kopf-frei-engagiert-im-beruf-vielseitig-im-leben\/\">Mehr &#8230;<\/a><\/p>\n<\/div>\n<hr>\n<div>\n<p>        <img decoding=\"async\" src=\"\/schwedt\/wp-content\/uploads\/sites\/5\/2025\/11\/110bild1.jpg\" alt=\"\"><\/p>\n<h2>Studienpreis f\u00fcr Dualstudent<\/h2>\n<p>Ausgezeichnet!<\/p>\n<div>\n<p><em><small>Foto: Hochschule Stralsund<\/small><\/em><\/p>\n<p>Der Dualstudent der Stadtwerke Schwedt wurde im September mit dem Studienpreis der Ingenieurkammer Mecklenburg-Vorpommern geehrt.<\/p>\n<\/div>\n<p><a href=\"\/schwedt\/2025\/11\/13\/studienpreis-fuer-dualstudent\/\">Mehr &#8230;<\/a><\/p>\n<\/div>\n<div>Editorial<\/div>\n<div>\n<p>        <img decoding=\"async\" src=\"\/schwedt\/wp-content\/uploads\/sites\/5\/2025\/05\/201_Teaser_1GFDirk-Sasson_SWSchwedt.png\" alt=\"\"><\/p>\n<h2>Frohe LichterZeit und Zuversicht<\/h2>\n<p><small><em>Foto: SPREE-PR\/Arbeit<\/small><\/em><\/p>\n<div>\n<p>Liebe Leserinnen und Leser,<\/p>\n<p>das Jahr neigt sich dem Ende zu \u2013 und mit ihm beginnt in Schwedt eine ganz besondere Zeit.<\/p>\n<\/div>\n<p><a href=\"\/schwedt\/2025\/11\/13\/frohe-lichterzeit-und-zuversicht\/\">Mehr &#8230;<\/a><\/p>\n<\/div>\n<hr>\n<div>UMschau-Tipp<\/div>\n<div>\n<p>        <img decoding=\"async\" src=\"\/schwedt\/wp-content\/uploads\/sites\/5\/2025\/11\/202bild1-scaled.jpg\" alt=\"\"><\/p>\n<h2>Niemand ist nutzlos! \u2013 Weihnachtlicher M\u00e4rchenspa\u00df<\/h2>\n<p><small><em>Foto: ubs\/Krause<\/small><\/em><\/p>\n<div>\n<p>Tilo Esche und sein Team bringen das M\u00e4rchen \u201eDer Lebkuchenmann\u201c f\u00fcr Kinder ab 4 Jahren und Familien auf die B\u00fchne.<\/p>\n<\/div>\n<p><a href=\"\/schwedt\/2025\/11\/13\/niemand-ist-nutzlos-weihnachtlicher-maerchenspass\/\">Mehr &#8230;<\/a><\/p>\n<\/div>\n<hr>\n<div>Wo Schiffe anlegen, legt die Fantasie ab<\/div>\n<div>\n<p>        <img decoding=\"async\" src=\"\/schwedt\/wp-content\/uploads\/sites\/5\/2025\/11\/203bild1.jpeg\" alt=\"\"><\/p>\n<h2>Mal- und Zeichenwettbewerb FLOW 2025 am Hafen Schwedt<\/h2>\n<p><small><em>Foto: SWS<\/small><\/em><\/p>\n<div>Am 14. September wurde der Schwedter Hafen zur Leinwand f\u00fcr junge K\u00fcnstlerinnen und K\u00fcnstler.<\/div>\n<p><a href=\"\/schwedt\/2025\/11\/13\/mal-und-zeichenwettbewerb-flow-2025-am-hafen-schwedt\/\">Mehr &#8230;<\/a><\/p>\n<\/div>\n<hr>\n<div>\n<p>        <img decoding=\"async\" src=\"\/schwedt\/wp-content\/uploads\/sites\/5\/2025\/11\/204.png\" alt=\"\"><\/p>\n<h2>Entspannter Abend mit Live-Musik, Cocktails und Lounge-Atmosph\u00e4re<\/h2>\n<p>Erste \u201eLounge Night\u201c im AquariUM Schwedt<\/p>\n<p><a href=\"\/schwedt\/2025\/11\/13\/entspannter-abend-mit-live-musik-cocktails-und-lounge-atmosphaere\/\">Mehr  &#8230;<\/a><\/p>\n<\/div>\n<hr>\n<div>\n<p>    <!-- Modal Trigger --><br \/>\n<a href=\"#events-modal\" uk-toggle class=\"uk-link-reset\"><\/p>\n<div class=\"uk-card uk-card-default uk-box-shadow-large uk-box-shadow-hover-xlarge uk-padding-small\" style=\"margin: 20px;\">\n<div class=\"uk-grid-small uk-flex-middle\" uk-grid>\n<div class=\"uk-width-auto\">\n        <img loading=\"lazy\" decoding=\"async\" \n          src=\"https:\/\/stadtwerkezeitung.info\/schwedt\/wp-content\/uploads\/sites\/5\/2025\/05\/Logo-Infokasten-Events-termine-Kopf-s8-cropped.svg\"\n          alt=\"Events Logo\"\n          width=\"60\"\n          height=\"60\"\n          style=\"display: inline-block;\">\n      <\/div>\n<div class=\"uk-width-expand\">\n<h4 class=\"uk-margin-remove\">Events &#038; Termine<\/h4>\n<p class=\"uk-margin-remove\">Anstehende Veranstaltungen in der Region<\/p>\n<\/p><\/div>\n<\/p><\/div>\n<\/p><\/div>\n<p><\/a><\/p>\n<p><!-- Modal Content --><\/p>\n<div id=\"events-modal\" class=\"uk-modal\" uk-modal>\n<div class=\"uk-modal-dialog uk-modal-body uk-width-2-3@m uk-overflow-auto\">\n    <button class=\"uk-modal-close-default\" type=\"button\" uk-close><\/button><\/p>\n<div class=\"uk-section uk-section-muted uk-padding\">\n<div class=\"uk-container\">\n<p>        <!-- Grid: Logo next to heading --><\/p>\n<div class=\"uk-grid-small uk-flex-middle uk-margin-bottom\" uk-grid>\n<div class=\"uk-width-auto\">\n            <img loading=\"lazy\" decoding=\"async\" \n              src=\"https:\/\/stadtwerkezeitung.info\/schwedt\/wp-content\/uploads\/sites\/5\/2025\/05\/Logo-Infokasten-Events-termine-Kopf-s8-cropped.svg\"\n              alt=\"Events Logo\"\n              width=\"80\"\n              height=\"80\"\n              style=\"display: inline-block;\">\n          <\/div>\n<div class=\"uk-width-expand\">\n<h3 class=\"uk-heading-divider uk-margin-remove-bottom\">Events &#038; Termine<\/h3>\n<\/p><\/div>\n<\/p><\/div>\n<p>        <!-- BEGIN EVENTS LIST --><\/p>\n<dl class=\"uk-description-list uk-description-list-divider\">\n<dt><strong>22. November, 13 \u2013 17 Uhr<\/strong><\/dt>\n<dd><strong>Martinsmarkt<\/strong>: Weihnachtsmarkt in und an den Uckerm\u00e4rkischen B\u00fchnen Schwedt. Der Weihnachtsmann nimmt pers\u00f6nlich Wunschzettel in Empfang. <\/dd>\n<dt><strong>22. November, 16 Uhr<\/strong><\/dt>\n<dd><strong>CineSwimming im AquariUM<\/strong>, Filmgenuss im Schlauchboot, der Eintritt zum Film ist frei, es gelten die regul\u00e4ren Eintrittspreise des AquariUM Schwedt.<\/dd>\n<dt><strong>28. November bis 21. Dezember<\/strong><\/dt>\n<dd><strong>LichterZeit am StroamCamp<\/strong>, famili\u00e4rer Weihnachtstreff der Stadtwerke Schwedt mit Anker&#038;Platz, Jugend trifft Technik e.V. und der WOBAG Schwedt, Fr + Sa 16 \u2013 21\u2009Uhr, So 16 &#8211; 19 Uhr, Programm: www.stadtwerke-schwedt.de\/lichterzeit, Eintritt frei.<\/dd>\n<dt><strong>30. November, 14 und 16:30 Uhr<\/strong><\/dt>\n<dd><strong>Internationale Weihnacht<\/strong>: Chorkonzerte zum 1. Advent in der beheizten Evangelischen Kirche \u201eSankt Katharinen\u201c in Schwedt \u2013 mit 9 Ch\u00f6ren aus Schwedt und Gryfino. Eintritt: 10 \u20ac. <\/dd>\n<dt><strong>6. Dezember, 18 \u2013 0 Uhr<\/strong><\/dt>\n<dd><strong>Lounge Night im AquariUM<\/strong>. Live-Musik mit Niklas Sax (Jazz, House, Soul), Eintritt: 30 \u20ac<\/dd>\n<dt><strong>15.\/16. Dezember, 19 Uhr <\/strong><\/dt>\n<dd><strong>Festliches Weihnachtskonzert<\/strong> mit Solisten und Ensembles der Musik- und Kunstschule im Berlischky-Pavillon<\/dd>\n<dt><strong>21. Dezember, 16:30 Uhr<\/strong><\/dt>\n<dd><strong>Stadtwerke-Kuschelkino<\/strong> im Rahmen der LichterZeit am StroamCamp. Film: Kevin \u2013 Allein zu Haus, Eintritt frei, Kuscheldecke mitbringen!<\/dd>\n<\/dl>\n<p>        <!-- END EVENTS LIST --><\/p><\/div>\n<\/p><\/div>\n<\/p><\/div>\n<\/div>\n<\/div>\n<hr>\n<div>Tolle Aktion<\/div>\n<div>\n<p>        <img decoding=\"async\" src=\"\/schwedt\/wp-content\/uploads\/sites\/5\/2025\/11\/206bild1.jpeg\" alt=\"\"><\/p>\n<h2>Vereinsmitglieder als Stickerhelden<\/h2>\n<div>\n<p><em><small>Foto: SWS<\/small><\/em><\/p>\n<p>Von Mitte September bis zum 21. November konnten Vereinsmitglieder und Fans beim Nahkauf Schwedt die Sticker mit den Portraitbildern der Vereins-Kollegen sammeln und tauschen.<\/p>\n<\/div>\n<p><a href=\"\/schwedt\/2025\/11\/13\/vereinsmitglieder-als-stickerhelden\/\">Mehr &#8230;<\/a><\/p>\n<\/div>\n<hr>\n<div>\n<p>        <img decoding=\"async\" src=\"\/schwedt\/wp-content\/uploads\/sites\/5\/2025\/05\/National-Park-Ecke-cropped.svg\" alt=\"\"><\/p>\n<p>30 Jahre Nationalpark \u2013 was f\u00fcr ein Jubil\u00e4um! Wir sagen Danke f\u00fcr viele unvergessliche Naturerlebnisse und freuen uns auf die n\u00e4chsten 30.<\/p>\n<div>\n<p>Liebe Freunde des Nationalparks,<\/p>\n<\/p>\n<\/div>\n<p><a href=\"\/schwedt\/2025\/11\/13\/nationalpark-ecke-november-2025\/\">Mehr &#8230;<\/a><\/p>\n<\/div>\n<hr>\n<div>Energieversorger im Fokus<\/div>\n<div>\n<p>        <img decoding=\"async\" src=\"\/schwedt\/wp-content\/uploads\/sites\/5\/2025\/11\/208bild1.png\" alt=\"\"><\/p>\n<h2>Die vielen Vorteile der Stadtwerke<\/h2>\n<p><small><em>Grafik: SPREE-PR\/Uftring<\/small><\/em><\/p>\n<div>Stadtwerke sind weit mehr als Versorger \u2013 sie sind starke Partner f\u00fcr ihre Region.<\/div>\n<p><a href=\"\/schwedt\/2025\/11\/13\/die-vielen-vorteile-der-stadtwerke\/\">Mehr &#8230;<\/a><\/p>\n<\/div>\n<hr>\n<div>Adventsr\u00e4tsel<\/div>\n<div>\n<p>        <img decoding=\"async\" src=\"\/schwedt\/wp-content\/uploads\/sites\/5\/2025\/11\/207bild1.png\" alt=\"\"><\/p>\n<h2>Himmlische Adventszeit<\/h2>\n<p><small><em>Foto: KI generiert\/Canva AI<\/small><\/em><\/p>\n<div>Bei unserem diesj\u00e4hrigen gro\u00dfen Adventsr\u00e4tsel gibt es wieder einiges zu gewinnen.<\/div>\n<p><a href=\"\/schwedt\/2025\/11\/16\/himmlische-adventszeit\/\">Mehr &#8230;<\/a><\/p>\n<\/div>\n<hr>\n<div>Land und Leute<\/div>\n<div>\n<p>        <img decoding=\"async\" src=\"\/schwedt\/wp-content\/uploads\/sites\/5\/2025\/11\/210bild1-scaled.jpg\" alt=\"\"><\/p>\n<h2>Schreiben mit Stil<\/h2>\n<p><small><em>Foto: Cleo Skribent<\/small><\/em><\/p>\n<div>Die Schreibger\u00e4te-Manufaktur Cleo Skribent in Bad Wilsnack (Prignitz) feiert ihr 80-j\u00e4hriges Bestehen.<\/div>\n<p><a href=\"\/schwedt\/2025\/11\/13\/schreiben-mit-stil\/\">Mehr &#8230;<\/a><\/p>\n<\/div>\n<hr>\n<div>Unterwegs in Brandenburg<\/div>\n<div>\n<p>        <img decoding=\"async\" src=\"\/schwedt\/wp-content\/uploads\/sites\/5\/2025\/11\/211bild1.png\" alt=\"\"><\/p>\n<h2>Die Lausitz im Rampenlicht \u2013 Europas erstes Net Zero Valley<\/h2>\n<p><small><em>Foto: Net Zero Valley Lausitz<\/small><\/em><\/p>\n<div>Die Lausitz will den Wandel von der Braunkohleregion zum Hotspot \u201egr\u00fcner Industrie\u201c erfolgreich vollenden.<\/div>\n<p><a href=\"\/schwedt\/2025\/11\/13\/die-lausitz-im-rampenlicht-europas-erstes-net-zero-valley\/\">Mehr &#8230;<\/a><\/p>\n<\/div>\n<p><!--more--><br \/>\n<!-- {\"type\":\"layout\",\"children\":[{\"type\":\"section\",\"props\":{\"image_position\":\"center-center\",\"padding_remove_top\":true,\"style\":\"default\",\"title_breakpoint\":\"xl\",\"title_position\":\"top-left\",\"title_rotation\":\"left\",\"vertical_align\":\"\",\"width\":\"default\"},\"children\":[{\"type\":\"row\",\"props\":{\"column_gap\":\"small\",\"divider\":true,\"layout\":\"2-3,1-3\",\"margin_remove_top\":true,\"width\":\"large\"},\"children\":[{\"type\":\"column\",\"props\":{\"html_element\":\"article\",\"image_position\":\"center-center\",\"position_sticky_breakpoint\":\"m\",\"width_medium\":\"2-3\"},\"children\":[{\"type\":\"panel\",\"props\":{\"content\":\"\n\n<p><em><small>Foto: SPREE-PR\\\/Petsch<\\\/small><\\\/em><\\\/p>\\n\n\n<p>Im Mittelpunkt stehen die rund 200 Mitarbeitenden, von denen die H\\u00e4lfte vor der Kamera zu sehen ist.<\\\/p>\",\"content_column_breakpoint\":\"m\",\"content_margin\":\"remove\",\"icon_width\":80,\"image\":\"wp-content\\\/uploads\\\/sites\\\/5\\\/2025\\\/11\\\/Filmer_MG_8875kl.jpg\",\"image_align\":\"between\",\"image_grid_breakpoint\":\"m\",\"image_grid_width\":\"1-2\",\"image_link\":true,\"image_svg_color\":\"emphasis\",\"link\":\"2025\\\/11\\\/13\\\/neuer-imagefilm-zeigt-vielfalt-des-unternehmensverbundes\\\/\",\"link_style\":\"default\",\"link_text\":\"Mehr ...\",\"margin\":\"default\",\"meta\":\"\\u201eNi hao \\u2013 hier sagen wa Tach!\\u201c\",\"meta_align\":\"above-title\",\"meta_element\":\"div\",\"meta_style\":\"h6\",\"title\":\"Neuer Imagefilm zeigt Vielfalt des Unternehmensverbundes\",\"title_align\":\"top\",\"title_element\":\"h2\",\"title_grid_breakpoint\":\"m\",\"title_grid_width\":\"1-2\",\"title_hover_style\":\"heading\",\"title_link\":true,\"title_margin\":\"small\",\"title_style\":\"h3\"}},{\"type\":\"divider\",\"props\":{\"divider_element\":\"hr\",\"margin\":\"small\"}},{\"type\":\"panel\",\"props\":{\"content\":\"\n\n<p><em><small>Foto: SPREE-PR\\\/Petsch<\\\/small><\\\/em><\\\/p>\\n\n\n<p>Mit der sch\\u00f6nen Adventszeit zieht in Schwedt ein neues vorweihnachtliches Vergn\\u00fcgen ein: die LichterZeit am StroamCamp.<\\\/p>\",\"content_column_breakpoint\":\"m\",\"content_margin\":\"remove\",\"icon_width\":80,\"image\":\"wp-content\\\/uploads\\\/sites\\\/5\\\/2025\\\/11\\\/102bild1-scaled.jpg\",\"image_align\":\"between\",\"image_grid_breakpoint\":\"m\",\"image_grid_width\":\"1-2\",\"image_link\":true,\"image_svg_color\":\"emphasis\",\"link\":\"2025\\\/11\\\/13\\\/familiaerer-weihnachtstreff-der-stadtwerke\\\/\",\"link_style\":\"default\",\"link_text\":\"Mehr ...\",\"margin\":\"default\",\"meta\":\"LichterZeit am StroamCamp\",\"meta_align\":\"above-title\",\"meta_element\":\"div\",\"meta_style\":\"h6\",\"title\":\"Famili\\u00e4rer Weihnachtstreff der Stadtwerke\",\"title_align\":\"top\",\"title_element\":\"h2\",\"title_grid_breakpoint\":\"m\",\"title_grid_width\":\"1-2\",\"title_hover_style\":\"heading\",\"title_link\":true,\"title_margin\":\"small\",\"title_style\":\"h3\"}},{\"type\":\"divider\",\"props\":{\"divider_element\":\"hr\",\"margin\":\"small\"}},{\"type\":\"panel\",\"props\":{\"content\":\"\n\n<p><em><small>Foto: SPREE-PR\\\/Petsch<\\\/small><\\\/em><\\\/p>\\n\n\n<p>Noch bis ins Fr\\u00fchjahr 2026 l\\u00e4uft die Aktion der Stadtwerke Schwedt: \\u201eF\\u00fcr jeden neuen Energie- oder Telekommunikationsvertrag pflanzen wir einen Baum in der Uckermark\\u201c.<\\\/p>\",\"content_column_breakpoint\":\"m\",\"content_margin\":\"remove\",\"icon_width\":80,\"image\":\"wp-content\\\/uploads\\\/sites\\\/5\\\/2025\\\/11\\\/103bild1-scaled.jpg\",\"image_align\":\"between\",\"image_grid_breakpoint\":\"m\",\"image_grid_width\":\"1-2\",\"image_link\":true,\"image_svg_color\":\"emphasis\",\"link\":\"2025\\\/11\\\/13\\\/gemeinsame-aktion-500-baueme-fuer-die-uckermark\\\/\",\"link_style\":\"default\",\"link_text\":\"Mehr ...\",\"margin\":\"default\",\"meta\":\"Der Stadtwerke-Wald\",\"meta_align\":\"above-title\",\"meta_element\":\"div\",\"meta_style\":\"h6\",\"title\":\"Gemeinsame Aktion: 500 B\\u00e4ume f\\u00fcr die Uckermark\",\"title_align\":\"top\",\"title_element\":\"h2\",\"title_grid_breakpoint\":\"m\",\"title_grid_width\":\"1-2\",\"title_hover_style\":\"heading\",\"title_link\":true,\"title_margin\":\"small\",\"title_style\":\"h3\"}},{\"type\":\"divider\",\"props\":{\"divider_element\":\"hr\",\"margin\":\"small\"}},{\"type\":\"panel\",\"props\":{\"content\":\"\n\n<p><em><small>Foto: SPREE-PR\\\/Petsch<\\\/small><\\\/em><\\\/p>\\n\n\n<p>Seit 30 Jahren begleitet Marco K\\u00fchn, Prokurist und Leiter Controlling des Unternehmensverbunds Stadtwerke Schwedt, den stetigen Wandel bei der Energieversorgung.<\\\/p>\",\"content_column_breakpoint\":\"m\",\"content_margin\":\"remove\",\"icon_width\":80,\"image\":\"wp-content\\\/uploads\\\/sites\\\/5\\\/2025\\\/11\\\/104bild1-scaled.jpg\",\"image_align\":\"between\",\"image_grid_breakpoint\":\"m\",\"image_grid_width\":\"1-2\",\"image_link\":true,\"image_svg_color\":\"emphasis\",\"link\":\"2025\\\/11\\\/13\\\/aus-erfahrung-gewachsen-fuer-die-zukunft-geruestet\\\/\",\"link_style\":\"default\",\"link_text\":\"Mehr ...\",\"margin\":\"default\",\"meta\":\"Im Gespr\\u00e4ch mit Marco K\\u00fchn\",\"meta_align\":\"above-title\",\"meta_element\":\"div\",\"meta_style\":\"h6\",\"title\":\"Aus Erfahrung gewachsen, f\\u00fcr die Zukunft ger\\u00fcstet\",\"title_align\":\"top\",\"title_element\":\"h2\",\"title_grid_breakpoint\":\"m\",\"title_grid_width\":\"1-2\",\"title_hover_style\":\"heading\",\"title_link\":true,\"title_margin\":\"small\",\"title_style\":\"h3\"}},{\"type\":\"divider\",\"props\":{\"divider_element\":\"hr\",\"margin\":\"small\"}},{\"type\":\"panel\",\"props\":{\"content\":\"\n\n<p><em><small>Foto: SPREE-PR\\\/Petsch<\\\/small><\\\/em><\\\/p>\\n\n\n<p>Das AquariUM Schwedt bildet 2026 wieder einen Fachangestellten f\\u00fcr B\\u00e4derbetriebe (FAB) aus und freut sich auch auf Bewerbungen bereits erfahrener Fachkr\\u00e4fte.<\\\/p>\",\"content_column_breakpoint\":\"m\",\"content_margin\":\"remove\",\"icon_width\":80,\"image\":\"wp-content\\\/uploads\\\/sites\\\/5\\\/2025\\\/11\\\/105bild1-scaled.jpg\",\"image_align\":\"between\",\"image_grid_breakpoint\":\"m\",\"image_grid_width\":\"1-2\",\"image_link\":true,\"image_svg_color\":\"emphasis\",\"link\":\"2025\\\/11\\\/13\\\/fachangestellter-fuer-baederbetriebe-der-allrounder-am-beckenrand\\\/\",\"link_style\":\"default\",\"link_text\":\"Mehr ...\",\"margin\":\"default\",\"meta\":\"Azubis und Fachkr\\u00e4fte gesucht\",\"meta_align\":\"above-title\",\"meta_element\":\"div\",\"meta_style\":\"h6\",\"title\":\"Fachangestellter f\\u00fcr B\\u00e4derbetriebe: Der Allrounder am Beckenrand\",\"title_align\":\"top\",\"title_element\":\"h2\",\"title_grid_breakpoint\":\"m\",\"title_grid_width\":\"1-2\",\"title_hover_style\":\"heading\",\"title_link\":true,\"title_margin\":\"small\",\"title_style\":\"h3\"}},{\"type\":\"divider\",\"props\":{\"divider_element\":\"hr\",\"margin\":\"small\"}},{\"type\":\"panel\",\"props\":{\"content\":\"Ab 2026 senken die Stadtwerke Schwedt die Strompreise. Insgesamt werden Kunden um \\u00fcber 2 Millionen Euro entlastet.\",\"content_column_breakpoint\":\"m\",\"content_margin\":\"remove\",\"icon_width\":80,\"image\":\"\",\"image_align\":\"between\",\"image_grid_breakpoint\":\"m\",\"image_grid_width\":\"1-2\",\"image_link\":true,\"image_svg_color\":\"emphasis\",\"link\":\"2025\\\/11\\\/13\\\/stadtwerke-schwedt-senken-strompreise\\\/\",\"link_style\":\"secondary\",\"link_text\":\"Mehr ...\",\"margin\":\"default\",\"meta\":\"Entlastung ab 2026\",\"meta_align\":\"above-title\",\"meta_element\":\"div\",\"meta_style\":\"h6\",\"panel_padding\":\"default\",\"panel_style\":\"card-primary\",\"title\":\"Stadtwerke Schwedt senken Strompreise\",\"title_align\":\"top\",\"title_element\":\"h2\",\"title_grid_breakpoint\":\"m\",\"title_grid_width\":\"1-2\",\"title_hover_style\":\"heading\",\"title_link\":true,\"title_margin\":\"small\",\"title_style\":\"h3\"}},{\"type\":\"divider\",\"props\":{\"divider_element\":\"hr\",\"margin\":\"small\"}},{\"type\":\"panel\",\"props\":{\"content\":\"\n\n<p><em><small>Foto: SPREE-PR\\\/Petsch<\\\/small><\\\/em><\\\/p>\\n\n\n<p>Stromz\\u00e4hler kennt jeder \\u2013 aber die neuen, intelligenten Messsysteme sind mehr als nur Zahlenableser.<\\\/p>\",\"content_column_breakpoint\":\"m\",\"content_margin\":\"remove\",\"icon_width\":80,\"image\":\"wp-content\\\/uploads\\\/sites\\\/5\\\/2025\\\/11\\\/107bild1-1.jpg\",\"image_align\":\"between\",\"image_grid_breakpoint\":\"m\",\"image_grid_width\":\"1-2\",\"image_link\":true,\"image_svg_color\":\"emphasis\",\"link\":\"2025\\\/11\\\/13\\\/intelligenten-messsystemen\\\/\",\"link_style\":\"default\",\"link_text\":\"Mehr ...\",\"margin\":\"default\",\"meta\":\"3 Fragen zu ...\",\"meta_align\":\"above-title\",\"meta_element\":\"div\",\"meta_style\":\"h6\",\"title\":\"Intelligenten Messsystemen\",\"title_align\":\"top\",\"title_element\":\"h2\",\"title_grid_breakpoint\":\"m\",\"title_grid_width\":\"1-2\",\"title_hover_style\":\"heading\",\"title_link\":true,\"title_margin\":\"small\",\"title_style\":\"h3\"}},{\"type\":\"divider\",\"props\":{\"divider_element\":\"hr\",\"margin\":\"small\"}},{\"type\":\"panel\",\"props\":{\"content\":\"\n\n<p><em><small>Foto: SPREE-PR\\\/Petsch <\\\/small><\\\/em><\\\/p>\\n\n\n<p>Die Trickfabrik, Betreiber des Jugendklubs im K\\u00fclzviertel, ist neuer Glasfaser-Kunde der Stadtwerke Schwedt.<\\\/p>\",\"content_column_breakpoint\":\"m\",\"content_margin\":\"remove\",\"icon_width\":80,\"image\":\"wp-content\\\/uploads\\\/sites\\\/5\\\/2025\\\/11\\\/108bild1-scaled.jpg\",\"image_align\":\"between\",\"image_grid_breakpoint\":\"m\",\"image_grid_width\":\"1-2\",\"image_link\":true,\"image_svg_color\":\"emphasis\",\"link\":\"2025\\\/11\\\/13\\\/gigabit-schnelles-internet-fuer-kreative-koepfe\\\/\",\"link_style\":\"default\",\"link_text\":\"Mehr ...\",\"margin\":\"default\",\"meta\":\"Glasfaserausbau\",\"meta_align\":\"above-title\",\"meta_element\":\"div\",\"meta_style\":\"h6\",\"title\":\"Gigabit-schnelles Internet f\\u00fcr kreative K\\u00f6pfe\",\"title_align\":\"top\",\"title_element\":\"h2\",\"title_grid_breakpoint\":\"m\",\"title_grid_width\":\"1-2\",\"title_hover_style\":\"heading\",\"title_link\":true,\"title_margin\":\"small\",\"title_style\":\"h3\"}},{\"type\":\"divider\",\"props\":{\"divider_element\":\"hr\",\"margin\":\"small\"}},{\"type\":\"panel\",\"props\":{\"content\":\"\n\n<p><em><small>Foto: SPREE-PR\\\/Petsch<\\\/small><\\\/em><\\\/p>\\n\n\n<p>In loser Folge stellen wir die Hobbys und Leidenschaften der Kollegen vor. Diesmal: Heino H\\u00e4usgen, Abteilungsleiter IT beim Unternehmensverbund Stadtwerke Schwedt.<\\\/p>\",\"content_column_breakpoint\":\"m\",\"content_margin\":\"remove\",\"icon_width\":80,\"image\":\"wp-content\\\/uploads\\\/sites\\\/5\\\/2025\\\/11\\\/109bild1-scaled.jpg\",\"image_align\":\"between\",\"image_grid_breakpoint\":\"m\",\"image_grid_width\":\"1-2\",\"image_height\":500,\"image_link\":true,\"image_svg_color\":\"emphasis\",\"image_width\":600,\"link\":\"2025\\\/11\\\/13\\\/tischtennis-macht-den-kopf-frei-engagiert-im-beruf-vielseitig-im-leben\\\/\",\"link_style\":\"default\",\"link_text\":\"Mehr ...\",\"margin\":\"default\",\"meta\":\"Die Gesichter des Unternehmensverbundes\",\"meta_align\":\"above-title\",\"meta_element\":\"div\",\"meta_style\":\"h6\",\"title\":\"\\u201eTischtennis macht den Kopf frei.\\u201c Engagiert im Beruf, vielseitig im Leben\",\"title_align\":\"top\",\"title_element\":\"h2\",\"title_grid_breakpoint\":\"m\",\"title_grid_width\":\"1-2\",\"title_hover_style\":\"heading\",\"title_link\":true,\"title_margin\":\"small\",\"title_style\":\"h3\"}},{\"type\":\"divider\",\"props\":{\"divider_element\":\"hr\",\"margin\":\"small\"}},{\"type\":\"panel\",\"props\":{\"content\":\"\n\n<p><em><small>Foto: Hochschule Stralsund<\\\/small><\\\/em><\\\/p>\\n\n\n<p>Der Dualstudent der Stadtwerke Schwedt wurde im September mit dem Studienpreis der Ingenieurkammer Mecklenburg-Vorpommern geehrt.<\\\/p>\",\"content_column_breakpoint\":\"m\",\"content_margin\":\"remove\",\"icon_width\":80,\"image\":\"wp-content\\\/uploads\\\/sites\\\/5\\\/2025\\\/11\\\/110bild1.jpg\",\"image_align\":\"between\",\"image_grid_breakpoint\":\"m\",\"image_grid_width\":\"1-2\",\"image_link\":true,\"image_svg_color\":\"emphasis\",\"link\":\"2025\\\/11\\\/13\\\/studienpreis-fuer-dualstudent\\\/\",\"link_style\":\"default\",\"link_text\":\"Mehr ...\",\"margin\":\"default\",\"meta\":\"Ausgezeichnet!\",\"meta_align\":\"above-title\",\"meta_element\":\"div\",\"meta_style\":\"h6\",\"title\":\"Studienpreis f\\u00fcr Dualstudent\",\"title_align\":\"top\",\"title_element\":\"h2\",\"title_grid_breakpoint\":\"m\",\"title_grid_width\":\"1-2\",\"title_hover_style\":\"heading\",\"title_link\":true,\"title_margin\":\"small\",\"title_style\":\"h3\"}}]},{\"type\":\"column\",\"props\":{\"html_element\":\"article\",\"image_position\":\"center-center\",\"position_sticky_breakpoint\":\"m\",\"width_medium\":\"1-3\"},\"children\":[{\"type\":\"headline\",\"props\":{\"content\":\"Editorial\",\"title_element\":\"div\",\"title_style\":\"h6\"}},{\"type\":\"panel\",\"props\":{\"content\":\"\n\n<p>Liebe Leserinnen und Leser,<\\\/p>\\n\n\n<p>das Jahr neigt sich dem Ende zu \\u2013 und mit ihm beginnt in Schwedt eine ganz besondere Zeit.<\\\/p>\",\"content_column_breakpoint\":\"m\",\"content_margin\":\"small\",\"icon_width\":80,\"image\":\"wp-content\\\/uploads\\\/sites\\\/5\\\/2025\\\/05\\\/201_Teaser_1GFDirk-Sasson_SWSchwedt.png\",\"image_align\":\"between\",\"image_grid_breakpoint\":\"m\",\"image_grid_width\":\"1-2\",\"image_link\":true,\"image_loading\":true,\"image_svg_color\":\"emphasis\",\"link\":\"2025\\\/11\\\/13\\\/frohe-lichterzeit-und-zuversicht\\\/\",\"link_style\":\"default\",\"link_text\":\"Mehr ...\",\"margin\":\"small\",\"meta\":\"<small><em>Foto: SPREE-PR\\\/Arbeit<\\\/small><\\\/em>\",\"meta_align\":\"above-content\",\"meta_color\":\"muted\",\"meta_element\":\"div\",\"meta_margin\":\"remove\",\"meta_style\":\"text-small\",\"title\":\"Frohe LichterZeit und Zuversicht\",\"title_align\":\"top\",\"title_element\":\"h2\",\"title_grid_breakpoint\":\"m\",\"title_grid_width\":\"1-2\",\"title_hover_style\":\"heading\",\"title_link\":true,\"title_margin\":\"small\",\"title_style\":\"h4\"}},{\"type\":\"divider\",\"props\":{\"divider_element\":\"hr\",\"margin\":\"small\"}},{\"type\":\"headline\",\"props\":{\"content\":\"UMschau-Tipp\",\"margin\":\"default\",\"margin_remove_top\":false,\"title_element\":\"div\",\"title_style\":\"h6\"}},{\"type\":\"panel\",\"props\":{\"content\":\"\n\n<p>Tilo Esche und sein Team bringen das M\\u00e4rchen \\u201eDer Lebkuchenmann\\u201c f\\u00fcr Kinder ab 4 Jahren und Familien auf die B\\u00fchne.<\\\/p>\",\"content_column_breakpoint\":\"m\",\"content_margin\":\"small\",\"icon_width\":80,\"image\":\"wp-content\\\/uploads\\\/sites\\\/5\\\/2025\\\/11\\\/202bild1-scaled.jpg\",\"image_align\":\"between\",\"image_grid_breakpoint\":\"m\",\"image_grid_width\":\"1-2\",\"image_link\":true,\"image_loading\":true,\"image_svg_color\":\"emphasis\",\"link\":\"2025\\\/11\\\/13\\\/niemand-ist-nutzlos-weihnachtlicher-maerchenspass\\\/\",\"link_style\":\"default\",\"link_text\":\"Mehr ...\",\"margin\":\"small\",\"meta\":\"<small><em>Foto: ubs\\\/Krause<\\\/small><\\\/em>\",\"meta_align\":\"above-content\",\"meta_color\":\"muted\",\"meta_element\":\"div\",\"meta_margin\":\"remove\",\"meta_style\":\"text-small\",\"title\":\"Niemand ist nutzlos! \\u2013 Weihnachtlicher M\\u00e4rchenspa\\u00df\",\"title_align\":\"top\",\"title_element\":\"h2\",\"title_grid_breakpoint\":\"m\",\"title_grid_width\":\"1-2\",\"title_hover_style\":\"heading\",\"title_link\":true,\"title_margin\":\"small\",\"title_style\":\"h4\"}},{\"type\":\"divider\",\"props\":{\"divider_element\":\"hr\",\"margin\":\"small\"}},{\"type\":\"headline\",\"props\":{\"content\":\"Wo Schiffe anlegen, legt die Fantasie ab\",\"margin\":\"default\",\"title_element\":\"div\",\"title_style\":\"h6\"}},{\"type\":\"panel\",\"props\":{\"content\":\"Am 14. September wurde der Schwedter Hafen zur Leinwand f\\u00fcr junge K\\u00fcnstlerinnen und K\\u00fcnstler.\",\"content_column_breakpoint\":\"m\",\"content_margin\":\"small\",\"icon_width\":80,\"image\":\"wp-content\\\/uploads\\\/sites\\\/5\\\/2025\\\/11\\\/203bild1.jpeg\",\"image_align\":\"between\",\"image_grid_breakpoint\":\"m\",\"image_grid_width\":\"1-2\",\"image_link\":true,\"image_loading\":true,\"image_svg_color\":\"emphasis\",\"link\":\"2025\\\/11\\\/13\\\/mal-und-zeichenwettbewerb-flow-2025-am-hafen-schwedt\\\/\",\"link_style\":\"default\",\"link_text\":\"Mehr ...\",\"margin\":\"small\",\"meta\":\"<small><em>Foto: SWS<\\\/small><\\\/em>\",\"meta_align\":\"above-content\",\"meta_color\":\"muted\",\"meta_element\":\"div\",\"meta_margin\":\"remove\",\"meta_style\":\"text-small\",\"title\":\"Mal- und Zeichenwettbewerb FLOW 2025 am Hafen Schwedt\",\"title_align\":\"top\",\"title_element\":\"h2\",\"title_grid_breakpoint\":\"m\",\"title_grid_width\":\"1-2\",\"title_hover_style\":\"heading\",\"title_link\":true,\"title_margin\":\"small\",\"title_style\":\"h4\"}},{\"type\":\"divider\",\"props\":{\"divider_element\":\"hr\",\"margin\":\"small\"}},{\"type\":\"panel\",\"props\":{\"content\":\"\",\"content_column_breakpoint\":\"m\",\"content_margin\":\"small\",\"icon_width\":80,\"image\":\"wp-content\\\/uploads\\\/sites\\\/5\\\/2025\\\/11\\\/204.png\",\"image_align\":\"top\",\"image_grid_breakpoint\":\"m\",\"image_grid_width\":\"1-2\",\"image_link\":true,\"image_loading\":true,\"image_svg_color\":\"emphasis\",\"link\":\"2025\\\/11\\\/13\\\/entspannter-abend-mit-live-musik-cocktails-und-lounge-atmosphaere\\\/\",\"link_style\":\"primary\",\"link_text\":\"Mehr  ...\",\"margin\":\"small\",\"meta\":\"Erste \\u201eLounge Night\\u201c im AquariUM Schwedt\",\"meta_align\":\"above-title\",\"meta_element\":\"div\",\"meta_style\":\"h6\",\"panel_link\":false,\"panel_padding\":\"default\",\"panel_style\":\"card-primary\",\"title\":\"Entspannter Abend mit Live-Musik, Cocktails und Lounge-Atmosph\\u00e4re\",\"title_align\":\"top\",\"title_element\":\"h2\",\"title_grid_breakpoint\":\"m\",\"title_grid_width\":\"1-2\",\"title_hover_style\":\"heading\",\"title_link\":true,\"title_margin\":\"small\",\"title_style\":\"h4\"}},{\"type\":\"divider\",\"props\":{\"divider_element\":\"hr\",\"margin\":\"small\"}},{\"type\":\"html\",\"props\":{\"content\":\"<!-- Modal Trigger -->\\n<a href=\\\"#events-modal\\\" uk-toggle class=\\\"uk-link-reset\\\">\\n  <\/p>\n<div class=\\\"uk-card uk-card-default uk-box-shadow-large uk-box-shadow-hover-xlarge uk-padding-small\\\" style=\\\"margin: 20px;\\\">\\n\\n    <\/p>\n<div class=\\\"uk-grid-small uk-flex-middle\\\" uk-grid>\\n      <\/p>\n<div class=\\\"uk-width-auto\\\">\\n        <img \\n          src=\\\"https:\\\/\\\/stadtwerkezeitung.info\\\/schwedt\\\/wp-content\\\/uploads\\\/sites\\\/5\\\/2025\\\/05\\\/Logo-Infokasten-Events-termine-Kopf-s8-cropped.svg\\\"\\n          alt=\\\"Events Logo\\\"\\n          width=\\\"60\\\"\\n          height=\\\"60\\\"\\n          style=\\\"display: inline-block;\\\">\\n      <\\\/div>\\n      <\/p>\n<div class=\\\"uk-width-expand\\\">\\n        <\/p>\n<h4 class=\\\"uk-margin-remove\\\">Events &#038; Termine<\\\/h4>\\n        <\/p>\n<p class=\\\"uk-margin-remove\\\">Anstehende Veranstaltungen in der Region<\\\/p>\\n      <\\\/div>\\n    <\\\/div>\\n\\n  <\\\/div>\\n<\\\/a>\\n\\n\\n\\n<!-- Modal Content -->\\n<\/p>\n<div id=\\\"events-modal\\\" class=\\\"uk-modal\\\" uk-modal>\\n  <\/p>\n<div class=\\\"uk-modal-dialog uk-modal-body uk-width-2-3@m uk-overflow-auto\\\">\\n    <button class=\\\"uk-modal-close-default\\\" type=\\\"button\\\" uk-close><\\\/button>\\n\\n    <\/p>\n<div class=\\\"uk-section uk-section-muted uk-padding\\\">\\n      <\/p>\n<div class=\\\"uk-container\\\">\\n\\n        <!-- Grid: Logo next to heading -->\\n        <\/p>\n<div class=\\\"uk-grid-small uk-flex-middle uk-margin-bottom\\\" uk-grid>\\n          <\/p>\n<div class=\\\"uk-width-auto\\\">\\n            <img \\n              src=\\\"https:\\\/\\\/stadtwerkezeitung.info\\\/schwedt\\\/wp-content\\\/uploads\\\/sites\\\/5\\\/2025\\\/05\\\/Logo-Infokasten-Events-termine-Kopf-s8-cropped.svg\\\"\\n              alt=\\\"Events Logo\\\"\\n              width=\\\"80\\\"\\n              height=\\\"80\\\"\\n              style=\\\"display: inline-block;\\\">\\n          <\\\/div>\\n          <\/p>\n<div class=\\\"uk-width-expand\\\">\\n            <\/p>\n<h3 class=\\\"uk-heading-divider uk-margin-remove-bottom\\\">Events &#038; Termine<\\\/h3>\\n          <\\\/div>\\n        <\\\/div>\\n\\n        <!-- BEGIN EVENTS LIST -->\\n        <\/p>\n<dl class=\\\"uk-description-list uk-description-list-divider\\\">\\n\\n          <\/p>\n<dt><strong>22. November, 13 \\u2013 17 Uhr<\\\/strong><\\\/dt>\\n          <\/p>\n<dd><strong>Martinsmarkt<\\\/strong>: Weihnachtsmarkt in und an den Uckerm\\u00e4rkischen B\\u00fchnen Schwedt. Der Weihnachtsmann nimmt pers\\u00f6nlich Wunschzettel in Empfang. <\\\/dd>\\n\\n          <\/p>\n<dt><strong>22. November, 16 Uhr<\\\/strong><\\\/dt>\\n          <\/p>\n<dd><strong>CineSwimming im AquariUM<\\\/strong>, Filmgenuss im Schlauchboot, der Eintritt zum Film ist frei, es gelten die regul\\u00e4ren Eintrittspreise des AquariUM Schwedt.<\\\/dd>\\n\\n          <\/p>\n<dt><strong>28. November bis 21. Dezember<\\\/strong><\\\/dt>\\n          <\/p>\n<dd><strong>LichterZeit am StroamCamp<\\\/strong>, famili\\u00e4rer Weihnachtstreff der Stadtwerke Schwedt mit Anker&#038;Platz, Jugend trifft Technik e.V. und der WOBAG Schwedt, Fr + Sa 16 \\u2013 21\\u2009Uhr, So 16 &#8211; 19 Uhr, Programm: www.stadtwerke-schwedt.de\\\/lichterzeit, Eintritt frei.<\\\/dd>\\n\\n          <\/p>\n<dt><strong>30. November, 14 und 16:30 Uhr<\\\/strong><\\\/dt>\\n          <\/p>\n<dd><strong>Internationale Weihnacht<\\\/strong>: Chorkonzerte zum 1. Advent in der beheizten Evangelischen Kirche \\u201eSankt Katharinen\\u201c in Schwedt \\u2013 mit 9 Ch\\u00f6ren aus Schwedt und Gryfino. Eintritt: 10 \\u20ac. <\\\/dd>\\n\\n          <\/p>\n<dt><strong>6. Dezember, 18 \\u2013 0 Uhr<\\\/strong><\\\/dt>\\n          <\/p>\n<dd><strong>Lounge Night im AquariUM<\\\/strong>. Live-Musik mit Niklas Sax (Jazz, House, Soul), Eintritt: 30 \\u20ac<\\\/dd>\\n\\n          <\/p>\n<dt><strong>15.\\\/16. Dezember, 19 Uhr <\\\/strong><\\\/dt>\\n          <\/p>\n<dd><strong>Festliches Weihnachtskonzert<\\\/strong> mit Solisten und Ensembles der Musik- und Kunstschule im Berlischky-Pavillon<\\\/dd>\\n\\n          <\/p>\n<dt><strong>21. Dezember, 16:30 Uhr<\\\/strong><\\\/dt>\\n          <\/p>\n<dd><strong>Stadtwerke-Kuschelkino<\\\/strong> im Rahmen der LichterZeit am StroamCamp. Film: Kevin \\u2013 Allein zu Haus, Eintritt frei, Kuscheldecke mitbringen!<\\\/dd>\\n\\n        <\\\/dl>\\n        <!-- END EVENTS LIST -->\\n\\n      <\\\/div>\\n    <\\\/div>\\n  <\\\/div>\\n<\\\/div>\\n&#8221;}},{&#8220;type&#8221;:&#8221;divider&#8221;,&#8221;props&#8221;:{&#8220;divider_element&#8221;:&#8221;hr&#8221;,&#8221;margin&#8221;:&#8221;small&#8221;}},{&#8220;type&#8221;:&#8221;headline&#8221;,&#8221;props&#8221;:{&#8220;content&#8221;:&#8221;Tolle Aktion&#8221;,&#8221;margin&#8221;:&#8221;default&#8221;,&#8221;title_element&#8221;:&#8221;div&#8221;,&#8221;title_style&#8221;:&#8221;h6&#8243;}},{&#8220;type&#8221;:&#8221;panel&#8221;,&#8221;props&#8221;:{&#8220;content&#8221;:&#8221;<\/p>\n<p><em><small>Foto: SWS<\\\/small><\\\/em><\\\/p>\\n<\/p>\n<p>Von Mitte September bis zum 21. November konnten Vereinsmitglieder und Fans beim Nahkauf Schwedt die Sticker mit den Portraitbildern der Vereins-Kollegen sammeln und tauschen.<\\\/p>&#8220;,&#8221;content_column_breakpoint&#8221;:&#8221;m&#8221;,&#8221;content_margin&#8221;:&#8221;remove&#8221;,&#8221;icon_width&#8221;:80,&#8221;image&#8221;:&#8221;wp-content\\\/uploads\\\/sites\\\/5\\\/2025\\\/11\\\/206bild1.jpeg&#8221;,&#8221;image_align&#8221;:&#8221;between&#8221;,&#8221;image_grid_breakpoint&#8221;:&#8221;m&#8221;,&#8221;image_grid_width&#8221;:&#8221;1-2&#8243;,&#8221;image_link&#8221;:true,&#8221;image_svg_color&#8221;:&#8221;emphasis&#8221;,&#8221;link&#8221;:&#8221;2025\\\/11\\\/13\\\/vereinsmitglieder-als-stickerhelden\\\/&#8221;,&#8221;link_style&#8221;:&#8221;default&#8221;,&#8221;link_text&#8221;:&#8221;Mehr &#8230;&#8221;,&#8221;margin&#8221;:&#8221;default&#8221;,&#8221;meta&#8221;:&#8221;&#8221;,&#8221;meta_align&#8221;:&#8221;above-title&#8221;,&#8221;meta_element&#8221;:&#8221;div&#8221;,&#8221;meta_style&#8221;:&#8221;h6&#8243;,&#8221;title&#8221;:&#8221;Vereinsmitglieder als Stickerhelden&#8221;,&#8221;title_align&#8221;:&#8221;top&#8221;,&#8221;title_element&#8221;:&#8221;h2&#8243;,&#8221;title_grid_breakpoint&#8221;:&#8221;m&#8221;,&#8221;title_grid_width&#8221;:&#8221;1-2&#8243;,&#8221;title_hover_style&#8221;:&#8221;heading&#8221;,&#8221;title_link&#8221;:true,&#8221;title_margin&#8221;:&#8221;small&#8221;,&#8221;title_style&#8221;:&#8221;h4&#8243;}},{&#8220;type&#8221;:&#8221;divider&#8221;,&#8221;props&#8221;:{&#8220;divider_element&#8221;:&#8221;hr&#8221;}},{&#8220;type&#8221;:&#8221;panel&#8221;,&#8221;props&#8221;:{&#8220;content&#8221;:&#8221;<\/p>\n<p>Liebe Freunde des Nationalparks,<\\\/p>\\n<\/p>\n<p><\\\/p>&#8220;,&#8221;content_column_breakpoint&#8221;:&#8221;m&#8221;,&#8221;content_margin&#8221;:&#8221;small&#8221;,&#8221;icon_width&#8221;:80,&#8221;image&#8221;:&#8221;wp-content\\\/uploads\\\/sites\\\/5\\\/2025\\\/05\\\/National-Park-Ecke-cropped.svg&#8221;,&#8221;image_align&#8221;:&#8221;right&#8221;,&#8221;image_grid_breakpoint&#8221;:&#8221;m&#8221;,&#8221;image_grid_width&#8221;:&#8221;small&#8221;,&#8221;image_link&#8221;:true,&#8221;image_loading&#8221;:true,&#8221;image_svg_color&#8221;:&#8221;emphasis&#8221;,&#8221;link&#8221;:&#8221;2025\\\/11\\\/13\\\/nationalpark-ecke-november-2025\\\/&#8221;,&#8221;link_style&#8221;:&#8221;default&#8221;,&#8221;link_text&#8221;:&#8221;Mehr &#8230;&#8221;,&#8221;margin&#8221;:&#8221;small&#8221;,&#8221;meta&#8221;:&#8221;30 Jahre Nationalpark \\u2013 was f\\u00fcr ein Jubil\\u00e4um! Wir sagen Danke f\\u00fcr viele unvergessliche Naturerlebnisse und freuen uns auf die n\\u00e4chsten 30.&#8221;,&#8221;meta_align&#8221;:&#8221;below-content&#8221;,&#8221;meta_element&#8221;:&#8221;div&#8221;,&#8221;meta_margin&#8221;:&#8221;remove&#8221;,&#8221;meta_style&#8221;:&#8221;&#8221;,&#8221;title&#8221;:&#8221;&#8221;,&#8221;title_align&#8221;:&#8221;top&#8221;,&#8221;title_element&#8221;:&#8221;h2&#8243;,&#8221;title_grid_breakpoint&#8221;:&#8221;m&#8221;,&#8221;title_grid_width&#8221;:&#8221;1-2&#8243;,&#8221;title_hover_style&#8221;:&#8221;heading&#8221;,&#8221;title_link&#8221;:true,&#8221;title_margin&#8221;:&#8221;small&#8221;,&#8221;title_style&#8221;:&#8221;h4&#8243;}},{&#8220;type&#8221;:&#8221;divider&#8221;,&#8221;props&#8221;:{&#8220;divider_element&#8221;:&#8221;hr&#8221;,&#8221;margin&#8221;:&#8221;small&#8221;}},{&#8220;type&#8221;:&#8221;headline&#8221;,&#8221;props&#8221;:{&#8220;content&#8221;:&#8221;Energieversorger im Fokus&#8221;,&#8221;margin&#8221;:&#8221;default&#8221;,&#8221;title_element&#8221;:&#8221;div&#8221;,&#8221;title_style&#8221;:&#8221;h6&#8243;}},{&#8220;type&#8221;:&#8221;panel&#8221;,&#8221;props&#8221;:{&#8220;content&#8221;:&#8221;Stadtwerke sind weit mehr als Versorger \\u2013 sie sind starke Partner f\\u00fcr ihre Region.&#8221;,&#8221;content_column_breakpoint&#8221;:&#8221;m&#8221;,&#8221;content_margin&#8221;:&#8221;small&#8221;,&#8221;icon_width&#8221;:80,&#8221;image&#8221;:&#8221;wp-content\\\/uploads\\\/sites\\\/5\\\/2025\\\/11\\\/208bild1.png&#8221;,&#8221;image_align&#8221;:&#8221;between&#8221;,&#8221;image_grid_breakpoint&#8221;:&#8221;m&#8221;,&#8221;image_grid_width&#8221;:&#8221;1-2&#8243;,&#8221;image_link&#8221;:true,&#8221;image_loading&#8221;:true,&#8221;image_svg_color&#8221;:&#8221;emphasis&#8221;,&#8221;link&#8221;:&#8221;2025\\\/11\\\/13\\\/die-vielen-vorteile-der-stadtwerke\\\/&#8221;,&#8221;link_style&#8221;:&#8221;default&#8221;,&#8221;link_text&#8221;:&#8221;Mehr &#8230;&#8221;,&#8221;margin&#8221;:&#8221;small&#8221;,&#8221;meta&#8221;:&#8221;<small><em>Grafik: SPREE-PR\\\/Uftring<\\\/small><\\\/em>&#8220;,&#8221;meta_align&#8221;:&#8221;above-content&#8221;,&#8221;meta_color&#8221;:&#8221;muted&#8221;,&#8221;meta_element&#8221;:&#8221;div&#8221;,&#8221;meta_margin&#8221;:&#8221;remove&#8221;,&#8221;meta_style&#8221;:&#8221;text-small&#8221;,&#8221;title&#8221;:&#8221;Die vielen Vorteile der Stadtwerke&#8221;,&#8221;title_align&#8221;:&#8221;top&#8221;,&#8221;title_element&#8221;:&#8221;h2&#8243;,&#8221;title_grid_breakpoint&#8221;:&#8221;m&#8221;,&#8221;title_grid_width&#8221;:&#8221;1-2&#8243;,&#8221;title_hover_style&#8221;:&#8221;heading&#8221;,&#8221;title_link&#8221;:true,&#8221;title_margin&#8221;:&#8221;small&#8221;,&#8221;title_style&#8221;:&#8221;h4&#8243;}},{&#8220;type&#8221;:&#8221;divider&#8221;,&#8221;props&#8221;:{&#8220;divider_element&#8221;:&#8221;hr&#8221;,&#8221;margin&#8221;:&#8221;small&#8221;}},{&#8220;type&#8221;:&#8221;headline&#8221;,&#8221;props&#8221;:{&#8220;content&#8221;:&#8221;Adventsr\\u00e4tsel&#8221;,&#8221;margin&#8221;:&#8221;default&#8221;,&#8221;title_element&#8221;:&#8221;div&#8221;,&#8221;title_style&#8221;:&#8221;h6&#8243;}},{&#8220;type&#8221;:&#8221;panel&#8221;,&#8221;props&#8221;:{&#8220;content&#8221;:&#8221;Bei unserem diesj\\u00e4hrigen gro\\u00dfen Adventsr\\u00e4tsel gibt es wieder einiges zu gewinnen.&#8221;,&#8221;content_column_breakpoint&#8221;:&#8221;m&#8221;,&#8221;content_margin&#8221;:&#8221;small&#8221;,&#8221;icon_width&#8221;:80,&#8221;image&#8221;:&#8221;wp-content\\\/uploads\\\/sites\\\/5\\\/2025\\\/11\\\/207bild1.png&#8221;,&#8221;image_align&#8221;:&#8221;between&#8221;,&#8221;image_grid_breakpoint&#8221;:&#8221;m&#8221;,&#8221;image_grid_width&#8221;:&#8221;1-2&#8243;,&#8221;image_link&#8221;:true,&#8221;image_loading&#8221;:true,&#8221;image_svg_color&#8221;:&#8221;emphasis&#8221;,&#8221;link&#8221;:&#8221;2025\\\/11\\\/16\\\/himmlische-adventszeit\\\/&#8221;,&#8221;link_style&#8221;:&#8221;default&#8221;,&#8221;link_text&#8221;:&#8221;Mehr &#8230;&#8221;,&#8221;margin&#8221;:&#8221;small&#8221;,&#8221;meta&#8221;:&#8221;<small><em>Foto: KI generiert\\\/Canva AI<\\\/small><\\\/em>&#8220;,&#8221;meta_align&#8221;:&#8221;above-content&#8221;,&#8221;meta_color&#8221;:&#8221;muted&#8221;,&#8221;meta_element&#8221;:&#8221;div&#8221;,&#8221;meta_margin&#8221;:&#8221;remove&#8221;,&#8221;meta_style&#8221;:&#8221;text-small&#8221;,&#8221;title&#8221;:&#8221;Himmlische Adventszeit&#8221;,&#8221;title_align&#8221;:&#8221;top&#8221;,&#8221;title_element&#8221;:&#8221;h2&#8243;,&#8221;title_grid_breakpoint&#8221;:&#8221;m&#8221;,&#8221;title_grid_width&#8221;:&#8221;1-2&#8243;,&#8221;title_hover_style&#8221;:&#8221;heading&#8221;,&#8221;title_link&#8221;:true,&#8221;title_margin&#8221;:&#8221;small&#8221;,&#8221;title_style&#8221;:&#8221;h4&#8243;}},{&#8220;type&#8221;:&#8221;divider&#8221;,&#8221;props&#8221;:{&#8220;divider_element&#8221;:&#8221;hr&#8221;,&#8221;margin&#8221;:&#8221;small&#8221;}},{&#8220;type&#8221;:&#8221;headline&#8221;,&#8221;props&#8221;:{&#8220;content&#8221;:&#8221;Land und Leute&#8221;,&#8221;margin&#8221;:&#8221;default&#8221;,&#8221;title_element&#8221;:&#8221;div&#8221;,&#8221;title_style&#8221;:&#8221;h6&#8243;}},{&#8220;type&#8221;:&#8221;panel&#8221;,&#8221;props&#8221;:{&#8220;content&#8221;:&#8221;Die Schreibger\\u00e4te-Manufaktur Cleo Skribent in Bad Wilsnack (Prignitz) feiert ihr 80-j\\u00e4hriges Bestehen.&#8221;,&#8221;content_column_breakpoint&#8221;:&#8221;m&#8221;,&#8221;content_margin&#8221;:&#8221;small&#8221;,&#8221;icon_width&#8221;:80,&#8221;image&#8221;:&#8221;wp-content\\\/uploads\\\/sites\\\/5\\\/2025\\\/11\\\/210bild1-scaled.jpg&#8221;,&#8221;image_align&#8221;:&#8221;between&#8221;,&#8221;image_grid_breakpoint&#8221;:&#8221;m&#8221;,&#8221;image_grid_width&#8221;:&#8221;1-2&#8243;,&#8221;image_link&#8221;:true,&#8221;image_loading&#8221;:true,&#8221;image_svg_color&#8221;:&#8221;emphasis&#8221;,&#8221;link&#8221;:&#8221;2025\\\/11\\\/13\\\/schreiben-mit-stil\\\/&#8221;,&#8221;link_style&#8221;:&#8221;default&#8221;,&#8221;link_text&#8221;:&#8221;Mehr &#8230;&#8221;,&#8221;margin&#8221;:&#8221;small&#8221;,&#8221;meta&#8221;:&#8221;<small><em>Foto: Cleo Skribent<\\\/small><\\\/em>&#8220;,&#8221;meta_align&#8221;:&#8221;above-content&#8221;,&#8221;meta_color&#8221;:&#8221;muted&#8221;,&#8221;meta_element&#8221;:&#8221;div&#8221;,&#8221;meta_margin&#8221;:&#8221;remove&#8221;,&#8221;meta_style&#8221;:&#8221;text-small&#8221;,&#8221;title&#8221;:&#8221;Schreiben mit Stil&#8221;,&#8221;title_align&#8221;:&#8221;top&#8221;,&#8221;title_element&#8221;:&#8221;h2&#8243;,&#8221;title_grid_breakpoint&#8221;:&#8221;m&#8221;,&#8221;title_grid_width&#8221;:&#8221;1-2&#8243;,&#8221;title_hover_style&#8221;:&#8221;heading&#8221;,&#8221;title_link&#8221;:true,&#8221;title_margin&#8221;:&#8221;small&#8221;,&#8221;title_style&#8221;:&#8221;h4&#8243;}},{&#8220;type&#8221;:&#8221;divider&#8221;,&#8221;props&#8221;:{&#8220;divider_element&#8221;:&#8221;hr&#8221;,&#8221;margin&#8221;:&#8221;small&#8221;}},{&#8220;type&#8221;:&#8221;headline&#8221;,&#8221;props&#8221;:{&#8220;content&#8221;:&#8221;Unterwegs in Brandenburg&#8221;,&#8221;margin&#8221;:&#8221;default&#8221;,&#8221;title_element&#8221;:&#8221;div&#8221;,&#8221;title_style&#8221;:&#8221;h6&#8243;}},{&#8220;type&#8221;:&#8221;panel&#8221;,&#8221;props&#8221;:{&#8220;content&#8221;:&#8221;Die Lausitz will den Wandel von der Braunkohleregion zum Hotspot \\u201egr\\u00fcner Industrie\\u201c erfolgreich vollenden.&#8221;,&#8221;content_column_breakpoint&#8221;:&#8221;m&#8221;,&#8221;content_margin&#8221;:&#8221;small&#8221;,&#8221;icon_width&#8221;:80,&#8221;image&#8221;:&#8221;wp-content\\\/uploads\\\/sites\\\/5\\\/2025\\\/11\\\/211bild1.png&#8221;,&#8221;image_align&#8221;:&#8221;between&#8221;,&#8221;image_grid_breakpoint&#8221;:&#8221;m&#8221;,&#8221;image_grid_width&#8221;:&#8221;1-2&#8243;,&#8221;image_link&#8221;:true,&#8221;image_loading&#8221;:true,&#8221;image_svg_color&#8221;:&#8221;emphasis&#8221;,&#8221;link&#8221;:&#8221;2025\\\/11\\\/13\\\/die-lausitz-im-rampenlicht-europas-erstes-net-zero-valley\\\/&#8221;,&#8221;link_style&#8221;:&#8221;default&#8221;,&#8221;link_text&#8221;:&#8221;Mehr &#8230;&#8221;,&#8221;margin&#8221;:&#8221;small&#8221;,&#8221;meta&#8221;:&#8221;<small><em>Foto: Net Zero Valley Lausitz<\\\/small><\\\/em>&#8220;,&#8221;meta_align&#8221;:&#8221;above-content&#8221;,&#8221;meta_color&#8221;:&#8221;muted&#8221;,&#8221;meta_element&#8221;:&#8221;div&#8221;,&#8221;meta_margin&#8221;:&#8221;remove&#8221;,&#8221;meta_style&#8221;:&#8221;text-small&#8221;,&#8221;title&#8221;:&#8221;Die Lausitz im Rampenlicht \\u2013 Europas erstes Net Zero Valley&#8221;,&#8221;title_align&#8221;:&#8221;top&#8221;,&#8221;title_element&#8221;:&#8221;h2&#8243;,&#8221;title_grid_breakpoint&#8221;:&#8221;m&#8221;,&#8221;title_grid_width&#8221;:&#8221;1-2&#8243;,&#8221;title_hover_style&#8221;:&#8221;heading&#8221;,&#8221;title_link&#8221;:true,&#8221;title_margin&#8221;:&#8221;small&#8221;,&#8221;title_style&#8221;:&#8221;h4&#8243;}}]}]}],&#8221;name&#8221;:&#8221;Zeitung Draft&#8221;}],&#8221;version&#8221;:&#8221;4.4.1&#8243;} &#8211;><\/p>\n","protected":false},"excerpt":{"rendered":"<p>Neuer Imagefilm zeigt Vielfalt des Unternehmensverbundes \u201eNi hao \u2013 hier sagen wa Tach!\u201c Foto: SPREE-PR\/Petsch Im Mittelpunkt stehen die rund 200 Mitarbeitenden, von denen die H\u00e4lfte vor der Kamera zu sehen ist. Mehr &#8230; Famili\u00e4rer Weihnachtstreff der Stadtwerke LichterZeit am StroamCamp Foto: SPREE-PR\/Petsch Mit der sch\u00f6nen Adventszeit zieht in Schwedt ein neues vorweihnachtliches Vergn\u00fcgen ein: [&hellip;]<\/p>\n","protected":false},"author":1,"featured_media":178,"parent":0,"menu_order":0,"comment_status":"closed","ping_status":"closed","template":"","meta":{"footnotes":""},"class_list":["post-341","page","type-page","status-publish","has-post-thumbnail","hentry"],"yoast_head":"<!-- This site is optimized with the Yoast SEO plugin v26.9 - https:\/\/yoast.com\/product\/yoast-seo-wordpress\/ -->\n<title>UMschau Schwedt November 2025 - UMschau Schwedt<\/title>\n<meta name=\"description\" content=\"Die \u201eUMschau Schwedt\u201c \u2013 die Kundenzeitung des Unternehmensverbunds Stadtwerke Schwedt. Mit Themen rund um Energie, Stadtleben, Erlebnisbad, Kino, Hafen, Campingplatz und mehr.\" \/>\n<meta name=\"robots\" content=\"index, follow, max-snippet:-1, max-image-preview:large, max-video-preview:-1\" \/>\n<link rel=\"canonical\" href=\"https:\/\/stadtwerkezeitung.info\/schwedt\/november-2025\/\" \/>\n<meta property=\"og:locale\" content=\"en_US\" \/>\n<meta property=\"og:type\" content=\"article\" \/>\n<meta property=\"og:title\" content=\"UMschau Schwedt November 2025 - UMschau Schwedt\" \/>\n<meta property=\"og:description\" content=\"Die \u201eUMschau Schwedt\u201c \u2013 die Kundenzeitung des Unternehmensverbunds Stadtwerke Schwedt. Mit Themen rund um Energie, Stadtleben, Erlebnisbad, Kino, Hafen, Campingplatz und mehr.\" \/>\n<meta property=\"og:url\" content=\"https:\/\/stadtwerkezeitung.info\/schwedt\/november-2025\/\" \/>\n<meta property=\"og:site_name\" content=\"UMschau Schwedt\" \/>\n<meta property=\"article:modified_time\" content=\"2025-11-18T07:15:25+00:00\" \/>\n<meta property=\"og:image\" content=\"https:\/\/stadtwerkezeitung.info\/schwedt\/wp-content\/uploads\/sites\/5\/2025\/07\/favicon512.png\" \/>\n\t<meta property=\"og:image:width\" content=\"512\" \/>\n\t<meta property=\"og:image:height\" content=\"512\" \/>\n\t<meta property=\"og:image:type\" content=\"image\/png\" \/>\n<meta name=\"twitter:card\" content=\"summary_large_image\" \/>\n<meta name=\"twitter:label1\" content=\"Est. reading time\" \/>\n\t<meta name=\"twitter:data1\" content=\"11 minutes\" \/>\n<script type=\"application\/ld+json\" class=\"yoast-schema-graph\">{\"@context\":\"https:\/\/schema.org\",\"@graph\":[{\"@type\":\"WebPage\",\"@id\":\"https:\/\/stadtwerkezeitung.info\/schwedt\/november-2025\/\",\"url\":\"https:\/\/stadtwerkezeitung.info\/schwedt\/november-2025\/\",\"name\":\"UMschau Schwedt November 2025 - UMschau Schwedt\",\"isPartOf\":{\"@id\":\"https:\/\/stadtwerkezeitung.info\/schwedt\/#website\"},\"primaryImageOfPage\":{\"@id\":\"https:\/\/stadtwerkezeitung.info\/schwedt\/november-2025\/#primaryimage\"},\"image\":{\"@id\":\"https:\/\/stadtwerkezeitung.info\/schwedt\/november-2025\/#primaryimage\"},\"thumbnailUrl\":\"https:\/\/stadtwerkezeitung.info\/schwedt\/wp-content\/uploads\/sites\/5\/2025\/07\/favicon512.png\",\"datePublished\":\"2025-11-13T11:57:30+00:00\",\"dateModified\":\"2025-11-18T07:15:25+00:00\",\"description\":\"Die \u201eUMschau Schwedt\u201c \u2013 die Kundenzeitung des Unternehmensverbunds Stadtwerke Schwedt. Mit Themen rund um Energie, Stadtleben, Erlebnisbad, Kino, Hafen, Campingplatz und mehr.\",\"breadcrumb\":{\"@id\":\"https:\/\/stadtwerkezeitung.info\/schwedt\/november-2025\/#breadcrumb\"},\"inLanguage\":\"en-US\",\"potentialAction\":[{\"@type\":\"ReadAction\",\"target\":[\"https:\/\/stadtwerkezeitung.info\/schwedt\/november-2025\/\"]}]},{\"@type\":\"ImageObject\",\"inLanguage\":\"en-US\",\"@id\":\"https:\/\/stadtwerkezeitung.info\/schwedt\/november-2025\/#primaryimage\",\"url\":\"https:\/\/stadtwerkezeitung.info\/schwedt\/wp-content\/uploads\/sites\/5\/2025\/07\/favicon512.png\",\"contentUrl\":\"https:\/\/stadtwerkezeitung.info\/schwedt\/wp-content\/uploads\/sites\/5\/2025\/07\/favicon512.png\",\"width\":512,\"height\":512},{\"@type\":\"BreadcrumbList\",\"@id\":\"https:\/\/stadtwerkezeitung.info\/schwedt\/november-2025\/#breadcrumb\",\"itemListElement\":[{\"@type\":\"ListItem\",\"position\":1,\"name\":\"Home\",\"item\":\"https:\/\/stadtwerkezeitung.info\/schwedt\/\"},{\"@type\":\"ListItem\",\"position\":2,\"name\":\"UMschau Schwedt November 2025\"}]},{\"@type\":\"WebSite\",\"@id\":\"https:\/\/stadtwerkezeitung.info\/schwedt\/#website\",\"url\":\"https:\/\/stadtwerkezeitung.info\/schwedt\/\",\"name\":\"UMschau Schwedt\",\"description\":\"\",\"inLanguage\":\"en-US\"}]}<\/script>\n<!-- \/ Yoast SEO plugin. -->","yoast_head_json":{"title":"UMschau Schwedt November 2025 - UMschau Schwedt","description":"Die \u201eUMschau Schwedt\u201c \u2013 die Kundenzeitung des Unternehmensverbunds Stadtwerke Schwedt. Mit Themen rund um Energie, Stadtleben, Erlebnisbad, Kino, Hafen, Campingplatz und mehr.","robots":{"index":"index","follow":"follow","max-snippet":"max-snippet:-1","max-image-preview":"max-image-preview:large","max-video-preview":"max-video-preview:-1"},"canonical":"https:\/\/stadtwerkezeitung.info\/schwedt\/november-2025\/","og_locale":"en_US","og_type":"article","og_title":"UMschau Schwedt November 2025 - UMschau Schwedt","og_description":"Die \u201eUMschau Schwedt\u201c \u2013 die Kundenzeitung des Unternehmensverbunds Stadtwerke Schwedt. Mit Themen rund um Energie, Stadtleben, Erlebnisbad, Kino, Hafen, Campingplatz und mehr.","og_url":"https:\/\/stadtwerkezeitung.info\/schwedt\/november-2025\/","og_site_name":"UMschau Schwedt","article_modified_time":"2025-11-18T07:15:25+00:00","og_image":[{"width":512,"height":512,"url":"https:\/\/stadtwerkezeitung.info\/schwedt\/wp-content\/uploads\/sites\/5\/2025\/07\/favicon512.png","type":"image\/png"}],"twitter_card":"summary_large_image","twitter_misc":{"Est. reading time":"11 minutes"},"schema":{"@context":"https:\/\/schema.org","@graph":[{"@type":"WebPage","@id":"https:\/\/stadtwerkezeitung.info\/schwedt\/november-2025\/","url":"https:\/\/stadtwerkezeitung.info\/schwedt\/november-2025\/","name":"UMschau Schwedt November 2025 - UMschau Schwedt","isPartOf":{"@id":"https:\/\/stadtwerkezeitung.info\/schwedt\/#website"},"primaryImageOfPage":{"@id":"https:\/\/stadtwerkezeitung.info\/schwedt\/november-2025\/#primaryimage"},"image":{"@id":"https:\/\/stadtwerkezeitung.info\/schwedt\/november-2025\/#primaryimage"},"thumbnailUrl":"https:\/\/stadtwerkezeitung.info\/schwedt\/wp-content\/uploads\/sites\/5\/2025\/07\/favicon512.png","datePublished":"2025-11-13T11:57:30+00:00","dateModified":"2025-11-18T07:15:25+00:00","description":"Die \u201eUMschau Schwedt\u201c \u2013 die Kundenzeitung des Unternehmensverbunds Stadtwerke Schwedt. Mit Themen rund um Energie, Stadtleben, Erlebnisbad, Kino, Hafen, Campingplatz und mehr.","breadcrumb":{"@id":"https:\/\/stadtwerkezeitung.info\/schwedt\/november-2025\/#breadcrumb"},"inLanguage":"en-US","potentialAction":[{"@type":"ReadAction","target":["https:\/\/stadtwerkezeitung.info\/schwedt\/november-2025\/"]}]},{"@type":"ImageObject","inLanguage":"en-US","@id":"https:\/\/stadtwerkezeitung.info\/schwedt\/november-2025\/#primaryimage","url":"https:\/\/stadtwerkezeitung.info\/schwedt\/wp-content\/uploads\/sites\/5\/2025\/07\/favicon512.png","contentUrl":"https:\/\/stadtwerkezeitung.info\/schwedt\/wp-content\/uploads\/sites\/5\/2025\/07\/favicon512.png","width":512,"height":512},{"@type":"BreadcrumbList","@id":"https:\/\/stadtwerkezeitung.info\/schwedt\/november-2025\/#breadcrumb","itemListElement":[{"@type":"ListItem","position":1,"name":"Home","item":"https:\/\/stadtwerkezeitung.info\/schwedt\/"},{"@type":"ListItem","position":2,"name":"UMschau Schwedt November 2025"}]},{"@type":"WebSite","@id":"https:\/\/stadtwerkezeitung.info\/schwedt\/#website","url":"https:\/\/stadtwerkezeitung.info\/schwedt\/","name":"UMschau Schwedt","description":"","inLanguage":"en-US"}]}},"_links":{"self":[{"href":"https:\/\/stadtwerkezeitung.info\/schwedt\/wp-json\/wp\/v2\/pages\/341","targetHints":{"allow":["GET"]}}],"collection":[{"href":"https:\/\/stadtwerkezeitung.info\/schwedt\/wp-json\/wp\/v2\/pages"}],"about":[{"href":"https:\/\/stadtwerkezeitung.info\/schwedt\/wp-json\/wp\/v2\/types\/page"}],"author":[{"embeddable":true,"href":"https:\/\/stadtwerkezeitung.info\/schwedt\/wp-json\/wp\/v2\/users\/1"}],"replies":[{"embeddable":true,"href":"https:\/\/stadtwerkezeitung.info\/schwedt\/wp-json\/wp\/v2\/comments?post=341"}],"version-history":[{"count":33,"href":"https:\/\/stadtwerkezeitung.info\/schwedt\/wp-json\/wp\/v2\/pages\/341\/revisions"}],"predecessor-version":[{"id":500,"href":"https:\/\/stadtwerkezeitung.info\/schwedt\/wp-json\/wp\/v2\/pages\/341\/revisions\/500"}],"wp:featuredmedia":[{"embeddable":true,"href":"https:\/\/stadtwerkezeitung.info\/schwedt\/wp-json\/wp\/v2\/media\/178"}],"wp:attachment":[{"href":"https:\/\/stadtwerkezeitung.info\/schwedt\/wp-json\/wp\/v2\/media?parent=341"}],"curies":[{"name":"wp","href":"https:\/\/api.w.org\/{rel}","templated":true}]}}