{"id":504,"date":"2026-02-19T09:20:54","date_gmt":"2026-02-19T09:20:54","guid":{"rendered":"https:\/\/stadtwerkezeitung.info\/schwedt\/?page_id=504"},"modified":"2026-02-26T09:37:17","modified_gmt":"2026-02-26T09:37:17","slug":"umschau-schwedt-februar-2026","status":"publish","type":"page","link":"https:\/\/stadtwerkezeitung.info\/schwedt\/","title":{"rendered":"UMschau Schwedt Februar 2026"},"content":{"rendered":"<div>\n<p>        <img decoding=\"async\" src=\"\/schwedt\/wp-content\/uploads\/sites\/5\/2026\/02\/101_Teaser_Bild_1_3MG_2302-scaled.jpg\" alt=\"\"><\/p>\n<h2>Entspannter geht\u2019s nicht!<\/h2>\n<p>Saunabesuch im AquariUM<\/p>\n<div>\n<p><em><small>Foto: SPREE-PR\/Petsch<\/small><\/em><\/p>\n<p>Manchmal braucht es keinen langen Weg, um dem Alltag zu entkommen. F\u00fcr mich liegt diese kleine Auszeit hinter den T\u00fcren der Saunalandschaft im AquariUM.<\/p>\n<\/div>\n<p><a href=\"\/schwedt\/2026\/02\/19\/entspannter-gehts-nicht\/\">Mehr &#8230;<\/a><\/p>\n<\/div>\n<hr>\n<div>\n<p>        <img decoding=\"async\" src=\"\/schwedt\/wp-content\/uploads\/sites\/5\/2026\/02\/102_Teaser_Bild_IMG_6578-scaled.jpg\" alt=\"\"><\/p>\n<h2>Juchhu, Geburtstag \u2013 und ab ins Spa\u00dfbad!<\/h2>\n<p>Kindergeburtstag im AquariUM<\/p>\n<div>\n<p><em><small>Foto: SWS<\/small><\/em><\/p>\n<p>Rutschen, Planschen, Feiern! Kleine Wasserratten k\u00f6nnen ihren Kindergeburtstag ab sofort auch im Schwedter Erlebnisbad feiern.<\/p>\n<\/div>\n<p><a href=\"\/schwedt\/2026\/02\/19\/juchhu-geburtstag-und-ab-ins-spassbad\/\">Mehr &#8230;<\/a><\/p>\n<\/div>\n<hr>\n<div>\n<p>        <img decoding=\"async\" src=\"\/schwedt\/wp-content\/uploads\/sites\/5\/2026\/02\/103_Teaser_Bild_2231-scaled.jpg\" alt=\"\"><\/p>\n<h2>\u201eHier wei\u00df ich, dass sich jemand k\u00fcmmert.\u201c<\/h2>\n<p>Warum ein Stromkunde zu den Stadtwerken Schwedt zur\u00fcckkehrte<\/p>\n<div>\n<p><em><small>Foto: SPREE-PR\/Petsch<\/small><\/em><\/p>\n<p>Vergleichsportale, Neukundenboni, zeitlich befristete Lockangebote, sogar Insolvenzen \u2013 Detlef Grosenick kennt das alles. Nun kehrte er als Stromkunde zu den Stadtwerken Schwedt zur\u00fcck. Eine abenteuerliche Geschichte \u2013 mit Happy End!<\/p>\n<\/div>\n<p><a href=\"\/schwedt\/2026\/02\/19\/hier-weiss-ich-dass-sich-jemand-kuemmert\/\">Mehr &#8230;<\/a><\/p>\n<\/div>\n<hr>\n<div>\n<p>        <img decoding=\"async\" src=\"\/schwedt\/wp-content\/uploads\/sites\/5\/2026\/02\/104_Teaser_Bild_MartaMG_2225_c-scaled.jpg\" alt=\"\"><\/p>\n<h2>Marta on Tour<\/h2>\n<p>Gesichter des Unternehmensverbundes<\/p>\n<div>\n<p><em><small>Foto: SPREE-PR\/Petsch<\/small><\/em><\/p>\n<p>Sie ist voller Energie, offen und packt Dinge einfach gerne an: Marta Kubacka ist eines der Gesichter im Kundenzentrum der Stadtwerke Schwedt im CKS. Doch neuerdings dreht sie den Spie\u00df um. Nicht der Kunde kommt zu ihr, sie d\u00fcst zum Kunden.<\/p>\n<\/div>\n<p><a href=\"\/schwedt\/2026\/02\/19\/marta-on-tour\/\">Mehr &#8230;<\/a><\/p>\n<\/div>\n<hr>\n<div>\n<h2>Mehrheit erhielt Gutschrift<\/h2>\n<p>Energieabrechnung 2025<\/p>\n<div>\n<p>Einmal j\u00e4hrlich zu Ende Januar ist es so weit: Die Stadtwerke Schwedt stellen die Energieabrechnung von Strom, Erdgas beziehungsweise W\u00e4rme f\u00fcr ihre 24.000 Kunden bereit: F\u00fcr die Mehrheit gab es erfreuliche Nachrichten.<\/p>\n<\/div>\n<p><a href=\"\/schwedt\/2026\/02\/19\/mehrheit-erhielt-gutschrift\/\">Mehr &#8230;<\/a><\/p>\n<\/div>\n<hr>\n<div>\n<p>        <img decoding=\"async\" src=\"\/schwedt\/wp-content\/uploads\/sites\/5\/2026\/02\/106_Teaser_KundenportalSWS_Kundenportal_falsches_CD.png\" alt=\"\"><\/p>\n<h2>Auffrischungskur f\u00fcr Kundenportal<\/h2>\n<p>Digitaler Service f\u00fcr Strom- und Gaskunden<\/p>\n<div>\n<p><em><small>Foto: SWS<\/small><\/em><\/p>\n<p>Mehr \u00dcbersicht, weniger Papier! Die Stadtwerke Schwedt haben ihr Kundenportal f\u00fcr Strom- und Gaskunden einem Fr\u00fchjahrsputz unterzogen und umfassend modernisiert.<\/p>\n<\/div>\n<p><a href=\"\/schwedt\/2026\/02\/19\/auffrischungskur-fuer-kundenportal\/\">Mehr &#8230;<\/a><\/p>\n<\/div>\n<hr>\n<div>\n<p>        <img decoding=\"async\" src=\"\/schwedt\/wp-content\/uploads\/sites\/5\/2026\/02\/107_Teaser__Maik_Schweizer_x_MG_7151-scaled.jpg\" alt=\"\"><\/p>\n<h2>Giganetz der Stadtwerke w\u00e4chst<\/h2>\n<p>Telekommunikation \u2013 Jahresbilanz 2025<\/p>\n<div>\n<p><em><small>Foto: SPREE-PR\/Petsch<\/small><\/em><\/p>\n<p>Schwedt wird immer schneller! Mit viel Engagement, Teamgeist und technischer Pr\u00e4zision haben die Stadtwerke Schwedt den Glasfaserausbau auch im Jahr 2025 konsequent vorangetrieben.<\/p>\n<\/div>\n<p><a href=\"\/schwedt\/2026\/02\/19\/giganetz-der-stadtwerke-waechst\/\">Mehr &#8230;<\/a><\/p>\n<\/div>\n<hr>\n<div>\n<p>        <img decoding=\"async\" src=\"\/schwedt\/wp-content\/uploads\/sites\/5\/2026\/02\/108_Teaser_Bild_nergy_Cup_Spendenscheck-Ubergabe_Gruppe.jpg\" alt=\"\"><\/p>\n<h2>Stadtwerke spenden beim Energy Cup der Junioren<\/h2>\n<p>Ein Tor, ein Euro f\u00fcr den Schulavatar<\/p>\n<div>\n<p><em><small>Foto: SWS <\/small><\/em><\/p>\n<p>Wenn Kinder an Leuk\u00e4mie erkranken, leben sie oft monatelang in Isolation \u2013 fernab von Klassenzimmer und Kumpeln. Damit die jungen K\u00e4mpfer dennoch am Schulunterricht teilnehmen und mit Schulfreunden verbunden bleiben k\u00f6nnen, nimmt ein kompakter Roboter ihren Platz ein und \u00fcbertr\u00e4gt den Unterricht live ins Krankenzimmer.<\/p>\n<\/div>\n<p><a href=\"\/schwedt\/2026\/02\/19\/stadtwerke-spenden-beim-energy-cup-der-junioren\/\">Mehr &#8230;<\/a><\/p>\n<\/div>\n<hr>\n<div>\n<p>        <img decoding=\"async\" src=\"\/schwedt\/wp-content\/uploads\/sites\/5\/2026\/02\/109_Teaser_Radlerhutte_MG_2243-scaled.jpg\" alt=\"\"><\/p>\n<h2>7.000 G\u00e4ste aus 21 Nationen<\/h2>\n<p>Erfolgskurs dank Ausbau und Radlerh\u00fctten<\/p>\n<div>\n<p><em><small>Foto: SPREE-PR\/Petsch<\/small><\/em><\/p>\n<p>Die Saison 2025 hat gezeigt: Das StroamCamp wird bei Reisenden &#8211; ob nun per Caravan, per Pedes oder Boot &#8211; immer beliebter und gern angesteuert.<\/p>\n<\/div>\n<p><a href=\"\/schwedt\/2026\/02\/19\/7-000-gaeste-aus-21-nationen\/\">Mehr &#8230;<\/a><\/p>\n<\/div>\n<hr>\n<div>\n<p>        <img decoding=\"async\" src=\"\/schwedt\/wp-content\/uploads\/sites\/5\/2026\/02\/110_Teaser_Bild_MG_2258-scaled.jpg\" alt=\"\"><\/p>\n<h2>Vom K\u00fcnstleratelier in die Flure der Stadtwerke Schwedt<\/h2>\n<p>Ausstellung<\/p>\n<div>\n<p><em><small>Foto: SPREE-PR\/Petsch<\/small><\/em><\/p>\n<p>Seit Dezember 2025 sind sie am Firmensitz des Unternehmensverbundes Stadtwerke Schwedt zu bewundern: 35 Bilder, die allesamt Geschenke von Teilnehmern des allj\u00e4hrlichen K\u00fcnstlertreffens in Schwedt waren.<\/p>\n<\/div>\n<p><a href=\"\/schwedt\/2026\/02\/19\/vom-kuenstleratelier-in-die-flure-der-stadtwerke-schwedt\/\">Mehr &#8230;<\/a><\/p>\n<\/div>\n<div>Editorial<\/div>\n<div>\n<p>        <img decoding=\"async\" src=\"\/schwedt\/wp-content\/uploads\/sites\/5\/2025\/05\/201_Teaser_1GFDirk-Sasson_SWSchwedt.png\" alt=\"\"><\/p>\n<h2>Liebe Leserinnen und Leser!<\/h2>\n<p><small><em>Foto: SPREE-PR\/Arbeit<\/small><\/em><\/p>\n<div>\n<p>In dieser Ausgabe werden Sie auf einige Zahlen sto\u00dfen. Ob beim Glasfaserausbau, in der Energieabrechnung oder im R\u00fcckblick auf das vergangene Camping-Jahr.<\/p>\n<\/div>\n<p><a href=\"\/schwedt\/2026\/02\/19\/editorial-feb-2026\/\">Mehr &#8230;<\/a><\/p>\n<\/div>\n<hr>\n<div>UMschau-Tipp und Verlosung<\/div>\n<div>\n<p>        <img decoding=\"async\" src=\"\/schwedt\/wp-content\/uploads\/sites\/5\/2026\/02\/202_Teaser_Bild_PL-Romeo-und-Julia-%C2%A9-Udo-Krause.jpg\" alt=\"\"><\/p>\n<h2>Liebe \u00fcberwindet Hass<\/h2>\n<p><small><em>Plakat: ubs\/Krause<\/small><\/em><\/p>\n<div>\n<p>Es ist eines der ber\u00fchmtesten Liebespaare der Literaturgeschichte: William Shakespeares Romeo und Julia. Die tragische Geschichte zweier junger Menschen aus verfeindeten Familien hat auch nach \u00fcber 400 Jahren nichts von ihrer emotionalen Wucht verloren.<\/p>\n<\/div>\n<p><a href=\"\/schwedt\/2026\/02\/19\/liebe-ueberwindet-hass-romeo-und-julia\/\">Mehr &#8230;<\/a><\/p>\n<\/div>\n<hr>\n<div>20 Jahre FilmforUM Schwedt<\/div>\n<div>\n<p>        <img decoding=\"async\" src=\"\/schwedt\/wp-content\/uploads\/sites\/5\/2026\/02\/203_Teaser_Bild_KinojubilaumZ6A_3262_Doreen-scaled.jpg\" alt=\"\"><\/p>\n<h2>Mehr als Popcorn und Blockbuster<\/h2>\n<p><small><em>Foto: SWS<\/small><\/em><\/p>\n<div>Im Oktober feiert Schwedt ein besonderes Jubil\u00e4um: Seit 20 Jahren begeistert das kommunale Kino FilmforUM sein Publikum. Und das mit beeindruckenden Zahlen.<\/div>\n<p><a href=\"\/schwedt\/2026\/02\/19\/mehr-als-popcorn-und-blockbuster\/\">Mehr &#8230;<\/a><\/p>\n<\/div>\n<hr>\n<div>Ausblick<\/div>\n<div>\n<p>        <img decoding=\"async\" src=\"\/schwedt\/wp-content\/uploads\/sites\/5\/2026\/02\/204_Teaser_Bild_Filmwoche_image00270-scaled.jpeg\" alt=\"\"><\/p>\n<h2>So wird das Kinojahr 2026<\/h2>\n<p><small><em>Foto: SWS<\/small><\/em><\/p>\n<div>Jedes Jahr im Januar trifft sich die Kinobranche zum Auftakt des Kinojahres auf der M\u00fcnchner Filmwoche. Das Team des FilmforUM geh\u00f6rte zu den 1.700 Teilnehmern, denen 20 Verleiher ihr Programm f\u00fcr 2026 pr\u00e4sentierten. <\/div>\n<p><a href=\"\/schwedt\/2026\/02\/19\/so-wird-das-kinojahr-2026\/\">Mehr &#8230;<\/a><\/p>\n<\/div>\n<hr>\n<div>\n<p>    <!-- Modal Trigger --><br \/>\n<a href=\"#events-modal\" uk-toggle class=\"uk-link-reset\"><\/p>\n<div class=\"uk-card uk-card-default uk-box-shadow-large uk-box-shadow-hover-xlarge uk-padding-small\" style=\"margin: 20px;\">\n<div class=\"uk-grid-small uk-flex-middle\" uk-grid>\n<div class=\"uk-width-auto\">\n        <img loading=\"lazy\" decoding=\"async\" \n          src=\"https:\/\/stadtwerkezeitung.info\/schwedt\/wp-content\/uploads\/sites\/5\/2025\/05\/Logo-Infokasten-Events-termine-Kopf-s8-cropped.svg\"\n          alt=\"Events Logo\"\n          width=\"60\"\n          height=\"60\"\n          style=\"display: inline-block;\">\n      <\/div>\n<div class=\"uk-width-expand\">\n<h4 class=\"uk-margin-remove\">Events &#038; Termine<\/h4>\n<p class=\"uk-margin-remove\">Anstehende Veranstaltungen in der Region<\/p>\n<\/p><\/div>\n<\/p><\/div>\n<\/p><\/div>\n<p><\/a><br \/>\n<!-- Modal Content --><\/p>\n<div id=\"events-modal\" class=\"uk-modal\" uk-modal>\n<div class=\"uk-modal-dialog uk-modal-body uk-width-2-3@m uk-overflow-auto\">\n    <button class=\"uk-modal-close-default\" type=\"button\" uk-close><\/button><\/p>\n<div class=\"uk-section uk-section-muted uk-padding\">\n<div class=\"uk-container\">\n        <!-- Grid: Logo next to heading --><\/p>\n<div class=\"uk-grid-small uk-flex-middle uk-margin-bottom\" uk-grid>\n<div class=\"uk-width-auto\">\n            <img loading=\"lazy\" decoding=\"async\" \n              src=\"https:\/\/stadtwerkezeitung.info\/schwedt\/wp-content\/uploads\/sites\/5\/2025\/05\/Logo-Infokasten-Events-termine-Kopf-s8-cropped.svg\"\n              alt=\"Events Logo\"\n              width=\"80\"\n              height=\"80\"\n              style=\"display: inline-block;\">\n          <\/div>\n<div class=\"uk-width-expand\">\n<h3 class=\"uk-heading-divider uk-margin-remove-bottom\">Events &#038; Termine<\/h3>\n<\/p><\/div>\n<\/p><\/div>\n<p>        <!-- BEGIN EVENTS LIST --><\/p>\n<dl class=\"uk-description-list uk-description-list-divider\">\n<dt><strong>1. M\u00e4rz, 10 \u2013 17 Uhr<\/strong><\/dt>\n<dd><strong>Erster Kunsthandwerkermarkt<\/strong> regionaler Handwerkskunst aus der Uckermark. Uckerm\u00e4rkische B\u00fchnen Schwedt, Eintritt: 2 \u20ac.<\/dd>\n<dt><strong>10. M\u00e4rz, 13 \u2013 17 Uhr<\/strong><\/dt>\n<dd><strong>rundUM Senioren<\/strong>, gr\u00f6\u00dfte Senioren- und Gesundheitsmesse in der Region mit Unterhaltungsprogramm von SeniorInnen f\u00fcr SeniorInnen. Uckerm\u00e4rkische B\u00fchnen Schwedt. Eintritt: 3 \u20ac.<\/dd>\n<dt><strong>16. M\u00e4rz bis 16. Mai<\/strong><\/dt>\n<dd><strong>FLOW &#8211; Retrospektive 2025<\/strong>, am Konzertsaal der Musik- und Kunstschule &#8220;J. A. P. Schulz&#8221; Schwedt\/Oder: Sonderwettbewerb Baumalleen &#8211; 58. Internationaler Zeichenwettbewerb 2025 &#8211; Malkreis Franz Nolde. flow-zeichenwettbewerb.de<\/dd>\n<dt><strong>21. M\u00e4rz, 20 \u2013 1 Uhr<\/strong><\/dt>\n<dd><strong>Saunanacht im AquariUM<\/strong>, entspannte Atmosph\u00e4re, besondere Aufg\u00fcsse, Eintritt: 35 \u20ac inkl. St\u00e4rkung und Softgetr\u00e4nk, Tickets an der AquariUM-Kasse<\/dd>\n<dt><strong>3. April, 21 Uhr<\/strong><\/dt>\n<dd><strong>Osterfeuer<\/strong> auf dem Sport- und Spielplatz in Sch\u00f6nermark.<\/dd>\n<dt><strong>18. April, 8 \u2013 11 Uhr<\/strong><\/dt>\n<dd><strong>RangerTour: Bei uns piept`s wohl.<\/strong> Anmeldung bis Do., 16.04., (3\u201315 Teilnehmende), F\u00fchrung ist kostenfrei. Treff: Besucherzentrum Nationalpark.<\/dd>\n<dt><strong>8. Mai, 15 \u2013 20 Uhr<\/strong><\/dt>\n<dd><strong>Fr\u00fchlingssingen<\/strong>: 60. Jubil\u00e4um Stadtchor im Konzertsaal der Musik- und Kunstschule &#8220;J. A. P. Schulz&#8221; Schwedt\/Oder.<\/dd>\n<dt><strong>16. Mai, 10 \u2013 13 Uhr<\/strong><\/dt>\n<dd><strong>Drachenboot-Cup Uckermark<\/strong> auf dem Kanal in Schwedt. Eintritt: frei.<\/dd>\n<dt><strong>27. Mai, 12 Uhr<\/strong><\/dt>\n<dd><strong>Schwedter Kita-Olympiade<\/strong> auf dem Sportplatz Dreiklang. Die sportlichste Kita erh\u00e4lt einen Pokal.<\/dd>\n<\/dl>\n<p>        <!-- END EVENTS LIST -->\n      <\/div>\n<\/p><\/div>\n<\/p><\/div>\n<\/div>\n<\/div>\n<hr>\n<div>Brandenburgische Frauenwoche<\/div>\n<div>\n<p>        <img decoding=\"async\" src=\"\/schwedt\/wp-content\/uploads\/sites\/5\/2026\/02\/206_Teaser_Bild__Westwood__Plakat__001-scaled.jpg\" alt=\"\"><\/p>\n<h2>Tauschsalon \u2013 Nimm und gib, was du liebst<\/h2>\n<p><small><em>Plakat: Filmverleih<\/small><\/em><\/p>\n<div>Zur Brandenburgischen Frauenwoche zeigt die Trickfabrik, wie sch\u00f6n nachhaltige Mode sein kann.<\/div>\n<p><a href=\"\/schwedt\/2026\/02\/19\/tauschsalon-nimm-und-gib-was-du-liebst\/\">Mehr &#8230;<\/a><\/p>\n<\/div>\n<hr>\n<div>\n<p>        <img decoding=\"async\" src=\"\/schwedt\/wp-content\/uploads\/sites\/5\/2025\/05\/National-Park-Ecke-cropped.svg\" alt=\"\"><\/p>\n<p>sobald es w\u00e4rmer wird, erwachen sie wieder: die Fr\u00fchbl\u00fcher! Besonders beliebt sind neben bunten Blumen die Weidenk\u00e4tzchen.<\/p>\n<div>Liebe Freunde des Nationalparks,<\/p>\n<\/div>\n<p><a href=\"\/schwedt\/2026\/02\/19\/nationalpark-ecke-februar-2026\/\">Mehr &#8230;<\/a><\/p>\n<\/div>\n<hr>\n<div>Projekt \u201eKinder machen Kurzfilm!\u201c<\/div>\n<div>\n<p>        <img decoding=\"async\" src=\"\/schwedt\/wp-content\/uploads\/sites\/5\/2026\/02\/208_Teaser_Bild_IMG_6238-scaled.jpg\" alt=\"\"><\/p>\n<h2>Stadtwerke f\u00f6rdern kreative Medienbildung<\/h2>\n<p><small><em>Foto: UV SWS\/ U. Beckmann<\/small><\/em><\/p>\n<div>Seit 2012 bringt \u201eKinder machen Kurzfilm!\u201c die Magie des Filmemachens direkt zu Schwedter Grundsch\u00fclern. Ende Januar war wieder Premiere auf gro\u00dfer Kinoleinwand im FilmforUM.<\/div>\n<p><a href=\"\/schwedt\/2026\/02\/19\/stadtwerke-foerdern-kreative-medienbildung\/\">Mehr &#8230;<\/a><\/p>\n<\/div>\n<hr>\n<div>\n<div class=\"sidebar\">\n<div class=\"sidebar-header\">\n    Themen rund um Energie und Land &amp; Leute aus dem Land Brandenburg finden Sie in der STADTWERKE ZEITUNG:\n  <\/div>\n<div class=\"sidebar-cards\">\n<p>    <a href=\"https:\/\/stadtwerkezeitung.info\/swz\/wenn-haeuser-denken-lernen\/\" class=\"card\"><br \/>\n      <img decoding=\"async\" src=\"https:\/\/stadtwerkezeitung.info\/wp-content\/uploads\/2026\/02\/101-Teaser-Bild_9490538a-468c-4785-b242-4f9377d7ddd5.png\" alt=\"Wenn H\u00e4user denken lernen\" class=\"card-img\"><\/p>\n<div class=\"card-body\">\n        <em><small class=\"card-credit\">Grafik: KI-Generiert\/ChatGPT<\/small><\/em><br \/>\n        <span class=\"card-title\">Wenn H\u00e4user denken lernen<\/span><\/p>\n<p class=\"card-text\">Knapp jeder zweite Deutsche (48%) nutzt mindestens eine Smart-Home-Anwendung.<\/p>\n<\/p><\/div>\n<div class=\"card-arrow\"><svg viewBox=\"0 0 8 8\" width=\"8\" height=\"8\"><path d=\"M1 4h6M4 1l3 3-3 3\" stroke=\"white\" stroke-width=\"1.2\" fill=\"none\"\/><\/svg><\/div>\n<p>    <\/a><\/p>\n<p>    <a href=\"https:\/\/stadtwerkezeitung.info\/swz\/schau-her-und-schutze-mich\/\" class=\"card\"><br \/>\n      <img decoding=\"async\" src=\"https:\/\/stadtwerkezeitung.info\/wp-content\/uploads\/2026\/02\/201_Teaser_Bild_Rebhuhn-Jan-Piecha-4-scaled.jpg\" alt=\"Schau her \u2013 und sch\u00fctze mich\" class=\"card-img\"><\/p>\n<div class=\"card-body\">\n        <em><small class=\"card-credit\">Foto: NABU\/Jan Piecha<\/small><\/em><br \/>\n        <span class=\"card-title\">Schau her \u2013 und sch\u00fctze mich<\/span><\/p>\n<p class=\"card-text\">Die Jahreswesen 2026.<\/p>\n<\/p><\/div>\n<div class=\"card-arrow\"><svg viewBox=\"0 0 8 8\" width=\"8\" height=\"8\"><path d=\"M1 4h6M4 1l3 3-3 3\" stroke=\"white\" stroke-width=\"1.2\" fill=\"none\"\/><\/svg><\/div>\n<p>    <\/a><\/p>\n<p>    <a href=\"https:\/\/stadtwerkezeitung.info\/swz\/nun-lass-mal-die-kirche-im-dorf\/\" class=\"card\"><br \/>\n      <img decoding=\"async\" src=\"https:\/\/stadtwerkezeitung.info\/wp-content\/uploads\/2026\/02\/202_Teaser_Bild__Barsikow_church_2016_NW-scaled.jpg\" alt=\"R\u00e4tsel: Nun lass mal die Kirche im Dorf\" class=\"card-img\"><\/p>\n<div class=\"card-body\">\n        <em><small class=\"card-credit\">Foto: Hans G. Oberlack, CC BY-SA 3.0, vis Wikimedia Commons<\/small><\/em><br \/>\n        <span class=\"card-title\">R\u00e4tsel: Nun lass mal die Kirche im Dorf<\/span><\/p>\n<p class=\"card-text\">Beantworten Sie unsere Frage und gewinnen Sie attraktive Geldpreise \u00e0 4 x 30 Euro.<\/p>\n<\/p><\/div>\n<div class=\"card-arrow\"><svg viewBox=\"0 0 8 8\" width=\"8\" height=\"8\"><path d=\"M1 4h6M4 1l3 3-3 3\" stroke=\"white\" stroke-width=\"1.2\" fill=\"none\"\/><\/svg><\/div>\n<p>    <\/a><\/p>\n<p>    <a href=\"https:\/\/stadtwerkezeitung.info\/swz\/einen-kompass-selber-bauen\/\" class=\"card\"><br \/>\n      <img decoding=\"async\" src=\"https:\/\/stadtwerkezeitung.info\/wp-content\/uploads\/2026\/02\/202_Tease_Bild1__MG_1532-scaled.jpg\" alt=\"Kinderecke\" class=\"card-img\"><\/p>\n<div class=\"card-body\">\n        <em><small class=\"card-credit\">Foto: SPREE-PR\/Petsch<\/small><\/em><br \/>\n        <span class=\"card-title\">Kinderecke<\/span><\/p>\n<p class=\"card-text\">So baut man sich einen einfachen Nadel-Kompass.<\/p>\n<\/p><\/div>\n<div class=\"card-arrow\"><svg viewBox=\"0 0 8 8\" width=\"8\" height=\"8\"><path d=\"M1 4h6M4 1l3 3-3 3\" stroke=\"white\" stroke-width=\"1.2\" fill=\"none\"\/><\/svg><\/div>\n<p>    <\/a><\/p><\/div>\n<\/div>\n<\/div>\n<p><!--more--><br \/>\n<!-- {\"type\":\"layout\",\"children\":[{\"type\":\"section\",\"props\":{\"image_position\":\"center-center\",\"padding_top\":\"none\",\"style\":\"default\",\"title_breakpoint\":\"xl\",\"title_position\":\"top-left\",\"title_rotation\":\"left\",\"vertical_align\":\"\",\"width\":\"default\"},\"children\":[{\"type\":\"row\",\"props\":{\"column_gap\":\"small\",\"divider\":true,\"layout\":\"2-3,1-3\",\"margin_top\":\"remove\",\"width\":\"large\"},\"children\":[{\"type\":\"column\",\"props\":{\"html_element\":\"article\",\"image_position\":\"center-center\",\"position_sticky_breakpoint\":\"m\",\"width_medium\":\"2-3\"},\"children\":[{\"type\":\"panel\",\"props\":{\"content\":\"\n\n<p><em><small>Foto: SPREE-PR\/Petsch<\/small><\/em><\/p>\n\n\\n\n\n<p>Manchmal braucht es keinen langen Weg, um dem Alltag zu entkommen. F\u00fcr mich liegt diese kleine Auszeit hinter den T\u00fcren der Saunalandschaft im AquariUM.<\/p>\n\n\",\"content_column_breakpoint\":\"m\",\"content_margin\":\"remove\",\"image\":\"wp-content\/uploads\/sites\/5\/2026\/02\/101_Teaser_Bild_1_3MG_2302-scaled.jpg\",\"image_align\":\"between\",\"image_grid_breakpoint\":\"m\",\"image_grid_width\":\"1-2\",\"image_link\":true,\"image_svg_color\":\"emphasis\",\"link\":\"2026\/02\/19\/entspannter-gehts-nicht\/\",\"link_style\":\"default\",\"link_text\":\"Mehr ...\",\"margin_bottom\":\"default\",\"margin_top\":\"default\",\"meta\":\"Saunabesuch im AquariUM\",\"meta_align\":\"above-title\",\"meta_element\":\"div\",\"meta_style\":\"h6\",\"title\":\"Entspannter geht\u2019s nicht!\",\"title_align\":\"top\",\"title_element\":\"h2\",\"title_grid_breakpoint\":\"m\",\"title_grid_width\":\"1-2\",\"title_hover_style\":\"heading\",\"title_link\":true,\"title_margin\":\"small\",\"title_style\":\"h3\"}},{\"type\":\"divider\",\"props\":{\"divider_element\":\"hr\",\"margin_bottom\":\"small\",\"margin_top\":\"small\"}},{\"type\":\"panel\",\"props\":{\"content\":\"\n\n<p><em><small>Foto: SWS<\/small><\/em><\/p>\n\n\\n\n\n<p>Rutschen, Planschen, Feiern! Kleine Wasserratten k\u00f6nnen ihren Kindergeburtstag ab sofort auch im Schwedter Erlebnisbad feiern.<\/p>\n\n\",\"content_column_breakpoint\":\"m\",\"content_margin\":\"remove\",\"image\":\"wp-content\/uploads\/sites\/5\/2026\/02\/102_Teaser_Bild_IMG_6578-scaled.jpg\",\"image_align\":\"between\",\"image_grid_breakpoint\":\"m\",\"image_grid_width\":\"1-2\",\"image_link\":true,\"image_svg_color\":\"emphasis\",\"link\":\"2026\/02\/19\/juchhu-geburtstag-und-ab-ins-spassbad\/\",\"link_style\":\"default\",\"link_text\":\"Mehr ...\",\"margin_bottom\":\"default\",\"margin_top\":\"default\",\"meta\":\"Kindergeburtstag im AquariUM\",\"meta_align\":\"above-title\",\"meta_element\":\"div\",\"meta_style\":\"h6\",\"title\":\"Juchhu, Geburtstag \u2013 und ab ins Spa\u00dfbad!\",\"title_align\":\"top\",\"title_element\":\"h2\",\"title_grid_breakpoint\":\"m\",\"title_grid_width\":\"1-2\",\"title_hover_style\":\"heading\",\"title_link\":true,\"title_margin\":\"small\",\"title_style\":\"h3\"}},{\"type\":\"divider\",\"props\":{\"divider_element\":\"hr\",\"margin_bottom\":\"small\",\"margin_top\":\"small\"}},{\"type\":\"panel\",\"props\":{\"content\":\"\n\n<p><em><small>Foto: SPREE-PR\/Petsch<\/small><\/em><\/p>\n\n\\n\n\n<p>Vergleichsportale, Neukundenboni, zeitlich befristete Lockangebote, sogar Insolvenzen \u2013 Detlef Grosenick kennt das alles. Nun kehrte er als Stromkunde zu den Stadtwerken Schwedt zur\u00fcck. Eine abenteuerliche Geschichte \u2013 mit Happy End!<\/p>\n\n\",\"content_column_breakpoint\":\"m\",\"content_margin\":\"remove\",\"image\":\"wp-content\/uploads\/sites\/5\/2026\/02\/103_Teaser_Bild_2231-scaled.jpg\",\"image_align\":\"between\",\"image_grid_breakpoint\":\"m\",\"image_grid_width\":\"1-2\",\"image_link\":true,\"image_svg_color\":\"emphasis\",\"link\":\"2026\/02\/19\/hier-weiss-ich-dass-sich-jemand-kuemmert\/\",\"link_style\":\"default\",\"link_text\":\"Mehr ...\",\"margin_bottom\":\"default\",\"margin_top\":\"default\",\"meta\":\"Warum ein Stromkunde zu den Stadtwerken Schwedt zur\u00fcckkehrte\",\"meta_align\":\"above-title\",\"meta_element\":\"div\",\"meta_style\":\"h6\",\"title\":\"\u201eHier wei\u00df ich, dass sich jemand k\u00fcmmert.\u201c\",\"title_align\":\"top\",\"title_element\":\"h2\",\"title_grid_breakpoint\":\"m\",\"title_grid_width\":\"1-2\",\"title_hover_style\":\"heading\",\"title_link\":true,\"title_margin\":\"small\",\"title_style\":\"h3\"}},{\"type\":\"divider\",\"props\":{\"divider_element\":\"hr\",\"margin_bottom\":\"small\",\"margin_top\":\"small\"}},{\"type\":\"panel\",\"props\":{\"content\":\"\n\n<p><em><small>Foto: SPREE-PR\/Petsch<\/small><\/em><\/p>\n\n\\n\n\n<p>Sie ist voller Energie, offen und packt Dinge einfach gerne an: Marta Kubacka ist eines der Gesichter im Kundenzentrum der Stadtwerke Schwedt im CKS. Doch neuerdings dreht sie den Spie\u00df um. Nicht der Kunde kommt zu ihr, sie d\u00fcst zum Kunden.<\/p>\n\n\",\"content_column_breakpoint\":\"m\",\"content_margin\":\"remove\",\"image\":\"wp-content\/uploads\/sites\/5\/2026\/02\/104_Teaser_Bild_MartaMG_2225_c-scaled.jpg\",\"image_align\":\"between\",\"image_grid_breakpoint\":\"m\",\"image_grid_width\":\"1-2\",\"image_link\":true,\"image_svg_color\":\"emphasis\",\"link\":\"2026\/02\/19\/marta-on-tour\/\",\"link_style\":\"default\",\"link_text\":\"Mehr ...\",\"margin_bottom\":\"default\",\"margin_top\":\"default\",\"meta\":\"Gesichter des Unternehmensverbundes\",\"meta_align\":\"above-title\",\"meta_element\":\"div\",\"meta_style\":\"h6\",\"title\":\"Marta on Tour\",\"title_align\":\"top\",\"title_element\":\"h2\",\"title_grid_breakpoint\":\"m\",\"title_grid_width\":\"1-2\",\"title_hover_style\":\"heading\",\"title_link\":true,\"title_margin\":\"small\",\"title_style\":\"h3\"}},{\"type\":\"divider\",\"props\":{\"divider_element\":\"hr\",\"margin_bottom\":\"small\",\"margin_top\":\"small\"}},{\"type\":\"panel\",\"props\":{\"content\":\"\n\n<p>Einmal j\u00e4hrlich zu Ende Januar ist es so weit: Die Stadtwerke Schwedt stellen die Energieabrechnung von Strom, Erdgas beziehungsweise W\u00e4rme f\u00fcr ihre 24.000 Kunden bereit: F\u00fcr die Mehrheit gab es erfreuliche Nachrichten.<\/p>\n\n\",\"content_column_breakpoint\":\"m\",\"content_margin\":\"remove\",\"image\":\"\",\"image_align\":\"between\",\"image_grid_breakpoint\":\"m\",\"image_grid_width\":\"1-2\",\"image_link\":true,\"image_svg_color\":\"emphasis\",\"link\":\"2026\/02\/19\/mehrheit-erhielt-gutschrift\/\",\"link_style\":\"secondary\",\"link_text\":\"Mehr ...\",\"margin_bottom\":\"default\",\"margin_top\":\"default\",\"meta\":\"Energieabrechnung 2025\",\"meta_align\":\"above-title\",\"meta_element\":\"div\",\"meta_style\":\"h6\",\"panel_link\":false,\"panel_link_hover\":true,\"panel_padding\":\"default\",\"panel_style\":\"card-primary\",\"title\":\"Mehrheit erhielt Gutschrift\",\"title_align\":\"top\",\"title_element\":\"h2\",\"title_grid_breakpoint\":\"m\",\"title_grid_width\":\"1-2\",\"title_hover_style\":\"heading\",\"title_link\":true,\"title_margin\":\"small\",\"title_style\":\"h3\"}},{\"type\":\"divider\",\"props\":{\"divider_element\":\"hr\",\"margin_bottom\":\"small\",\"margin_top\":\"small\"}},{\"type\":\"panel\",\"props\":{\"content\":\"\n\n<p><em><small>Foto: SWS<\/small><\/em><\/p>\n\n\\n\\n\n\n<p>Mehr \u00dcbersicht, weniger Papier! Die Stadtwerke Schwedt haben ihr Kundenportal f\u00fcr Strom- und Gaskunden einem Fr\u00fchjahrsputz unterzogen und umfassend modernisiert.<\/p>\n\n\",\"content_column_breakpoint\":\"m\",\"content_margin\":\"remove\",\"image\":\"wp-content\/uploads\/sites\/5\/2026\/02\/106_Teaser_KundenportalSWS_Kundenportal_falsches_CD.png\",\"image_align\":\"between\",\"image_grid_breakpoint\":\"m\",\"image_grid_width\":\"1-2\",\"image_link\":true,\"image_svg_color\":\"emphasis\",\"link\":\"2026\/02\/19\/auffrischungskur-fuer-kundenportal\/\",\"link_style\":\"default\",\"link_text\":\"Mehr ...\",\"margin_bottom\":\"default\",\"margin_top\":\"default\",\"meta\":\"Digitaler Service f\u00fcr Strom- und Gaskunden\",\"meta_align\":\"above-title\",\"meta_element\":\"div\",\"meta_style\":\"h6\",\"title\":\"Auffrischungskur f\u00fcr Kundenportal\",\"title_align\":\"top\",\"title_element\":\"h2\",\"title_grid_breakpoint\":\"m\",\"title_grid_width\":\"1-2\",\"title_hover_style\":\"heading\",\"title_link\":true,\"title_margin\":\"small\",\"title_style\":\"h3\"}},{\"type\":\"divider\",\"props\":{\"divider_element\":\"hr\",\"margin_bottom\":\"small\",\"margin_top\":\"small\"}},{\"type\":\"panel\",\"props\":{\"content\":\"\n\n<p><em><small>Foto: SPREE-PR\/Petsch<\/small><\/em><\/p>\n\n\\n\n\n<p>Schwedt wird immer schneller! Mit viel Engagement, Teamgeist und technischer Pr\u00e4zision haben die Stadtwerke Schwedt den Glasfaserausbau auch im Jahr 2025 konsequent vorangetrieben.<\/p>\n\n\",\"content_column_breakpoint\":\"m\",\"content_margin\":\"remove\",\"image\":\"wp-content\/uploads\/sites\/5\/2026\/02\/107_Teaser__Maik_Schweizer_x_MG_7151-scaled.jpg\",\"image_align\":\"between\",\"image_grid_breakpoint\":\"m\",\"image_grid_width\":\"1-2\",\"image_link\":true,\"image_svg_color\":\"emphasis\",\"link\":\"2026\/02\/19\/giganetz-der-stadtwerke-waechst\/\",\"link_style\":\"default\",\"link_text\":\"Mehr ...\",\"margin_bottom\":\"default\",\"margin_top\":\"default\",\"meta\":\"Telekommunikation \u2013 Jahresbilanz 2025\",\"meta_align\":\"above-title\",\"meta_element\":\"div\",\"meta_style\":\"h6\",\"title\":\"Giganetz der Stadtwerke w\u00e4chst\",\"title_align\":\"top\",\"title_element\":\"h2\",\"title_grid_breakpoint\":\"m\",\"title_grid_width\":\"1-2\",\"title_hover_style\":\"heading\",\"title_link\":true,\"title_margin\":\"small\",\"title_style\":\"h3\"}},{\"type\":\"divider\",\"props\":{\"divider_element\":\"hr\",\"margin_bottom\":\"small\",\"margin_top\":\"small\"}},{\"type\":\"panel\",\"props\":{\"content\":\"\n\n<p><em><small>Foto: SWS <\/small><\/em><\/p>\n\n\\n\n\n<p>Wenn Kinder an Leuk\u00e4mie erkranken, leben sie oft monatelang in Isolation \u2013 fernab von Klassenzimmer und Kumpeln. Damit die jungen K\u00e4mpfer dennoch am Schulunterricht teilnehmen und mit Schulfreunden verbunden bleiben k\u00f6nnen, nimmt ein kompakter Roboter ihren Platz ein und \u00fcbertr\u00e4gt den Unterricht live ins Krankenzimmer.<\/p>\n\n\",\"content_column_breakpoint\":\"m\",\"content_margin\":\"remove\",\"image\":\"wp-content\/uploads\/sites\/5\/2026\/02\/108_Teaser_Bild_nergy_Cup_Spendenscheck-Ubergabe_Gruppe.jpg\",\"image_align\":\"between\",\"image_grid_breakpoint\":\"m\",\"image_grid_width\":\"1-2\",\"image_link\":true,\"image_svg_color\":\"emphasis\",\"link\":\"2026\/02\/19\/stadtwerke-spenden-beim-energy-cup-der-junioren\/\",\"link_style\":\"default\",\"link_text\":\"Mehr ...\",\"margin_bottom\":\"default\",\"margin_top\":\"default\",\"meta\":\"Ein Tor, ein Euro f\u00fcr den Schulavatar\",\"meta_align\":\"above-title\",\"meta_element\":\"div\",\"meta_style\":\"h6\",\"title\":\"Stadtwerke spenden beim Energy Cup der Junioren\",\"title_align\":\"top\",\"title_element\":\"h2\",\"title_grid_breakpoint\":\"m\",\"title_grid_width\":\"1-2\",\"title_hover_style\":\"heading\",\"title_link\":true,\"title_margin\":\"small\",\"title_style\":\"h3\"}},{\"type\":\"divider\",\"props\":{\"divider_element\":\"hr\",\"margin_bottom\":\"small\",\"margin_top\":\"small\"}},{\"type\":\"panel\",\"props\":{\"content\":\"\n\n<p><em><small>Foto: SPREE-PR\/Petsch<\/small><\/em><\/p>\n\n\\n\n\n<p>Die Saison 2025 hat gezeigt: Das StroamCamp wird bei Reisenden - ob nun per Caravan, per Pedes oder Boot - immer beliebter und gern angesteuert.<\/p>\n\n\",\"content_column_breakpoint\":\"m\",\"content_margin\":\"remove\",\"image\":\"wp-content\/uploads\/sites\/5\/2026\/02\/109_Teaser_Radlerhutte_MG_2243-scaled.jpg\",\"image_align\":\"between\",\"image_grid_breakpoint\":\"m\",\"image_grid_width\":\"1-2\",\"image_height\":500,\"image_link\":true,\"image_svg_color\":\"emphasis\",\"image_width\":600,\"link\":\"2026\/02\/19\/7-000-gaeste-aus-21-nationen\/\",\"link_style\":\"default\",\"link_text\":\"Mehr ...\",\"margin_bottom\":\"default\",\"margin_top\":\"default\",\"meta\":\"Erfolgskurs dank Ausbau und Radlerh\u00fctten\",\"meta_align\":\"above-title\",\"meta_element\":\"div\",\"meta_style\":\"h6\",\"title\":\"7.000 G\u00e4ste aus 21 Nationen\",\"title_align\":\"top\",\"title_element\":\"h2\",\"title_grid_breakpoint\":\"m\",\"title_grid_width\":\"1-2\",\"title_hover_style\":\"heading\",\"title_link\":true,\"title_margin\":\"small\",\"title_style\":\"h3\"}},{\"type\":\"divider\",\"props\":{\"divider_element\":\"hr\",\"margin_bottom\":\"small\",\"margin_top\":\"small\"}},{\"type\":\"panel\",\"props\":{\"content\":\"\n\n<p><em><small>Foto: SPREE-PR\/Petsch<\/small><\/em><\/p>\n\n\\n\n\n<p>Seit Dezember 2025 sind sie am Firmensitz des Unternehmensverbundes Stadtwerke Schwedt zu bewundern: 35 Bilder, die allesamt Geschenke von Teilnehmern des allj\u00e4hrlichen K\u00fcnstlertreffens in Schwedt waren.<\/p>\n\n\",\"content_column_breakpoint\":\"m\",\"content_margin\":\"remove\",\"image\":\"wp-content\/uploads\/sites\/5\/2026\/02\/110_Teaser_Bild_MG_2258-scaled.jpg\",\"image_align\":\"between\",\"image_grid_breakpoint\":\"m\",\"image_grid_width\":\"1-2\",\"image_link\":true,\"image_svg_color\":\"emphasis\",\"link\":\"2026\/02\/19\/vom-kuenstleratelier-in-die-flure-der-stadtwerke-schwedt\/\",\"link_style\":\"default\",\"link_text\":\"Mehr ...\",\"margin_bottom\":\"default\",\"margin_top\":\"default\",\"meta\":\"Ausstellung\",\"meta_align\":\"above-title\",\"meta_element\":\"div\",\"meta_style\":\"h6\",\"title\":\"Vom K\u00fcnstleratelier in die Flure der Stadtwerke Schwedt\",\"title_align\":\"top\",\"title_element\":\"h2\",\"title_grid_breakpoint\":\"m\",\"title_grid_width\":\"1-2\",\"title_hover_style\":\"heading\",\"title_link\":true,\"title_margin\":\"small\",\"title_style\":\"h3\"}}]},{\"type\":\"column\",\"props\":{\"html_element\":\"article\",\"image_position\":\"center-center\",\"position_sticky_breakpoint\":\"m\",\"width_medium\":\"1-3\"},\"children\":[{\"type\":\"headline\",\"props\":{\"content\":\"Editorial\",\"image_align\":\"left\",\"image_margin\":\"xsmall\",\"title_element\":\"div\",\"title_style\":\"h6\"}},{\"type\":\"panel\",\"props\":{\"content\":\"\n\n<p>In dieser Ausgabe werden Sie auf einige Zahlen sto\u00dfen. Ob beim Glasfaserausbau, in der Energieabrechnung oder im R\u00fcckblick auf das vergangene Camping-Jahr.<\/p>\n\n\",\"content_column_breakpoint\":\"m\",\"content_margin\":\"small\",\"image\":\"wp-content\/uploads\/sites\/5\/2025\/05\/201_Teaser_1GFDirk-Sasson_SWSchwedt.png\",\"image_align\":\"between\",\"image_grid_breakpoint\":\"m\",\"image_grid_width\":\"1-2\",\"image_link\":true,\"image_loading\":true,\"image_svg_color\":\"emphasis\",\"link\":\"2026\/02\/19\/editorial-feb-2026\/\",\"link_style\":\"default\",\"link_text\":\"Mehr ...\",\"margin_bottom\":\"small\",\"margin_top\":\"small\",\"meta\":\"<small><em>Foto: SPREE-PR\/Arbeit<\/small><\/em>\",\"meta_align\":\"above-content\",\"meta_color\":\"muted\",\"meta_element\":\"div\",\"meta_margin\":\"remove\",\"meta_style\":\"text-small\",\"title\":\"Liebe Leserinnen und Leser!\",\"title_align\":\"top\",\"title_element\":\"h2\",\"title_grid_breakpoint\":\"m\",\"title_grid_width\":\"1-2\",\"title_hover_style\":\"heading\",\"title_link\":true,\"title_margin\":\"small\",\"title_style\":\"h4\"}},{\"type\":\"divider\",\"props\":{\"divider_element\":\"hr\",\"margin_bottom\":\"small\",\"margin_top\":\"small\"}},{\"type\":\"headline\",\"props\":{\"content\":\"UMschau-Tipp und Verlosung\",\"image_align\":\"left\",\"image_margin\":\"xsmall\",\"margin_bottom\":\"default\",\"margin_top\":\"default\",\"title_element\":\"div\",\"title_style\":\"h6\"}},{\"type\":\"panel\",\"props\":{\"content\":\"\n\n<p>Es ist eines der ber\u00fchmtesten Liebespaare der Literaturgeschichte: William Shakespeares Romeo und Julia. Die tragische Geschichte zweier junger Menschen aus verfeindeten Familien hat auch nach \u00fcber 400 Jahren nichts von ihrer emotionalen Wucht verloren.<\/p>\n\n\",\"content_column_breakpoint\":\"m\",\"content_margin\":\"small\",\"image\":\"wp-content\/uploads\/sites\/5\/2026\/02\/202_Teaser_Bild_PL-Romeo-und-Julia-\u00a9-Udo-Krause.jpg\",\"image_align\":\"between\",\"image_grid_breakpoint\":\"m\",\"image_grid_width\":\"1-2\",\"image_link\":true,\"image_loading\":true,\"image_svg_color\":\"emphasis\",\"link\":\"2026\/02\/19\/liebe-ueberwindet-hass-romeo-und-julia\/\",\"link_style\":\"default\",\"link_text\":\"Mehr ...\",\"margin_bottom\":\"small\",\"margin_top\":\"small\",\"meta\":\"<small><em>Plakat: ubs\/Krause<\/small><\/em>\",\"meta_align\":\"above-content\",\"meta_color\":\"muted\",\"meta_element\":\"div\",\"meta_margin\":\"remove\",\"meta_style\":\"text-small\",\"title\":\"Liebe \u00fcberwindet Hass\",\"title_align\":\"top\",\"title_element\":\"h2\",\"title_grid_breakpoint\":\"m\",\"title_grid_width\":\"1-2\",\"title_hover_style\":\"heading\",\"title_link\":true,\"title_margin\":\"small\",\"title_style\":\"h4\"}},{\"type\":\"divider\",\"props\":{\"divider_element\":\"hr\",\"margin_bottom\":\"small\",\"margin_top\":\"small\"}},{\"type\":\"headline\",\"props\":{\"content\":\"20 Jahre FilmforUM Schwedt\",\"image_align\":\"left\",\"image_margin\":\"xsmall\",\"margin_bottom\":\"default\",\"margin_top\":\"default\",\"title_element\":\"div\",\"title_style\":\"h6\"}},{\"type\":\"panel\",\"props\":{\"content\":\"Im Oktober feiert Schwedt ein besonderes Jubil\u00e4um: Seit 20 Jahren begeistert das kommunale Kino FilmforUM sein Publikum. Und das mit beeindruckenden Zahlen.\",\"content_column_breakpoint\":\"m\",\"content_margin\":\"small\",\"image\":\"wp-content\/uploads\/sites\/5\/2026\/02\/203_Teaser_Bild_KinojubilaumZ6A_3262_Doreen-scaled.jpg\",\"image_align\":\"between\",\"image_grid_breakpoint\":\"m\",\"image_grid_width\":\"1-2\",\"image_link\":true,\"image_loading\":true,\"image_svg_color\":\"emphasis\",\"link\":\"2026\/02\/19\/mehr-als-popcorn-und-blockbuster\/\",\"link_style\":\"default\",\"link_text\":\"Mehr ...\",\"margin_bottom\":\"small\",\"margin_top\":\"small\",\"meta\":\"<small><em>Foto: SWS<\/small><\/em>\",\"meta_align\":\"above-content\",\"meta_color\":\"muted\",\"meta_element\":\"div\",\"meta_margin\":\"remove\",\"meta_style\":\"text-small\",\"title\":\"Mehr als Popcorn und Blockbuster\",\"title_align\":\"top\",\"title_element\":\"h2\",\"title_grid_breakpoint\":\"m\",\"title_grid_width\":\"1-2\",\"title_hover_style\":\"heading\",\"title_link\":true,\"title_margin\":\"small\",\"title_style\":\"h4\"}},{\"type\":\"divider\",\"props\":{\"divider_element\":\"hr\",\"margin_bottom\":\"small\",\"margin_top\":\"small\"}},{\"type\":\"headline\",\"props\":{\"content\":\"Ausblick\",\"image_align\":\"left\",\"image_margin\":\"xsmall\",\"margin_bottom\":\"default\",\"margin_top\":\"default\",\"title_element\":\"div\",\"title_style\":\"h6\"}},{\"type\":\"panel\",\"props\":{\"content\":\"Jedes Jahr im Januar trifft sich die Kinobranche zum Auftakt des Kinojahres auf der M\u00fcnchner Filmwoche. Das Team des FilmforUM geh\u00f6rte zu den 1.700 Teilnehmern, denen 20 Verleiher ihr Programm f\u00fcr 2026 pr\u00e4sentierten. \",\"content_column_breakpoint\":\"m\",\"content_margin\":\"small\",\"image\":\"wp-content\/uploads\/sites\/5\/2026\/02\/204_Teaser_Bild_Filmwoche_image00270-scaled.jpeg\",\"image_align\":\"between\",\"image_grid_breakpoint\":\"m\",\"image_grid_width\":\"1-2\",\"image_link\":true,\"image_loading\":true,\"image_svg_color\":\"emphasis\",\"link\":\"2026\/02\/19\/so-wird-das-kinojahr-2026\/\",\"link_style\":\"default\",\"link_text\":\"Mehr ...\",\"margin_bottom\":\"small\",\"margin_top\":\"small\",\"meta\":\"<small><em>Foto: SWS<\/small><\/em>\",\"meta_align\":\"above-content\",\"meta_color\":\"muted\",\"meta_element\":\"div\",\"meta_margin\":\"remove\",\"meta_style\":\"text-small\",\"title\":\"So wird das Kinojahr 2026\",\"title_align\":\"top\",\"title_element\":\"h2\",\"title_grid_breakpoint\":\"m\",\"title_grid_width\":\"1-2\",\"title_hover_style\":\"heading\",\"title_link\":true,\"title_margin\":\"small\",\"title_style\":\"h4\"}},{\"type\":\"divider\",\"props\":{\"divider_element\":\"hr\",\"margin_bottom\":\"small\",\"margin_top\":\"small\"}},{\"type\":\"html\",\"props\":{\"content\":\"<!-- Modal Trigger -->\\n<a href=\\\"#events-modal\\\" uk-toggle class=\\\"uk-link-reset\\\">\\n  <\/p>\n<div class=\\\"uk-card uk-card-default uk-box-shadow-large uk-box-shadow-hover-xlarge uk-padding-small\\\" style=\\\"margin: 20px;\\\">\\n    <\/p>\n<div class=\\\"uk-grid-small uk-flex-middle\\\" uk-grid>\\n      <\/p>\n<div class=\\\"uk-width-auto\\\">\\n        <img \\n          src=\\\"https:\/\/stadtwerkezeitung.info\/schwedt\/wp-content\/uploads\/sites\/5\/2025\/05\/Logo-Infokasten-Events-termine-Kopf-s8-cropped.svg\\\"\\n          alt=\\\"Events Logo\\\"\\n          width=\\\"60\\\"\\n          height=\\\"60\\\"\\n          style=\\\"display: inline-block;\\\">\\n      <\/div>\n<p>\\n      <\/p>\n<div class=\\\"uk-width-expand\\\">\\n        <\/p>\n<h4 class=\\\"uk-margin-remove\\\">Events &#038; Termine<\/h4>\n<p>\\n        <\/p>\n<p class=\\\"uk-margin-remove\\\">Anstehende Veranstaltungen in der Region<\/p>\n<p>\\n      <\/p><\/div>\n<p>\\n    <\/p><\/div>\n<p>\\n  <\/p><\/div>\n<p>\\n<\/a>\\n<!-- Modal Content -->\\n<\/p>\n<div id=\\\"events-modal\\\" class=\\\"uk-modal\\\" uk-modal>\\n  <\/p>\n<div class=\\\"uk-modal-dialog uk-modal-body uk-width-2-3@m uk-overflow-auto\\\">\\n    <button class=\\\"uk-modal-close-default\\\" type=\\\"button\\\" uk-close><\/button>\\n    <\/p>\n<div class=\\\"uk-section uk-section-muted uk-padding\\\">\\n      <\/p>\n<div class=\\\"uk-container\\\">\\n        <!-- Grid: Logo next to heading -->\\n        <\/p>\n<div class=\\\"uk-grid-small uk-flex-middle uk-margin-bottom\\\" uk-grid>\\n          <\/p>\n<div class=\\\"uk-width-auto\\\">\\n            <img \\n              src=\\\"https:\/\/stadtwerkezeitung.info\/schwedt\/wp-content\/uploads\/sites\/5\/2025\/05\/Logo-Infokasten-Events-termine-Kopf-s8-cropped.svg\\\"\\n              alt=\\\"Events Logo\\\"\\n              width=\\\"80\\\"\\n              height=\\\"80\\\"\\n              style=\\\"display: inline-block;\\\">\\n          <\/div>\n<p>\\n          <\/p>\n<div class=\\\"uk-width-expand\\\">\\n            <\/p>\n<h3 class=\\\"uk-heading-divider uk-margin-remove-bottom\\\">Events &#038; Termine<\/h3>\n<p>\\n          <\/p><\/div>\n<p>\\n        <\/p><\/div>\n<p>\\n        <!-- BEGIN EVENTS LIST -->\\n        <\/p>\n<dl class=\\\"uk-description-list uk-description-list-divider\\\">\\n          <\/p>\n<dt><strong>1. M\u00e4rz, 10 \u2013 17 Uhr<\/strong><\/dt>\n<p>\\n          <\/p>\n<dd><strong>Erster Kunsthandwerkermarkt<\/strong> regionaler Handwerkskunst aus der Uckermark. Uckerm\u00e4rkische B\u00fchnen Schwedt, Eintritt: 2 \u20ac.<\/dd>\n<p>\\n          <\/p>\n<dt><strong>10. M\u00e4rz, 13 \u2013 17 Uhr<\/strong><\/dt>\n<p>\\n          <\/p>\n<dd><strong>rundUM Senioren<\/strong>, gr\u00f6\u00dfte Senioren- und Gesundheitsmesse in der Region mit Unterhaltungsprogramm von SeniorInnen f\u00fcr SeniorInnen. Uckerm\u00e4rkische B\u00fchnen Schwedt. Eintritt: 3 \u20ac.<\/dd>\n<p>\\n          <\/p>\n<dt><strong>16. M\u00e4rz bis 16. Mai<\/strong><\/dt>\n<p>\\n          <\/p>\n<dd><strong>FLOW &#8211; Retrospektive 2025<\/strong>, am Konzertsaal der Musik- und Kunstschule \\&#8221;J. A. P. Schulz\\&#8221; Schwedt\/Oder: Sonderwettbewerb Baumalleen &#8211; 58. Internationaler Zeichenwettbewerb 2025 &#8211; Malkreis Franz Nolde. flow-zeichenwettbewerb.de<\/dd>\n<p>\\n          <\/p>\n<dt><strong>21. M\u00e4rz, 20 \u2013 1 Uhr<\/strong><\/dt>\n<p>\\n          <\/p>\n<dd><strong>Saunanacht im AquariUM<\/strong>, entspannte Atmosph\u00e4re, besondere Aufg\u00fcsse, Eintritt: 35 \u20ac inkl. St\u00e4rkung und Softgetr\u00e4nk, Tickets an der AquariUM-Kasse<\/dd>\n<p>\\n          <\/p>\n<dt><strong>3. April, 21 Uhr<\/strong><\/dt>\n<p>\\n          <\/p>\n<dd><strong>Osterfeuer<\/strong> auf dem Sport- und Spielplatz in Sch\u00f6nermark.<\/dd>\n<p>\\n          <\/p>\n<dt><strong>18. April, 8 \u2013 11 Uhr<\/strong><\/dt>\n<p>\\n          <\/p>\n<dd><strong>RangerTour: Bei uns piept`s wohl.<\/strong> Anmeldung bis Do., 16.04., (3\u201315 Teilnehmende), F\u00fchrung ist kostenfrei. Treff: Besucherzentrum Nationalpark.<\/dd>\n<p>\\n          <\/p>\n<dt><strong>8. Mai, 15 \u2013 20 Uhr<\/strong><\/dt>\n<p>\\n          <\/p>\n<dd><strong>Fr\u00fchlingssingen<\/strong>: 60. Jubil\u00e4um Stadtchor im Konzertsaal der Musik- und Kunstschule \\&#8221;J. A. P. Schulz\\&#8221; Schwedt\/Oder.<\/dd>\n<p>\\n          <\/p>\n<dt><strong>16. Mai, 10 \u2013 13 Uhr<\/strong><\/dt>\n<p>\\n          <\/p>\n<dd><strong>Drachenboot-Cup Uckermark<\/strong> auf dem Kanal in Schwedt. Eintritt: frei.<\/dd>\n<p>\\n          <\/p>\n<dt><strong>27. Mai, 12 Uhr<\/strong><\/dt>\n<p>\\n          <\/p>\n<dd><strong>Schwedter Kita-Olympiade<\/strong> auf dem Sportplatz Dreiklang. Die sportlichste Kita erh\u00e4lt einen Pokal.<\/dd>\n<p>\\n        <\/dl>\n<p>\\n        <!-- END EVENTS LIST -->\\n      <\/div>\n<p>\\n    <\/p><\/div>\n<p>\\n  <\/p><\/div>\n<p>\\n<\/p><\/div>\n<p>&#8220;}},{&#8220;type&#8221;:&#8221;divider&#8221;,&#8221;props&#8221;:{&#8220;divider_element&#8221;:&#8221;hr&#8221;,&#8221;margin_bottom&#8221;:&#8221;small&#8221;,&#8221;margin_top&#8221;:&#8221;small&#8221;}},{&#8220;type&#8221;:&#8221;headline&#8221;,&#8221;props&#8221;:{&#8220;content&#8221;:&#8221;Brandenburgische Frauenwoche&#8221;,&#8221;image_align&#8221;:&#8221;left&#8221;,&#8221;image_margin&#8221;:&#8221;xsmall&#8221;,&#8221;margin_bottom&#8221;:&#8221;default&#8221;,&#8221;margin_top&#8221;:&#8221;default&#8221;,&#8221;title_element&#8221;:&#8221;div&#8221;,&#8221;title_style&#8221;:&#8221;h6&#8243;}},{&#8220;type&#8221;:&#8221;panel&#8221;,&#8221;props&#8221;:{&#8220;content&#8221;:&#8221;Zur Brandenburgischen Frauenwoche zeigt die Trickfabrik, wie sch\u00f6n nachhaltige Mode sein kann.&#8221;,&#8221;content_column_breakpoint&#8221;:&#8221;m&#8221;,&#8221;content_margin&#8221;:&#8221;small&#8221;,&#8221;image&#8221;:&#8221;wp-content\/uploads\/sites\/5\/2026\/02\/206_Teaser_Bild__Westwood__Plakat__001-scaled.jpg&#8221;,&#8221;image_align&#8221;:&#8221;between&#8221;,&#8221;image_grid_breakpoint&#8221;:&#8221;m&#8221;,&#8221;image_grid_width&#8221;:&#8221;1-2&#8243;,&#8221;image_link&#8221;:true,&#8221;image_loading&#8221;:true,&#8221;image_svg_color&#8221;:&#8221;emphasis&#8221;,&#8221;link&#8221;:&#8221;2026\/02\/19\/tauschsalon-nimm-und-gib-was-du-liebst\/&#8221;,&#8221;link_style&#8221;:&#8221;default&#8221;,&#8221;link_text&#8221;:&#8221;Mehr &#8230;&#8221;,&#8221;margin_bottom&#8221;:&#8221;small&#8221;,&#8221;margin_top&#8221;:&#8221;small&#8221;,&#8221;meta&#8221;:&#8221;<small><em>Plakat: Filmverleih<\/small><\/em>&#8220;,&#8221;meta_align&#8221;:&#8221;above-content&#8221;,&#8221;meta_color&#8221;:&#8221;muted&#8221;,&#8221;meta_element&#8221;:&#8221;div&#8221;,&#8221;meta_margin&#8221;:&#8221;remove&#8221;,&#8221;meta_style&#8221;:&#8221;text-small&#8221;,&#8221;title&#8221;:&#8221;Tauschsalon \u2013 Nimm und gib, was du liebst&#8221;,&#8221;title_align&#8221;:&#8221;top&#8221;,&#8221;title_element&#8221;:&#8221;h2&#8243;,&#8221;title_grid_breakpoint&#8221;:&#8221;m&#8221;,&#8221;title_grid_width&#8221;:&#8221;1-2&#8243;,&#8221;title_hover_style&#8221;:&#8221;heading&#8221;,&#8221;title_link&#8221;:true,&#8221;title_margin&#8221;:&#8221;small&#8221;,&#8221;title_style&#8221;:&#8221;h4&#8243;}},{&#8220;type&#8221;:&#8221;divider&#8221;,&#8221;props&#8221;:{&#8220;divider_element&#8221;:&#8221;hr&#8221;,&#8221;margin_bottom&#8221;:&#8221;small&#8221;,&#8221;margin_top&#8221;:&#8221;small&#8221;}},{&#8220;type&#8221;:&#8221;panel&#8221;,&#8221;props&#8221;:{&#8220;content&#8221;:&#8221;<br \/>Liebe Freunde des Nationalparks,\\n<\/p>\n<p>&#8220;,&#8221;content_column_breakpoint&#8221;:&#8221;m&#8221;,&#8221;content_margin&#8221;:&#8221;small&#8221;,&#8221;css&#8221;:&#8221;.el-element .uk-grid {\\n  position: relative;\\n  align-items: start;\\n}\\n\\n.el-element .uk-width-expand {\\n  position: relative;\\n  z-index: 2;\\n  margin-right: -80px;\\n}\\n\\n.el-element .uk-width-1-3\\\\@m {\\n  position: relative;\\n  z-index: 1;\\n}&#8221;,&#8221;image&#8221;:&#8221;wp-content\/uploads\/sites\/5\/2025\/05\/National-Park-Ecke-cropped.svg&#8221;,&#8221;image_align&#8221;:&#8221;right&#8221;,&#8221;image_grid_breakpoint&#8221;:&#8221;&#8221;,&#8221;image_grid_column_gap&#8221;:&#8221;collapse&#8221;,&#8221;image_grid_row_gap&#8221;:&#8221;collapse&#8221;,&#8221;image_grid_width&#8221;:&#8221;1-3&#8243;,&#8221;image_link&#8221;:true,&#8221;image_loading&#8221;:true,&#8221;image_svg_color&#8221;:&#8221;emphasis&#8221;,&#8221;link&#8221;:&#8221;2026\/02\/19\/nationalpark-ecke-februar-2026\/&#8221;,&#8221;link_style&#8221;:&#8221;default&#8221;,&#8221;link_text&#8221;:&#8221;Mehr &#8230;&#8221;,&#8221;margin_bottom&#8221;:&#8221;small&#8221;,&#8221;margin_top&#8221;:&#8221;small&#8221;,&#8221;meta&#8221;:&#8221;sobald es w\u00e4rmer wird, erwachen sie wieder: die Fr\u00fchbl\u00fcher! Besonders beliebt sind neben bunten Blumen die Weidenk\u00e4tzchen.&#8221;,&#8221;meta_align&#8221;:&#8221;below-content&#8221;,&#8221;meta_element&#8221;:&#8221;div&#8221;,&#8221;meta_margin&#8221;:&#8221;remove&#8221;,&#8221;meta_style&#8221;:&#8221;&#8221;,&#8221;title&#8221;:&#8221;&#8221;,&#8221;title_align&#8221;:&#8221;top&#8221;,&#8221;title_element&#8221;:&#8221;h2&#8243;,&#8221;title_grid_breakpoint&#8221;:&#8221;m&#8221;,&#8221;title_grid_width&#8221;:&#8221;1-2&#8243;,&#8221;title_hover_style&#8221;:&#8221;heading&#8221;,&#8221;title_link&#8221;:true,&#8221;title_margin&#8221;:&#8221;small&#8221;,&#8221;title_style&#8221;:&#8221;h4&#8243;}},{&#8220;type&#8221;:&#8221;divider&#8221;,&#8221;props&#8221;:{&#8220;divider_element&#8221;:&#8221;hr&#8221;,&#8221;margin_bottom&#8221;:&#8221;small&#8221;,&#8221;margin_top&#8221;:&#8221;small&#8221;}},{&#8220;type&#8221;:&#8221;headline&#8221;,&#8221;props&#8221;:{&#8220;content&#8221;:&#8221;Projekt \u201eKinder machen Kurzfilm!\u201c&#8221;,&#8221;image_align&#8221;:&#8221;left&#8221;,&#8221;image_margin&#8221;:&#8221;xsmall&#8221;,&#8221;margin_bottom&#8221;:&#8221;default&#8221;,&#8221;margin_top&#8221;:&#8221;default&#8221;,&#8221;title_element&#8221;:&#8221;div&#8221;,&#8221;title_style&#8221;:&#8221;h6&#8243;}},{&#8220;type&#8221;:&#8221;panel&#8221;,&#8221;props&#8221;:{&#8220;content&#8221;:&#8221;Seit 2012 bringt \u201eKinder machen Kurzfilm!\u201c die Magie des Filmemachens direkt zu Schwedter Grundsch\u00fclern. Ende Januar war wieder Premiere auf gro\u00dfer Kinoleinwand im FilmforUM.&#8221;,&#8221;content_column_breakpoint&#8221;:&#8221;m&#8221;,&#8221;content_margin&#8221;:&#8221;small&#8221;,&#8221;image&#8221;:&#8221;wp-content\/uploads\/sites\/5\/2026\/02\/208_Teaser_Bild_IMG_6238-scaled.jpg&#8221;,&#8221;image_align&#8221;:&#8221;between&#8221;,&#8221;image_grid_breakpoint&#8221;:&#8221;m&#8221;,&#8221;image_grid_width&#8221;:&#8221;1-2&#8243;,&#8221;image_link&#8221;:true,&#8221;image_loading&#8221;:true,&#8221;image_svg_color&#8221;:&#8221;emphasis&#8221;,&#8221;link&#8221;:&#8221;2026\/02\/19\/stadtwerke-foerdern-kreative-medienbildung\/&#8221;,&#8221;link_style&#8221;:&#8221;default&#8221;,&#8221;link_text&#8221;:&#8221;Mehr &#8230;&#8221;,&#8221;margin_bottom&#8221;:&#8221;small&#8221;,&#8221;margin_top&#8221;:&#8221;small&#8221;,&#8221;meta&#8221;:&#8221;<small><em>Foto: UV SWS\/ U. Beckmann<\/small><\/em>&#8220;,&#8221;meta_align&#8221;:&#8221;above-content&#8221;,&#8221;meta_color&#8221;:&#8221;muted&#8221;,&#8221;meta_element&#8221;:&#8221;div&#8221;,&#8221;meta_margin&#8221;:&#8221;remove&#8221;,&#8221;meta_style&#8221;:&#8221;text-small&#8221;,&#8221;title&#8221;:&#8221;Stadtwerke f\u00f6rdern kreative Medienbildung&#8221;,&#8221;title_align&#8221;:&#8221;top&#8221;,&#8221;title_element&#8221;:&#8221;h2&#8243;,&#8221;title_grid_breakpoint&#8221;:&#8221;m&#8221;,&#8221;title_grid_width&#8221;:&#8221;1-2&#8243;,&#8221;title_hover_style&#8221;:&#8221;heading&#8221;,&#8221;title_link&#8221;:true,&#8221;title_margin&#8221;:&#8221;small&#8221;,&#8221;title_style&#8221;:&#8221;h4&#8243;}},{&#8220;type&#8221;:&#8221;divider&#8221;,&#8221;props&#8221;:{&#8220;divider_element&#8221;:&#8221;hr&#8221;,&#8221;margin_bottom&#8221;:&#8221;small&#8221;,&#8221;margin_top&#8221;:&#8221;small&#8221;}},{&#8220;type&#8221;:&#8221;html&#8221;,&#8221;props&#8221;:{&#8220;content&#8221;:&#8221;<\/p>\n<div class=\\\"sidebar\\\">\\n\\n  <\/p>\n<div class=\\\"sidebar-header\\\">\\n    Themen rund um Energie und Land &amp; Leute aus dem Land Brandenburg finden Sie in der STADTWERKE ZEITUNG:\\n  <\/div>\n<p>\\n\\n  <\/p>\n<div class=\\\"sidebar-cards\\\">\\n\\n    <a href=\\\"https:\/\/stadtwerkezeitung.info\/swz\/wenn-haeuser-denken-lernen\/\\\" class=\\\"card\\\">\\n      <img src=\\\"https:\/\/stadtwerkezeitung.info\/wp-content\/uploads\/2026\/02\/101-Teaser-Bild_9490538a-468c-4785-b242-4f9377d7ddd5.png\\\" alt=\\\"Wenn H\u00e4user denken lernen\\\" class=\\\"card-img\\\">\\n      <\/p>\n<div class=\\\"card-body\\\">\\n        <em><small class=\\\"card-credit\\\">Grafik: KI-Generiert\/ChatGPT<\/small><\/em>\\n        <span class=\\\"card-title\\\">Wenn H\u00e4user denken lernen<\/span>\\n        <\/p>\n<p class=\\\"card-text\\\">Knapp jeder zweite Deutsche (48%) nutzt mindestens eine Smart-Home-Anwendung.<\/p>\n<p>\\n      <\/p><\/div>\n<p>\\n      <\/p>\n<div class=\\\"card-arrow\\\"><svg viewBox=\\\"0 0 8 8\\\" width=\\\"8\\\" height=\\\"8\\\"><path d=\\\"M1 4h6M4 1l3 3-3 3\\\" stroke=\\\"white\\\" stroke-width=\\\"1.2\\\" fill=\\\"none\\\"\/><\/svg><\/div>\n<p>\\n    <\/a>\\n\\n  \\n\\n    <a href=\\\"https:\/\/stadtwerkezeitung.info\/swz\/schau-her-und-schutze-mich\/\\\" class=\\\"card\\\">\\n      <img src=\\\"https:\/\/stadtwerkezeitung.info\/wp-content\/uploads\/2026\/02\/201_Teaser_Bild_Rebhuhn-Jan-Piecha-4-scaled.jpg\\\" alt=\\\"Schau her \u2013 und sch\u00fctze mich\\\" class=\\\"card-img\\\">\\n      <\/p>\n<div class=\\\"card-body\\\">\\n        <em><small class=\\\"card-credit\\\">Foto: NABU\/Jan Piecha<\/small><\/em>\\n        <span class=\\\"card-title\\\">Schau her \u2013 und sch\u00fctze mich<\/span>\\n        <\/p>\n<p class=\\\"card-text\\\">Die Jahreswesen 2026.<\/p>\n<p>\\n      <\/p><\/div>\n<p>\\n      <\/p>\n<div class=\\\"card-arrow\\\"><svg viewBox=\\\"0 0 8 8\\\" width=\\\"8\\\" height=\\\"8\\\"><path d=\\\"M1 4h6M4 1l3 3-3 3\\\" stroke=\\\"white\\\" stroke-width=\\\"1.2\\\" fill=\\\"none\\\"\/><\/svg><\/div>\n<p>\\n    <\/a>\\n\\n    <a href=\\\"https:\/\/stadtwerkezeitung.info\/swz\/nun-lass-mal-die-kirche-im-dorf\/\\\" class=\\\"card\\\">\\n      <img src=\\\"https:\/\/stadtwerkezeitung.info\/wp-content\/uploads\/2026\/02\/202_Teaser_Bild__Barsikow_church_2016_NW-scaled.jpg\\\" alt=\\\"R\u00e4tsel: Nun lass mal die Kirche im Dorf\\\" class=\\\"card-img\\\">\\n      <\/p>\n<div class=\\\"card-body\\\">\\n        <em><small class=\\\"card-credit\\\">Foto: Hans G. Oberlack, CC BY-SA 3.0, vis Wikimedia Commons<\/small><\/em>\\n        <span class=\\\"card-title\\\">R\u00e4tsel: Nun lass mal die Kirche im Dorf<\/span>\\n        <\/p>\n<p class=\\\"card-text\\\">Beantworten Sie unsere Frage und gewinnen Sie attraktive Geldpreise \u00e0 4 x 30 Euro.<\/p>\n<p>\\n      <\/p><\/div>\n<p>\\n      <\/p>\n<div class=\\\"card-arrow\\\"><svg viewBox=\\\"0 0 8 8\\\" width=\\\"8\\\" height=\\\"8\\\"><path d=\\\"M1 4h6M4 1l3 3-3 3\\\" stroke=\\\"white\\\" stroke-width=\\\"1.2\\\" fill=\\\"none\\\"\/><\/svg><\/div>\n<p>\\n    <\/a>\\n\\n    <a href=\\\"https:\/\/stadtwerkezeitung.info\/swz\/einen-kompass-selber-bauen\/\\\" class=\\\"card\\\">\\n      <img src=\\\"https:\/\/stadtwerkezeitung.info\/wp-content\/uploads\/2026\/02\/202_Tease_Bild1__MG_1532-scaled.jpg\\\" alt=\\\"Kinderecke\\\" class=\\\"card-img\\\">\\n      <\/p>\n<div class=\\\"card-body\\\">\\n        <em><small class=\\\"card-credit\\\">Foto: SPREE-PR\/Petsch<\/small><\/em>\\n        <span class=\\\"card-title\\\">Kinderecke<\/span>\\n        <\/p>\n<p class=\\\"card-text\\\">So baut man sich einen einfachen Nadel-Kompass.<\/p>\n<p>\\n      <\/p><\/div>\n<p>\\n      <\/p>\n<div class=\\\"card-arrow\\\"><svg viewBox=\\\"0 0 8 8\\\" width=\\\"8\\\" height=\\\"8\\\"><path d=\\\"M1 4h6M4 1l3 3-3 3\\\" stroke=\\\"white\\\" stroke-width=\\\"1.2\\\" fill=\\\"none\\\"\/><\/svg><\/div>\n<p>\\n    <\/a>\\n\\n  <\/div>\n<p>\\n<\/p><\/div>\n<p>&#8220;,&#8221;css&#8221;:&#8221;.sidebar {\\n    width: 100%;\\n}\\n.sidebar-header {\\n    background: #7fc241;\\n    color: white;\\n    padding: 14px 16px;\\n    border-radius: 6px 6px 0 0;\\n    font-family: &#8216;Officina Sans ExtraBold&#8217;, Georgia, serif;\\n    font-size: 20px;\\n    line-height: 1.45;\\n    border-left: 0px solid #00aeef;\\n}\\n.sidebar-cards {\\n    display: flex;\\n    flex-direction: column;\\n    gap: 3px;\\n    background: #7fc241;\\n    padding: 3px;\\n    border-radius: 0 0 6px 6px;\\n}\\n.sidebar-cards .card {\\n    display: block;\\n    text-decoration: none;\\n    background: #7fc241;\\n    overflow: hidden;\\n    border-radius: 3px;\\n    position: relative;\\n    transition: background 0.25s ease;\\n}\\n.sidebar-cards .card::before {\\n    content: &#8221;;\\n    position: absolute;\\n    left: 0;\\n    top: 0;\\n    bottom: 0;\\n    width: 3px;\\n    background: #00aeef;\\n    transform: scaleY(0);\\n    transform-origin: bottom;\\n    transition: transform 0.25s ease;\\n}\\n.sidebar-cards .card:hover::before {\\n    transform: scaleY(1);\\n}\\n.sidebar-cards .card:hover {\\n    background: #6fb233;\\n    text-decoration: none;\\n}\\n.sidebar-cards .card-img {\\n    width: 100%;\\n    height: 130px;\\n    object-fit: cover;\\n    display: block;\\n}\\n.sidebar-cards .card-body {\\n    padding: 10px 12px 12px 15px;\\n}\\n.sidebar-cards .card-credit {\\n    font-size: 12px;\\n    color: rgba(255,255,255,0.7);\\n    letter-spacing: 0.03em;\\n    display: block;\\n    margin-bottom: 5px;\\n    font-family: &#8216;Officina Sans Book&#8217;, Arial, sans-serif;\\n    font-style: italic;\\n}\\n.sidebar-cards .card-title {\\n    font-family: &#8216;Officina Sans ExtraBold&#8217;, Georgia, serif;\\n    font-size: 20px;\\n    font-weight: bold;\\n    color: white;\\n    line-height: 1.3;\\n    margin: 0 0 5px 0;\\n    display: block;\\n    text-transform: none;\\n}\\n.sidebar-cards .card-text {\\n    font-family: &#8216;Officina Sans Book&#8217;, Arial, sans-serif;\\n    font-size: 16px;\\n    color: rgba(255,255,255,0.85);\\n    line-height: 1.45;\\n    margin: 0;\\n}\\n.sidebar-cards .card-arrow {\\n    position: absolute;\\n    right: 10px;\\n    bottom: 10px;\\n    width: 18px;\\n    height: 18px;\\n    background: #00aeef;\\n    border-radius: 50%;\\n    display: flex;\\n    align-items: center;\\n    justify-content: center;\\n    opacity: 0;\\n    transform: translateX(-4px);\\n    transition: opacity 0.2s ease, transform 0.2s ease;\\n}\\n.sidebar-cards .card:hover .card-arrow {\\n    opacity: 1;\\n    transform: translateX(0);\\n}&#8221;}}]}]}],&#8221;name&#8221;:&#8221;Zeitung Draft&#8221;}],&#8221;version&#8221;:&#8221;5.0.12&#8243;} &#8211;><\/p>\n","protected":false},"excerpt":{"rendered":"<p>Entspannter geht\u2019s nicht! Saunabesuch im AquariUM Foto: SPREE-PR\/Petsch Manchmal braucht es keinen langen Weg, um dem Alltag zu entkommen. F\u00fcr mich liegt diese kleine Auszeit hinter den T\u00fcren der Saunalandschaft im AquariUM. Mehr &#8230; Juchhu, Geburtstag \u2013 und ab ins Spa\u00dfbad! Kindergeburtstag im AquariUM Foto: SWS Rutschen, Planschen, Feiern! Kleine Wasserratten k\u00f6nnen ihren Kindergeburtstag ab [&hellip;]<\/p>\n","protected":false},"author":1,"featured_media":178,"parent":0,"menu_order":0,"comment_status":"closed","ping_status":"closed","template":"","meta":{"footnotes":""},"class_list":["post-504","page","type-page","status-publish","has-post-thumbnail","hentry"],"yoast_head":"<!-- This site is optimized with the Yoast SEO plugin v26.9 - https:\/\/yoast.com\/product\/yoast-seo-wordpress\/ -->\n<title>UMschau Schwedt Februar 2026 - UMschau Schwedt<\/title>\n<meta name=\"description\" content=\"Die \u201eUMschau Schwedt\u201c \u2013 die Kundenzeitung des Unternehmensverbunds Stadtwerke Schwedt. Mit Themen rund um Energie, Stadtleben, Erlebnisbad, Kino, Hafen, Campingplatz und mehr.\" \/>\n<meta name=\"robots\" content=\"index, follow, max-snippet:-1, max-image-preview:large, max-video-preview:-1\" \/>\n<link rel=\"canonical\" href=\"https:\/\/stadtwerkezeitung.info\/schwedt\/\" \/>\n<meta property=\"og:locale\" content=\"en_US\" \/>\n<meta property=\"og:type\" content=\"article\" \/>\n<meta property=\"og:title\" content=\"UMschau Schwedt Februar 2026 - UMschau Schwedt\" \/>\n<meta property=\"og:description\" content=\"Die \u201eUMschau Schwedt\u201c \u2013 die Kundenzeitung des Unternehmensverbunds Stadtwerke Schwedt. Mit Themen rund um Energie, Stadtleben, Erlebnisbad, Kino, Hafen, Campingplatz und mehr.\" \/>\n<meta property=\"og:url\" content=\"https:\/\/stadtwerkezeitung.info\/schwedt\/\" \/>\n<meta property=\"og:site_name\" content=\"UMschau Schwedt\" \/>\n<meta property=\"article:modified_time\" content=\"2026-02-26T09:37:17+00:00\" \/>\n<meta property=\"og:image\" content=\"https:\/\/stadtwerkezeitung.info\/schwedt\/wp-content\/uploads\/sites\/5\/2025\/07\/favicon512.png\" \/>\n\t<meta property=\"og:image:width\" content=\"512\" \/>\n\t<meta property=\"og:image:height\" content=\"512\" \/>\n\t<meta property=\"og:image:type\" content=\"image\/png\" \/>\n<meta name=\"twitter:card\" content=\"summary_large_image\" \/>\n<meta name=\"twitter:label1\" content=\"Est. reading time\" \/>\n\t<meta name=\"twitter:data1\" content=\"10 minutes\" \/>\n<script type=\"application\/ld+json\" class=\"yoast-schema-graph\">{\"@context\":\"https:\/\/schema.org\",\"@graph\":[{\"@type\":\"WebPage\",\"@id\":\"https:\/\/stadtwerkezeitung.info\/schwedt\/\",\"url\":\"https:\/\/stadtwerkezeitung.info\/schwedt\/\",\"name\":\"UMschau Schwedt Februar 2026 - UMschau Schwedt\",\"isPartOf\":{\"@id\":\"https:\/\/stadtwerkezeitung.info\/schwedt\/#website\"},\"primaryImageOfPage\":{\"@id\":\"https:\/\/stadtwerkezeitung.info\/schwedt\/#primaryimage\"},\"image\":{\"@id\":\"https:\/\/stadtwerkezeitung.info\/schwedt\/#primaryimage\"},\"thumbnailUrl\":\"https:\/\/stadtwerkezeitung.info\/schwedt\/wp-content\/uploads\/sites\/5\/2025\/07\/favicon512.png\",\"datePublished\":\"2026-02-19T09:20:54+00:00\",\"dateModified\":\"2026-02-26T09:37:17+00:00\",\"description\":\"Die \u201eUMschau Schwedt\u201c \u2013 die Kundenzeitung des Unternehmensverbunds Stadtwerke Schwedt. Mit Themen rund um Energie, Stadtleben, Erlebnisbad, Kino, Hafen, Campingplatz und mehr.\",\"breadcrumb\":{\"@id\":\"https:\/\/stadtwerkezeitung.info\/schwedt\/#breadcrumb\"},\"inLanguage\":\"en-US\",\"potentialAction\":[{\"@type\":\"ReadAction\",\"target\":[\"https:\/\/stadtwerkezeitung.info\/schwedt\/\"]}]},{\"@type\":\"ImageObject\",\"inLanguage\":\"en-US\",\"@id\":\"https:\/\/stadtwerkezeitung.info\/schwedt\/#primaryimage\",\"url\":\"https:\/\/stadtwerkezeitung.info\/schwedt\/wp-content\/uploads\/sites\/5\/2025\/07\/favicon512.png\",\"contentUrl\":\"https:\/\/stadtwerkezeitung.info\/schwedt\/wp-content\/uploads\/sites\/5\/2025\/07\/favicon512.png\",\"width\":512,\"height\":512},{\"@type\":\"BreadcrumbList\",\"@id\":\"https:\/\/stadtwerkezeitung.info\/schwedt\/#breadcrumb\",\"itemListElement\":[{\"@type\":\"ListItem\",\"position\":1,\"name\":\"Home\",\"item\":\"https:\/\/stadtwerkezeitung.info\/schwedt\/\"},{\"@type\":\"ListItem\",\"position\":2,\"name\":\"UMschau Schwedt Februar 2026\"}]},{\"@type\":\"WebSite\",\"@id\":\"https:\/\/stadtwerkezeitung.info\/schwedt\/#website\",\"url\":\"https:\/\/stadtwerkezeitung.info\/schwedt\/\",\"name\":\"UMschau Schwedt\",\"description\":\"\",\"inLanguage\":\"en-US\"}]}<\/script>\n<!-- \/ Yoast SEO plugin. -->","yoast_head_json":{"title":"UMschau Schwedt Februar 2026 - UMschau Schwedt","description":"Die \u201eUMschau Schwedt\u201c \u2013 die Kundenzeitung des Unternehmensverbunds Stadtwerke Schwedt. Mit Themen rund um Energie, Stadtleben, Erlebnisbad, Kino, Hafen, Campingplatz und mehr.","robots":{"index":"index","follow":"follow","max-snippet":"max-snippet:-1","max-image-preview":"max-image-preview:large","max-video-preview":"max-video-preview:-1"},"canonical":"https:\/\/stadtwerkezeitung.info\/schwedt\/","og_locale":"en_US","og_type":"article","og_title":"UMschau Schwedt Februar 2026 - UMschau Schwedt","og_description":"Die \u201eUMschau Schwedt\u201c \u2013 die Kundenzeitung des Unternehmensverbunds Stadtwerke Schwedt. Mit Themen rund um Energie, Stadtleben, Erlebnisbad, Kino, Hafen, Campingplatz und mehr.","og_url":"https:\/\/stadtwerkezeitung.info\/schwedt\/","og_site_name":"UMschau Schwedt","article_modified_time":"2026-02-26T09:37:17+00:00","og_image":[{"width":512,"height":512,"url":"https:\/\/stadtwerkezeitung.info\/schwedt\/wp-content\/uploads\/sites\/5\/2025\/07\/favicon512.png","type":"image\/png"}],"twitter_card":"summary_large_image","twitter_misc":{"Est. reading time":"10 minutes"},"schema":{"@context":"https:\/\/schema.org","@graph":[{"@type":"WebPage","@id":"https:\/\/stadtwerkezeitung.info\/schwedt\/","url":"https:\/\/stadtwerkezeitung.info\/schwedt\/","name":"UMschau Schwedt Februar 2026 - UMschau Schwedt","isPartOf":{"@id":"https:\/\/stadtwerkezeitung.info\/schwedt\/#website"},"primaryImageOfPage":{"@id":"https:\/\/stadtwerkezeitung.info\/schwedt\/#primaryimage"},"image":{"@id":"https:\/\/stadtwerkezeitung.info\/schwedt\/#primaryimage"},"thumbnailUrl":"https:\/\/stadtwerkezeitung.info\/schwedt\/wp-content\/uploads\/sites\/5\/2025\/07\/favicon512.png","datePublished":"2026-02-19T09:20:54+00:00","dateModified":"2026-02-26T09:37:17+00:00","description":"Die \u201eUMschau Schwedt\u201c \u2013 die Kundenzeitung des Unternehmensverbunds Stadtwerke Schwedt. Mit Themen rund um Energie, Stadtleben, Erlebnisbad, Kino, Hafen, Campingplatz und mehr.","breadcrumb":{"@id":"https:\/\/stadtwerkezeitung.info\/schwedt\/#breadcrumb"},"inLanguage":"en-US","potentialAction":[{"@type":"ReadAction","target":["https:\/\/stadtwerkezeitung.info\/schwedt\/"]}]},{"@type":"ImageObject","inLanguage":"en-US","@id":"https:\/\/stadtwerkezeitung.info\/schwedt\/#primaryimage","url":"https:\/\/stadtwerkezeitung.info\/schwedt\/wp-content\/uploads\/sites\/5\/2025\/07\/favicon512.png","contentUrl":"https:\/\/stadtwerkezeitung.info\/schwedt\/wp-content\/uploads\/sites\/5\/2025\/07\/favicon512.png","width":512,"height":512},{"@type":"BreadcrumbList","@id":"https:\/\/stadtwerkezeitung.info\/schwedt\/#breadcrumb","itemListElement":[{"@type":"ListItem","position":1,"name":"Home","item":"https:\/\/stadtwerkezeitung.info\/schwedt\/"},{"@type":"ListItem","position":2,"name":"UMschau Schwedt Februar 2026"}]},{"@type":"WebSite","@id":"https:\/\/stadtwerkezeitung.info\/schwedt\/#website","url":"https:\/\/stadtwerkezeitung.info\/schwedt\/","name":"UMschau Schwedt","description":"","inLanguage":"en-US"}]}},"_links":{"self":[{"href":"https:\/\/stadtwerkezeitung.info\/schwedt\/wp-json\/wp\/v2\/pages\/504","targetHints":{"allow":["GET"]}}],"collection":[{"href":"https:\/\/stadtwerkezeitung.info\/schwedt\/wp-json\/wp\/v2\/pages"}],"about":[{"href":"https:\/\/stadtwerkezeitung.info\/schwedt\/wp-json\/wp\/v2\/types\/page"}],"author":[{"embeddable":true,"href":"https:\/\/stadtwerkezeitung.info\/schwedt\/wp-json\/wp\/v2\/users\/1"}],"replies":[{"embeddable":true,"href":"https:\/\/stadtwerkezeitung.info\/schwedt\/wp-json\/wp\/v2\/comments?post=504"}],"version-history":[{"count":32,"href":"https:\/\/stadtwerkezeitung.info\/schwedt\/wp-json\/wp\/v2\/pages\/504\/revisions"}],"predecessor-version":[{"id":661,"href":"https:\/\/stadtwerkezeitung.info\/schwedt\/wp-json\/wp\/v2\/pages\/504\/revisions\/661"}],"wp:featuredmedia":[{"embeddable":true,"href":"https:\/\/stadtwerkezeitung.info\/schwedt\/wp-json\/wp\/v2\/media\/178"}],"wp:attachment":[{"href":"https:\/\/stadtwerkezeitung.info\/schwedt\/wp-json\/wp\/v2\/media?parent=504"}],"curies":[{"name":"wp","href":"https:\/\/api.w.org\/{rel}","templated":true}]}}